{"id":38185,"date":"2026-07-30T12:03:29","date_gmt":"2026-07-30T12:03:29","guid":{"rendered":"https:\/\/etecnic.bisiestodeveloper.es\/faqs\/"},"modified":"2026-09-02T08:16:47","modified_gmt":"2026-09-02T08:16:47","slug":"faqs","status":"publish","type":"page","link":"https:\/\/etecnic.bisiestodeveloper.es\/ca\/faqs\/","title":{"rendered":"FAQS"},"content":{"rendered":"\t\t<div data-elementor-type=\"wp-page\" data-elementor-id=\"38185\" class=\"elementor elementor-38185 elementor-38162\" data-elementor-post-type=\"page\">\n\t\t\t\t<section class=\"elementor-element elementor-element-bb5ca0d hero container e-flex e-con-boxed e-con e-parent\" data-id=\"bb5ca0d\" data-element_type=\"container\" data-settings=\"{&quot;background_background&quot;:&quot;classic&quot;,&quot;jet_parallax_layout_list&quot;:[]}\">\n\t\t\t\t\t<div class=\"e-con-inner\">\n\t\t<div class=\"elementor-element elementor-element-a26144d e-con-full e-flex e-con e-child\" data-id=\"a26144d\" data-element_type=\"container\" data-settings=\"{&quot;jet_parallax_layout_list&quot;:[]}\">\n\t\t<div class=\"elementor-element elementor-element-4990584 e-con-full e-flex e-con e-child\" data-id=\"4990584\" data-element_type=\"container\" data-settings=\"{&quot;jet_parallax_layout_list&quot;:[]}\">\n\t\t\t\t<div class=\"elementor-element elementor-element-1ffa516 elementor-widget elementor-widget-heading\" data-id=\"1ffa516\" data-element_type=\"widget\" data-widget_type=\"heading.default\">\n\t\t\t\t<div class=\"elementor-widget-container\">\n\t\t\t\t\t<h2 class=\"elementor-heading-title elementor-size-default\">FAQS<\/h2>\t\t\t\t<\/div>\n\t\t\t\t<\/div>\n\t\t\t\t<\/div>\n\t\t\t\t<div class=\"elementor-element elementor-element-590893a text-color-white elementor-widget elementor-widget-heading\" data-id=\"590893a\" data-element_type=\"widget\" data-widget_type=\"heading.default\">\n\t\t\t\t<div class=\"elementor-widget-container\">\n\t\t\t\t\t<h1 class=\"elementor-heading-title elementor-size-default\"> Etecnic respon a les preguntes m\u00e9s freq\u00fcents sobre mobilitat el\u00e8ctrica<\/h1>\t\t\t\t<\/div>\n\t\t\t\t<\/div>\n\t\t\t\t<\/div>\n\t\t\t\t\t<\/div>\n\t\t\t\t<\/section>\n\t\t<div class=\"elementor-element elementor-element-bbe43cd container e-flex e-con-boxed e-con e-parent\" data-id=\"bbe43cd\" data-element_type=\"container\" data-settings=\"{&quot;jet_parallax_layout_list&quot;:[]}\">\n\t\t\t\t\t<div class=\"e-con-inner\">\n\t\t\t\t<div class=\"elementor-element elementor-element-5fffede elementor-widget elementor-widget-heading\" data-id=\"5fffede\" data-element_type=\"widget\" data-widget_type=\"heading.default\">\n\t\t\t\t<div class=\"elementor-widget-container\">\n\t\t\t\t\t<h2 class=\"elementor-heading-title elementor-size-default\"> Les preguntes m\u00e9s freq\u00fcents sobre mobilitat el\u00e8ctrica fetes per usuaris de la comunitat Etecnic<\/h2>\t\t\t\t<\/div>\n\t\t\t\t<\/div>\n\t\t\t\t\t<\/div>\n\t\t\t\t<\/div>\n\t\t<div class=\"elementor-element elementor-element-4060192 e-flex e-con-boxed e-con e-parent\" data-id=\"4060192\" data-element_type=\"container\" data-settings=\"{&quot;jet_parallax_layout_list&quot;:[]}\">\n\t\t\t\t\t<div class=\"e-con-inner\">\n\t\t\t\t<div class=\"elementor-element elementor-element-5df6355 elementor-widget elementor-widget-text-editor\" data-id=\"5df6355\" data-element_type=\"widget\" data-widget_type=\"text-editor.default\">\n\t\t\t\t<div class=\"elementor-widget-container\">\n\t\t\t\t\t\t\t\t\t<div style=\"font-family: 'Poppins', sans-serif; font-size: 20px; line-height: 1.6; color: #000000; text-align: left; max-width: 1000px; margin: 0 auto;\">\n<p style=\"margin-top: 0; margin-bottom: 20px; text-align: left;\">Aquest 2026 avan\u00e7a cap a un futur m\u00e9s sostenible recarregant el teu vehicle amb els carregadors Etecnic i gaudint dels avantatges de la mobilitat el\u00e8ctrica, pilar fonamental en la transformaci\u00f3 del transport per a usuaris conscients del medi ambient.<\/p>\n<p style=\"margin-top: 0; margin-bottom: 20px; text-align: left;\">Etecnic no nom\u00e9s promet revolucionar la manera com recarreguem els nostres vehicles, sin\u00f3 tamb\u00e9 com entenem la mobilitat el\u00e8ctrica i hi interactuem. Descobreix les preguntes m\u00e9s freq\u00fcents que ens fan els usuaris de la comunitat d&#8217;Etecnic.<\/p>\n<\/div>\n\t\t\t\t\t\t\t\t<\/div>\n\t\t\t\t<\/div>\n\t\t\t\t\t<\/div>\n\t\t\t\t<\/div>\n\t\t<div class=\"elementor-element elementor-element-6ed41e2 e-flex e-con-boxed e-con e-parent\" data-id=\"6ed41e2\" data-element_type=\"container\" data-settings=\"{&quot;jet_parallax_layout_list&quot;:[]}\">\n\t\t\t\t\t<div class=\"e-con-inner\">\n\t\t\t\t<div class=\"elementor-element elementor-element-d628562 elementor-widget elementor-widget-n-accordion\" data-id=\"d628562\" data-element_type=\"widget\" data-settings=\"{&quot;default_state&quot;:&quot;expanded&quot;,&quot;max_items_expended&quot;:&quot;one&quot;,&quot;n_accordion_animation_duration&quot;:{&quot;unit&quot;:&quot;ms&quot;,&quot;size&quot;:400,&quot;sizes&quot;:[]}}\" data-widget_type=\"nested-accordion.default\">\n\t\t\t\t<div class=\"elementor-widget-container\">\n\t\t\t\t\t\t\t<div class=\"e-n-accordion\" aria-label=\"Accordion. Open links with Enter or Space, close with Escape, and navigate with Arrow Keys\">\n\t\t\t\t\t\t<details id=\"e-n-accordion-item-2240\" class=\"e-n-accordion-item\" open>\n\t\t\t\t<summary class=\"e-n-accordion-item-title\" data-accordion-index=\"1\" tabindex=\"0\" aria-expanded=\"true\" aria-controls=\"e-n-accordion-item-2240\" >\n\t\t\t\t\t<span class='e-n-accordion-item-title-header'><div class=\"e-n-accordion-item-title-text\">  Com puc recarregar el meu vehicle el\u00e8ctric? <\/div><\/span>\n\t\t\t\t\t\t\t<span class='e-n-accordion-item-title-icon'>\n\t\t\t<span class='e-opened' ><svg aria-hidden=\"true\" class=\"e-font-icon-svg e-fas-minus\" viewBox=\"0 0 448 512\" xmlns=\"http:\/\/www.w3.org\/2000\/svg\"><path d=\"M416 208H32c-17.67 0-32 14.33-32 32v32c0 17.67 14.33 32 32 32h384c17.67 0 32-14.33 32-32v-32c0-17.67-14.33-32-32-32z\"><\/path><\/svg><\/span>\n\t\t\t<span class='e-closed'><svg aria-hidden=\"true\" class=\"e-font-icon-svg e-fas-plus\" viewBox=\"0 0 448 512\" xmlns=\"http:\/\/www.w3.org\/2000\/svg\"><path d=\"M416 208H272V64c0-17.67-14.33-32-32-32h-32c-17.67 0-32 14.33-32 32v144H32c-17.67 0-32 14.33-32 32v32c0 17.67 14.33 32 32 32h144v144c0 17.67 14.33 32 32 32h32c17.67 0 32-14.33 32-32V304h144c17.67 0 32-14.33 32-32v-32c0-17.67-14.33-32-32-32z\"><\/path><\/svg><\/span>\n\t\t<\/span>\n\n\t\t\t\t\t\t<\/summary>\n\t\t\t\t<div role=\"region\" aria-labelledby=\"e-n-accordion-item-2240\" class=\"elementor-element elementor-element-befac45 e-con-full e-flex e-con e-child\" data-id=\"befac45\" data-element_type=\"container\" data-settings=\"{&quot;jet_parallax_layout_list&quot;:[]}\">\n\t\t\t\t<div class=\"elementor-element elementor-element-1036331 elementor-widget elementor-widget-text-editor\" data-id=\"1036331\" data-element_type=\"widget\" data-widget_type=\"text-editor.default\">\n\t\t\t\t<div class=\"elementor-widget-container\">\n\t\t\t\t\t\t\t\t\t<div style=\"font-family: 'Poppins', sans-serif; font-size: 18px; line-height: 1.6; color: #000000; text-align: left; max-width: 100%; margin: 0 auto;\" data-mce-style=\"font-family: 'Poppins', sans-serif; font-size: 18px; line-height: 1.6; color: #000000; text-align: left; max-width: 100%; margin: 0 auto;\"><p style=\"margin-top: 0; margin-bottom: 30px;\" data-mce-style=\"margin-top: 0; margin-bottom: 30px;\">Fer una rec\u00e0rrega \u00e9s senzill. Des d&#8217;Etecnic oferim diverses opcions.<\/p><div style=\"display: grid; grid-template-columns: repeat(auto-fit, minmax(320px, 1fr)); gap: 40px; align-items: start;\" data-mce-style=\"display: grid; grid-template-columns: repeat(auto-fit, minmax(320px, 1fr)); gap: 40px; align-items: start;\"><div><h3 style=\"font-size: 20px; font-weight: bold; margin-top: 0; margin-bottom: 20px; color: #000000;\" data-mce-style=\"font-size: 20px; font-weight: bold; margin-top: 0; margin-bottom: 20px; color: #000000;\"><img decoding=\"async\" draggable=\"false\" data-mce-resize=\"false\" data-mce-placeholder=\"1\" data-wp-emoji=\"1\" class=\"emoji\" alt=\"\ud83d\udcf2\" src=\"https:\/\/s.w.org\/images\/core\/emoji\/17.0.2\/svg\/1f4f2.svg\"> Amb l&#8217;App EVcharge<\/h3><p style=\"margin-bottom: 20px;\" data-mce-style=\"margin-bottom: 20px;\">La primera i m\u00e9s utilitzada \u00e9s l&#8217;\u00fas de la <a style=\"color: #2cb7f6; text-decoration: none;\" href=\"https:\/\/etecnic.net\/get_app\" target=\"_blank\" rel=\"noopener\" data-mce-href=\"https:\/\/etecnic.net\/get_app\" data-mce-style=\"color: #2cb7f6; text-decoration: none;\">App EVcharge<\/a>, que et guiar\u00e0 a trav\u00e9s del proc\u00e9s de rec\u00e0rrega. Aquesta serveix tant per als punts de rec\u00e0rrega gratu\u00efts com per als de pagament.<\/p><p style=\"margin-bottom: 20px;\" data-mce-style=\"margin-bottom: 20px;\">L&#8217;app \u00e9s intu\u00eftiva i f\u00e0cil d&#8217;utilitzar, amb <a style=\"color: #2cb7f6; text-decoration: none;\" href=\"https:\/\/evcharge.net\/soporte\/\" target=\"_blank\" rel=\"noopener\" data-mce-href=\"https:\/\/evcharge.net\/soporte\/\" data-mce-style=\"color: #2cb7f6; text-decoration: none;\">instruccions clares<\/a> i <a style=\"color: #2cb7f6; text-decoration: none;\" href=\"https:\/\/evcharge.net\/faqs\/\" target=\"_blank\" rel=\"noopener\" data-mce-href=\"https:\/\/evcharge.net\/faqs\/\" data-mce-style=\"color: #2cb7f6; text-decoration: none;\">preguntes freq\u00fcents<\/a> disponibles al seu lloc web per a qualsevol dubte.<\/p><ol style=\"margin-top: 0; margin-bottom: 20px; padding-left: 24px;\" data-mce-style=\"margin-top: 0; margin-bottom: 20px; padding-left: 24px;\"><li style=\"margin-bottom: 12px;\" data-mce-style=\"margin-bottom: 12px;\">Obres l&#8217;App, on et mefereixes el registre, omples la informaci\u00f3 sobre el teu vehicle i busques al mapa quin carregador tens a prop i disponible.<\/li><li style=\"margin-bottom: 12px;\" data-mce-style=\"margin-bottom: 12px;\">Condueixes fins al carregador, mefereixes la connexi\u00f3 del teu cable al teu vehicle i l&#8217;altre extrem al carregador.<\/li><li style=\"margin-bottom: 12px;\" data-mce-style=\"margin-bottom: 12px;\">Un cop fet, des de l&#8217;App i seguint les instruccions que et va donant, iniciem la rec\u00e0rrega segons el temps o l&#8217;energia que hagis triat. Mentre el cotxe es recarrega, en pots fer un seguiment des de l&#8217;App, saber quant li queda, si hi ha alg\u00fa esperant, etc.<\/li><\/ol><p style=\"margin-bottom: 0;\" data-mce-style=\"margin-bottom: 0;\">L&#8217;App EVcharge no funciona a qualsevol carregador, nom\u00e9s als que s\u00f3n gestionats per Etecnic o llistats a l&#8217;App d&#8217;EVcharge (que ja sumen m\u00e9s de 9.000 carregadors). Tots els carregadors on es pugui fer la rec\u00e0rrega els trobar\u00e0s al <a style=\"color: #2cb7f6; text-decoration: none;\" href=\"https:\/\/etecnic.es\/mapa-de-recarga\/\" target=\"_blank\" rel=\"noopener\" data-mce-href=\"https:\/\/etecnic.es\/mapa-de-recarga\/\" data-mce-style=\"color: #2cb7f6; text-decoration: none;\">\u201cmapa de rec\u00e0rrega\u201d<\/a>, un dels apartats m\u00e9s visitats de l&#8217;App EVcharge.<\/p><\/div><div><h3 style=\"font-size: 20px; font-weight: bold; margin-top: 0; margin-bottom: 20px; color: #000000;\" data-mce-style=\"font-size: 20px; font-weight: bold; margin-top: 0; margin-bottom: 20px; color: #000000;\"><img decoding=\"async\" draggable=\"false\" data-mce-resize=\"false\" data-mce-placeholder=\"1\" data-wp-emoji=\"1\" class=\"emoji\" alt=\"\ud83d\udd11\" src=\"https:\/\/s.w.org\/images\/core\/emoji\/17.0.2\/svg\/1f511.svg\"> Amb el clauer EVcharge<\/h3><p style=\"margin-bottom: 20px;\" data-mce-style=\"margin-bottom: 20px;\">Tamb\u00e9 pots optar per l&#8217;\u00fas d&#8217;un <a style=\"color: #2cb7f6; text-decoration: none;\" href=\"https:\/\/evcharge.net\/llavero-rfid-evcharge\/\" target=\"_blank\" rel=\"noopener\" data-mce-href=\"https:\/\/evcharge.net\/llavero-rfid-evcharge\/\" data-mce-style=\"color: #2cb7f6; text-decoration: none;\">clauer que es pot adquirir a trav\u00e9s del web d&#8217;EVcharge<\/a>, o tamb\u00e9 des de l&#8217;App; en aquest cas nom\u00e9s et serveix per als punts de rec\u00e0rrega gestionats per Etecnic, el cost \u00e9s de 19,95 \u20ac (transport i IVA inclosos).<\/p><p style=\"margin-bottom: 0;\" data-mce-style=\"margin-bottom: 0;\">Nom\u00e9s has d&#8217;acostar el clauer al carregador despr\u00e9s de connectar el mangot al teu cotxe, i la c\u00e0rrega comen\u00e7ar\u00e0 autom\u00e0ticament. La rec\u00e0rrega ser\u00e0 a m\u00e0xims, o limitada en cas que l&#8217;Ajuntament ho hagi definit pr\u00e8viament. Si vols aturar la rec\u00e0rrega, nom\u00e9s caldr\u00e0 que tornis a acostar el teu clauer al carregador.<\/p><\/div><\/div><\/div>\t\t\t\t\t\t\t\t<\/div>\n\t\t\t\t<\/div>\n\t\t\t\t<\/div>\n\t\t\t\t\t<\/details>\n\t\t\t\t\t\t<details id=\"e-n-accordion-item-2241\" class=\"e-n-accordion-item\" >\n\t\t\t\t<summary class=\"e-n-accordion-item-title\" data-accordion-index=\"2\" tabindex=\"-1\" aria-expanded=\"false\" aria-controls=\"e-n-accordion-item-2241\" >\n\t\t\t\t\t<span class='e-n-accordion-item-title-header'><div class=\"e-n-accordion-item-title-text\"> \u00bfQu\u00e9 tipo de conector necesito para cargar mi coche? <\/div><\/span>\n\t\t\t\t\t\t\t<span class='e-n-accordion-item-title-icon'>\n\t\t\t<span class='e-opened' ><svg aria-hidden=\"true\" class=\"e-font-icon-svg e-fas-minus\" viewBox=\"0 0 448 512\" xmlns=\"http:\/\/www.w3.org\/2000\/svg\"><path d=\"M416 208H32c-17.67 0-32 14.33-32 32v32c0 17.67 14.33 32 32 32h384c17.67 0 32-14.33 32-32v-32c0-17.67-14.33-32-32-32z\"><\/path><\/svg><\/span>\n\t\t\t<span class='e-closed'><svg aria-hidden=\"true\" class=\"e-font-icon-svg e-fas-plus\" viewBox=\"0 0 448 512\" xmlns=\"http:\/\/www.w3.org\/2000\/svg\"><path d=\"M416 208H272V64c0-17.67-14.33-32-32-32h-32c-17.67 0-32 14.33-32 32v144H32c-17.67 0-32 14.33-32 32v32c0 17.67 14.33 32 32 32h144v144c0 17.67 14.33 32 32 32h32c17.67 0 32-14.33 32-32V304h144c17.67 0 32-14.33 32-32v-32c0-17.67-14.33-32-32-32z\"><\/path><\/svg><\/span>\n\t\t<\/span>\n\n\t\t\t\t\t\t<\/summary>\n\t\t\t\t<div role=\"region\" aria-labelledby=\"e-n-accordion-item-2241\" class=\"elementor-element elementor-element-ef4e808 e-con-full e-flex e-con e-child\" data-id=\"ef4e808\" data-element_type=\"container\" data-settings=\"{&quot;jet_parallax_layout_list&quot;:[]}\">\n\t\t\t\t<div class=\"elementor-element elementor-element-fb7dd5f elementor-widget elementor-widget-text-editor\" data-id=\"fb7dd5f\" data-element_type=\"widget\" data-widget_type=\"text-editor.default\">\n\t\t\t\t<div class=\"elementor-widget-container\">\n\t\t\t\t\t\t\t\t\t<div style=\"font-family: 'Poppins', sans-serif; font-size: 18px; line-height: 1.6; color: #000000; text-align: left; max-width: 100%; margin: 0 auto;\">\n<p style=\"margin-top: 0; margin-bottom: 30px;\">A Europa, pr\u00e0cticament tots els cotxes el\u00e8ctrics actuals utilitzen dos connectors: Tipus 2 per a la c\u00e0rrega normal i semir\u00e0pida en corrent altern, i CCS Combo per a la c\u00e0rrega r\u00e0pida i ultrar\u00e0pida en corrent continu.<\/p>\n<p style=\"margin-top: 0; margin-bottom: 30px;\">El connector CHAdeMO, m\u00e9s habitual en cotxes japonesos antics, cada vegada s&#8217;utilitza menys. Si tens dubtes sobre el del teu vehicle, el trobar\u00e0s al manual o a la fitxa t\u00e8cnica del fabricant.<\/p>\n<\/div>\n\t\t\t\t\t\t\t\t<\/div>\n\t\t\t\t<\/div>\n\t\t\t\t<\/div>\n\t\t\t\t\t<\/details>\n\t\t\t\t\t\t<details id=\"e-n-accordion-item-2242\" class=\"e-n-accordion-item\" >\n\t\t\t\t<summary class=\"e-n-accordion-item-title\" data-accordion-index=\"3\" tabindex=\"-1\" aria-expanded=\"false\" aria-controls=\"e-n-accordion-item-2242\" >\n\t\t\t\t\t<span class='e-n-accordion-item-title-header'><div class=\"e-n-accordion-item-title-text\"> \u00bfNecesito instalar un cargador en casa o puedo usar un enchufe normal? <\/div><\/span>\n\t\t\t\t\t\t\t<span class='e-n-accordion-item-title-icon'>\n\t\t\t<span class='e-opened' ><svg aria-hidden=\"true\" class=\"e-font-icon-svg e-fas-minus\" viewBox=\"0 0 448 512\" xmlns=\"http:\/\/www.w3.org\/2000\/svg\"><path d=\"M416 208H32c-17.67 0-32 14.33-32 32v32c0 17.67 14.33 32 32 32h384c17.67 0 32-14.33 32-32v-32c0-17.67-14.33-32-32-32z\"><\/path><\/svg><\/span>\n\t\t\t<span class='e-closed'><svg aria-hidden=\"true\" class=\"e-font-icon-svg e-fas-plus\" viewBox=\"0 0 448 512\" xmlns=\"http:\/\/www.w3.org\/2000\/svg\"><path d=\"M416 208H272V64c0-17.67-14.33-32-32-32h-32c-17.67 0-32 14.33-32 32v144H32c-17.67 0-32 14.33-32 32v32c0 17.67 14.33 32 32 32h144v144c0 17.67 14.33 32 32 32h32c17.67 0 32-14.33 32-32V304h144c17.67 0 32-14.33 32-32v-32c0-17.67-14.33-32-32-32z\"><\/path><\/svg><\/span>\n\t\t<\/span>\n\n\t\t\t\t\t\t<\/summary>\n\t\t\t\t<div role=\"region\" aria-labelledby=\"e-n-accordion-item-2242\" class=\"elementor-element elementor-element-0fe1614 e-con-full e-flex e-con e-child\" data-id=\"0fe1614\" data-element_type=\"container\" data-settings=\"{&quot;jet_parallax_layout_list&quot;:[]}\">\n\t\t\t\t<div class=\"elementor-element elementor-element-d85fd2c elementor-widget elementor-widget-text-editor\" data-id=\"d85fd2c\" data-element_type=\"widget\" data-widget_type=\"text-editor.default\">\n\t\t\t\t<div class=\"elementor-widget-container\">\n\t\t\t\t\t\t\t\t\t<div style=\"font-family: 'Poppins', sans-serif; font-size: 18px; line-height: 1.6; color: #000000; text-align: left; max-width: 100%; margin: 0 auto;\">\n<p style=\"margin-top: 0; margin-bottom: 30px;\">Pots carregar puntualment amb un endoll normal (tipus Schuko), per\u00f2 no \u00e9s el m\u00e9s recomanable per a l&#8217;\u00fas diari: carrega molt a poc a poc i for\u00e7a una instal\u00b7laci\u00f3 el\u00e8ctrica que no est\u00e0 pensada per aguantar tantes hores seguides a m\u00e0xima pot\u00e8ncia.<\/p>\n<p style=\"margin-top: 0; margin-bottom: 30px;\">Un wallbox carrega m\u00e9s r\u00e0pid, \u00e9s m\u00e9s segur i est\u00e0 dissenyat espec\u00edficament per a aquesta funci\u00f3. Si has de carregar habitualment, compensa instal\u00b7lar-lo.<\/p>\n<\/div>\n\t\t\t\t\t\t\t\t<\/div>\n\t\t\t\t<\/div>\n\t\t\t\t<\/div>\n\t\t\t\t\t<\/details>\n\t\t\t\t\t\t<details id=\"e-n-accordion-item-2243\" class=\"e-n-accordion-item\" >\n\t\t\t\t<summary class=\"e-n-accordion-item-title\" data-accordion-index=\"4\" tabindex=\"-1\" aria-expanded=\"false\" aria-controls=\"e-n-accordion-item-2243\" >\n\t\t\t\t\t<span class='e-n-accordion-item-title-header'><div class=\"e-n-accordion-item-title-text\"> Qu\u00e8 necessito per a instal\u00b7lar un punt de rec\u00e0rrega per a vehicles el\u00e8ctrics? <\/div><\/span>\n\t\t\t\t\t\t\t<span class='e-n-accordion-item-title-icon'>\n\t\t\t<span class='e-opened' ><svg aria-hidden=\"true\" class=\"e-font-icon-svg e-fas-minus\" viewBox=\"0 0 448 512\" xmlns=\"http:\/\/www.w3.org\/2000\/svg\"><path d=\"M416 208H32c-17.67 0-32 14.33-32 32v32c0 17.67 14.33 32 32 32h384c17.67 0 32-14.33 32-32v-32c0-17.67-14.33-32-32-32z\"><\/path><\/svg><\/span>\n\t\t\t<span class='e-closed'><svg aria-hidden=\"true\" class=\"e-font-icon-svg e-fas-plus\" viewBox=\"0 0 448 512\" xmlns=\"http:\/\/www.w3.org\/2000\/svg\"><path d=\"M416 208H272V64c0-17.67-14.33-32-32-32h-32c-17.67 0-32 14.33-32 32v144H32c-17.67 0-32 14.33-32 32v32c0 17.67 14.33 32 32 32h144v144c0 17.67 14.33 32 32 32h32c17.67 0 32-14.33 32-32V304h144c17.67 0 32-14.33 32-32v-32c0-17.67-14.33-32-32-32z\"><\/path><\/svg><\/span>\n\t\t<\/span>\n\n\t\t\t\t\t\t<\/summary>\n\t\t\t\t<div role=\"region\" aria-labelledby=\"e-n-accordion-item-2243\" class=\"elementor-element elementor-element-72559d7 e-flex e-con-boxed e-con e-child\" data-id=\"72559d7\" data-element_type=\"container\" data-settings=\"{&quot;jet_parallax_layout_list&quot;:[]}\">\n\t\t\t\t\t<div class=\"e-con-inner\">\n\t\t\t\t<div class=\"elementor-element elementor-element-76e91fb elementor-widget elementor-widget-text-editor\" data-id=\"76e91fb\" data-element_type=\"widget\" data-widget_type=\"text-editor.default\">\n\t\t\t\t<div class=\"elementor-widget-container\">\n\t\t\t\t\t\t\t\t\tAbans d&#8217;instal\u00b7lar un punt de rec\u00e0rrega \u00e9s necessari analitzar el tipus d&#8217;ubicaci\u00f3, el nombre de vehicles que l&#8217;utilitzaran, la pot\u00e8ncia el\u00e8ctrica disponible i el temps previst per a cada rec\u00e0rrega. Tamb\u00e9 cal valorar si la infraestructura ser\u00e0 d&#8217;\u00fas privat, compartit o p\u00fablic i si ser\u00e0 necessari identificar usuaris, aplicar tarifes o controlar consums.<br><br>Per aquest motiu, a trav\u00e9s de\u00a0<a href=\"https:\/\/etecnic.bisiestodeveloper.es\/ca\/serveis-360\/\"><strong>Etecnic360<\/strong><\/a>\u00a0realitzem projectes d&#8217;enginyeria i una consultoria pr\u00e8via per a estudiar les necessitats de cada ubicaci\u00f3, determinar on interessa instal\u00b7lar els punts de rec\u00e0rrega i definir la soluci\u00f3 m\u00e9s adequada. A partir d&#8217;aquesta an\u00e0lisi s&#8217;estableix el tipus de carregador, la pot\u00e8ncia, les proteccions el\u00e8ctriques i el sistema de gesti\u00f3 necessaris.<br><br>Una planificaci\u00f3 correcta des de l&#8217;inici permet garantir un funcionament segur, eficient i preparat per a futures ampliacions.\t\t\t\t\t\t\t\t<\/div>\n\t\t\t\t<\/div>\n\t\t\t\t\t<\/div>\n\t\t\t\t<\/div>\n\t\t\t\t\t<\/details>\n\t\t\t\t\t\t<details id=\"e-n-accordion-item-2244\" class=\"e-n-accordion-item\" >\n\t\t\t\t<summary class=\"e-n-accordion-item-title\" data-accordion-index=\"5\" tabindex=\"-1\" aria-expanded=\"false\" aria-controls=\"e-n-accordion-item-2244\" >\n\t\t\t\t\t<span class='e-n-accordion-item-title-header'><div class=\"e-n-accordion-item-title-text\"> Quina pot\u00e8ncia haig de triar per a un carregador? <\/div><\/span>\n\t\t\t\t\t\t\t<span class='e-n-accordion-item-title-icon'>\n\t\t\t<span class='e-opened' ><svg aria-hidden=\"true\" class=\"e-font-icon-svg e-fas-minus\" viewBox=\"0 0 448 512\" xmlns=\"http:\/\/www.w3.org\/2000\/svg\"><path d=\"M416 208H32c-17.67 0-32 14.33-32 32v32c0 17.67 14.33 32 32 32h384c17.67 0 32-14.33 32-32v-32c0-17.67-14.33-32-32-32z\"><\/path><\/svg><\/span>\n\t\t\t<span class='e-closed'><svg aria-hidden=\"true\" class=\"e-font-icon-svg e-fas-plus\" viewBox=\"0 0 448 512\" xmlns=\"http:\/\/www.w3.org\/2000\/svg\"><path d=\"M416 208H272V64c0-17.67-14.33-32-32-32h-32c-17.67 0-32 14.33-32 32v144H32c-17.67 0-32 14.33-32 32v32c0 17.67 14.33 32 32 32h144v144c0 17.67 14.33 32 32 32h32c17.67 0 32-14.33 32-32V304h144c17.67 0 32-14.33 32-32v-32c0-17.67-14.33-32-32-32z\"><\/path><\/svg><\/span>\n\t\t<\/span>\n\n\t\t\t\t\t\t<\/summary>\n\t\t\t\t<div role=\"region\" aria-labelledby=\"e-n-accordion-item-2244\" class=\"elementor-element elementor-element-d7afff9 e-flex e-con-boxed e-con e-child\" data-id=\"d7afff9\" data-element_type=\"container\" data-settings=\"{&quot;jet_parallax_layout_list&quot;:[]}\">\n\t\t\t\t\t<div class=\"e-con-inner\">\n\t\t\t\t<div class=\"elementor-element elementor-element-0905857 elementor-widget elementor-widget-text-editor\" data-id=\"0905857\" data-element_type=\"widget\" data-widget_type=\"text-editor.default\">\n\t\t\t\t<div class=\"elementor-widget-container\">\n\t\t\t\t\t\t\t\t\t<div class=\"traductor-textarea form-group\">\n<div class=\"textarea-desti col-xs-12 col-sm-6\">\n<p>La pot\u00e8ncia d&#8217;un punt de rec\u00e0rrega dependr\u00e0 de l&#8217;\u00fas que vagi a tenir la instal\u00b7laci\u00f3, del temps disponible per a realitzar la c\u00e0rrega, del tipus de vehicle i de la pot\u00e8ncia el\u00e8ctrica disponible.<\/p>\n<p>No sempre instal\u00b7lar un carregador m\u00e9s potent suposa una millor soluci\u00f3. Alguns vehicles tenen un l\u00edmit de pot\u00e8ncia de c\u00e0rrega i, a m\u00e9s, una instal\u00b7laci\u00f3 de major pot\u00e8ncia pot requerir actuacions el\u00e8ctriques addicionals que no sempre s\u00f3n necess\u00e0ries.<\/p>\n<p>De manera orientativa, aquestes s\u00f3n les pot\u00e8ncies m\u00e9s habituals:<\/p>\n<ul>\n<li><strong>7,4 kW (AC):<\/strong> recomanada per a habitatges, petites empreses i estacionaments de llarga durada. Permet recuperar aproximadament entre 35 i 50 km d&#8217;autonomia per cada hora de c\u00e0rrega.<\/li>\n<li><strong>11 kW (AC):<\/strong> una de les opcions m\u00e9s utilitzades en empreses i p\u00e0rquings privats. Ofereix una bona relaci\u00f3 entre velocitat de c\u00e0rrega i cost d&#8217;instal\u00b7laci\u00f3.<\/li>\n<li><strong>22 kW (AC):<\/strong> adequada per a aparcaments p\u00fablics, hotels, centres comercials o empreses on els vehicles romanen estacionats diverses hores.<\/li>\n<li><strong>Entre 50 i 150 kW (DC):<\/strong> pensada per a ubicacions on es necessita reduir considerablement el temps d&#8217;espera, com a estacions de servei, flotes professionals, aparcaments d&#8217;alta rotaci\u00f3 o punts de rec\u00e0rrega en carretera.<\/li>\n<li><strong>M\u00e9s de 150 kW (DC):<\/strong> recomanada per a corredors de llarga dist\u00e0ncia, estacions de servei i ubicacions amb una elevada rotaci\u00f3 de vehicles.<\/li>\n<\/ul>\n<p>L&#8217;elecci\u00f3 ha de basar-se sempre en les necessitats reals d&#8217;\u00fas i en les caracter\u00edstiques de la instal\u00b7laci\u00f3 el\u00e8ctrica.<\/p>\n<\/div>\n<\/div>\n\t\t\t\t\t\t\t\t<\/div>\n\t\t\t\t<\/div>\n\t\t\t\t\t<\/div>\n\t\t\t\t<\/div>\n\t\t\t\t\t<\/details>\n\t\t\t\t\t\t<details id=\"e-n-accordion-item-2245\" class=\"e-n-accordion-item\" >\n\t\t\t\t<summary class=\"e-n-accordion-item-title\" data-accordion-index=\"6\" tabindex=\"-1\" aria-expanded=\"false\" aria-controls=\"e-n-accordion-item-2245\" >\n\t\t\t\t\t<span class='e-n-accordion-item-title-header'><div class=\"e-n-accordion-item-title-text\"> Quant temps trigar\u00e0 a completar una rec\u00e0rrega el meu cotxe? <\/div><\/span>\n\t\t\t\t\t\t\t<span class='e-n-accordion-item-title-icon'>\n\t\t\t<span class='e-opened' ><svg aria-hidden=\"true\" class=\"e-font-icon-svg e-fas-minus\" viewBox=\"0 0 448 512\" xmlns=\"http:\/\/www.w3.org\/2000\/svg\"><path d=\"M416 208H32c-17.67 0-32 14.33-32 32v32c0 17.67 14.33 32 32 32h384c17.67 0 32-14.33 32-32v-32c0-17.67-14.33-32-32-32z\"><\/path><\/svg><\/span>\n\t\t\t<span class='e-closed'><svg aria-hidden=\"true\" class=\"e-font-icon-svg e-fas-plus\" viewBox=\"0 0 448 512\" xmlns=\"http:\/\/www.w3.org\/2000\/svg\"><path d=\"M416 208H272V64c0-17.67-14.33-32-32-32h-32c-17.67 0-32 14.33-32 32v144H32c-17.67 0-32 14.33-32 32v32c0 17.67 14.33 32 32 32h144v144c0 17.67 14.33 32 32 32h32c17.67 0 32-14.33 32-32V304h144c17.67 0 32-14.33 32-32v-32c0-17.67-14.33-32-32-32z\"><\/path><\/svg><\/span>\n\t\t<\/span>\n\n\t\t\t\t\t\t<\/summary>\n\t\t\t\t<div role=\"region\" aria-labelledby=\"e-n-accordion-item-2245\" class=\"elementor-element elementor-element-4c0d418 e-con-full e-flex e-con e-child\" data-id=\"4c0d418\" data-element_type=\"container\" data-settings=\"{&quot;jet_parallax_layout_list&quot;:[]}\">\n\t\t\t\t<div class=\"elementor-element elementor-element-5e6fa6a elementor-widget elementor-widget-text-editor\" data-id=\"5e6fa6a\" data-element_type=\"widget\" data-widget_type=\"text-editor.default\">\n\t\t\t\t<div class=\"elementor-widget-container\">\n\t\t\t\t\t\t\t\t\t<div class=\"traductor-textarea form-group\">\n<div class=\"textarea-desti col-xs-12 col-sm-6\">\n<div class=\"form-control second-textarea\">\n<p>La resposta dep\u00e8n del model del teu vehicle, la capacitat de la bateria, del tipus de carregador utilitzat, aix\u00ed com el temps o energia que hagis triat per a realitzar la rec\u00e0rrega. Des de l&#8217;App&nbsp;EVcharge&nbsp;podr\u00e0s saber en tot moment quant temps trigar\u00e0 a finalitzar la rec\u00e0rrega. Encara que pots decidir detenir-la quan vulguis (nom\u00e9s se&#8217;t cobrar\u00e0 el que hagis recarregat).<\/p>\n<p>Els carregadors d&#8217;alta velocitat de&nbsp;Etecnic&nbsp;r\u00e0pids o ultrar\u00e0pids (&gt;100kw)&nbsp;poden reduir significativament els temps de c\u00e0rrega, proporcionant una c\u00e0rrega r\u00e0pida i eficient. Generalment, pots esperar que el teu cotxe estigui completament recarregat en unes poques hores.<\/p>\n<p>De manera gen\u00e8rica i aproximada, es poden considerar els seg\u00fcents escenaris:<\/p>\n<\/div>\n<ul>\n<li class=\"form-control second-textarea\"><strong>C\u00e0rrega vinculada o dom\u00e8stica (fins a 7,4 kW):<\/strong> sol realitzar-se durant la nit i pot trigar entre 6 i 10 hores a completar una bateria, depenent del vehicle.<\/li>\n<li class=\"form-control second-textarea\"><strong>C\u00e0rrega&nbsp;semirr\u00e1pida&nbsp;(entre 11 i 22 kW):<\/strong> permet recuperar una part important de l&#8217;autonomia en diverses hores i \u00e9s habitual en empreses, hotels, p\u00e0rquings i espais p\u00fablics.<\/li>\n<li class=\"form-control second-textarea\"><strong>C\u00e0rrega r\u00e0pida (entre 50 i 150 kW):<\/strong> en molts vehicles permet aconseguir aproximadament el 80% de la bateria en uns 30-60 minuts.<\/li>\n<li class=\"form-control second-textarea\"><strong>C\u00e0rrega ultrar\u00e0pida (per sobre de 150 kW):<\/strong> alguns vehicles compatibles poden recuperar centenars de quil\u00f2metres d&#8217;autonomia en uns 15-30 minuts.<\/li>\n<\/ul>\n<p>La pot\u00e8ncia m\u00e0xima del carregador no garanteix que el vehicle carregui sempre a aquesta velocitat. El cotxe regula l&#8217;energia que pot acceptar a cada moment per a protegir la bateria, especialment quan s&#8217;acosta al 80-100% de c\u00e0rrega.<\/p>\n<\/div>\n<\/div>\n\t\t\t\t\t\t\t\t<\/div>\n\t\t\t\t<\/div>\n\t\t\t\t<\/div>\n\t\t\t\t\t<\/details>\n\t\t\t\t\t\t<details id=\"e-n-accordion-item-2246\" class=\"e-n-accordion-item\" >\n\t\t\t\t<summary class=\"e-n-accordion-item-title\" data-accordion-index=\"7\" tabindex=\"-1\" aria-expanded=\"false\" aria-controls=\"e-n-accordion-item-2246\" >\n\t\t\t\t\t<span class='e-n-accordion-item-title-header'><div class=\"e-n-accordion-item-title-text\">  Quin afecta a l'autonomia d'un vehicle el\u00e8ctric? <\/div><\/span>\n\t\t\t\t\t\t\t<span class='e-n-accordion-item-title-icon'>\n\t\t\t<span class='e-opened' ><svg aria-hidden=\"true\" class=\"e-font-icon-svg e-fas-minus\" viewBox=\"0 0 448 512\" xmlns=\"http:\/\/www.w3.org\/2000\/svg\"><path d=\"M416 208H32c-17.67 0-32 14.33-32 32v32c0 17.67 14.33 32 32 32h384c17.67 0 32-14.33 32-32v-32c0-17.67-14.33-32-32-32z\"><\/path><\/svg><\/span>\n\t\t\t<span class='e-closed'><svg aria-hidden=\"true\" class=\"e-font-icon-svg e-fas-plus\" viewBox=\"0 0 448 512\" xmlns=\"http:\/\/www.w3.org\/2000\/svg\"><path d=\"M416 208H272V64c0-17.67-14.33-32-32-32h-32c-17.67 0-32 14.33-32 32v144H32c-17.67 0-32 14.33-32 32v32c0 17.67 14.33 32 32 32h144v144c0 17.67 14.33 32 32 32h32c17.67 0 32-14.33 32-32V304h144c17.67 0 32-14.33 32-32v-32c0-17.67-14.33-32-32-32z\"><\/path><\/svg><\/span>\n\t\t<\/span>\n\n\t\t\t\t\t\t<\/summary>\n\t\t\t\t<div role=\"region\" aria-labelledby=\"e-n-accordion-item-2246\" class=\"elementor-element elementor-element-bfe236f e-con-full e-flex e-con e-child\" data-id=\"bfe236f\" data-element_type=\"container\" data-settings=\"{&quot;jet_parallax_layout_list&quot;:[]}\">\n\t\t\t\t<div class=\"elementor-element elementor-element-1e71b59 elementor-widget elementor-widget-text-editor\" data-id=\"1e71b59\" data-element_type=\"widget\" data-widget_type=\"text-editor.default\">\n\t\t\t\t<div class=\"elementor-widget-container\">\n\t\t\t\t\t\t\t\t\t<div style=\"font-family: 'Poppins', sans-serif; font-size: 18px; line-height: 1.6; color: #000000; text-align: left; max-width: 100%; margin: 0 auto;\">\n<p style=\"margin-top: 0; margin-bottom: 20px;\">L&#8217;autonomia real dels vehicles dep\u00e8n de la manera de conduir: una conducci\u00f3 agressiva pot suposar esgotar la bateria un 30% m\u00e9s r\u00e0pidament que una conducci\u00f3 tranquil\u00b7la i del pes del vehicle. De fet, les mitjanes de consum varien a la ciutat i a la carretera, com ja passa en els vehicles de combusti\u00f3, els el\u00e8ctrics purs acostumen a estar en els 21 kW cada 100 km.<\/p>\n<p style=\"margin-top: 0; margin-bottom: 0;\">Posem el cas del cotxe m\u00e9s venut a Espanya el 2023, segons la reconeguda p\u00e0gina EV-database; el vehicle d&#8217;altes prestacions t\u00e9 75 kWh de bateria usable, per tant, l&#8217;autonomia estar\u00e0 al voltant dels 360 km.<\/p>\n<\/div>\n\t\t\t\t\t\t\t\t<\/div>\n\t\t\t\t<\/div>\n\t\t\t\t<\/div>\n\t\t\t\t\t<\/details>\n\t\t\t\t\t\t<details id=\"e-n-accordion-item-2247\" class=\"e-n-accordion-item\" >\n\t\t\t\t<summary class=\"e-n-accordion-item-title\" data-accordion-index=\"8\" tabindex=\"-1\" aria-expanded=\"false\" aria-controls=\"e-n-accordion-item-2247\" >\n\t\t\t\t\t<span class='e-n-accordion-item-title-header'><div class=\"e-n-accordion-item-title-text\"> \u00bfTengo que cargar mi coche el\u00e9ctrico al 100% para no estropear la bater\u00eda? <\/div><\/span>\n\t\t\t\t\t\t\t<span class='e-n-accordion-item-title-icon'>\n\t\t\t<span class='e-opened' ><svg aria-hidden=\"true\" class=\"e-font-icon-svg e-fas-minus\" viewBox=\"0 0 448 512\" xmlns=\"http:\/\/www.w3.org\/2000\/svg\"><path d=\"M416 208H32c-17.67 0-32 14.33-32 32v32c0 17.67 14.33 32 32 32h384c17.67 0 32-14.33 32-32v-32c0-17.67-14.33-32-32-32z\"><\/path><\/svg><\/span>\n\t\t\t<span class='e-closed'><svg aria-hidden=\"true\" class=\"e-font-icon-svg e-fas-plus\" viewBox=\"0 0 448 512\" xmlns=\"http:\/\/www.w3.org\/2000\/svg\"><path d=\"M416 208H272V64c0-17.67-14.33-32-32-32h-32c-17.67 0-32 14.33-32 32v144H32c-17.67 0-32 14.33-32 32v32c0 17.67 14.33 32 32 32h144v144c0 17.67 14.33 32 32 32h32c17.67 0 32-14.33 32-32V304h144c17.67 0 32-14.33 32-32v-32c0-17.67-14.33-32-32-32z\"><\/path><\/svg><\/span>\n\t\t<\/span>\n\n\t\t\t\t\t\t<\/summary>\n\t\t\t\t<div role=\"region\" aria-labelledby=\"e-n-accordion-item-2247\" class=\"elementor-element elementor-element-657db79 e-flex e-con-boxed e-con e-child\" data-id=\"657db79\" data-element_type=\"container\" data-settings=\"{&quot;jet_parallax_layout_list&quot;:[]}\">\n\t\t\t\t\t<div class=\"e-con-inner\">\n\t\t\t\t<div class=\"elementor-element elementor-element-5c99a44 elementor-widget elementor-widget-text-editor\" data-id=\"5c99a44\" data-element_type=\"widget\" data-widget_type=\"text-editor.default\">\n\t\t\t\t<div class=\"elementor-widget-container\">\n\t\t\t\t\t\t\t\t\t<p data-start=\"160\" data-end=\"433\">No, de cap manera. Les bateries d&#8217;ions de liti que porten els cotxes el\u00e8ctrics no tenen \u00abefecte mem\u00f2ria\u00bb com altres bateries m\u00e9s antigues, aix\u00ed que no cal carregar-les al 100% perqu\u00e8 no perdin capacitat.<\/p>\n<p>De fet, per a l&#8217;\u00fas diari se sol recomanar just el contrari: mantenir la c\u00e0rrega entre el 20% i el 80%, i deixar el 100% per als viatges llargs en qu\u00e8 necessitis tota l&#8217;autonomia. L&#8217;excepci\u00f3 s\u00f3n les bateries LFP (liti-ferrofosfat), cada vegada m\u00e9s habituals, que s\u00ed que toleren b\u00e9 les c\u00e0rregues completes freq\u00fcents \u2014 en el seu cas fins i tot conv\u00e9 arribar al 100% de tant en tant perqu\u00e8 el cotxe calculi b\u00e9 l&#8217;autonomia restant.<\/p>\n<p>Si no saps quin tipus de bateria porta el teu vehicle, ho pots consultar al manual o preguntant al fabricant.<\/p>\n\t\t\t\t\t\t\t\t<\/div>\n\t\t\t\t<\/div>\n\t\t\t\t\t<\/div>\n\t\t\t\t<\/div>\n\t\t\t\t\t<\/details>\n\t\t\t\t\t\t<details id=\"e-n-accordion-item-2248\" class=\"e-n-accordion-item\" >\n\t\t\t\t<summary class=\"e-n-accordion-item-title\" data-accordion-index=\"9\" tabindex=\"-1\" aria-expanded=\"false\" aria-controls=\"e-n-accordion-item-2248\" >\n\t\t\t\t\t<span class='e-n-accordion-item-title-header'><div class=\"e-n-accordion-item-title-text\"> \u00bfPuedo cargar mi coche el\u00e9ctrico si lllueve o hace mal tiempo? <\/div><\/span>\n\t\t\t\t\t\t\t<span class='e-n-accordion-item-title-icon'>\n\t\t\t<span class='e-opened' ><svg aria-hidden=\"true\" class=\"e-font-icon-svg e-fas-minus\" viewBox=\"0 0 448 512\" xmlns=\"http:\/\/www.w3.org\/2000\/svg\"><path d=\"M416 208H32c-17.67 0-32 14.33-32 32v32c0 17.67 14.33 32 32 32h384c17.67 0 32-14.33 32-32v-32c0-17.67-14.33-32-32-32z\"><\/path><\/svg><\/span>\n\t\t\t<span class='e-closed'><svg aria-hidden=\"true\" class=\"e-font-icon-svg e-fas-plus\" viewBox=\"0 0 448 512\" xmlns=\"http:\/\/www.w3.org\/2000\/svg\"><path d=\"M416 208H272V64c0-17.67-14.33-32-32-32h-32c-17.67 0-32 14.33-32 32v144H32c-17.67 0-32 14.33-32 32v32c0 17.67 14.33 32 32 32h144v144c0 17.67 14.33 32 32 32h32c17.67 0 32-14.33 32-32V304h144c17.67 0 32-14.33 32-32v-32c0-17.67-14.33-32-32-32z\"><\/path><\/svg><\/span>\n\t\t<\/span>\n\n\t\t\t\t\t\t<\/summary>\n\t\t\t\t<div role=\"region\" aria-labelledby=\"e-n-accordion-item-2248\" class=\"elementor-element elementor-element-88093e4 e-flex e-con-boxed e-con e-child\" data-id=\"88093e4\" data-element_type=\"container\" data-settings=\"{&quot;jet_parallax_layout_list&quot;:[]}\">\n\t\t\t\t\t<div class=\"e-con-inner\">\n\t\t\t\t<div class=\"elementor-element elementor-element-59a1542 elementor-widget elementor-widget-text-editor\" data-id=\"59a1542\" data-element_type=\"widget\" data-widget_type=\"text-editor.default\">\n\t\t\t\t<div class=\"elementor-widget-container\">\n\t\t\t\t\t\t\t\t\t<p data-start=\"160\" data-end=\"433\">S\u00ed, cap problema. Els punts de rec\u00e0rrega i els connectors estan dissenyats i certificats per funcionar a la intemp\u00e8rie, amb segellat davant de l&#8217;aigua i sistemes de seguretat que tallen la c\u00e0rrega autom\u00e0ticament davant de qualsevol anomalia.<\/p>\n<p><\/p>\n<p data-start=\"160\" data-end=\"433\">\u00c9s un dels mites m\u00e9s estesos sobre la rec\u00e0rrega el\u00e8ctrica, per\u00f2 carregar sota la pluja \u00e9s tan segur com endollar qualsevol electrodom\u00e8stic a casa.<\/p>\n\t\t\t\t\t\t\t\t<\/div>\n\t\t\t\t<\/div>\n\t\t\t\t\t<\/div>\n\t\t\t\t<\/div>\n\t\t\t\t\t<\/details>\n\t\t\t\t\t\t<details id=\"e-n-accordion-item-2249\" class=\"e-n-accordion-item\" >\n\t\t\t\t<summary class=\"e-n-accordion-item-title\" data-accordion-index=\"10\" tabindex=\"-1\" aria-expanded=\"false\" aria-controls=\"e-n-accordion-item-2249\" >\n\t\t\t\t\t<span class='e-n-accordion-item-title-header'><div class=\"e-n-accordion-item-title-text\"> \u00bfMe sale m\u00e1s caro el mantenimiento de un veh\u00edculo el\u00e9ctrico? <\/div><\/span>\n\t\t\t\t\t\t\t<span class='e-n-accordion-item-title-icon'>\n\t\t\t<span class='e-opened' ><svg aria-hidden=\"true\" class=\"e-font-icon-svg e-fas-minus\" viewBox=\"0 0 448 512\" xmlns=\"http:\/\/www.w3.org\/2000\/svg\"><path d=\"M416 208H32c-17.67 0-32 14.33-32 32v32c0 17.67 14.33 32 32 32h384c17.67 0 32-14.33 32-32v-32c0-17.67-14.33-32-32-32z\"><\/path><\/svg><\/span>\n\t\t\t<span class='e-closed'><svg aria-hidden=\"true\" class=\"e-font-icon-svg e-fas-plus\" viewBox=\"0 0 448 512\" xmlns=\"http:\/\/www.w3.org\/2000\/svg\"><path d=\"M416 208H272V64c0-17.67-14.33-32-32-32h-32c-17.67 0-32 14.33-32 32v144H32c-17.67 0-32 14.33-32 32v32c0 17.67 14.33 32 32 32h144v144c0 17.67 14.33 32 32 32h32c17.67 0 32-14.33 32-32V304h144c17.67 0 32-14.33 32-32v-32c0-17.67-14.33-32-32-32z\"><\/path><\/svg><\/span>\n\t\t<\/span>\n\n\t\t\t\t\t\t<\/summary>\n\t\t\t\t<div role=\"region\" aria-labelledby=\"e-n-accordion-item-2249\" class=\"elementor-element elementor-element-2578302 e-flex e-con-boxed e-con e-child\" data-id=\"2578302\" data-element_type=\"container\" data-settings=\"{&quot;jet_parallax_layout_list&quot;:[]}\">\n\t\t\t\t\t<div class=\"e-con-inner\">\n\t\t\t\t<div class=\"elementor-element elementor-element-dfb1ded elementor-widget elementor-widget-text-editor\" data-id=\"dfb1ded\" data-element_type=\"widget\" data-widget_type=\"text-editor.default\">\n\t\t\t\t<div class=\"elementor-widget-container\">\n\t\t\t\t\t\t\t\t\t<p data-start=\"160\" data-end=\"433\">Al contrari: un cotxe el\u00e8ctric sol sortir m\u00e9s barat de mantenir. T\u00e9 moltes menys peces m\u00f2bils que un de combusti\u00f3 \u2014 no porta oli de motor, embragatge, caixa de canvis, turbo ni injectors, aix\u00ed que hi ha molt menys que es pugui desgastar o fallar.<\/p>\n<p>A m\u00e9s, el frenatge regeneratiu (el motor el\u00e8ctric frena el cotxe aprofitant aquesta energia per carregar la bateria) fa que els frens es desgastin molt m\u00e9s a poc a poc, aix\u00ed que tamb\u00e9 duren m\u00e9s temps entre canvis.<\/p>\n\t\t\t\t\t\t\t\t<\/div>\n\t\t\t\t<\/div>\n\t\t\t\t\t<\/div>\n\t\t\t\t<\/div>\n\t\t\t\t\t<\/details>\n\t\t\t\t\t\t<details id=\"e-n-accordion-item-22410\" class=\"e-n-accordion-item\" >\n\t\t\t\t<summary class=\"e-n-accordion-item-title\" data-accordion-index=\"11\" tabindex=\"-1\" aria-expanded=\"false\" aria-controls=\"e-n-accordion-item-22410\" >\n\t\t\t\t\t<span class='e-n-accordion-item-title-header'><div class=\"e-n-accordion-item-title-text\"> \u00bfCu\u00e1nto cuesta cargar mi coche el\u00e9ctrico? <\/div><\/span>\n\t\t\t\t\t\t\t<span class='e-n-accordion-item-title-icon'>\n\t\t\t<span class='e-opened' ><svg aria-hidden=\"true\" class=\"e-font-icon-svg e-fas-minus\" viewBox=\"0 0 448 512\" xmlns=\"http:\/\/www.w3.org\/2000\/svg\"><path d=\"M416 208H32c-17.67 0-32 14.33-32 32v32c0 17.67 14.33 32 32 32h384c17.67 0 32-14.33 32-32v-32c0-17.67-14.33-32-32-32z\"><\/path><\/svg><\/span>\n\t\t\t<span class='e-closed'><svg aria-hidden=\"true\" class=\"e-font-icon-svg e-fas-plus\" viewBox=\"0 0 448 512\" xmlns=\"http:\/\/www.w3.org\/2000\/svg\"><path d=\"M416 208H272V64c0-17.67-14.33-32-32-32h-32c-17.67 0-32 14.33-32 32v144H32c-17.67 0-32 14.33-32 32v32c0 17.67 14.33 32 32 32h144v144c0 17.67 14.33 32 32 32h32c17.67 0 32-14.33 32-32V304h144c17.67 0 32-14.33 32-32v-32c0-17.67-14.33-32-32-32z\"><\/path><\/svg><\/span>\n\t\t<\/span>\n\n\t\t\t\t\t\t<\/summary>\n\t\t\t\t<div role=\"region\" aria-labelledby=\"e-n-accordion-item-22410\" class=\"elementor-element elementor-element-5fa35b3 e-flex e-con-boxed e-con e-child\" data-id=\"5fa35b3\" data-element_type=\"container\" data-settings=\"{&quot;jet_parallax_layout_list&quot;:[]}\">\n\t\t\t\t\t<div class=\"e-con-inner\">\n\t\t\t\t<div class=\"elementor-element elementor-element-32858f2 elementor-widget elementor-widget-text-editor\" data-id=\"32858f2\" data-element_type=\"widget\" data-widget_type=\"text-editor.default\">\n\t\t\t\t<div class=\"elementor-widget-container\">\n\t\t\t\t\t\t\t\t\t<p data-start=\"160\" data-end=\"433\">Dep\u00e8n de on carreguis, de la teva tarifa el\u00e8ctrica i de la mida de la bateria. Com a refer\u00e8ncia general, carregar a casa aprofitant la tarifa nocturna sol ser l&#8217;opci\u00f3 m\u00e9s econ\u00f2mica; carregar en punts p\u00fablics de c\u00e0rrega r\u00e0pida sol costar m\u00e9s per kWh, ja que pagues tamb\u00e9 la comoditat de la velocitat. Per calcular el cost aproximat d&#8217;una c\u00e0rrega completa, n&#8217;hi ha prou amb multiplicar la capacitat de la bateria (en kWh) pel preu del kWh de la teva tarifa o del punt que utilitzis.<\/p>\n\t\t\t\t\t\t\t\t<\/div>\n\t\t\t\t<\/div>\n\t\t\t\t\t<\/div>\n\t\t\t\t<\/div>\n\t\t\t\t\t<\/details>\n\t\t\t\t\t\t<details id=\"e-n-accordion-item-22411\" class=\"e-n-accordion-item\" >\n\t\t\t\t<summary class=\"e-n-accordion-item-title\" data-accordion-index=\"12\" tabindex=\"-1\" aria-expanded=\"false\" aria-controls=\"e-n-accordion-item-22411\" >\n\t\t\t\t\t<span class='e-n-accordion-item-title-header'><div class=\"e-n-accordion-item-title-text\"> Com es paga una rec\u00e0rrega? <\/div><\/span>\n\t\t\t\t\t\t\t<span class='e-n-accordion-item-title-icon'>\n\t\t\t<span class='e-opened' ><svg aria-hidden=\"true\" class=\"e-font-icon-svg e-fas-minus\" viewBox=\"0 0 448 512\" xmlns=\"http:\/\/www.w3.org\/2000\/svg\"><path d=\"M416 208H32c-17.67 0-32 14.33-32 32v32c0 17.67 14.33 32 32 32h384c17.67 0 32-14.33 32-32v-32c0-17.67-14.33-32-32-32z\"><\/path><\/svg><\/span>\n\t\t\t<span class='e-closed'><svg aria-hidden=\"true\" class=\"e-font-icon-svg e-fas-plus\" viewBox=\"0 0 448 512\" xmlns=\"http:\/\/www.w3.org\/2000\/svg\"><path d=\"M416 208H272V64c0-17.67-14.33-32-32-32h-32c-17.67 0-32 14.33-32 32v144H32c-17.67 0-32 14.33-32 32v32c0 17.67 14.33 32 32 32h144v144c0 17.67 14.33 32 32 32h32c17.67 0 32-14.33 32-32V304h144c17.67 0 32-14.33 32-32v-32c0-17.67-14.33-32-32-32z\"><\/path><\/svg><\/span>\n\t\t<\/span>\n\n\t\t\t\t\t\t<\/summary>\n\t\t\t\t<div role=\"region\" aria-labelledby=\"e-n-accordion-item-22411\" class=\"elementor-element elementor-element-a4c9c70 e-flex e-con-boxed e-con e-child\" data-id=\"a4c9c70\" data-element_type=\"container\" data-settings=\"{&quot;jet_parallax_layout_list&quot;:[]}\">\n\t\t\t\t\t<div class=\"e-con-inner\">\n\t\t\t\t<div class=\"elementor-element elementor-element-ef7e633 elementor-widget elementor-widget-text-editor\" data-id=\"ef7e633\" data-element_type=\"widget\" data-widget_type=\"text-editor.default\">\n\t\t\t\t<div class=\"elementor-widget-container\">\n\t\t\t\t\t\t\t\t\t<div class=\"traductor-textarea form-group\">\n<div class=\"textarea-desti col-xs-12 col-sm-6\">\n<div class=\"form-control second-textarea\">\n<p>El m\u00e8tode de pagament dependr\u00e0 de l&#8217;operador del punt de rec\u00e0rrega. Actualment, la majoria d&#8217;estacions permeten iniciar i pagar la rec\u00e0rrega a trav\u00e9s d&#8217;una aplicaci\u00f3 m\u00f2bil, una targeta\u00a0RFID, un codi\u00a0QR\u00a0o directament amb targeta banc\u00e0ria mitjan\u00e7ant un terminal de pagament (TPV).<\/p>\n<p>En els punts de rec\u00e0rrega gestionats amb\u00a0<a href=\"https:\/\/evcharge.net\/comunidad-evcharge\/\"><strong>EVcharge<\/strong><\/a>, l&#8217;usuari pot registrar-se gratu\u00eftament en l&#8217;aplicaci\u00f3 i associar un m\u00e8tode de pagament per a iniciar les seves sessions de manera r\u00e0pida i segura. Una vegada finalitzada la rec\u00e0rrega, l&#8217;import es cobra autom\u00e0ticament segons la tarifa establerta per l&#8217;operador i l&#8217;usuari pot consultar l&#8217;historial de sessions i descarregar els justificants de cada rec\u00e0rrega des de la pr\u00f2pia aplicaci\u00f3.<\/p>\n<p>Mentre el cotxe est\u00e0 carregant, pots veure des de l&#8217;app com avan\u00e7a la sessi\u00f3: quant temps porta, quanta energia has carregat i quant est\u00e0 costant. Tamb\u00e9 pots detenir la rec\u00e0rrega quan vulguis des de la pr\u00f2pia aplicaci\u00f3 o des del carregador.<\/p>\n<p>Quan finalitza la sessi\u00f3, es cobra autom\u00e0ticament l&#8217;import corresponent. Despr\u00e9s pots consultar les teves rec\u00e0rregues anteriors i descarregar el justificant des de l&#8217;app.<\/p>\n<p>A m\u00e9s, EVcharge permet accedir a diferents punts de rec\u00e0rrega des d&#8217;una sola aplicaci\u00f3, sense haver de registrar-te cada vegada en una plataforma diferent.<\/p>\n<\/div>\n<p><\/div>\n<p><\/div>\n\t\t\t\t\t\t\t\t<\/div>\n\t\t\t\t<\/div>\n\t\t\t\t\t<\/div>\n\t\t\t\t<\/div>\n\t\t\t\t\t<\/details>\n\t\t\t\t\t\t<details id=\"e-n-accordion-item-22412\" class=\"e-n-accordion-item\" >\n\t\t\t\t<summary class=\"e-n-accordion-item-title\" data-accordion-index=\"13\" tabindex=\"-1\" aria-expanded=\"false\" aria-controls=\"e-n-accordion-item-22412\" >\n\t\t\t\t\t<span class='e-n-accordion-item-title-header'><div class=\"e-n-accordion-item-title-text\">  En quants punts de rec\u00e0rrega puc utilitzar l'App? <\/div><\/span>\n\t\t\t\t\t\t\t<span class='e-n-accordion-item-title-icon'>\n\t\t\t<span class='e-opened' ><svg aria-hidden=\"true\" class=\"e-font-icon-svg e-fas-minus\" viewBox=\"0 0 448 512\" xmlns=\"http:\/\/www.w3.org\/2000\/svg\"><path d=\"M416 208H32c-17.67 0-32 14.33-32 32v32c0 17.67 14.33 32 32 32h384c17.67 0 32-14.33 32-32v-32c0-17.67-14.33-32-32-32z\"><\/path><\/svg><\/span>\n\t\t\t<span class='e-closed'><svg aria-hidden=\"true\" class=\"e-font-icon-svg e-fas-plus\" viewBox=\"0 0 448 512\" xmlns=\"http:\/\/www.w3.org\/2000\/svg\"><path d=\"M416 208H272V64c0-17.67-14.33-32-32-32h-32c-17.67 0-32 14.33-32 32v144H32c-17.67 0-32 14.33-32 32v32c0 17.67 14.33 32 32 32h144v144c0 17.67 14.33 32 32 32h32c17.67 0 32-14.33 32-32V304h144c17.67 0 32-14.33 32-32v-32c0-17.67-14.33-32-32-32z\"><\/path><\/svg><\/span>\n\t\t<\/span>\n\n\t\t\t\t\t\t<\/summary>\n\t\t\t\t<div role=\"region\" aria-labelledby=\"e-n-accordion-item-22412\" class=\"elementor-element elementor-element-ebc9441 e-flex e-con-boxed e-con e-child\" data-id=\"ebc9441\" data-element_type=\"container\" data-settings=\"{&quot;jet_parallax_layout_list&quot;:[]}\">\n\t\t\t\t\t<div class=\"e-con-inner\">\n\t\t\t\t<div class=\"elementor-element elementor-element-a101e2e elementor-widget elementor-widget-text-editor\" data-id=\"a101e2e\" data-element_type=\"widget\" data-widget_type=\"text-editor.default\">\n\t\t\t\t<div class=\"elementor-widget-container\">\n\t\t\t\t\t\t\t\t\t<div style=\"font-family: 'Poppins', sans-serif; font-size: 18px; line-height: 1.6; color: #000000; text-align: left; max-width: 100%; margin: 0 auto;\">\n<div class=\"traductor-textarea form-group\">\n<div class=\"textarea-desti col-xs-12 col-sm-6\">\n<div class=\"form-control second-textarea\">\n<p>A Etecnic treballem perqu\u00e8 puguis localitzar i utilitzar cada vegada m\u00e9s punts de rec\u00e0rrega des d&#8217;una \u00fanica aplicaci\u00f3. A Catalunya, Etecnic \u00e9s l\u00edder amb m\u00e9s de 4.700 punts de rec\u00e0rrega en ajuntaments i administraci\u00f3 p\u00fablica, aix\u00ed com tamb\u00e9 ha instal\u00b7lat uns altres en empreses privades com a gasolineres, p\u00e0rquings, hospitals&#8230; I a Espanya, Etecnic, \u00e9s el tercer operador de punts de rec\u00e0rrega darrere de les energ\u00e8tiques. Sempre ens trobar\u00e0s on m\u00e9s ens necessitis.<\/p>\n<p>En el m\u00f3n de la mobilitat el\u00e8ctrica, cada petit pas compta. Des de l&#8217;elecci\u00f3 conscient d&#8217;un vehicle el\u00e8ctric fins a l&#8217;\u00fas d&#8217;un sistema de rec\u00e0rrega eficient i respectu\u00f3s amb el medi ambient, tot contribueix a un futur m\u00e9s net i sostenible. En\u00a0Etecnic, estem orgullosos de liderar aquest cam\u00ed, oferint-te les eines i la informaci\u00f3 necess\u00e0ria per a fer de la teva experi\u00e8ncia en vehicles el\u00e8ctrics una part integral de la vida quotidiana.<\/p>\n<p>Enguany esborra les preocupacions sobre la rec\u00e0rrega del teu nou cotxe el\u00e8ctric i gaudeix de l&#8217;experi\u00e8ncia de la conducci\u00f3 amb solucions innovadores com l&#8217;App\u00a0EVcharge\u00a0i el clauer\u00a0EVcharge.\u00a0Etecnic\u00a0no sols est\u00e0 fent que la rec\u00e0rrega dels vehicles el\u00e8ctrics sigui m\u00e9s accessible i c\u00f2moda, sin\u00f3 que tamb\u00e9 est\u00e0 empoderant als usuaris per a prendre un paper m\u00e9s actiu en la preservaci\u00f3 del nostre planeta.<\/p>\n<p>Si t\u00e9 m\u00e9s preguntes, segur que les hem contestat en el nostre apartat de preguntes freq\u00fcents que pot trobar en el seg\u00fcent enlla\u00e7: <strong><a href=\"https:\/\/evcharge.net\/faqs\/\">https:\/\/evcharge.net\/faqs\/<\/a><\/strong><\/p>\n<p>En cas de no ser aix\u00ed, contacta amb nosaltres i estarem encantats de respondre a les teves preguntes!<\/p>\n<\/div>\n<p><\/div>\n<p><\/div>\n<p><\/div>\n\t\t\t\t\t\t\t\t<\/div>\n\t\t\t\t<\/div>\n\t\t\t\t\t<\/div>\n\t\t\t\t<\/div>\n\t\t\t\t\t<\/details>\n\t\t\t\t\t\t<details id=\"e-n-accordion-item-22413\" class=\"e-n-accordion-item\" >\n\t\t\t\t<summary class=\"e-n-accordion-item-title\" data-accordion-index=\"14\" tabindex=\"-1\" aria-expanded=\"false\" aria-controls=\"e-n-accordion-item-22413\" >\n\t\t\t\t\t<span class='e-n-accordion-item-title-header'><div class=\"e-n-accordion-item-title-text\"> \u00bfQu\u00e9 hago si un punto de recarga p\u00fablico no funciona o est\u00e1 ocupado? <\/div><\/span>\n\t\t\t\t\t\t\t<span class='e-n-accordion-item-title-icon'>\n\t\t\t<span class='e-opened' ><svg aria-hidden=\"true\" class=\"e-font-icon-svg e-fas-minus\" viewBox=\"0 0 448 512\" xmlns=\"http:\/\/www.w3.org\/2000\/svg\"><path d=\"M416 208H32c-17.67 0-32 14.33-32 32v32c0 17.67 14.33 32 32 32h384c17.67 0 32-14.33 32-32v-32c0-17.67-14.33-32-32-32z\"><\/path><\/svg><\/span>\n\t\t\t<span class='e-closed'><svg aria-hidden=\"true\" class=\"e-font-icon-svg e-fas-plus\" viewBox=\"0 0 448 512\" xmlns=\"http:\/\/www.w3.org\/2000\/svg\"><path d=\"M416 208H272V64c0-17.67-14.33-32-32-32h-32c-17.67 0-32 14.33-32 32v144H32c-17.67 0-32 14.33-32 32v32c0 17.67 14.33 32 32 32h144v144c0 17.67 14.33 32 32 32h32c17.67 0 32-14.33 32-32V304h144c17.67 0 32-14.33 32-32v-32c0-17.67-14.33-32-32-32z\"><\/path><\/svg><\/span>\n\t\t<\/span>\n\n\t\t\t\t\t\t<\/summary>\n\t\t\t\t<div role=\"region\" aria-labelledby=\"e-n-accordion-item-22413\" class=\"elementor-element elementor-element-d74039f e-flex e-con-boxed e-con e-child\" data-id=\"d74039f\" data-element_type=\"container\" data-settings=\"{&quot;jet_parallax_layout_list&quot;:[]}\">\n\t\t\t\t\t<div class=\"e-con-inner\">\n\t\t\t\t<div class=\"elementor-element elementor-element-4969707 elementor-widget elementor-widget-text-editor\" data-id=\"4969707\" data-element_type=\"widget\" data-widget_type=\"text-editor.default\">\n\t\t\t\t<div class=\"elementor-widget-container\">\n\t\t\t\t\t\t\t\t\t<p>Des de l&#8217;app EVcharge pots consultar en temps real quins punts estan disponibles i buscar una alternativa propera. Si el punt que falla pertany a la xarxa EVcharge, pots reportar la incid\u00e8ncia directament des de l&#8217;app: comptem amb teleassist\u00e8ncia per resoldre o gestionar el problema com m\u00e9s aviat millor.<\/p>\n\t\t\t\t\t\t\t\t<\/div>\n\t\t\t\t<\/div>\n\t\t\t\t\t<\/div>\n\t\t\t\t<\/div>\n\t\t\t\t\t<\/details>\n\t\t\t\t\t<\/div>\n\t\t\t\t\t\t<\/div>\n\t\t\t\t<\/div>\n\t\t\t\t\t<\/div>\n\t\t\t\t<\/div>\n\t\t\t\t<\/div>\n\t\t","protected":false},"excerpt":{"rendered":"<p>FAQS Etecnic respon a les preguntes m\u00e9s freq\u00fcents sobre mobilitat el\u00e8ctrica Les preguntes m\u00e9s freq\u00fcents sobre mobilitat el\u00e8ctrica fetes per usuaris de la comunitat Etecnic Aquest 2026 avan\u00e7a cap a un futur m\u00e9s sostenible recarregant el teu vehicle amb els carregadors Etecnic i gaudint dels avantatges de la mobilitat el\u00e8ctrica, pilar fonamental en la transformaci\u00f3 [&hellip;]<\/p>\n","protected":false},"author":4,"featured_media":0,"parent":0,"menu_order":0,"comment_status":"closed","ping_status":"closed","template":"","meta":{"footnotes":""},"class_list":["post-38185","page","type-page","status-publish","hentry"],"yoast_head":"<!-- This site is optimized with the Yoast SEO plugin v26.5 - https:\/\/yoast.com\/wordpress\/plugins\/seo\/ -->\n<title>FAQS - Etecnic<\/title>\n<meta name=\"robots\" content=\"noindex, follow, max-snippet:-1, max-image-preview:large, max-video-preview:-1\" \/>\n<meta property=\"og:locale\" content=\"ca_ES\" \/>\n<meta property=\"og:type\" content=\"article\" \/>\n<meta property=\"og:title\" content=\"FAQS - Etecnic\" \/>\n<meta property=\"og:description\" content=\"FAQS Etecnic respon a les preguntes m\u00e9s freq\u00fcents sobre mobilitat el\u00e8ctrica Les preguntes m\u00e9s freq\u00fcents sobre mobilitat el\u00e8ctrica fetes per usuaris de la comunitat Etecnic Aquest 2026 avan\u00e7a cap a un futur m\u00e9s sostenible recarregant el teu vehicle amb els carregadors Etecnic i gaudint dels avantatges de la mobilitat el\u00e8ctrica, pilar fonamental en la transformaci\u00f3 [&hellip;]\" \/>\n<meta property=\"og:url\" content=\"https:\/\/etecnic.bisiestodeveloper.es\/ca\/faqs\/\" \/>\n<meta property=\"og:site_name\" content=\"Etecnic\" \/>\n<meta property=\"article:modified_time\" content=\"2026-09-02T08:16:47+00:00\" \/>\n<meta property=\"og:image\" content=\"https:\/\/s.w.org\/images\/core\/emoji\/17.0.2\/svg\/1f4f2.svg\" \/>\n<meta name=\"twitter:card\" content=\"summary_large_image\" \/>\n<meta name=\"twitter:label1\" content=\"Temps estimat de lectura\" \/>\n\t<meta name=\"twitter:data1\" content=\"24 minuts\" \/>\n<script type=\"application\/ld+json\" class=\"yoast-schema-graph\">{\"@context\":\"https:\/\/schema.org\",\"@graph\":[{\"@type\":\"WebPage\",\"@id\":\"https:\/\/etecnic.bisiestodeveloper.es\/ca\/faqs\/\",\"url\":\"https:\/\/etecnic.bisiestodeveloper.es\/ca\/faqs\/\",\"name\":\"FAQS - Etecnic\",\"isPartOf\":{\"@id\":\"https:\/\/etecnic.bisiestodeveloper.es\/ca\/#website\"},\"primaryImageOfPage\":{\"@id\":\"https:\/\/etecnic.bisiestodeveloper.es\/ca\/faqs\/#primaryimage\"},\"image\":{\"@id\":\"https:\/\/etecnic.bisiestodeveloper.es\/ca\/faqs\/#primaryimage\"},\"thumbnailUrl\":\"https:\/\/s.w.org\/images\/core\/emoji\/17.0.2\/svg\/1f4f2.svg\",\"datePublished\":\"2026-07-30T12:03:29+00:00\",\"dateModified\":\"2026-09-02T08:16:47+00:00\",\"breadcrumb\":{\"@id\":\"https:\/\/etecnic.bisiestodeveloper.es\/ca\/faqs\/#breadcrumb\"},\"inLanguage\":\"ca\",\"potentialAction\":[{\"@type\":\"ReadAction\",\"target\":[\"https:\/\/etecnic.bisiestodeveloper.es\/ca\/faqs\/\"]}]},{\"@type\":\"ImageObject\",\"inLanguage\":\"ca\",\"@id\":\"https:\/\/etecnic.bisiestodeveloper.es\/ca\/faqs\/#primaryimage\",\"url\":\"https:\/\/s.w.org\/images\/core\/emoji\/17.0.2\/svg\/1f4f2.svg\",\"contentUrl\":\"https:\/\/s.w.org\/images\/core\/emoji\/17.0.2\/svg\/1f4f2.svg\"},{\"@type\":\"BreadcrumbList\",\"@id\":\"https:\/\/etecnic.bisiestodeveloper.es\/ca\/faqs\/#breadcrumb\",\"itemListElement\":[{\"@type\":\"ListItem\",\"position\":1,\"name\":\"Portada\",\"item\":\"https:\/\/etecnic.bisiestodeveloper.es\/ca\/\"},{\"@type\":\"ListItem\",\"position\":2,\"name\":\"FAQS\"}]},{\"@type\":\"WebSite\",\"@id\":\"https:\/\/etecnic.bisiestodeveloper.es\/ca\/#website\",\"url\":\"https:\/\/etecnic.bisiestodeveloper.es\/ca\/\",\"name\":\"Etecnic\",\"description\":\"\",\"publisher\":{\"@id\":\"https:\/\/etecnic.bisiestodeveloper.es\/ca\/#organization\"},\"potentialAction\":[{\"@type\":\"SearchAction\",\"target\":{\"@type\":\"EntryPoint\",\"urlTemplate\":\"https:\/\/etecnic.bisiestodeveloper.es\/ca\/?s={search_term_string}\"},\"query-input\":{\"@type\":\"PropertyValueSpecification\",\"valueRequired\":true,\"valueName\":\"search_term_string\"}}],\"inLanguage\":\"ca\"},{\"@type\":\"Organization\",\"@id\":\"https:\/\/etecnic.bisiestodeveloper.es\/ca\/#organization\",\"name\":\"Etecnic\",\"url\":\"https:\/\/etecnic.bisiestodeveloper.es\/ca\/\",\"logo\":{\"@type\":\"ImageObject\",\"inLanguage\":\"ca\",\"@id\":\"https:\/\/etecnic.bisiestodeveloper.es\/ca\/#\/schema\/logo\/image\/\",\"url\":\"https:\/\/etecnic.bisiestodeveloper.es\/wp-content\/uploads\/2025\/06\/logo-etecnic-blanco.png\",\"contentUrl\":\"https:\/\/etecnic.bisiestodeveloper.es\/wp-content\/uploads\/2025\/06\/logo-etecnic-blanco.png\",\"width\":1000,\"height\":500,\"caption\":\"Etecnic\"},\"image\":{\"@id\":\"https:\/\/etecnic.bisiestodeveloper.es\/ca\/#\/schema\/logo\/image\/\"}}]}<\/script>\n<!-- \/ Yoast SEO plugin. -->","yoast_head_json":{"title":"FAQS - Etecnic","robots":{"index":"noindex","follow":"follow","max-snippet":"max-snippet:-1","max-image-preview":"max-image-preview:large","max-video-preview":"max-video-preview:-1"},"og_locale":"ca_ES","og_type":"article","og_title":"FAQS - Etecnic","og_description":"FAQS Etecnic respon a les preguntes m\u00e9s freq\u00fcents sobre mobilitat el\u00e8ctrica Les preguntes m\u00e9s freq\u00fcents sobre mobilitat el\u00e8ctrica fetes per usuaris de la comunitat Etecnic Aquest 2026 avan\u00e7a cap a un futur m\u00e9s sostenible recarregant el teu vehicle amb els carregadors Etecnic i gaudint dels avantatges de la mobilitat el\u00e8ctrica, pilar fonamental en la transformaci\u00f3 [&hellip;]","og_url":"https:\/\/etecnic.bisiestodeveloper.es\/ca\/faqs\/","og_site_name":"Etecnic","article_modified_time":"2026-09-02T08:16:47+00:00","og_image":[{"url":"https:\/\/s.w.org\/images\/core\/emoji\/17.0.2\/svg\/1f4f2.svg","type":"","width":"","height":""}],"twitter_card":"summary_large_image","twitter_misc":{"Temps estimat de lectura":"24 minuts"},"schema":{"@context":"https:\/\/schema.org","@graph":[{"@type":"WebPage","@id":"https:\/\/etecnic.bisiestodeveloper.es\/ca\/faqs\/","url":"https:\/\/etecnic.bisiestodeveloper.es\/ca\/faqs\/","name":"FAQS - Etecnic","isPartOf":{"@id":"https:\/\/etecnic.bisiestodeveloper.es\/ca\/#website"},"primaryImageOfPage":{"@id":"https:\/\/etecnic.bisiestodeveloper.es\/ca\/faqs\/#primaryimage"},"image":{"@id":"https:\/\/etecnic.bisiestodeveloper.es\/ca\/faqs\/#primaryimage"},"thumbnailUrl":"https:\/\/s.w.org\/images\/core\/emoji\/17.0.2\/svg\/1f4f2.svg","datePublished":"2026-07-30T12:03:29+00:00","dateModified":"2026-09-02T08:16:47+00:00","breadcrumb":{"@id":"https:\/\/etecnic.bisiestodeveloper.es\/ca\/faqs\/#breadcrumb"},"inLanguage":"ca","potentialAction":[{"@type":"ReadAction","target":["https:\/\/etecnic.bisiestodeveloper.es\/ca\/faqs\/"]}]},{"@type":"ImageObject","inLanguage":"ca","@id":"https:\/\/etecnic.bisiestodeveloper.es\/ca\/faqs\/#primaryimage","url":"https:\/\/s.w.org\/images\/core\/emoji\/17.0.2\/svg\/1f4f2.svg","contentUrl":"https:\/\/s.w.org\/images\/core\/emoji\/17.0.2\/svg\/1f4f2.svg"},{"@type":"BreadcrumbList","@id":"https:\/\/etecnic.bisiestodeveloper.es\/ca\/faqs\/#breadcrumb","itemListElement":[{"@type":"ListItem","position":1,"name":"Portada","item":"https:\/\/etecnic.bisiestodeveloper.es\/ca\/"},{"@type":"ListItem","position":2,"name":"FAQS"}]},{"@type":"WebSite","@id":"https:\/\/etecnic.bisiestodeveloper.es\/ca\/#website","url":"https:\/\/etecnic.bisiestodeveloper.es\/ca\/","name":"Etecnic","description":"","publisher":{"@id":"https:\/\/etecnic.bisiestodeveloper.es\/ca\/#organization"},"potentialAction":[{"@type":"SearchAction","target":{"@type":"EntryPoint","urlTemplate":"https:\/\/etecnic.bisiestodeveloper.es\/ca\/?s={search_term_string}"},"query-input":{"@type":"PropertyValueSpecification","valueRequired":true,"valueName":"search_term_string"}}],"inLanguage":"ca"},{"@type":"Organization","@id":"https:\/\/etecnic.bisiestodeveloper.es\/ca\/#organization","name":"Etecnic","url":"https:\/\/etecnic.bisiestodeveloper.es\/ca\/","logo":{"@type":"ImageObject","inLanguage":"ca","@id":"https:\/\/etecnic.bisiestodeveloper.es\/ca\/#\/schema\/logo\/image\/","url":"https:\/\/etecnic.bisiestodeveloper.es\/wp-content\/uploads\/2025\/06\/logo-etecnic-blanco.png","contentUrl":"https:\/\/etecnic.bisiestodeveloper.es\/wp-content\/uploads\/2025\/06\/logo-etecnic-blanco.png","width":1000,"height":500,"caption":"Etecnic"},"image":{"@id":"https:\/\/etecnic.bisiestodeveloper.es\/ca\/#\/schema\/logo\/image\/"}}]}},"_links":{"self":[{"href":"https:\/\/etecnic.bisiestodeveloper.es\/ca\/wp-json\/wp\/v2\/pages\/38185","targetHints":{"allow":["GET"]}}],"collection":[{"href":"https:\/\/etecnic.bisiestodeveloper.es\/ca\/wp-json\/wp\/v2\/pages"}],"about":[{"href":"https:\/\/etecnic.bisiestodeveloper.es\/ca\/wp-json\/wp\/v2\/types\/page"}],"author":[{"embeddable":true,"href":"https:\/\/etecnic.bisiestodeveloper.es\/ca\/wp-json\/wp\/v2\/users\/4"}],"replies":[{"embeddable":true,"href":"https:\/\/etecnic.bisiestodeveloper.es\/ca\/wp-json\/wp\/v2\/comments?post=38185"}],"version-history":[{"count":9,"href":"https:\/\/etecnic.bisiestodeveloper.es\/ca\/wp-json\/wp\/v2\/pages\/38185\/revisions"}],"predecessor-version":[{"id":38598,"href":"https:\/\/etecnic.bisiestodeveloper.es\/ca\/wp-json\/wp\/v2\/pages\/38185\/revisions\/38598"}],"wp:attachment":[{"href":"https:\/\/etecnic.bisiestodeveloper.es\/ca\/wp-json\/wp\/v2\/media?parent=38185"}],"curies":[{"name":"wp","href":"https:\/\/api.w.org\/{rel}","templated":true}]}}