{"id":35808,"date":"2026-07-21T11:41:38","date_gmt":"2026-07-21T11:41:38","guid":{"rendered":"https:\/\/etecnic.bisiestodeveloper.es\/politica-de-seguretat\/"},"modified":"2026-07-22T08:52:10","modified_gmt":"2026-07-22T08:52:10","slug":"politica-de-seguretat","status":"publish","type":"page","link":"https:\/\/etecnic.bisiestodeveloper.es\/ca\/politica-de-seguretat\/","title":{"rendered":"Pol\u00edtica de seguretat"},"content":{"rendered":"\t\t<div data-elementor-type=\"wp-page\" data-elementor-id=\"35808\" class=\"elementor elementor-35808 elementor-35790\" data-elementor-post-type=\"page\">\n\t\t\t\t<div class=\"elementor-element elementor-element-81ca0a0 e-con-full e-flex e-con e-parent\" data-id=\"81ca0a0\" data-element_type=\"container\" data-settings=\"{&quot;jet_parallax_layout_list&quot;:[]}\">\n\t\t\t\t<div class=\"elementor-element elementor-element-7898e14 elementor-widget elementor-widget-template\" data-id=\"7898e14\" data-element_type=\"widget\" data-widget_type=\"template.default\">\n\t\t\t\t<div class=\"elementor-widget-container\">\n\t\t\t\t\t\t\t<div class=\"elementor-template\">\n\t\t\t\t\t<div data-elementor-type=\"container\" data-elementor-id=\"35897\" class=\"elementor elementor-35897 elementor-1090\" data-elementor-post-type=\"elementor_library\">\n\t\t\t\t<section class=\"elementor-element elementor-element-5b183af3 hero container e-flex e-con-boxed e-con e-parent\" data-id=\"5b183af3\" data-element_type=\"container\" data-settings=\"{&quot;background_background&quot;:&quot;classic&quot;,&quot;jet_parallax_layout_list&quot;:[]}\">\n\t\t\t\t\t<div class=\"e-con-inner\">\n\t\t<div class=\"elementor-element elementor-element-7d18c685 e-con-full e-flex e-con e-child\" data-id=\"7d18c685\" data-element_type=\"container\" data-settings=\"{&quot;jet_parallax_layout_list&quot;:[]}\">\n\t\t\t\t<div class=\"elementor-element elementor-element-17f2655e text-color-white elementor-widget elementor-widget-heading\" data-id=\"17f2655e\" data-element_type=\"widget\" data-widget_type=\"heading.default\">\n\t\t\t\t<div class=\"elementor-widget-container\">\n\t\t\t\t\t<h1 class=\"elementor-heading-title elementor-size-default\">Pol\u00edtica de seguretat<\/h1>\t\t\t\t<\/div>\n\t\t\t\t<\/div>\n\t\t\t\t<\/div>\n\t\t\t\t\t<\/div>\n\t\t\t\t<\/section>\n\t\t\t\t<\/div>\n\t\t\t\t<\/div>\n\t\t\t\t\t\t<\/div>\n\t\t\t\t<\/div>\n\t\t\t\t<\/div>\n\t\t<div class=\"elementor-element elementor-element-3896afd container e-flex e-con-boxed e-con e-parent\" data-id=\"3896afd\" data-element_type=\"container\" data-settings=\"{&quot;jet_parallax_layout_list&quot;:[]}\">\n\t\t\t\t\t<div class=\"e-con-inner\">\n\t\t<div class=\"elementor-element elementor-element-43608ba e-con-full e-flex e-con e-child\" data-id=\"43608ba\" data-element_type=\"container\" data-settings=\"{&quot;jet_parallax_layout_list&quot;:[]}\">\n\t\t\t\t<div class=\"elementor-element elementor-element-ea60a52 elementor-widget elementor-widget-text-editor\" data-id=\"ea60a52\" data-element_type=\"widget\" data-widget_type=\"text-editor.default\">\n\t\t\t\t<div class=\"elementor-widget-container\">\n\t\t\t\t\t\t\t\t\t<p><strong style=\"color: #000000; font-family: Poppins, sans-serif;\">ETECNIC MOVILIDAD EL\u00c9CTRICA, S.L.<\/strong><span style=\"color: #000000; font-family: Poppins, sans-serif;\"> considera la Seguretat de la Informaci\u00f3 un element estrat\u00e8gic per al desenvolupament de la seva activitat, la prestaci\u00f3 de serveis fiables i la generaci\u00f3 de confian\u00e7a amb clients, administracions p\u00fabliques, col\u00b7laboradors i el conjunt de les parts interessades.<\/span><\/p>\n<div style=\"font-family: 'Poppins', sans-serif; color: #000000;\">\n<p style=\"margin-bottom: 15px;\">L\u2019organitzaci\u00f3 es compromet a protegir la informaci\u00f3 i els sistemes d\u2019informaci\u00f3 que la sustenten davant d\u2019amenaces internes i externes, accidentals o deliberades, garantint en tot moment la confidencialitat, integritat, disponibilitat, autenticitat i tra\u00e7abilitat de la informaci\u00f3 tractada, independentment del seu format o suport.<\/p>\n<p style=\"margin-bottom: 15px;\">La Seguretat de la Informaci\u00f3 s\u2019integra en el Sistema de Gesti\u00f3 Integrat d\u2019ETECNIC i es gestiona de manera sistem\u00e0tica mitjan\u00e7ant un enfocament basat en la gesti\u00f3 de riscos, orientat a la prevenci\u00f3, la reducci\u00f3 d\u2019impactes i la continu\u00eftat de l\u2019activitat. Aquest enfocament permet identificar i tractar els riscos que puguin afectar la informaci\u00f3, els sistemes i els serveis prestats per l\u2019organitzaci\u00f3.<\/p>\n<p style=\"margin-bottom: 15px;\">ETECNIC incorpora la seguretat com un principi transversal, present en el disseny, desenvolupament, adquisici\u00f3, operaci\u00f3 i manteniment dels sistemes i serveis, aix\u00ed com en les relacions amb prove\u00efdors i tercers que accedeixen o tracten informaci\u00f3 en nom de l\u2019organitzaci\u00f3.<\/p>\n<p style=\"margin-bottom: 15px;\">Aix\u00ed mateix, ETECNIC es compromet al compliment dels requisits legals, reglamentaris i contractuals aplicables en mat\u00e8ria de seguretat de la informaci\u00f3 i protecci\u00f3 de dades, aix\u00ed com a l\u2019alineaci\u00f3 amb est\u00e0ndards i marcs de refer\u00e8ncia reconeguts, incloent-hi l\u2019Esquema Nacional de Seguretat (ENS) i la norma ISO\/IEC 27001.<\/p>\n<p style=\"margin-bottom: 15px;\">La Direcci\u00f3 promou una cultura de seguretat de la informaci\u00f3, basada en la responsabilitat individual, la conscienciaci\u00f3 i la formaci\u00f3 cont\u00ednua del personal, com a elements clau per a la protecci\u00f3 de la informaci\u00f3 i la millora del rendiment del sistema de seguretat.<\/p>\n<p style=\"margin-bottom: 15px;\">Aquest comprom\u00eds es revisa peri\u00f2dicament amb l\u2019objectiu de garantir l\u2019adequaci\u00f3, l\u2019efic\u00e0cia i la millora cont\u00ednua del sistema de seguretat de la informaci\u00f3, en coher\u00e8ncia amb els valors, objectius i estrat\u00e8gia de l\u2019organitzaci\u00f3.<\/p>\n<p>Gener 2026<\/p>\n<\/div>\n\t\t\t\t\t\t\t\t<\/div>\n\t\t\t\t<\/div>\n\t\t\t\t<div class=\"elementor-element elementor-element-bd6545d elementor-align-center elementor-widget elementor-widget-button\" data-id=\"bd6545d\" data-element_type=\"widget\" data-widget_type=\"button.default\">\n\t\t\t\t<div class=\"elementor-widget-container\">\n\t\t\t\t\t\t\t\t\t<div class=\"elementor-button-wrapper\">\n\t\t\t\t\t<a class=\"elementor-button elementor-button-link elementor-size-sm\" href=\"https:\/\/etecnic.bisiestodeveloper.es\/wp-content\/uploads\/2026\/07\/PoliticadeSeguretat_sin_metadatos.pdf\" target=\"_blank\">\n\t\t\t\t\t\t<span class=\"elementor-button-content-wrapper\">\n\t\t\t\t\t\t\t\t\t<span class=\"elementor-button-text\"> Desc\u00e0rrega el document original<\/span>\n\t\t\t\t\t<\/span>\n\t\t\t\t\t<\/a>\n\t\t\t\t<\/div>\n\t\t\t\t\t\t\t\t<\/div>\n\t\t\t\t<\/div>\n\t\t\t\t<\/div>\n\t\t\t\t\t<\/div>\n\t\t\t\t<\/div>\n\t\t<div class=\"elementor-element elementor-element-eb7dede e-flex e-con-boxed e-con e-parent\" data-id=\"eb7dede\" data-element_type=\"container\" data-settings=\"{&quot;jet_parallax_layout_list&quot;:[]}\">\n\t\t\t\t\t<div class=\"e-con-inner\">\n\t\t<div class=\"elementor-element elementor-element-e73e3e6 e-con-full e-flex e-con e-child\" data-id=\"e73e3e6\" data-element_type=\"container\" data-settings=\"{&quot;jet_parallax_layout_list&quot;:[]}\">\n\t\t\t\t<\/div>\n\t\t<div class=\"elementor-element elementor-element-72a3430 e-con-full e-flex e-con e-child\" data-id=\"72a3430\" data-element_type=\"container\" data-settings=\"{&quot;jet_parallax_layout_list&quot;:[]}\">\n\t\t\t\t<\/div>\n\t\t\t\t\t<\/div>\n\t\t\t\t<\/div>\n\t\t\t\t<\/div>\n\t\t","protected":false},"excerpt":{"rendered":"<p>ETECNIC MOVILIDAD EL\u00c9CTRICA, S.L. considera la Seguretat de la Informaci\u00f3 un element estrat\u00e8gic per al desenvolupament de la seva activitat, la prestaci\u00f3 de serveis fiables i la generaci\u00f3 de confian\u00e7a amb clients, administracions p\u00fabliques, col\u00b7laboradors i el conjunt de les parts interessades. L\u2019organitzaci\u00f3 es compromet a protegir la informaci\u00f3 i els sistemes d\u2019informaci\u00f3 que la [&hellip;]<\/p>\n","protected":false},"author":4,"featured_media":0,"parent":0,"menu_order":0,"comment_status":"closed","ping_status":"closed","template":"","meta":{"footnotes":""},"class_list":["post-35808","page","type-page","status-publish","hentry"],"yoast_head":"<!-- This site is optimized with the Yoast SEO plugin v26.5 - https:\/\/yoast.com\/wordpress\/plugins\/seo\/ -->\n<title>Pol\u00edtica de seguretat - Etecnic<\/title>\n<meta name=\"robots\" content=\"noindex, follow, max-snippet:-1, max-image-preview:large, max-video-preview:-1\" \/>\n<meta property=\"og:locale\" content=\"ca_ES\" \/>\n<meta property=\"og:type\" content=\"article\" \/>\n<meta property=\"og:title\" content=\"Pol\u00edtica de seguretat - Etecnic\" \/>\n<meta property=\"og:description\" content=\"ETECNIC MOVILIDAD EL\u00c9CTRICA, S.L. considera la Seguretat de la Informaci\u00f3 un element estrat\u00e8gic per al desenvolupament de la seva activitat, la prestaci\u00f3 de serveis fiables i la generaci\u00f3 de confian\u00e7a amb clients, administracions p\u00fabliques, col\u00b7laboradors i el conjunt de les parts interessades. L\u2019organitzaci\u00f3 es compromet a protegir la informaci\u00f3 i els sistemes d\u2019informaci\u00f3 que la [&hellip;]\" \/>\n<meta property=\"og:url\" content=\"https:\/\/etecnic.bisiestodeveloper.es\/ca\/politica-de-seguretat\/\" \/>\n<meta property=\"og:site_name\" content=\"Etecnic\" \/>\n<meta property=\"article:modified_time\" content=\"2026-07-22T08:52:10+00:00\" \/>\n<meta name=\"twitter:card\" content=\"summary_large_image\" \/>\n<meta name=\"twitter:label1\" content=\"Temps estimat de lectura\" \/>\n\t<meta name=\"twitter:data1\" content=\"2 minuts\" \/>\n<script type=\"application\/ld+json\" class=\"yoast-schema-graph\">{\"@context\":\"https:\/\/schema.org\",\"@graph\":[{\"@type\":\"WebPage\",\"@id\":\"https:\/\/etecnic.bisiestodeveloper.es\/ca\/politica-de-seguretat\/\",\"url\":\"https:\/\/etecnic.bisiestodeveloper.es\/ca\/politica-de-seguretat\/\",\"name\":\"Pol\u00edtica de seguretat - Etecnic\",\"isPartOf\":{\"@id\":\"https:\/\/etecnic.bisiestodeveloper.es\/ca\/#website\"},\"datePublished\":\"2026-07-21T11:41:38+00:00\",\"dateModified\":\"2026-07-22T08:52:10+00:00\",\"breadcrumb\":{\"@id\":\"https:\/\/etecnic.bisiestodeveloper.es\/ca\/politica-de-seguretat\/#breadcrumb\"},\"inLanguage\":\"ca\",\"potentialAction\":[{\"@type\":\"ReadAction\",\"target\":[\"https:\/\/etecnic.bisiestodeveloper.es\/ca\/politica-de-seguretat\/\"]}]},{\"@type\":\"BreadcrumbList\",\"@id\":\"https:\/\/etecnic.bisiestodeveloper.es\/ca\/politica-de-seguretat\/#breadcrumb\",\"itemListElement\":[{\"@type\":\"ListItem\",\"position\":1,\"name\":\"Portada\",\"item\":\"https:\/\/etecnic.bisiestodeveloper.es\/ca\/\"},{\"@type\":\"ListItem\",\"position\":2,\"name\":\"Pol\u00edtica de seguretat\"}]},{\"@type\":\"WebSite\",\"@id\":\"https:\/\/etecnic.bisiestodeveloper.es\/ca\/#website\",\"url\":\"https:\/\/etecnic.bisiestodeveloper.es\/ca\/\",\"name\":\"Etecnic\",\"description\":\"\",\"publisher\":{\"@id\":\"https:\/\/etecnic.bisiestodeveloper.es\/ca\/#organization\"},\"potentialAction\":[{\"@type\":\"SearchAction\",\"target\":{\"@type\":\"EntryPoint\",\"urlTemplate\":\"https:\/\/etecnic.bisiestodeveloper.es\/ca\/?s={search_term_string}\"},\"query-input\":{\"@type\":\"PropertyValueSpecification\",\"valueRequired\":true,\"valueName\":\"search_term_string\"}}],\"inLanguage\":\"ca\"},{\"@type\":\"Organization\",\"@id\":\"https:\/\/etecnic.bisiestodeveloper.es\/ca\/#organization\",\"name\":\"Etecnic\",\"url\":\"https:\/\/etecnic.bisiestodeveloper.es\/ca\/\",\"logo\":{\"@type\":\"ImageObject\",\"inLanguage\":\"ca\",\"@id\":\"https:\/\/etecnic.bisiestodeveloper.es\/ca\/#\/schema\/logo\/image\/\",\"url\":\"https:\/\/etecnic.bisiestodeveloper.es\/wp-content\/uploads\/2025\/06\/logo-etecnic-blanco.png\",\"contentUrl\":\"https:\/\/etecnic.bisiestodeveloper.es\/wp-content\/uploads\/2025\/06\/logo-etecnic-blanco.png\",\"width\":1000,\"height\":500,\"caption\":\"Etecnic\"},\"image\":{\"@id\":\"https:\/\/etecnic.bisiestodeveloper.es\/ca\/#\/schema\/logo\/image\/\"}}]}<\/script>\n<!-- \/ Yoast SEO plugin. -->","yoast_head_json":{"title":"Pol\u00edtica de seguretat - Etecnic","robots":{"index":"noindex","follow":"follow","max-snippet":"max-snippet:-1","max-image-preview":"max-image-preview:large","max-video-preview":"max-video-preview:-1"},"og_locale":"ca_ES","og_type":"article","og_title":"Pol\u00edtica de seguretat - Etecnic","og_description":"ETECNIC MOVILIDAD EL\u00c9CTRICA, S.L. considera la Seguretat de la Informaci\u00f3 un element estrat\u00e8gic per al desenvolupament de la seva activitat, la prestaci\u00f3 de serveis fiables i la generaci\u00f3 de confian\u00e7a amb clients, administracions p\u00fabliques, col\u00b7laboradors i el conjunt de les parts interessades. L\u2019organitzaci\u00f3 es compromet a protegir la informaci\u00f3 i els sistemes d\u2019informaci\u00f3 que la [&hellip;]","og_url":"https:\/\/etecnic.bisiestodeveloper.es\/ca\/politica-de-seguretat\/","og_site_name":"Etecnic","article_modified_time":"2026-07-22T08:52:10+00:00","twitter_card":"summary_large_image","twitter_misc":{"Temps estimat de lectura":"2 minuts"},"schema":{"@context":"https:\/\/schema.org","@graph":[{"@type":"WebPage","@id":"https:\/\/etecnic.bisiestodeveloper.es\/ca\/politica-de-seguretat\/","url":"https:\/\/etecnic.bisiestodeveloper.es\/ca\/politica-de-seguretat\/","name":"Pol\u00edtica de seguretat - Etecnic","isPartOf":{"@id":"https:\/\/etecnic.bisiestodeveloper.es\/ca\/#website"},"datePublished":"2026-07-21T11:41:38+00:00","dateModified":"2026-07-22T08:52:10+00:00","breadcrumb":{"@id":"https:\/\/etecnic.bisiestodeveloper.es\/ca\/politica-de-seguretat\/#breadcrumb"},"inLanguage":"ca","potentialAction":[{"@type":"ReadAction","target":["https:\/\/etecnic.bisiestodeveloper.es\/ca\/politica-de-seguretat\/"]}]},{"@type":"BreadcrumbList","@id":"https:\/\/etecnic.bisiestodeveloper.es\/ca\/politica-de-seguretat\/#breadcrumb","itemListElement":[{"@type":"ListItem","position":1,"name":"Portada","item":"https:\/\/etecnic.bisiestodeveloper.es\/ca\/"},{"@type":"ListItem","position":2,"name":"Pol\u00edtica de seguretat"}]},{"@type":"WebSite","@id":"https:\/\/etecnic.bisiestodeveloper.es\/ca\/#website","url":"https:\/\/etecnic.bisiestodeveloper.es\/ca\/","name":"Etecnic","description":"","publisher":{"@id":"https:\/\/etecnic.bisiestodeveloper.es\/ca\/#organization"},"potentialAction":[{"@type":"SearchAction","target":{"@type":"EntryPoint","urlTemplate":"https:\/\/etecnic.bisiestodeveloper.es\/ca\/?s={search_term_string}"},"query-input":{"@type":"PropertyValueSpecification","valueRequired":true,"valueName":"search_term_string"}}],"inLanguage":"ca"},{"@type":"Organization","@id":"https:\/\/etecnic.bisiestodeveloper.es\/ca\/#organization","name":"Etecnic","url":"https:\/\/etecnic.bisiestodeveloper.es\/ca\/","logo":{"@type":"ImageObject","inLanguage":"ca","@id":"https:\/\/etecnic.bisiestodeveloper.es\/ca\/#\/schema\/logo\/image\/","url":"https:\/\/etecnic.bisiestodeveloper.es\/wp-content\/uploads\/2025\/06\/logo-etecnic-blanco.png","contentUrl":"https:\/\/etecnic.bisiestodeveloper.es\/wp-content\/uploads\/2025\/06\/logo-etecnic-blanco.png","width":1000,"height":500,"caption":"Etecnic"},"image":{"@id":"https:\/\/etecnic.bisiestodeveloper.es\/ca\/#\/schema\/logo\/image\/"}}]}},"_links":{"self":[{"href":"https:\/\/etecnic.bisiestodeveloper.es\/ca\/wp-json\/wp\/v2\/pages\/35808","targetHints":{"allow":["GET"]}}],"collection":[{"href":"https:\/\/etecnic.bisiestodeveloper.es\/ca\/wp-json\/wp\/v2\/pages"}],"about":[{"href":"https:\/\/etecnic.bisiestodeveloper.es\/ca\/wp-json\/wp\/v2\/types\/page"}],"author":[{"embeddable":true,"href":"https:\/\/etecnic.bisiestodeveloper.es\/ca\/wp-json\/wp\/v2\/users\/4"}],"replies":[{"embeddable":true,"href":"https:\/\/etecnic.bisiestodeveloper.es\/ca\/wp-json\/wp\/v2\/comments?post=35808"}],"version-history":[{"count":2,"href":"https:\/\/etecnic.bisiestodeveloper.es\/ca\/wp-json\/wp\/v2\/pages\/35808\/revisions"}],"predecessor-version":[{"id":35830,"href":"https:\/\/etecnic.bisiestodeveloper.es\/ca\/wp-json\/wp\/v2\/pages\/35808\/revisions\/35830"}],"wp:attachment":[{"href":"https:\/\/etecnic.bisiestodeveloper.es\/ca\/wp-json\/wp\/v2\/media?parent=35808"}],"curies":[{"name":"wp","href":"https:\/\/api.w.org\/{rel}","templated":true}]}}