{"id":35387,"date":"2025-07-16T09:57:06","date_gmt":"2025-07-16T09:57:06","guid":{"rendered":"https:\/\/etecnic.bisiestodeveloper.es\/treballa-amb-nosaltres\/"},"modified":"2026-07-17T10:55:00","modified_gmt":"2026-07-17T10:55:00","slug":"treballa-amb-nosaltres","status":"publish","type":"page","link":"https:\/\/etecnic.bisiestodeveloper.es\/ca\/treballa-amb-nosaltres\/","title":{"rendered":"Treballa amb nosaltres"},"content":{"rendered":"\t\t<div data-elementor-type=\"wp-page\" data-elementor-id=\"35387\" class=\"elementor elementor-35387 elementor-366\" data-elementor-post-type=\"page\">\n\t\t\t\t<section class=\"elementor-element elementor-element-29e38cf6 hero container e-flex e-con-boxed e-con e-parent\" data-id=\"29e38cf6\" data-element_type=\"container\" data-settings=\"{&quot;background_background&quot;:&quot;classic&quot;,&quot;jet_parallax_layout_list&quot;:[]}\">\n\t\t\t\t\t<div class=\"e-con-inner\">\n\t\t<div class=\"elementor-element elementor-element-16a66bf8 e-con-full e-flex e-con e-child\" data-id=\"16a66bf8\" data-element_type=\"container\" data-settings=\"{&quot;jet_parallax_layout_list&quot;:[]}\">\n\t\t\t\t<div class=\"elementor-element elementor-element-41cfa572 text-color-white elementor-widget elementor-widget-heading\" data-id=\"41cfa572\" data-element_type=\"widget\" data-widget_type=\"heading.default\">\n\t\t\t\t<div class=\"elementor-widget-container\">\n\t\t\t\t\t<h1 class=\"elementor-heading-title elementor-size-default\">Treballa amb nosaltres<\/h1>\t\t\t\t<\/div>\n\t\t\t\t<\/div>\n\t\t\t\t<\/div>\n\t\t\t\t\t<\/div>\n\t\t\t\t<\/section>\n\t\t<div class=\"elementor-element elementor-element-12fd8ad e-flex e-con-boxed e-con e-parent\" data-id=\"12fd8ad\" data-element_type=\"container\" data-settings=\"{&quot;jet_parallax_layout_list&quot;:[]}\">\n\t\t\t\t\t<div class=\"e-con-inner\">\n\t\t\t\t<div class=\"elementor-element elementor-element-883cc82 elementor-widget elementor-widget-heading\" data-id=\"883cc82\" data-element_type=\"widget\" data-widget_type=\"heading.default\">\n\t\t\t\t<div class=\"elementor-widget-container\">\n\t\t\t\t\t<h2 class=\"elementor-heading-title elementor-size-default\"> Tenim oportunitats per a tu<\/h2>\t\t\t\t<\/div>\n\t\t\t\t<\/div>\n\t\t\t\t<div class=\"elementor-element elementor-element-41b5006 elementor-widget elementor-widget-text-editor\" data-id=\"41b5006\" data-element_type=\"widget\" data-widget_type=\"text-editor.default\">\n\t\t\t\t<div class=\"elementor-widget-container\">\n\t\t\t\t\t\t\t\t\t<p class=\"fusion-responsive-typography-calculated\" style=\"text-align: center;\" data-fontsize=\"16\" data-lineheight=\"17.6px\">Et agradaria treballar en una empresa l\u00edder en el sector de la mobilitat el\u00e8ctrica?<\/p>\n<p><\/p>\n<p style=\"text-align: center;\">Som un equip jove, din\u00e0mic i amb moltes ganes de continuar creixent dins de la mobilitat el\u00e8ctrica.<\/p>\n<p><\/p>\n<p style=\"text-align: center;\">Disposem de dues seus oficials, a Reus (Catalunya) i a Madrid.<\/p>\n<p><\/p>\n<p style=\"text-align: center;\">Pots aplicar a les ofertes laborals actives o b\u00e9 deixar-nos les teves dades i t&#8217;avisarem quan hi hagi una nova vacant.<\/p>\n\t\t\t\t\t\t\t\t<\/div>\n\t\t\t\t<\/div>\n\t\t\t\t<div class=\"elementor-element elementor-element-410d54a button-light-blue elementor-align-center elementor-widget__width-initial elementor-widget elementor-widget-button\" data-id=\"410d54a\" data-element_type=\"widget\" data-widget_type=\"button.default\">\n\t\t\t\t<div class=\"elementor-widget-container\">\n\t\t\t\t\t\t\t\t\t<div class=\"elementor-button-wrapper\">\n\t\t\t\t\t<a class=\"elementor-button elementor-button-link elementor-size-sm\" href=\"https:\/\/etecnic.bisiestodeveloper.es\/ca\/treballa-amb-nosaltres\/#ofertas\">\n\t\t\t\t\t\t<span class=\"elementor-button-content-wrapper\">\n\t\t\t\t\t\t\t\t\t<span class=\"elementor-button-text\">Veure ofertes disponibles<\/span>\n\t\t\t\t\t<\/span>\n\t\t\t\t\t<\/a>\n\t\t\t\t<\/div>\n\t\t\t\t\t\t\t\t<\/div>\n\t\t\t\t<\/div>\n\t\t<div class=\"elementor-element elementor-element-33c8327 e-con-full e-flex e-con e-child\" data-id=\"33c8327\" data-element_type=\"container\" data-settings=\"{&quot;jet_parallax_layout_list&quot;:[]}\">\n\t\t\t\t<div class=\"elementor-element elementor-element-e7731f2 elementor-widget elementor-widget-heading\" data-id=\"e7731f2\" data-element_type=\"widget\" data-widget_type=\"heading.default\">\n\t\t\t\t<div class=\"elementor-widget-container\">\n\t\t\t\t\t<h2 class=\"elementor-heading-title elementor-size-default\"> Construeix el futur amb Etecnic<\/h2>\t\t\t\t<\/div>\n\t\t\t\t<\/div>\n\t\t<div class=\"elementor-element elementor-element-31d0797 e-con-full e-flex e-con e-child\" data-id=\"31d0797\" data-element_type=\"container\" data-settings=\"{&quot;jet_parallax_layout_list&quot;:[]}\">\n\t\t<div class=\"elementor-element elementor-element-5b78bd6 e-con-full e-flex e-con e-child\" data-id=\"5b78bd6\" data-element_type=\"container\" data-settings=\"{&quot;jet_parallax_layout_list&quot;:[]}\">\n\t\t<div class=\"elementor-element elementor-element-9ded29d e-con-full e-flex e-con e-child\" data-id=\"9ded29d\" data-element_type=\"container\" data-settings=\"{&quot;background_background&quot;:&quot;classic&quot;,&quot;jet_parallax_layout_list&quot;:[]}\">\n\t\t\t\t<div class=\"elementor-element elementor-element-c8d733d elementor-widget elementor-widget-heading\" data-id=\"c8d733d\" data-element_type=\"widget\" data-widget_type=\"heading.default\">\n\t\t\t\t<div class=\"elementor-widget-container\">\n\t\t\t\t\t<h4 class=\"elementor-heading-title elementor-size-default\"> Equip jove<\/h4>\t\t\t\t<\/div>\n\t\t\t\t<\/div>\n\t\t\t\t<div class=\"elementor-element elementor-element-699a0c7 elementor-widget elementor-widget-text-editor\" data-id=\"699a0c7\" data-element_type=\"widget\" data-widget_type=\"text-editor.default\">\n\t\t\t\t<div class=\"elementor-widget-container\">\n\t\t\t\t\t\t\t\t\t<p>Entorn de treball din\u00e0mic i un excel\u00b7lent ambient laboral.<\/p>\n\t\t\t\t\t\t\t\t<\/div>\n\t\t\t\t<\/div>\n\t\t\t\t<\/div>\n\t\t\t\t<\/div>\n\t\t<div class=\"elementor-element elementor-element-385e5fe e-con-full e-flex e-con e-child\" data-id=\"385e5fe\" data-element_type=\"container\" data-settings=\"{&quot;jet_parallax_layout_list&quot;:[]}\">\n\t\t<div class=\"elementor-element elementor-element-6ead40a e-con-full e-flex e-con e-child\" data-id=\"6ead40a\" data-element_type=\"container\" data-settings=\"{&quot;background_background&quot;:&quot;classic&quot;,&quot;jet_parallax_layout_list&quot;:[]}\">\n\t\t\t\t<div class=\"elementor-element elementor-element-c709861 elementor-widget elementor-widget-heading\" data-id=\"c709861\" data-element_type=\"widget\" data-widget_type=\"heading.default\">\n\t\t\t\t<div class=\"elementor-widget-container\">\n\t\t\t\t\t<h4 class=\"elementor-heading-title elementor-size-default\">Carrera professional<\/h4>\t\t\t\t<\/div>\n\t\t\t\t<\/div>\n\t\t\t\t<div class=\"elementor-element elementor-element-4553464 elementor-widget elementor-widget-text-editor\" data-id=\"4553464\" data-element_type=\"widget\" data-widget_type=\"text-editor.default\">\n\t\t\t\t<div class=\"elementor-widget-container\">\n\t\t\t\t\t\t\t\t\t<div class=\"elementor-element elementor-element-17e16dc elementor-widget elementor-widget-text-editor\" data-id=\"17e16dc\" data-element_type=\"widget\" data-widget_type=\"text-editor.default\">\n<div class=\"elementor-widget-container\">\n<p>Oportunitats reals de creixement i desenvolupament professional.<\/p>\n<\/div>\n<p><\/div>\n\t\t\t\t\t\t\t\t<\/div>\n\t\t\t\t<\/div>\n\t\t\t\t<\/div>\n\t\t\t\t<\/div>\n\t\t<div class=\"elementor-element elementor-element-07ab196 e-con-full e-flex e-con e-child\" data-id=\"07ab196\" data-element_type=\"container\" data-settings=\"{&quot;jet_parallax_layout_list&quot;:[]}\">\n\t\t<div class=\"elementor-element elementor-element-e35790d e-con-full e-flex e-con e-child\" data-id=\"e35790d\" data-element_type=\"container\" data-settings=\"{&quot;background_background&quot;:&quot;classic&quot;,&quot;jet_parallax_layout_list&quot;:[]}\">\n\t\t\t\t<div class=\"elementor-element elementor-element-7ca2973 elementor-widget elementor-widget-heading\" data-id=\"7ca2973\" data-element_type=\"widget\" data-widget_type=\"heading.default\">\n\t\t\t\t<div class=\"elementor-widget-container\">\n\t\t\t\t\t<h4 class=\"elementor-heading-title elementor-size-default\"> Flexibilitat<\/h4>\t\t\t\t<\/div>\n\t\t\t\t<\/div>\n\t\t\t\t<div class=\"elementor-element elementor-element-c814059 elementor-widget elementor-widget-text-editor\" data-id=\"c814059\" data-element_type=\"widget\" data-widget_type=\"text-editor.default\">\n\t\t\t\t<div class=\"elementor-widget-container\">\n\t\t\t\t\t\t\t\t\t<p>Modalitat de treball h\u00edbrida, horari flexible i jornada intensiva a l&#8217;estiu.<\/p>\n\t\t\t\t\t\t\t\t<\/div>\n\t\t\t\t<\/div>\n\t\t\t\t<\/div>\n\t\t\t\t<\/div>\n\t\t<div class=\"elementor-element elementor-element-d7281c1 e-con-full e-flex e-con e-child\" data-id=\"d7281c1\" data-element_type=\"container\" data-settings=\"{&quot;jet_parallax_layout_list&quot;:[]}\">\n\t\t<div class=\"elementor-element elementor-element-4d9656d e-con-full e-flex e-con e-child\" data-id=\"4d9656d\" data-element_type=\"container\" data-settings=\"{&quot;background_background&quot;:&quot;classic&quot;,&quot;jet_parallax_layout_list&quot;:[]}\">\n\t\t\t\t<div class=\"elementor-element elementor-element-723b729 elementor-widget elementor-widget-heading\" data-id=\"723b729\" data-element_type=\"widget\" data-widget_type=\"heading.default\">\n\t\t\t\t<div class=\"elementor-widget-container\">\n\t\t\t\t\t<h4 class=\"elementor-heading-title elementor-size-default\"> Apr\u00e8n Ingl\u00e9s<\/h4>\t\t\t\t<\/div>\n\t\t\t\t<\/div>\n\t\t\t\t<div class=\"elementor-element elementor-element-73a1dd5 elementor-widget elementor-widget-text-editor\" data-id=\"73a1dd5\" data-element_type=\"widget\" data-widget_type=\"text-editor.default\">\n\t\t\t\t<div class=\"elementor-widget-container\">\n\t\t\t\t\t\t\t\t\t<p>Formaci\u00f3 en angl\u00e8s en l\u00ednia adaptada al teu nivell per al teu desenvolupament professional.<\/p>\n\t\t\t\t\t\t\t\t<\/div>\n\t\t\t\t<\/div>\n\t\t\t\t<\/div>\n\t\t\t\t<\/div>\n\t\t<div class=\"elementor-element elementor-element-2c6221a e-con-full e-flex e-con e-child\" data-id=\"2c6221a\" data-element_type=\"container\" data-settings=\"{&quot;jet_parallax_layout_list&quot;:[]}\">\n\t\t<div class=\"elementor-element elementor-element-4c7d564 e-con-full e-flex e-con e-child\" data-id=\"4c7d564\" data-element_type=\"container\" data-settings=\"{&quot;background_background&quot;:&quot;classic&quot;,&quot;jet_parallax_layout_list&quot;:[]}\">\n\t\t\t\t<div class=\"elementor-element elementor-element-71b6e7e elementor-widget elementor-widget-heading\" data-id=\"71b6e7e\" data-element_type=\"widget\" data-widget_type=\"heading.default\">\n\t\t\t\t<div class=\"elementor-widget-container\">\n\t\t\t\t\t<h4 class=\"elementor-heading-title elementor-size-default\"> Fruita i caf\u00e8<\/h4>\t\t\t\t<\/div>\n\t\t\t\t<\/div>\n\t\t\t\t<div class=\"elementor-element elementor-element-7421a39 elementor-widget elementor-widget-text-editor\" data-id=\"7421a39\" data-element_type=\"widget\" data-widget_type=\"text-editor.default\">\n\t\t\t\t<div class=\"elementor-widget-container\">\n\t\t\t\t\t\t\t\t\t<p>Fruita fresca i caf\u00e8 disponibles en l&#8217;oficina per al teu dia a dia.<\/p>\n\t\t\t\t\t\t\t\t<\/div>\n\t\t\t\t<\/div>\n\t\t\t\t<\/div>\n\t\t\t\t<\/div>\n\t\t<div class=\"elementor-element elementor-element-4d3b322 e-con-full e-flex e-con e-child\" data-id=\"4d3b322\" data-element_type=\"container\" data-settings=\"{&quot;jet_parallax_layout_list&quot;:[]}\">\n\t\t<div class=\"elementor-element elementor-element-855fab8 e-con-full e-flex e-con e-child\" data-id=\"855fab8\" data-element_type=\"container\" data-settings=\"{&quot;background_background&quot;:&quot;classic&quot;,&quot;jet_parallax_layout_list&quot;:[]}\">\n\t\t\t\t<div class=\"elementor-element elementor-element-da6a743 elementor-widget elementor-widget-heading\" data-id=\"da6a743\" data-element_type=\"widget\" data-widget_type=\"heading.default\">\n\t\t\t\t<div class=\"elementor-widget-container\">\n\t\t\t\t\t<h4 class=\"elementor-heading-title elementor-size-default\"> Vehicles el\u00e8ctrics<\/h4>\t\t\t\t<\/div>\n\t\t\t\t<\/div>\n\t\t\t\t<div class=\"elementor-element elementor-element-8c2821a elementor-widget elementor-widget-text-editor\" data-id=\"8c2821a\" data-element_type=\"widget\" data-widget_type=\"text-editor.default\">\n\t\t\t\t<div class=\"elementor-widget-container\">\n\t\t\t\t\t\t\t\t\t<div class=\"elementor-element elementor-element-17e16dc elementor-widget elementor-widget-text-editor\" data-id=\"17e16dc\" data-element_type=\"widget\" data-widget_type=\"text-editor.default\">\n<div class=\"elementor-widget-container\">\n<p>Vehicles el\u00e8ctrics a disposici\u00f3 de les persones treballadores.<\/p>\n<\/div>\n<p><\/div>\n\t\t\t\t\t\t\t\t<\/div>\n\t\t\t\t<\/div>\n\t\t\t\t<\/div>\n\t\t\t\t<\/div>\n\t\t\t\t<\/div>\n\t\t\t\t<\/div>\n\t\t<div class=\"elementor-element elementor-element-6cf6e7d e-con-full e-flex e-con e-child\" data-id=\"6cf6e7d\" data-element_type=\"container\" data-settings=\"{&quot;jet_parallax_layout_list&quot;:[]}\">\n\t\t\t\t<div class=\"elementor-element elementor-element-bdb75bd elementor-widget elementor-widget-heading\" data-id=\"bdb75bd\" data-element_type=\"widget\" id=\"ofertas\" data-widget_type=\"heading.default\">\n\t\t\t\t<div class=\"elementor-widget-container\">\n\t\t\t\t\t<h2 class=\"elementor-heading-title elementor-size-default\"> Ofertes d'ocupaci\u00f3<\/h2>\t\t\t\t<\/div>\n\t\t\t\t<\/div>\n\t\t\t\t<\/div>\n\t\t\t\t\t<\/div>\n\t\t\t\t<\/div>\n\t\t<div class=\"elementor-element elementor-element-6c45144f container e-flex e-con-boxed e-con e-parent\" data-id=\"6c45144f\" data-element_type=\"container\" data-settings=\"{&quot;jet_parallax_layout_list&quot;:[]}\">\n\t\t\t\t\t<div class=\"e-con-inner\">\n\t\t<div class=\"elementor-element elementor-element-779168e2 e-con-full e-flex e-con e-child\" data-id=\"779168e2\" data-element_type=\"container\" data-settings=\"{&quot;jet_parallax_layout_list&quot;:[]}\">\n\t\t\t\t<div class=\"elementor-element elementor-element-44de63c0 elementor-widget elementor-widget-n-accordion\" data-id=\"44de63c0\" data-element_type=\"widget\" data-settings=\"{&quot;default_state&quot;:&quot;expanded&quot;,&quot;max_items_expended&quot;:&quot;one&quot;,&quot;n_accordion_animation_duration&quot;:{&quot;unit&quot;:&quot;ms&quot;,&quot;size&quot;:400,&quot;sizes&quot;:[]}}\" data-widget_type=\"nested-accordion.default\">\n\t\t\t\t<div class=\"elementor-widget-container\">\n\t\t\t\t\t\t\t<div class=\"e-n-accordion\" aria-label=\"Accordion. Open links with Enter or Space, close with Escape, and navigate with Arrow Keys\">\n\t\t\t\t\t\t<details id=\"e-n-accordion-item-1150\" class=\"e-n-accordion-item\" open>\n\t\t\t\t<summary class=\"e-n-accordion-item-title\" data-accordion-index=\"1\" tabindex=\"0\" aria-expanded=\"true\" aria-controls=\"e-n-accordion-item-1150\" >\n\t\t\t\t\t<span class='e-n-accordion-item-title-header'><div class=\"e-n-accordion-item-title-text\"> Project Manager <\/div><\/span>\n\t\t\t\t\t\t\t<span class='e-n-accordion-item-title-icon'>\n\t\t\t<span class='e-opened' ><svg xmlns=\"http:\/\/www.w3.org\/2000\/svg\" width=\"16\" height=\"24\" viewBox=\"0 0 16 24\" fill=\"none\"><path d=\"M8.70711 0.292892C8.31658 -0.0976315 7.68342 -0.0976315 7.29289 0.292892L0.928932 6.65685C0.538408 7.04738 0.538408 7.68054 0.928932 8.07107C1.31946 8.46159 1.95262 8.46159 2.34315 8.07107L8 2.41421L13.6569 8.07107C14.0474 8.46159 14.6805 8.46159 15.0711 8.07107C15.4616 7.68054 15.4616 7.04738 15.0711 6.65685L8.70711 0.292892ZM8 24L9 24L9 1L8 1L7 1L7 24L8 24Z\" fill=\"white\"><\/path><\/svg><\/span>\n\t\t\t<span class='e-closed'><svg xmlns=\"http:\/\/www.w3.org\/2000\/svg\" width=\"16\" height=\"24\" viewBox=\"0 0 16 24\" fill=\"none\"><path d=\"M7.29289 23.7071C7.68342 24.0976 8.31658 24.0976 8.70711 23.7071L15.0711 17.3431C15.4616 16.9526 15.4616 16.3195 15.0711 15.9289C14.6805 15.5384 14.0474 15.5384 13.6569 15.9289L8 21.5858L2.34315 15.9289C1.95262 15.5384 1.31946 15.5384 0.928932 15.9289C0.538408 16.3195 0.538408 16.9526 0.928932 17.3431L7.29289 23.7071ZM8 0L7 0L7 23H8H9L9 0L8 0Z\" fill=\"white\"><\/path><\/svg><\/span>\n\t\t<\/span>\n\n\t\t\t\t\t\t<\/summary>\n\t\t\t\t<div role=\"region\" aria-labelledby=\"e-n-accordion-item-1150\" class=\"elementor-element elementor-element-529f6df6 e-con-full e-flex e-con e-child\" data-id=\"529f6df6\" data-element_type=\"container\" data-settings=\"{&quot;jet_parallax_layout_list&quot;:[]}\">\n\t\t\t\t<div class=\"elementor-element elementor-element-65c4e225 elementor-widget elementor-widget-text-editor\" data-id=\"65c4e225\" data-element_type=\"widget\" data-widget_type=\"text-editor.default\">\n\t\t\t\t<div class=\"elementor-widget-container\">\n\t\t\t\t\t\t\t\t\t<div class=\"jobs-row clearfix position_description type-tinymce \">\n<div class=\"jobs-row-label\"><strong>Descripci\u00f3<\/strong><\/div>\n<p><\/p>\n<div class=\"jobs-row-input\">\n<p>Etecnic \u00e9s una empresa tecnol\u00f2gica especialitzada en mobilitat el\u00e8ctrica, infraestructura de rec\u00e0rrega i la seva gesti\u00f3 energ\u00e8tica amb <strong>m\u00e9s de 10 anys d&#8217;experi\u00e8ncia en el sector.<\/strong><\/p>\n<p>Busquem un\/a <strong>Project Manager<\/strong> per refor\u00e7ar el nostre equip per a la prov\u00edncia de Tarragona, enfocada a oferir solucions avan\u00e7ades de rec\u00e0rrega el\u00e8ctrica i gesti\u00f3 energ\u00e8tica intel\u00b7ligent.<\/p>\n<p>Amb el comprom\u00eds amb la sostenibilitat, apostem per la innovaci\u00f3 i la tecnologia per canviar el model energ\u00e8tic i liderar a nivell estatal l&#8217;operaci\u00f3 de centenars de milers de carregadors a la via p\u00fablica i empreses que apostin per millorar el medi ambient.<\/p>\n<p>Oferim un entorn de treball din\u00e0mic dins d&#8217;una organitzaci\u00f3 en creixement on hi ha espai per a idees personals i iniciatives, aix\u00ed com per al creixement professional.<\/p>\n<\/div>\n<p><\/div>\n<p><\/p>\n<div class=\"jobs-row clearfix position_contacts type-tinymce \">\n<div class=\"jobs-row-label\"><strong>Funcions principals<\/strong><\/div>\n<p><\/p>\n<div class=\"jobs-row-input\">\n<ul>\n<li>Liderar i gestionar projectes d&#8217;instal\u00b7lacions el\u00e8ctriques industrials des de la planificaci\u00f3 fins a l&#8217;execuci\u00f3 i tancament.<\/li>\n<li>Assegurar el compliment dels terminis, pressupostos i est\u00e0ndards de qualitat.<\/li>\n<li>Coordinar equips multidisciplinaris i supervisar la correcta execuci\u00f3 de totes les fases del projecte.<\/li>\n<li>Gestionar la relaci\u00f3 amb clients, prove\u00efdors i altres parts interessades, assegurant la satisfacci\u00f3 del client.<\/li>\n<li>Assegurar el compliment de les normatives t\u00e8cniques industrials i el\u00e8ctriques aplicables.<\/li>\n<li>Identificar i mitigar riscos associats amb els projectes.<\/li>\n<li>Participar activament en la innovaci\u00f3 i adopci\u00f3 de noves tecnologies, especialment en l&#8217;\u00e0mbit de la mobilitat el\u00e8ctrica.<\/li>\n<\/ul>\n<\/div>\n<p><\/div>\n<p><\/p>\n<div class=\"jobs-row clearfix position_qualifications type-tinymce \">\n<div class=\"jobs-row-label\"><strong>Qu\u00e8 oferim?<\/strong><\/div>\n<p><\/p>\n<div class=\"jobs-row-input\">\n<ul>\n<li>Un entorn de treball din\u00e0mic i en creixement<\/li>\n<li>Participaci\u00f3 en projectes innovadors i de gran impacte<\/li>\n<li>Flexibilitat laboral<\/li>\n<li>Pla de carrera i formaci\u00f3, amb oportunitats de desenvolupament professional.<\/li>\n<li>Asseguran\u00e7a m\u00e8dica<\/li>\n<\/ul>\n<\/div>\n<p><\/div>\n<p><\/p>\n<div class=\"jobs-row clearfix position_responsibilities type-tinymce \">\n<div><\/div>\n<p><\/p>\n<div class=\"jobs-row-label\"><strong>Requisits<\/strong><\/div>\n<p><\/p>\n<div class=\"jobs-row-input\">\n<ul>\n<li>Formaci\u00f3 base: Grau Superior en algun estudi tecnol\u00f2gic relacionat, enginyeria el\u00e8ctrica o electr\u00f2nica.<\/li>\n<li>Experi\u00e8ncia: M\u00ednim 2 anys d&#8217;experi\u00e8ncia demostrable en un lloc similar, preferiblement en un despatx professional que gestioni projectes d&#8217;electricitat.<br \/>\nExperi\u00e8ncia en la gesti\u00f3 de projectes d&#8217;instal\u00b7lacions el\u00e8ctriques industrials (m\u00e9s de 3 anys preferible).<\/li>\n<\/ul>\n<p>Busquem persones apassionades de la mobilitat el\u00e8ctrica i que vulguin desenvolupar la seva carrera professional en una empresa din\u00e0mica i en creixement.<\/p>\n<p><strong>Si creus que compleixes els requisits del lloc de treball, et convidem a unir-te al nostre equip.<\/strong><\/p>\n<\/div>\n<p><\/div>\n\t\t\t\t\t\t\t\t<\/div>\n\t\t\t\t<\/div>\n\t\t\t\t<\/div>\n\t\t\t\t\t<\/details>\n\t\t\t\t\t\t<details id=\"e-n-accordion-item-1151\" class=\"e-n-accordion-item\" >\n\t\t\t\t<summary class=\"e-n-accordion-item-title\" data-accordion-index=\"2\" tabindex=\"-1\" aria-expanded=\"false\" aria-controls=\"e-n-accordion-item-1151\" >\n\t\t\t\t\t<span class='e-n-accordion-item-title-header'><div class=\"e-n-accordion-item-title-text\">  Comercial t\u00e8cnic\/a <\/div><\/span>\n\t\t\t\t\t\t\t<span class='e-n-accordion-item-title-icon'>\n\t\t\t<span class='e-opened' ><svg xmlns=\"http:\/\/www.w3.org\/2000\/svg\" width=\"16\" height=\"24\" viewBox=\"0 0 16 24\" fill=\"none\"><path d=\"M8.70711 0.292892C8.31658 -0.0976315 7.68342 -0.0976315 7.29289 0.292892L0.928932 6.65685C0.538408 7.04738 0.538408 7.68054 0.928932 8.07107C1.31946 8.46159 1.95262 8.46159 2.34315 8.07107L8 2.41421L13.6569 8.07107C14.0474 8.46159 14.6805 8.46159 15.0711 8.07107C15.4616 7.68054 15.4616 7.04738 15.0711 6.65685L8.70711 0.292892ZM8 24L9 24L9 1L8 1L7 1L7 24L8 24Z\" fill=\"white\"><\/path><\/svg><\/span>\n\t\t\t<span class='e-closed'><svg xmlns=\"http:\/\/www.w3.org\/2000\/svg\" width=\"16\" height=\"24\" viewBox=\"0 0 16 24\" fill=\"none\"><path d=\"M7.29289 23.7071C7.68342 24.0976 8.31658 24.0976 8.70711 23.7071L15.0711 17.3431C15.4616 16.9526 15.4616 16.3195 15.0711 15.9289C14.6805 15.5384 14.0474 15.5384 13.6569 15.9289L8 21.5858L2.34315 15.9289C1.95262 15.5384 1.31946 15.5384 0.928932 15.9289C0.538408 16.3195 0.538408 16.9526 0.928932 17.3431L7.29289 23.7071ZM8 0L7 0L7 23H8H9L9 0L8 0Z\" fill=\"white\"><\/path><\/svg><\/span>\n\t\t<\/span>\n\n\t\t\t\t\t\t<\/summary>\n\t\t\t\t<div role=\"region\" aria-labelledby=\"e-n-accordion-item-1151\" class=\"elementor-element elementor-element-50b3cb32 e-con-full e-flex e-con e-child\" data-id=\"50b3cb32\" data-element_type=\"container\" data-settings=\"{&quot;jet_parallax_layout_list&quot;:[]}\">\n\t\t\t\t<div class=\"elementor-element elementor-element-78c5468d elementor-widget elementor-widget-text-editor\" data-id=\"78c5468d\" data-element_type=\"widget\" data-widget_type=\"text-editor.default\">\n\t\t\t\t<div class=\"elementor-widget-container\">\n\t\t\t\t\t\t\t\t\t<div class=\"jobs-row clearfix position_description type-tinymce \">\n<div class=\"jobs-row-label\">Descripci\u00f3<\/div>\n<p><\/p>\n<div class=\"jobs-row-input\">\n<p>Etecnic \u00e9s una empresa tecnol\u00f2gica especialitzada en mobilitat el\u00e8ctrica, infraestructura de rec\u00e0rrega i la seva gesti\u00f3 energ\u00e8tica amb <strong>m\u00e9s de 10 anys d&#8217;experi\u00e8ncia en el sector.<\/strong><\/p>\n<p>Busquem un\/a <strong>Comercial t\u00e8cnic\/a<\/strong> per refor\u00e7ar el nostre equip per a la prov\u00edncia de Tarragona, enfocada a oferir solucions avan\u00e7ades de rec\u00e0rrega el\u00e8ctrica i gesti\u00f3 energ\u00e8tica intel\u00b7ligent.<\/p>\n<p>Amb el comprom\u00eds amb la sostenibilitat, apostem per la innovaci\u00f3 i la tecnologia per canviar el model energ\u00e8tic i liderar a nivell estatal l&#8217;operaci\u00f3 de centenars de milers de carregadors a la via p\u00fablica i empreses que apostin per millorar el medi ambient.<\/p>\n<p>Oferim un entorn de treball din\u00e0mic dins d&#8217;una organitzaci\u00f3 en creixement on hi ha espai per a idees personals i iniciatives, aix\u00ed com per al creixement professional.<\/p>\n<\/div>\n<p><\/div>\n<p><\/p>\n<div class=\"jobs-row clearfix position_contacts type-tinymce \">\n<div class=\"jobs-row-label\">Funcions principals<\/div>\n<p><\/p>\n<div class=\"jobs-row-input\">\n<ul>\n<li><strong>Assoliment d&#8217;objectius comercials:<\/strong> assolir les metes de vendes definides, monitorar resultats i ajustar estrat\u00e8gies quan sigui necessari.<\/li>\n<li><strong>Gesti\u00f3 de comptes i captaci\u00f3 de nous clients:<\/strong> identificar oportunitats, gestionar comptes estrat\u00e8gics i dissenyar plans d&#8217;acci\u00f3 per maximitzar el valor de la cartera.<\/li>\n<li><strong>Promoci\u00f3 de solucions t\u00e8cniques:<\/strong> presentar i assessorar els clients sobre les solucions tecnol\u00f2giques d&#8217;Etecnic, adaptant les propostes a les seves necessitats.<\/li>\n<li><strong>Participaci\u00f3 en esdeveniments:<\/strong> representar l&#8217;empresa en fires, jornades i actes del sector per potenciar la visibilitat de la marca i generar nous contactes.<\/li>\n<li><strong>Gesti\u00f3 de bases de dades i m\u00e0rqueting:<\/strong> mantenir actualitzada la BBDD de clients, proposar accions de m\u00e0rqueting i materials de suport comercial.<\/li>\n<li><strong>Visites i negociaci\u00f3:<\/strong> realitzar visites comercials, preparar ofertes t\u00e8cniques i tancar acords de forma efica\u00e7 i professional.<\/li>\n<\/ul>\n<\/div>\n<p><\/div>\n<p><\/p>\n<div class=\"jobs-row clearfix position_qualifications type-tinymce \">\n<div><\/div>\n<p><\/p>\n<div class=\"jobs-row-label\">Qu\u00e8 oferim?<\/div>\n<p><\/p>\n<div class=\"jobs-row-input\">\n<ul>\n<li>Incorporaci\u00f3 a una empresa referent en mobilitat el\u00e8ctrica i tecnologia energ\u00e8tica.<\/li>\n<li>Formaci\u00f3 cont\u00ednua en productes, solucions i tend\u00e8ncies del sector.<\/li>\n<li>Un entorn de travail din\u00e0mic i en creixement.<\/li>\n<li>Participaci\u00f3 en projectes innovadors i de gran impacte.<\/li>\n<li>Flexibilitat laboral.<\/li>\n<li>Pla de carrera i formaci\u00f3, amb oportunitats de desenvolupament professional.<\/li>\n<li>Asseguran\u00e7a m\u00e8dica.<\/li>\n<\/ul>\n<\/div>\n<p><\/div>\n<p><\/p>\n<div class=\"jobs-row clearfix position_responsibilities type-tinymce \">\n<div><\/div>\n<p><\/p>\n<div class=\"jobs-row-label\">Requisits<\/div>\n<p><\/p>\n<div class=\"jobs-row-input\">\n<ul>\n<li>Formaci\u00f3 base: Enginyeria El\u00e8ctrica, Electr\u00f2nica, Telecomunicacions, Administraci\u00f3 i Direcci\u00f3 d&#8217;Empreses o similars.<\/li>\n<li>Experi\u00e8ncia: M\u00ednim de 2 anys en vendes de productes o serveis electr\u00f2nics, el\u00e8ctrics o tecnol\u00f2gics.<\/li>\n<\/ul>\n<p>Busquem persones apassionades de la mobilitat el\u00e8ctrica i que vulguin desenvolupar la seva carrera professional en una empresa din\u00e0mica i en creixement.<\/p>\n<p><strong>Si creus que compleixes els requisits del lloc de treball, et convidem a unir-te al nostre equip.<\/strong><\/p>\n<\/div>\n<p><\/div>\n\t\t\t\t\t\t\t\t<\/div>\n\t\t\t\t<\/div>\n\t\t\t\t<\/div>\n\t\t\t\t\t<\/details>\n\t\t\t\t\t\t<details id=\"e-n-accordion-item-1152\" class=\"e-n-accordion-item\" >\n\t\t\t\t<summary class=\"e-n-accordion-item-title\" data-accordion-index=\"3\" tabindex=\"-1\" aria-expanded=\"false\" aria-controls=\"e-n-accordion-item-1152\" >\n\t\t\t\t\t<span class='e-n-accordion-item-title-header'><div class=\"e-n-accordion-item-title-text\">  T\u00e8cnic\/a de Camp, Zona Nord de Barcelona i Girona <\/div><\/span>\n\t\t\t\t\t\t\t<span class='e-n-accordion-item-title-icon'>\n\t\t\t<span class='e-opened' ><svg xmlns=\"http:\/\/www.w3.org\/2000\/svg\" width=\"16\" height=\"24\" viewBox=\"0 0 16 24\" fill=\"none\"><path d=\"M8.70711 0.292892C8.31658 -0.0976315 7.68342 -0.0976315 7.29289 0.292892L0.928932 6.65685C0.538408 7.04738 0.538408 7.68054 0.928932 8.07107C1.31946 8.46159 1.95262 8.46159 2.34315 8.07107L8 2.41421L13.6569 8.07107C14.0474 8.46159 14.6805 8.46159 15.0711 8.07107C15.4616 7.68054 15.4616 7.04738 15.0711 6.65685L8.70711 0.292892ZM8 24L9 24L9 1L8 1L7 1L7 24L8 24Z\" fill=\"white\"><\/path><\/svg><\/span>\n\t\t\t<span class='e-closed'><svg xmlns=\"http:\/\/www.w3.org\/2000\/svg\" width=\"16\" height=\"24\" viewBox=\"0 0 16 24\" fill=\"none\"><path d=\"M7.29289 23.7071C7.68342 24.0976 8.31658 24.0976 8.70711 23.7071L15.0711 17.3431C15.4616 16.9526 15.4616 16.3195 15.0711 15.9289C14.6805 15.5384 14.0474 15.5384 13.6569 15.9289L8 21.5858L2.34315 15.9289C1.95262 15.5384 1.31946 15.5384 0.928932 15.9289C0.538408 16.3195 0.538408 16.9526 0.928932 17.3431L7.29289 23.7071ZM8 0L7 0L7 23H8H9L9 0L8 0Z\" fill=\"white\"><\/path><\/svg><\/span>\n\t\t<\/span>\n\n\t\t\t\t\t\t<\/summary>\n\t\t\t\t<div role=\"region\" aria-labelledby=\"e-n-accordion-item-1152\" class=\"elementor-element elementor-element-2d9ecac0 e-con-full e-flex e-con e-child\" data-id=\"2d9ecac0\" data-element_type=\"container\" data-settings=\"{&quot;jet_parallax_layout_list&quot;:[]}\">\n\t\t\t\t<div class=\"elementor-element elementor-element-c0acc9c elementor-widget elementor-widget-text-editor\" data-id=\"c0acc9c\" data-element_type=\"widget\" data-widget_type=\"text-editor.default\">\n\t\t\t\t<div class=\"elementor-widget-container\">\n\t\t\t\t\t\t\t\t\t<div class=\"jobs-row clearfix position_description type-tinymce \">\n<div class=\"jobs-row-label\">Descripci\u00f3<\/div>\n<p><\/p>\n<div class=\"jobs-row-input\">\n<p>Etecnic \u00e9s una empresa tecnol\u00f2gica especialitzada en mobilitat el\u00e8ctrica, infraestructura de rec\u00e0rrega i la seva gesti\u00f3 energ\u00e8tica amb <strong>m\u00e9s de 10 anys d&#8217;experi\u00e8ncia en el sector.<\/strong><\/p>\n<p>Busquem un\/a <strong>T\u00e8cnic\/a de Camp<\/strong> amb formaci\u00f3 en <strong>electricitat\/electr\u00f2nica<\/strong> per refor\u00e7ar el nostre equip. La persona seleccionada ser\u00e0 responsable de la instal\u00b7laci\u00f3, manteniment i reparaci\u00f3 d&#8217;equips industrials a la <strong>zona nord de Barcelona i de Girona<\/strong>, assegurant el seu \u00f2ptim funcionament i el compliment dels est\u00e0ndards de qualitat i seguretat.<\/p>\n<p>Amb el comprom\u00eds amb la sostenibilitat, apostem per la innovaci\u00f3 i la tecnologia per canviar el model energ\u00e8tic i liderar a nivell estatal l&#8217;operaci\u00f3 de centenars de milers de carregadors a la via p\u00fablica i empreses que apostin per millorar el medi ambient.<\/p>\n<p>Oferim un entorn de treball din\u00e0mic dins d&#8217;una organitzaci\u00f3 en creixement on hi ha espai per a idees personals i iniciatives, aix\u00ed com per al creixement professional.<\/p>\n<\/div>\n<p><\/div>\n<p><\/p>\n<div class=\"jobs-row clearfix position_contacts type-tinymce \">\n<div class=\"jobs-row-label\">Funcions principals<\/div>\n<p><\/p>\n<div class=\"jobs-row-input\">\n<ul>\n<li>Manteniment preventiu i correctiu d&#8217;equips segons el calendari establert.<\/li>\n<li>Instal\u00b7laci\u00f3 i posada en marxa d&#8217;equips en camp i oficines.<\/li>\n<li>Redacci\u00f3 d&#8217;informes t\u00e8cnics amb diagn\u00f2stics i recomanacions.<\/li>\n<li>Col\u00b7laboraci\u00f3 amb el T\u00e8cnic S\u00e8nior, l&#8217;Enginyer d&#8217;Operacions i el Coordinador d&#8217;Operacions.<\/li>\n<li>Gesti\u00f3 i correcta segregaci\u00f3 de residus el\u00e8ctrics i electr\u00f2nics.<\/li>\n<li>Configuraci\u00f3, prova i resoluci\u00f3 d&#8217;incid\u00e8ncies en equips.<\/li>\n<li>Coordinaci\u00f3 de materials i recanvis necessaris per a les intervencions.<\/li>\n<li>Formaci\u00f3 i suport a t\u00e8cnics en tasques d&#8217;instal\u00b7laci\u00f3 i manteniment.<\/li>\n<li>Compliment de normatives de seguretat laboral i mediambientals.<\/li>\n<\/ul>\n<\/div>\n<p><\/div>\n<p><\/p>\n<div class=\"jobs-row clearfix position_qualifications type-tinymce \">\n<div class=\"jobs-row-label\">Qu\u00e8 oferim?<\/div>\n<p><\/p>\n<div class=\"jobs-row-input\">\n<ul>\n<li>Integrar-te en un equip l\u00edder en mobilitat el\u00e8ctrica a Espanya.<\/li>\n<li>Oportunitat de creixement en una empresa en plena expansi\u00f3.<\/li>\n<li>Entorn de treball din\u00e0mic, innovador i comprom\u00e8s amb la sostenibilitat.<\/li>\n<\/ul>\n<\/div>\n<p><\/div>\n<p><\/p>\n<div class=\"jobs-row clearfix position_responsibilities type-tinymce \">\n<div class=\"jobs-row-label\">Requisits<\/div>\n<p><\/p>\n<div class=\"jobs-row-input\">\n<ul>\n<li>Coneixements t\u00e8cnics en sistemes el\u00e8ctrics i electr\u00f2nics.<\/li>\n<li>Capacitat de diagn\u00f2stic i reparaci\u00f3.<\/li>\n<li>\u00das d&#8217;eines especialitzades i normes de protecci\u00f3.<\/li>\n<li>Flexibilitat hor\u00e0ria i bona organitzaci\u00f3 del temps.<\/li>\n<li>Perm\u00eds de conduir i experi\u00e8ncia en despla\u00e7aments.<\/li>\n<\/ul>\n<p>Busquem persones apassionades de la mobilitat el\u00e8ctrica i que vulguin desenvolupar la seva carrera professional en una empresa din\u00e0mica i en creixement.<\/p>\n<p><strong>Si creus que compleixes els requisits del lloc de treball, et convidem a unir-te al nostre equip.<\/strong><\/p>\n<\/div>\n<p><\/div>\n\t\t\t\t\t\t\t\t<\/div>\n\t\t\t\t<\/div>\n\t\t\t\t<\/div>\n\t\t\t\t\t<\/details>\n\t\t\t\t\t\t<details id=\"e-n-accordion-item-1153\" class=\"e-n-accordion-item\" >\n\t\t\t\t<summary class=\"e-n-accordion-item-title\" data-accordion-index=\"4\" tabindex=\"-1\" aria-expanded=\"false\" aria-controls=\"e-n-accordion-item-1153\" >\n\t\t\t\t\t<span class='e-n-accordion-item-title-header'><div class=\"e-n-accordion-item-title-text\"> Data Scientist Intern <\/div><\/span>\n\t\t\t\t\t\t\t<span class='e-n-accordion-item-title-icon'>\n\t\t\t<span class='e-opened' ><svg xmlns=\"http:\/\/www.w3.org\/2000\/svg\" width=\"16\" height=\"24\" viewBox=\"0 0 16 24\" fill=\"none\"><path d=\"M8.70711 0.292892C8.31658 -0.0976315 7.68342 -0.0976315 7.29289 0.292892L0.928932 6.65685C0.538408 7.04738 0.538408 7.68054 0.928932 8.07107C1.31946 8.46159 1.95262 8.46159 2.34315 8.07107L8 2.41421L13.6569 8.07107C14.0474 8.46159 14.6805 8.46159 15.0711 8.07107C15.4616 7.68054 15.4616 7.04738 15.0711 6.65685L8.70711 0.292892ZM8 24L9 24L9 1L8 1L7 1L7 24L8 24Z\" fill=\"white\"><\/path><\/svg><\/span>\n\t\t\t<span class='e-closed'><svg xmlns=\"http:\/\/www.w3.org\/2000\/svg\" width=\"16\" height=\"24\" viewBox=\"0 0 16 24\" fill=\"none\"><path d=\"M7.29289 23.7071C7.68342 24.0976 8.31658 24.0976 8.70711 23.7071L15.0711 17.3431C15.4616 16.9526 15.4616 16.3195 15.0711 15.9289C14.6805 15.5384 14.0474 15.5384 13.6569 15.9289L8 21.5858L2.34315 15.9289C1.95262 15.5384 1.31946 15.5384 0.928932 15.9289C0.538408 16.3195 0.538408 16.9526 0.928932 17.3431L7.29289 23.7071ZM8 0L7 0L7 23H8H9L9 0L8 0Z\" fill=\"white\"><\/path><\/svg><\/span>\n\t\t<\/span>\n\n\t\t\t\t\t\t<\/summary>\n\t\t\t\t<div role=\"region\" aria-labelledby=\"e-n-accordion-item-1153\" class=\"elementor-element elementor-element-4568dc1c e-con-full e-flex e-con e-child\" data-id=\"4568dc1c\" data-element_type=\"container\" data-settings=\"{&quot;jet_parallax_layout_list&quot;:[]}\">\n\t\t\t\t<div class=\"elementor-element elementor-element-40194f09 elementor-widget elementor-widget-text-editor\" data-id=\"40194f09\" data-element_type=\"widget\" data-widget_type=\"text-editor.default\">\n\t\t\t\t<div class=\"elementor-widget-container\">\n\t\t\t\t\t\t\t\t\t<div class=\"jobs-row clearfix position_description type-tinymce \">\n<div class=\"jobs-row-label\">Descripci\u00f3<\/div>\n<p><\/p>\n<div class=\"jobs-row-input\">\n<p>Etecnic \u00e9s una empresa tecnol\u00f2gica especialitzada en mobilitat el\u00e8ctrica, infraestructura de rec\u00e0rrega i la seva gesti\u00f3 energ\u00e8tica amb <strong>m\u00e9s de 10 anys d&#8217;experi\u00e8ncia en el sector.<\/strong><\/p>\n<p>Busquem un\/a estudiant d&#8217;\u00faltim curs o m\u00e0ster en <strong>Data Science, Enginyeria Matem\u00e0tica, Enginyeria Inform\u00e0tica o similar<\/strong>, per col\u00b7laborar en la valoraci\u00f3 i segmentaci\u00f3 de les dades de la nostra plataforma de gesti\u00f3 de punts de rec\u00e0rrega de vehicles el\u00e8ctrics (EVCHARGE).<\/p>\n<p>Amb el comprom\u00eds amb la sostenibilitat, apostem per la innovaci\u00f3 i la tecnologia per canviar el model energ\u00e8tic i liderar a nivell estatal l&#8217;operaci\u00f3 de centenars de milers de carregadors a la via p\u00fablica i empreses que apostin per millorar el medi ambient.<\/p>\n<p>Oferim un entorn de treball din\u00e0mic dins d&#8217;una organitzaci\u00f3 en creixement on hi ha espai per a idees personals i iniciatives, aix\u00ed com per al creixement professional.<\/p>\n<\/div>\n<p><\/div>\n<p><\/p>\n<div class=\"jobs-row clearfix position_contacts type-tinymce \">\n<div class=\"jobs-row-label\">Funcions principals<\/div>\n<p><\/p>\n<div class=\"jobs-row-input\">\n<ul>\n<li>Identificar i classificar els diferents tipus de dades disponibles (t\u00e8cniques, operatives, d&#8217;usuari, etc.).<\/li>\n<li>Avaluar la qualitat, el volum i l&#8217;estructura de la informaci\u00f3.<\/li>\n<li>Proposar primeres l\u00ednies de segmentaci\u00f3 i possibles usos comercials.<\/li>\n<li>Documentar troballes i preparar informes d&#8217;aven\u00e7.<\/li>\n<\/ul>\n<\/div>\n<p><\/div>\n<p><\/p>\n<div class=\"jobs-row clearfix position_qualifications type-tinymce \">\n<div><\/div>\n<p><\/p>\n<div class=\"jobs-row-label\">Qu\u00e8 oferim?<\/div>\n<p><\/p>\n<div class=\"jobs-row-input\">\n<ul>\n<li>Treball en un entorn tecnol\u00f2gic innovador amb alt potencial de creixement.<\/li>\n<li>Tutoria directa per part del Director de Projects i del CTO.<\/li>\n<li>Flexibilitat hor\u00e0ria i possibilitat de treball h\u00edbrid\/remot.<\/li>\n<li>Conveni de pr\u00e0ctiques amb incorporaci\u00f3 estimada entre juliol i setembre de 2025.<\/li>\n<\/ul>\n<\/div>\n<p><\/div>\n<p><\/p>\n<div class=\"jobs-row clearfix position_responsibilities type-tinymce \">\n<div><\/div>\n<p><\/p>\n<div class=\"jobs-row-label\">Requisits<\/div>\n<p><\/p>\n<div class=\"jobs-row-input\">\n<ul>\n<li>Coneixements s\u00f2lids en an\u00e0lisi de dades, SQL i\/o Python.<\/li>\n<li>Familiaritat amb plataformes tipus Power BI, Amazon QuickSight o altres eines de BI.<\/li>\n<li>Inter\u00e8s per la mobilitat el\u00e8ctrica, l&#8217;anal\u00edtica aplicada i la innovaci\u00f3 tecnol\u00f2gica.<\/li>\n<li>Autonomia, iniciativa i capacitat per estructurar informaci\u00f3 complexa.<\/li>\n<\/ul>\n<p>Busquem persones apassionades de la mobilitat el\u00e8ctrica i que vulguin desenvolupar la seva carrera professional en una empresa din\u00e0mica i en creixement.<\/p>\n<p><strong>Si creus que compleixes els requisits del lloc de treball, et convidem a unir-te al nostre equip.<\/strong><\/p>\n<\/div>\n<p><\/div>\n\t\t\t\t\t\t\t\t<\/div>\n\t\t\t\t<\/div>\n\t\t\t\t<\/div>\n\t\t\t\t\t<\/details>\n\t\t\t\t\t<\/div>\n\t\t\t\t\t\t<\/div>\n\t\t\t\t<\/div>\n\t\t\t\t<\/div>\n\t\t\t\t\t<\/div>\n\t\t\t\t<\/div>\n\t\t<div class=\"elementor-element elementor-element-c5282f8 e-flex e-con-boxed e-con e-parent\" data-id=\"c5282f8\" data-element_type=\"container\" data-settings=\"{&quot;jet_parallax_layout_list&quot;:[]}\">\n\t\t\t\t\t<div class=\"e-con-inner\">\n\t\t<div class=\"elementor-element elementor-element-a48ed2f e-con-full e-flex e-con e-child\" data-id=\"a48ed2f\" data-element_type=\"container\" data-settings=\"{&quot;jet_parallax_layout_list&quot;:[]}\">\n\t\t\t\t<div class=\"elementor-element elementor-element-cf46935 elementor-widget elementor-widget-heading\" data-id=\"cf46935\" data-element_type=\"widget\" data-widget_type=\"heading.default\">\n\t\t\t\t<div class=\"elementor-widget-container\">\n\t\t\t\t\t<h2 class=\"elementor-heading-title elementor-size-default\">Envia el teu CV<\/h2>\t\t\t\t<\/div>\n\t\t\t\t<\/div>\n\t\t\t\t<\/div>\n\t\t\t\t<div class=\"elementor-element elementor-element-6e2d93e elementor-widget elementor-widget-html\" data-id=\"6e2d93e\" data-element_type=\"widget\" data-widget_type=\"html.default\">\n\t\t\t\t<div class=\"elementor-widget-container\">\n\t\t\t\t\t<iframe aria-label='Nueva web Etecnic - Trabaja con noostros' frameborder=\"0\" style=\"height:700px;width:99%;border:none;\" src='https:\/\/forms.zohopublic.com\/marketing351\/form\/NuevawebEtecnicTrabajaconnoostros\/formperma\/PrU7tBkyULOcECb3tlKMiPPWw2ncoNQ41FVeZn2PGdo'><\/iframe>\t\t\t\t<\/div>\n\t\t\t\t<\/div>\n\t\t\t\t\t<\/div>\n\t\t\t\t<\/div>\n\t\t\t\t<\/div>\n\t\t","protected":false},"excerpt":{"rendered":"<p>Tenim oportunitats per a tu Et agradaria treballar en una empresa l\u00edder en el sector de la mobilitat el\u00e8ctrica? Som un equip jove, din\u00e0mic i amb moltes ganes de continuar creixent dins de la mobilitat el\u00e8ctrica. Disposem de dues seus oficials, a Reus (Catalunya) i a Madrid. Pots aplicar a les ofertes laborals actives o [&hellip;]<\/p>\n","protected":false},"author":1,"featured_media":0,"parent":0,"menu_order":0,"comment_status":"closed","ping_status":"closed","template":"","meta":{"footnotes":""},"class_list":["post-35387","page","type-page","status-publish","hentry"],"yoast_head":"<!-- This site is optimized with the Yoast SEO plugin v26.5 - https:\/\/yoast.com\/wordpress\/plugins\/seo\/ -->\n<title>Treballa amb nosaltres - Etecnic<\/title>\n<meta name=\"robots\" content=\"noindex, follow, max-snippet:-1, max-image-preview:large, max-video-preview:-1\" \/>\n<meta property=\"og:locale\" content=\"ca_ES\" \/>\n<meta property=\"og:type\" content=\"article\" \/>\n<meta property=\"og:title\" content=\"Treballa amb nosaltres - Etecnic\" \/>\n<meta property=\"og:description\" content=\"Tenim oportunitats per a tu Et agradaria treballar en una empresa l\u00edder en el sector de la mobilitat el\u00e8ctrica? Som un equip jove, din\u00e0mic i amb moltes ganes de continuar creixent dins de la mobilitat el\u00e8ctrica. Disposem de dues seus oficials, a Reus (Catalunya) i a Madrid. Pots aplicar a les ofertes laborals actives o [&hellip;]\" \/>\n<meta property=\"og:url\" content=\"https:\/\/etecnic.bisiestodeveloper.es\/ca\/treballa-amb-nosaltres\/\" \/>\n<meta property=\"og:site_name\" content=\"Etecnic\" \/>\n<meta property=\"article:modified_time\" content=\"2026-07-17T10:55:00+00:00\" \/>\n<meta name=\"twitter:card\" content=\"summary_large_image\" \/>\n<meta name=\"twitter:label1\" content=\"Temps estimat de lectura\" \/>\n\t<meta name=\"twitter:data1\" content=\"16 minuts\" \/>\n<script type=\"application\/ld+json\" class=\"yoast-schema-graph\">{\"@context\":\"https:\/\/schema.org\",\"@graph\":[{\"@type\":\"WebPage\",\"@id\":\"https:\/\/etecnic.bisiestodeveloper.es\/ca\/treballa-amb-nosaltres\/\",\"url\":\"https:\/\/etecnic.bisiestodeveloper.es\/ca\/treballa-amb-nosaltres\/\",\"name\":\"Treballa amb nosaltres - Etecnic\",\"isPartOf\":{\"@id\":\"https:\/\/etecnic.bisiestodeveloper.es\/ca\/#website\"},\"datePublished\":\"2025-07-16T09:57:06+00:00\",\"dateModified\":\"2026-07-17T10:55:00+00:00\",\"breadcrumb\":{\"@id\":\"https:\/\/etecnic.bisiestodeveloper.es\/ca\/treballa-amb-nosaltres\/#breadcrumb\"},\"inLanguage\":\"ca\",\"potentialAction\":[{\"@type\":\"ReadAction\",\"target\":[\"https:\/\/etecnic.bisiestodeveloper.es\/ca\/treballa-amb-nosaltres\/\"]}]},{\"@type\":\"BreadcrumbList\",\"@id\":\"https:\/\/etecnic.bisiestodeveloper.es\/ca\/treballa-amb-nosaltres\/#breadcrumb\",\"itemListElement\":[{\"@type\":\"ListItem\",\"position\":1,\"name\":\"Portada\",\"item\":\"https:\/\/etecnic.bisiestodeveloper.es\/ca\/\"},{\"@type\":\"ListItem\",\"position\":2,\"name\":\"Treballa amb nosaltres\"}]},{\"@type\":\"WebSite\",\"@id\":\"https:\/\/etecnic.bisiestodeveloper.es\/ca\/#website\",\"url\":\"https:\/\/etecnic.bisiestodeveloper.es\/ca\/\",\"name\":\"Etecnic\",\"description\":\"\",\"publisher\":{\"@id\":\"https:\/\/etecnic.bisiestodeveloper.es\/ca\/#organization\"},\"potentialAction\":[{\"@type\":\"SearchAction\",\"target\":{\"@type\":\"EntryPoint\",\"urlTemplate\":\"https:\/\/etecnic.bisiestodeveloper.es\/ca\/?s={search_term_string}\"},\"query-input\":{\"@type\":\"PropertyValueSpecification\",\"valueRequired\":true,\"valueName\":\"search_term_string\"}}],\"inLanguage\":\"ca\"},{\"@type\":\"Organization\",\"@id\":\"https:\/\/etecnic.bisiestodeveloper.es\/ca\/#organization\",\"name\":\"Etecnic\",\"url\":\"https:\/\/etecnic.bisiestodeveloper.es\/ca\/\",\"logo\":{\"@type\":\"ImageObject\",\"inLanguage\":\"ca\",\"@id\":\"https:\/\/etecnic.bisiestodeveloper.es\/ca\/#\/schema\/logo\/image\/\",\"url\":\"https:\/\/etecnic.bisiestodeveloper.es\/wp-content\/uploads\/2025\/06\/logo-etecnic-blanco.png\",\"contentUrl\":\"https:\/\/etecnic.bisiestodeveloper.es\/wp-content\/uploads\/2025\/06\/logo-etecnic-blanco.png\",\"width\":1000,\"height\":500,\"caption\":\"Etecnic\"},\"image\":{\"@id\":\"https:\/\/etecnic.bisiestodeveloper.es\/ca\/#\/schema\/logo\/image\/\"}}]}<\/script>\n<!-- \/ Yoast SEO plugin. -->","yoast_head_json":{"title":"Treballa amb nosaltres - Etecnic","robots":{"index":"noindex","follow":"follow","max-snippet":"max-snippet:-1","max-image-preview":"max-image-preview:large","max-video-preview":"max-video-preview:-1"},"og_locale":"ca_ES","og_type":"article","og_title":"Treballa amb nosaltres - Etecnic","og_description":"Tenim oportunitats per a tu Et agradaria treballar en una empresa l\u00edder en el sector de la mobilitat el\u00e8ctrica? Som un equip jove, din\u00e0mic i amb moltes ganes de continuar creixent dins de la mobilitat el\u00e8ctrica. Disposem de dues seus oficials, a Reus (Catalunya) i a Madrid. Pots aplicar a les ofertes laborals actives o [&hellip;]","og_url":"https:\/\/etecnic.bisiestodeveloper.es\/ca\/treballa-amb-nosaltres\/","og_site_name":"Etecnic","article_modified_time":"2026-07-17T10:55:00+00:00","twitter_card":"summary_large_image","twitter_misc":{"Temps estimat de lectura":"16 minuts"},"schema":{"@context":"https:\/\/schema.org","@graph":[{"@type":"WebPage","@id":"https:\/\/etecnic.bisiestodeveloper.es\/ca\/treballa-amb-nosaltres\/","url":"https:\/\/etecnic.bisiestodeveloper.es\/ca\/treballa-amb-nosaltres\/","name":"Treballa amb nosaltres - Etecnic","isPartOf":{"@id":"https:\/\/etecnic.bisiestodeveloper.es\/ca\/#website"},"datePublished":"2025-07-16T09:57:06+00:00","dateModified":"2026-07-17T10:55:00+00:00","breadcrumb":{"@id":"https:\/\/etecnic.bisiestodeveloper.es\/ca\/treballa-amb-nosaltres\/#breadcrumb"},"inLanguage":"ca","potentialAction":[{"@type":"ReadAction","target":["https:\/\/etecnic.bisiestodeveloper.es\/ca\/treballa-amb-nosaltres\/"]}]},{"@type":"BreadcrumbList","@id":"https:\/\/etecnic.bisiestodeveloper.es\/ca\/treballa-amb-nosaltres\/#breadcrumb","itemListElement":[{"@type":"ListItem","position":1,"name":"Portada","item":"https:\/\/etecnic.bisiestodeveloper.es\/ca\/"},{"@type":"ListItem","position":2,"name":"Treballa amb nosaltres"}]},{"@type":"WebSite","@id":"https:\/\/etecnic.bisiestodeveloper.es\/ca\/#website","url":"https:\/\/etecnic.bisiestodeveloper.es\/ca\/","name":"Etecnic","description":"","publisher":{"@id":"https:\/\/etecnic.bisiestodeveloper.es\/ca\/#organization"},"potentialAction":[{"@type":"SearchAction","target":{"@type":"EntryPoint","urlTemplate":"https:\/\/etecnic.bisiestodeveloper.es\/ca\/?s={search_term_string}"},"query-input":{"@type":"PropertyValueSpecification","valueRequired":true,"valueName":"search_term_string"}}],"inLanguage":"ca"},{"@type":"Organization","@id":"https:\/\/etecnic.bisiestodeveloper.es\/ca\/#organization","name":"Etecnic","url":"https:\/\/etecnic.bisiestodeveloper.es\/ca\/","logo":{"@type":"ImageObject","inLanguage":"ca","@id":"https:\/\/etecnic.bisiestodeveloper.es\/ca\/#\/schema\/logo\/image\/","url":"https:\/\/etecnic.bisiestodeveloper.es\/wp-content\/uploads\/2025\/06\/logo-etecnic-blanco.png","contentUrl":"https:\/\/etecnic.bisiestodeveloper.es\/wp-content\/uploads\/2025\/06\/logo-etecnic-blanco.png","width":1000,"height":500,"caption":"Etecnic"},"image":{"@id":"https:\/\/etecnic.bisiestodeveloper.es\/ca\/#\/schema\/logo\/image\/"}}]}},"_links":{"self":[{"href":"https:\/\/etecnic.bisiestodeveloper.es\/ca\/wp-json\/wp\/v2\/pages\/35387","targetHints":{"allow":["GET"]}}],"collection":[{"href":"https:\/\/etecnic.bisiestodeveloper.es\/ca\/wp-json\/wp\/v2\/pages"}],"about":[{"href":"https:\/\/etecnic.bisiestodeveloper.es\/ca\/wp-json\/wp\/v2\/types\/page"}],"author":[{"embeddable":true,"href":"https:\/\/etecnic.bisiestodeveloper.es\/ca\/wp-json\/wp\/v2\/users\/1"}],"replies":[{"embeddable":true,"href":"https:\/\/etecnic.bisiestodeveloper.es\/ca\/wp-json\/wp\/v2\/comments?post=35387"}],"version-history":[{"count":1,"href":"https:\/\/etecnic.bisiestodeveloper.es\/ca\/wp-json\/wp\/v2\/pages\/35387\/revisions"}],"predecessor-version":[{"id":35388,"href":"https:\/\/etecnic.bisiestodeveloper.es\/ca\/wp-json\/wp\/v2\/pages\/35387\/revisions\/35388"}],"wp:attachment":[{"href":"https:\/\/etecnic.bisiestodeveloper.es\/ca\/wp-json\/wp\/v2\/media?parent=35387"}],"curies":[{"name":"wp","href":"https:\/\/api.w.org\/{rel}","templated":true}]}}