{"id":35375,"date":"2025-07-16T09:57:06","date_gmt":"2025-07-16T09:57:06","guid":{"rendered":"https:\/\/etecnic.bisiestodeveloper.es\/sostenibilitat\/"},"modified":"2026-07-20T09:05:25","modified_gmt":"2026-07-20T09:05:25","slug":"sostenibilitat","status":"publish","type":"page","link":"https:\/\/etecnic.bisiestodeveloper.es\/ca\/sostenibilitat\/","title":{"rendered":"Sostenibilitat"},"content":{"rendered":"\t\t<div data-elementor-type=\"wp-page\" data-elementor-id=\"35375\" class=\"elementor elementor-35375 elementor-368\" data-elementor-post-type=\"page\">\n\t\t\t\t<section class=\"elementor-element elementor-element-3f629a50 hero container e-flex e-con-boxed e-con e-parent\" data-id=\"3f629a50\" data-element_type=\"container\" data-settings=\"{&quot;background_background&quot;:&quot;classic&quot;,&quot;jet_parallax_layout_list&quot;:[]}\">\n\t\t\t\t\t<div class=\"e-con-inner\">\n\t\t<div class=\"elementor-element elementor-element-123567af e-con-full e-flex e-con e-child\" data-id=\"123567af\" data-element_type=\"container\" data-settings=\"{&quot;jet_parallax_layout_list&quot;:[]}\">\n\t\t\t\t<div class=\"elementor-element elementor-element-7b83daeb text-color-white elementor-widget elementor-widget-heading\" data-id=\"7b83daeb\" data-element_type=\"widget\" data-widget_type=\"heading.default\">\n\t\t\t\t<div class=\"elementor-widget-container\">\n\t\t\t\t\t<h1 class=\"elementor-heading-title elementor-size-default\">Sostenibilitat<\/h1>\t\t\t\t<\/div>\n\t\t\t\t<\/div>\n\t\t\t\t<\/div>\n\t\t\t\t\t<\/div>\n\t\t\t\t<\/section>\n\t\t<div class=\"elementor-element elementor-element-f9b2f0f e-flex e-con-boxed e-con e-parent\" data-id=\"f9b2f0f\" data-element_type=\"container\" data-settings=\"{&quot;jet_parallax_layout_list&quot;:[]}\">\n\t\t\t\t\t<div class=\"e-con-inner\">\n\t\t<div class=\"elementor-element elementor-element-a69b1bb container-y e-con-full e-flex e-con e-child\" data-id=\"a69b1bb\" data-element_type=\"container\" data-settings=\"{&quot;jet_parallax_layout_list&quot;:[]}\">\n\t\t<div class=\"elementor-element elementor-element-f62daf9 e-con-full e-flex e-con e-child\" data-id=\"f62daf9\" data-element_type=\"container\" data-settings=\"{&quot;jet_parallax_layout_list&quot;:[]}\">\n\t\t\t\t<div class=\"elementor-element elementor-element-8ab2e41 elementor-widget elementor-widget-heading\" data-id=\"8ab2e41\" data-element_type=\"widget\" data-widget_type=\"heading.default\">\n\t\t\t\t<div class=\"elementor-widget-container\">\n\t\t\t\t\t<h3 class=\"elementor-heading-title elementor-size-default\"> Mobilitat el\u00e8ctrica per a un m\u00e9s sostenible<\/h3>\t\t\t\t<\/div>\n\t\t\t\t<\/div>\n\t\t\t\t<div class=\"elementor-element elementor-element-758e21e elementor-widget elementor-widget-text-editor\" data-id=\"758e21e\" data-element_type=\"widget\" data-widget_type=\"text-editor.default\">\n\t\t\t\t<div class=\"elementor-widget-container\">\n\t\t\t\t\t\t\t\t\t<p data-start=\"94\" data-end=\"269\">A Etecnic treballem per accelerar la transici\u00f3 cap a una mobilitat m\u00e9s neta, eficient i responsable. A trav\u00e9s de les nostres solucions tecnol\u00f2giques i de la plataforma EVcharge, ajudem a reduir emissions, optimitzar l&#8217;\u00fas de l&#8217;energia i avan\u00e7ar cap a un model de mobilitat sostenible.<\/p>\n\t\t\t\t\t\t\t\t<\/div>\n\t\t\t\t<\/div>\n\t\t\t\t<\/div>\n\t\t<div class=\"elementor-element elementor-element-33015ee e-con-full e-flex e-con e-child\" data-id=\"33015ee\" data-element_type=\"container\" data-settings=\"{&quot;jet_parallax_layout_list&quot;:[]}\">\n\t\t<div class=\"elementor-element elementor-element-81e94cc e-con-full e-flex e-con e-child\" data-id=\"81e94cc\" data-element_type=\"container\" data-settings=\"{&quot;jet_parallax_layout_list&quot;:[]}\">\n\t\t\t\t<div class=\"elementor-element elementor-element-2d723cf elementor-widget elementor-widget-image\" data-id=\"2d723cf\" data-element_type=\"widget\" data-widget_type=\"image.default\">\n\t\t\t\t<div class=\"elementor-widget-container\">\n\t\t\t\t\t\t\t\t\t\t\t\t\t\t\t<img fetchpriority=\"high\" decoding=\"async\" width=\"800\" height=\"450\" src=\"https:\/\/etecnic.bisiestodeveloper.es\/wp-content\/uploads\/2026\/02\/mano-cable-cargar-1400x788.jpg\" class=\"attachment-large size-large wp-image-35373\" alt=\"\" srcset=\"https:\/\/etecnic.bisiestodeveloper.es\/wp-content\/uploads\/2026\/02\/mano-cable-cargar-1400x788.jpg 1400w, https:\/\/etecnic.bisiestodeveloper.es\/wp-content\/uploads\/2026\/02\/mano-cable-cargar-700x394.jpg 700w, https:\/\/etecnic.bisiestodeveloper.es\/wp-content\/uploads\/2026\/02\/mano-cable-cargar-768x432.jpg 768w, https:\/\/etecnic.bisiestodeveloper.es\/wp-content\/uploads\/2026\/02\/mano-cable-cargar-1536x864.jpg 1536w, https:\/\/etecnic.bisiestodeveloper.es\/wp-content\/uploads\/2026\/02\/mano-cable-cargar.jpg 1920w\" sizes=\"(max-width: 800px) 100vw, 800px\" \/>\t\t\t\t\t\t\t\t\t\t\t\t\t\t\t<\/div>\n\t\t\t\t<\/div>\n\t\t\t\t<\/div>\n\t\t\t\t<\/div>\n\t\t\t\t<\/div>\n\t\t<div class=\"elementor-element elementor-element-d8e9c1e container-y e-con-full e-flex e-con e-child\" data-id=\"d8e9c1e\" data-element_type=\"container\" data-settings=\"{&quot;jet_parallax_layout_list&quot;:[]}\">\n\t\t<div class=\"elementor-element elementor-element-86558b7 e-con-full e-flex e-con e-child\" data-id=\"86558b7\" data-element_type=\"container\" data-settings=\"{&quot;jet_parallax_layout_list&quot;:[]}\">\n\t\t\t\t<div class=\"elementor-element elementor-element-cd44de0 elementor-widget elementor-widget-image\" data-id=\"cd44de0\" data-element_type=\"widget\" data-widget_type=\"image.default\">\n\t\t\t\t<div class=\"elementor-widget-container\">\n\t\t\t\t\t\t\t\t\t\t\t\t\t\t\t<img decoding=\"async\" width=\"800\" height=\"450\" src=\"https:\/\/etecnic.bisiestodeveloper.es\/wp-content\/uploads\/2026\/02\/Adobe-Express-2026-02-05-15-1400x788.jpg\" class=\"attachment-large size-large wp-image-35372\" alt=\"sostenibilidad Etecnic\" srcset=\"https:\/\/etecnic.bisiestodeveloper.es\/wp-content\/uploads\/2026\/02\/Adobe-Express-2026-02-05-15-1400x788.jpg 1400w, https:\/\/etecnic.bisiestodeveloper.es\/wp-content\/uploads\/2026\/02\/Adobe-Express-2026-02-05-15-700x394.jpg 700w, https:\/\/etecnic.bisiestodeveloper.es\/wp-content\/uploads\/2026\/02\/Adobe-Express-2026-02-05-15-768x432.jpg 768w, https:\/\/etecnic.bisiestodeveloper.es\/wp-content\/uploads\/2026\/02\/Adobe-Express-2026-02-05-15-1536x864.jpg 1536w, https:\/\/etecnic.bisiestodeveloper.es\/wp-content\/uploads\/2026\/02\/Adobe-Express-2026-02-05-15.jpg 1920w\" sizes=\"(max-width: 800px) 100vw, 800px\" \/>\t\t\t\t\t\t\t\t\t\t\t\t\t\t\t<\/div>\n\t\t\t\t<\/div>\n\t\t\t\t<\/div>\n\t\t<div class=\"elementor-element elementor-element-92f89b9 e-con-full e-flex e-con e-child\" data-id=\"92f89b9\" data-element_type=\"container\" data-settings=\"{&quot;jet_parallax_layout_list&quot;:[]}\">\n\t\t<div class=\"elementor-element elementor-element-67406e0 e-con-full e-flex e-con e-child\" data-id=\"67406e0\" data-element_type=\"container\" data-settings=\"{&quot;jet_parallax_layout_list&quot;:[]}\">\n\t\t\t\t<div class=\"elementor-element elementor-element-06662df elementor-widget elementor-widget-heading\" data-id=\"06662df\" data-element_type=\"widget\" data-widget_type=\"heading.default\">\n\t\t\t\t<div class=\"elementor-widget-container\">\n\t\t\t\t\t<h3 class=\"elementor-heading-title elementor-size-default\"> El nostre comprom\u00eds<\/h3>\t\t\t\t<\/div>\n\t\t\t\t<\/div>\n\t\t\t\t<\/div>\n\t\t\t\t<div class=\"elementor-element elementor-element-a05a082 elementor-widget elementor-widget-text-editor\" data-id=\"a05a082\" data-element_type=\"widget\" data-widget_type=\"text-editor.default\">\n\t\t\t\t<div class=\"elementor-widget-container\">\n\t\t\t\t\t\t\t\t\t<p data-start=\"94\" data-end=\"269\">La sostenibilitat \u00e9s un eix transversal a Etecnic. Guia les nostres decisions tecnol\u00f2giques, operatives i estrat\u00e8giques, i es tradueix en solucions reals que generen un impacte positiu en l&#8217;entorn i en les organitzacions amb les quals treballem.<\/p>\n\t\t\t\t\t\t\t\t<\/div>\n\t\t\t\t<\/div>\n\t\t\t\t<\/div>\n\t\t\t\t<\/div>\n\t\t\t\t\t<\/div>\n\t\t\t\t<\/div>\n\t\t<div class=\"elementor-element elementor-element-52751a1 e-flex e-con-boxed e-con e-parent\" data-id=\"52751a1\" data-element_type=\"container\" data-settings=\"{&quot;jet_parallax_layout_list&quot;:[]}\">\n\t\t\t\t\t<div class=\"e-con-inner\">\n\t\t<div class=\"elementor-element elementor-element-9c990a3 e-con-full e-flex e-con e-child\" data-id=\"9c990a3\" data-element_type=\"container\" data-settings=\"{&quot;jet_parallax_layout_list&quot;:[]}\">\n\t\t\t\t<div class=\"elementor-element elementor-element-8bbe1b0 elementor-widget elementor-widget-heading\" data-id=\"8bbe1b0\" data-element_type=\"widget\" data-widget_type=\"heading.default\">\n\t\t\t\t<div class=\"elementor-widget-container\">\n\t\t\t\t\t<h3 class=\"elementor-heading-title elementor-size-default\"> Un planeta m\u00e9s net<\/h3>\t\t\t\t<\/div>\n\t\t\t\t<\/div>\n\t\t\t\t<div class=\"elementor-element elementor-element-bb50bf5 elementor-widget elementor-widget-text-editor\" data-id=\"bb50bf5\" data-element_type=\"widget\" data-widget_type=\"text-editor.default\">\n\t\t\t\t<div class=\"elementor-widget-container\">\n\t\t\t\t\t\t\t\t\t<p>Gr\u00e0cies als clients i projectes integrats a <strong>EVcharge<\/strong>, calculem en temps real l&#8217;estalvi d&#8217;emissions de CO\u2082 generat per les rec\u00e0rregues de vehicles el\u00e8ctrics realitzades pels usuaris de la plataforma.<\/p>\n<p>Aquest estalvi es produeu en substituir despla\u00e7aments amb vehicles de combusti\u00f3 per mobilitat el\u00e8ctrica, contribuint de forma directa a la reducci\u00f3 de l&#8217;impacte ambiental del transport.<\/p>\n<p>Aquestes dades permeten a empreses i administracions p\u00fabliques mesurar i comunicar de forma clara la seva contribuci\u00f3 a la descarbonitzaci\u00f3.<\/p>\n\t\t\t\t\t\t\t\t<\/div>\n\t\t\t\t<\/div>\n\t\t\t\t<\/div>\n\t\t<div class=\"elementor-element elementor-element-6f48a05 e-con-full e-flex e-con e-child\" data-id=\"6f48a05\" data-element_type=\"container\" data-settings=\"{&quot;jet_parallax_layout_list&quot;:[]}\">\n\t\t\t\t<div class=\"elementor-element elementor-element-b5506ff elementor-widget elementor-widget-spacer\" data-id=\"b5506ff\" data-element_type=\"widget\" data-widget_type=\"spacer.default\">\n\t\t\t\t<div class=\"elementor-widget-container\">\n\t\t\t\t\t\t\t<div class=\"elementor-spacer\">\n\t\t\t<div class=\"elementor-spacer-inner\"><\/div>\n\t\t<\/div>\n\t\t\t\t\t\t<\/div>\n\t\t\t\t<\/div>\n\t\t\t\t<div class=\"elementor-element elementor-element-f540a5d elementor-widget elementor-widget-heading\" data-id=\"f540a5d\" data-element_type=\"widget\" data-widget_type=\"heading.default\">\n\t\t\t\t<div class=\"elementor-widget-container\">\n\t\t\t\t\t<h1 class=\"elementor-heading-title elementor-size-default\"><div id=\"co2\">...<\/div><\/h1>\t\t\t\t<\/div>\n\t\t\t\t<\/div>\n\t\t\t\t<div class=\"elementor-element elementor-element-c2a6add elementor-widget elementor-widget-heading\" data-id=\"c2a6add\" data-element_type=\"widget\" data-widget_type=\"heading.default\">\n\t\t\t\t<div class=\"elementor-widget-container\">\n\t\t\t\t\t<h4 class=\"elementor-heading-title elementor-size-default\"> emissions de CO2 evitades<\/h4>\t\t\t\t<\/div>\n\t\t\t\t<\/div>\n\t\t\t\t<\/div>\n\t\t\t\t\t<\/div>\n\t\t\t\t<\/div>\n\t\t<div class=\"elementor-element elementor-element-70ae741f container e-flex e-con-boxed e-con e-parent\" data-id=\"70ae741f\" data-element_type=\"container\" data-settings=\"{&quot;jet_parallax_layout_list&quot;:[]}\">\n\t\t\t\t\t<div class=\"e-con-inner\">\n\t\t\t\t<div class=\"elementor-element elementor-element-602eb888 elementor-widget elementor-widget-heading\" data-id=\"602eb888\" data-element_type=\"widget\" data-widget_type=\"heading.default\">\n\t\t\t\t<div class=\"elementor-widget-container\">\n\t\t\t\t\t<h2 class=\"elementor-heading-title elementor-size-default\">Projectes Sostenibles<\/h2>\t\t\t\t<\/div>\n\t\t\t\t<\/div>\n\t\t\t\t<div class=\"elementor-element elementor-element-686838a4 elementor-pagination-type-bullets elementor-pagination-position-outside elementor-widget elementor-widget-n-carousel\" data-id=\"686838a4\" data-element_type=\"widget\" data-settings=\"{&quot;carousel_items&quot;:[{&quot;slide_title&quot;:&quot;Diapositiva n\\u00ba 1&quot;,&quot;_id&quot;:&quot;7db1ada&quot;},{&quot;slide_title&quot;:&quot;Diapositiva n\\u00ba 1&quot;,&quot;_id&quot;:&quot;ed9bef9&quot;},{&quot;slide_title&quot;:&quot;Diapositiva n\\u00ba 1&quot;,&quot;_id&quot;:&quot;973cc90&quot;},{&quot;slide_title&quot;:&quot;Diapositiva n\\u00ba 1&quot;,&quot;_id&quot;:&quot;429da9b&quot;}],&quot;slides_to_show&quot;:&quot;4&quot;,&quot;slides_to_show_tablet&quot;:&quot;3&quot;,&quot;slides_to_show_mobile&quot;:&quot;2&quot;,&quot;slides_to_scroll&quot;:&quot;1&quot;,&quot;image_spacing_custom&quot;:{&quot;unit&quot;:&quot;px&quot;,&quot;size&quot;:14,&quot;sizes&quot;:[]},&quot;autoplay&quot;:&quot;yes&quot;,&quot;autoplay_speed&quot;:5000,&quot;pause_on_hover&quot;:&quot;yes&quot;,&quot;pause_on_interaction&quot;:&quot;yes&quot;,&quot;infinite&quot;:&quot;yes&quot;,&quot;speed&quot;:500,&quot;offset_sides&quot;:&quot;none&quot;,&quot;pagination&quot;:&quot;bullets&quot;,&quot;image_spacing_custom_tablet&quot;:{&quot;unit&quot;:&quot;px&quot;,&quot;size&quot;:&quot;&quot;,&quot;sizes&quot;:[]},&quot;image_spacing_custom_mobile&quot;:{&quot;unit&quot;:&quot;px&quot;,&quot;size&quot;:&quot;&quot;,&quot;sizes&quot;:[]}}\" data-widget_type=\"nested-carousel.default\">\n\t\t\t\t<div class=\"elementor-widget-container\">\n\t\t\t\t\t\t\t<div class=\"e-n-carousel swiper\" role=\"region\" aria-roledescription=\"carousel\" aria-label=\"Carrusel\" dir=\"ltr\">\n\t\t\t<div class=\"swiper-wrapper\" aria-live=\"off\">\n\t\t\t\t\t\t\t\t\t\t<div class=\"swiper-slide\" data-slide=\"1\" role=\"group\" aria-roledescription=\"slide\" aria-label=\"1 of 4\">\n\t\t\t\t\t\t\t<a class=\"elementor-element elementor-element-78708de8 e-flex e-con-boxed e-con e-child\" data-id=\"78708de8\" data-element_type=\"container\" data-settings=\"{&quot;background_background&quot;:&quot;classic&quot;,&quot;jet_parallax_layout_list&quot;:[]}\" href=\"https:\/\/etecnic.bisiestodeveloper.es\/casos-de-exito\/etecnic-y-weiderauto-electric-inauguran-el-hub-de-recarga-ultrarrapida-sostenible-de-referencia-en-cataluna\/\">\n\t\t\t\t\t<div class=\"e-con-inner\">\n\t\t<div class=\"elementor-element elementor-element-76bdb3d7 e-con-full e-flex e-con e-child\" data-id=\"76bdb3d7\" data-element_type=\"container\" data-settings=\"{&quot;jet_parallax_layout_list&quot;:[]}\">\n\t\t\t\t<div class=\"elementor-element elementor-element-6ca417c8 elementor-widget elementor-widget-heading\" data-id=\"6ca417c8\" data-element_type=\"widget\" data-widget_type=\"heading.default\">\n\t\t\t\t<div class=\"elementor-widget-container\">\n\t\t\t\t\t<h3 class=\"elementor-heading-title elementor-size-default\"> Energia solar de km0<\/h3>\t\t\t\t<\/div>\n\t\t\t\t<\/div>\n\t\t\t\t<\/div>\n\t\t\t\t\t<\/div>\n\t\t\t\t<\/a>\n\t\t\t\t\t\t\t\t<\/div>\n\t\t\t\t\t\t\t\t\t\t\t<div class=\"swiper-slide\" data-slide=\"2\" role=\"group\" aria-roledescription=\"slide\" aria-label=\"2 of 4\">\n\t\t\t\t\t\t\t<a class=\"elementor-element elementor-element-757646b0 e-flex e-con-boxed e-con e-child\" data-id=\"757646b0\" data-element_type=\"container\" data-settings=\"{&quot;background_background&quot;:&quot;classic&quot;,&quot;jet_parallax_layout_list&quot;:[]}\" href=\"https:\/\/etecnic.bisiestodeveloper.es\/ca\/actualidad\/modul-smart-pricing-la-nova-eina-per-recomanar-tarifes-smart-2\/\">\n\t\t\t\t\t<div class=\"e-con-inner\">\n\t\t<div class=\"elementor-element elementor-element-2e284ec6 e-con-full e-flex e-con e-child\" data-id=\"2e284ec6\" data-element_type=\"container\" data-settings=\"{&quot;jet_parallax_layout_list&quot;:[]}\">\n\t\t\t\t<div class=\"elementor-element elementor-element-5fdf0213 elementor-widget elementor-widget-heading\" data-id=\"5fdf0213\" data-element_type=\"widget\" data-widget_type=\"heading.default\">\n\t\t\t\t<div class=\"elementor-widget-container\">\n\t\t\t\t\t<h3 class=\"elementor-heading-title elementor-size-default\">Smart Pricing<\/h3>\t\t\t\t<\/div>\n\t\t\t\t<\/div>\n\t\t\t\t<\/div>\n\t\t\t\t\t<\/div>\n\t\t\t\t<\/a>\n\t\t\t\t\t\t\t\t<\/div>\n\t\t\t\t\t\t\t\t\t\t\t<div class=\"swiper-slide\" data-slide=\"3\" role=\"group\" aria-roledescription=\"slide\" aria-label=\"3 of 4\">\n\t\t\t\t\t\t\t<a class=\"elementor-element elementor-element-58f9b383 e-flex e-con-boxed e-con e-child\" data-id=\"58f9b383\" data-element_type=\"container\" data-settings=\"{&quot;background_background&quot;:&quot;classic&quot;,&quot;jet_parallax_layout_list&quot;:[]}\" href=\"https:\/\/etecnic.bisiestodeveloper.es\/ca\/contacte\/\">\n\t\t\t\t\t<div class=\"e-con-inner\">\n\t\t<div class=\"elementor-element elementor-element-1507c7fe e-con-full e-flex e-con e-child\" data-id=\"1507c7fe\" data-element_type=\"container\" data-settings=\"{&quot;jet_parallax_layout_list&quot;:[]}\">\n\t\t\t\t<div class=\"elementor-element elementor-element-6a668e1f elementor-widget elementor-widget-heading\" data-id=\"6a668e1f\" data-element_type=\"widget\" data-widget_type=\"heading.default\">\n\t\t\t\t<div class=\"elementor-widget-container\">\n\t\t\t\t\t<h3 class=\"elementor-heading-title elementor-size-default\"> Reutilitzaci\u00f3 d'equips<\/h3>\t\t\t\t<\/div>\n\t\t\t\t<\/div>\n\t\t\t\t<\/div>\n\t\t\t\t\t<\/div>\n\t\t\t\t<\/a>\n\t\t\t\t\t\t\t\t<\/div>\n\t\t\t\t\t\t\t\t\t\t\t<div class=\"swiper-slide\" data-slide=\"4\" role=\"group\" aria-roledescription=\"slide\" aria-label=\"4 of 4\">\n\t\t\t\t\t\t\t<a class=\"elementor-element elementor-element-76be9d61 e-flex e-con-boxed e-con e-child\" data-id=\"76be9d61\" data-element_type=\"container\" data-settings=\"{&quot;background_background&quot;:&quot;classic&quot;,&quot;jet_parallax_layout_list&quot;:[]}\" href=\"https:\/\/etecnic.bisiestodeveloper.es\/ca\/contacte\/\">\n\t\t\t\t\t<div class=\"e-con-inner\">\n\t\t<div class=\"elementor-element elementor-element-1a39af9b e-con-full e-flex e-con e-child\" data-id=\"1a39af9b\" data-element_type=\"container\" data-settings=\"{&quot;jet_parallax_layout_list&quot;:[]}\">\n\t\t\t\t<div class=\"elementor-element elementor-element-51029817 elementor-widget elementor-widget-heading\" data-id=\"51029817\" data-element_type=\"widget\" data-widget_type=\"heading.default\">\n\t\t\t\t<div class=\"elementor-widget-container\">\n\t\t\t\t\t<h3 class=\"elementor-heading-title elementor-size-default\">Reutilitzaci\u00f3 de bateries<\/h3>\t\t\t\t<\/div>\n\t\t\t\t<\/div>\n\t\t\t\t<\/div>\n\t\t\t\t\t<\/div>\n\t\t\t\t<\/a>\n\t\t\t\t\t\t\t\t<\/div>\n\t\t\t\t\t\t\t\t<\/div>\n\t\t<\/div>\n\t\t\t\t\t<div class=\"swiper-pagination\"><\/div>\n\t\t\t\t\t\t<\/div>\n\t\t\t\t<\/div>\n\t\t\t\t\t<\/div>\n\t\t\t\t<\/div>\n\t\t\t\t<\/div>\n\t\t","protected":false},"excerpt":{"rendered":"<p>Mobilitat el\u00e8ctrica per a un m\u00e9s sostenible A Etecnic treballem per accelerar la transici\u00f3 cap a una mobilitat m\u00e9s neta, eficient i responsable. A trav\u00e9s de les nostres solucions tecnol\u00f2giques i de la plataforma EVcharge, ajudem a reduir emissions, optimitzar l&#8217;\u00fas de l&#8217;energia i avan\u00e7ar cap a un model de mobilitat sostenible. El nostre comprom\u00eds [&hellip;]<\/p>\n","protected":false},"author":1,"featured_media":0,"parent":0,"menu_order":0,"comment_status":"closed","ping_status":"closed","template":"","meta":{"footnotes":""},"class_list":["post-35375","page","type-page","status-publish","hentry"],"yoast_head":"<!-- This site is optimized with the Yoast SEO plugin v26.5 - https:\/\/yoast.com\/wordpress\/plugins\/seo\/ -->\n<title>Sostenibilitat - Etecnic<\/title>\n<meta name=\"robots\" content=\"noindex, follow, max-snippet:-1, max-image-preview:large, max-video-preview:-1\" \/>\n<meta property=\"og:locale\" content=\"ca_ES\" \/>\n<meta property=\"og:type\" content=\"article\" \/>\n<meta property=\"og:title\" content=\"Sostenibilitat - Etecnic\" \/>\n<meta property=\"og:description\" content=\"Mobilitat el\u00e8ctrica per a un m\u00e9s sostenible A Etecnic treballem per accelerar la transici\u00f3 cap a una mobilitat m\u00e9s neta, eficient i responsable. A trav\u00e9s de les nostres solucions tecnol\u00f2giques i de la plataforma EVcharge, ajudem a reduir emissions, optimitzar l&#8217;\u00fas de l&#8217;energia i avan\u00e7ar cap a un model de mobilitat sostenible. El nostre comprom\u00eds [&hellip;]\" \/>\n<meta property=\"og:url\" content=\"https:\/\/etecnic.bisiestodeveloper.es\/ca\/sostenibilitat\/\" \/>\n<meta property=\"og:site_name\" content=\"Etecnic\" \/>\n<meta property=\"article:modified_time\" content=\"2026-07-20T09:05:25+00:00\" \/>\n<meta property=\"og:image\" content=\"https:\/\/etecnic.bisiestodeveloper.es\/wp-content\/uploads\/2026\/02\/mano-cable-cargar.jpg\" \/>\n\t<meta property=\"og:image:width\" content=\"1920\" \/>\n\t<meta property=\"og:image:height\" content=\"1080\" \/>\n\t<meta property=\"og:image:type\" content=\"image\/jpeg\" \/>\n<meta name=\"twitter:card\" content=\"summary_large_image\" \/>\n<meta name=\"twitter:label1\" content=\"Temps estimat de lectura\" \/>\n\t<meta name=\"twitter:data1\" content=\"1 minut\" \/>\n<script type=\"application\/ld+json\" class=\"yoast-schema-graph\">{\"@context\":\"https:\/\/schema.org\",\"@graph\":[{\"@type\":\"WebPage\",\"@id\":\"https:\/\/etecnic.bisiestodeveloper.es\/ca\/sostenibilitat\/\",\"url\":\"https:\/\/etecnic.bisiestodeveloper.es\/ca\/sostenibilitat\/\",\"name\":\"Sostenibilitat - Etecnic\",\"isPartOf\":{\"@id\":\"https:\/\/etecnic.bisiestodeveloper.es\/ca\/#website\"},\"primaryImageOfPage\":{\"@id\":\"https:\/\/etecnic.bisiestodeveloper.es\/ca\/sostenibilitat\/#primaryimage\"},\"image\":{\"@id\":\"https:\/\/etecnic.bisiestodeveloper.es\/ca\/sostenibilitat\/#primaryimage\"},\"thumbnailUrl\":\"https:\/\/etecnic.bisiestodeveloper.es\/wp-content\/uploads\/2026\/02\/mano-cable-cargar-1400x788.jpg\",\"datePublished\":\"2025-07-16T09:57:06+00:00\",\"dateModified\":\"2026-07-20T09:05:25+00:00\",\"breadcrumb\":{\"@id\":\"https:\/\/etecnic.bisiestodeveloper.es\/ca\/sostenibilitat\/#breadcrumb\"},\"inLanguage\":\"ca\",\"potentialAction\":[{\"@type\":\"ReadAction\",\"target\":[\"https:\/\/etecnic.bisiestodeveloper.es\/ca\/sostenibilitat\/\"]}]},{\"@type\":\"ImageObject\",\"inLanguage\":\"ca\",\"@id\":\"https:\/\/etecnic.bisiestodeveloper.es\/ca\/sostenibilitat\/#primaryimage\",\"url\":\"https:\/\/etecnic.bisiestodeveloper.es\/wp-content\/uploads\/2026\/02\/mano-cable-cargar-1400x788.jpg\",\"contentUrl\":\"https:\/\/etecnic.bisiestodeveloper.es\/wp-content\/uploads\/2026\/02\/mano-cable-cargar-1400x788.jpg\"},{\"@type\":\"BreadcrumbList\",\"@id\":\"https:\/\/etecnic.bisiestodeveloper.es\/ca\/sostenibilitat\/#breadcrumb\",\"itemListElement\":[{\"@type\":\"ListItem\",\"position\":1,\"name\":\"Portada\",\"item\":\"https:\/\/etecnic.bisiestodeveloper.es\/ca\/\"},{\"@type\":\"ListItem\",\"position\":2,\"name\":\"Sostenibilitat\"}]},{\"@type\":\"WebSite\",\"@id\":\"https:\/\/etecnic.bisiestodeveloper.es\/ca\/#website\",\"url\":\"https:\/\/etecnic.bisiestodeveloper.es\/ca\/\",\"name\":\"Etecnic\",\"description\":\"\",\"publisher\":{\"@id\":\"https:\/\/etecnic.bisiestodeveloper.es\/ca\/#organization\"},\"potentialAction\":[{\"@type\":\"SearchAction\",\"target\":{\"@type\":\"EntryPoint\",\"urlTemplate\":\"https:\/\/etecnic.bisiestodeveloper.es\/ca\/?s={search_term_string}\"},\"query-input\":{\"@type\":\"PropertyValueSpecification\",\"valueRequired\":true,\"valueName\":\"search_term_string\"}}],\"inLanguage\":\"ca\"},{\"@type\":\"Organization\",\"@id\":\"https:\/\/etecnic.bisiestodeveloper.es\/ca\/#organization\",\"name\":\"Etecnic\",\"url\":\"https:\/\/etecnic.bisiestodeveloper.es\/ca\/\",\"logo\":{\"@type\":\"ImageObject\",\"inLanguage\":\"ca\",\"@id\":\"https:\/\/etecnic.bisiestodeveloper.es\/ca\/#\/schema\/logo\/image\/\",\"url\":\"https:\/\/etecnic.bisiestodeveloper.es\/wp-content\/uploads\/2025\/06\/logo-etecnic-blanco.png\",\"contentUrl\":\"https:\/\/etecnic.bisiestodeveloper.es\/wp-content\/uploads\/2025\/06\/logo-etecnic-blanco.png\",\"width\":1000,\"height\":500,\"caption\":\"Etecnic\"},\"image\":{\"@id\":\"https:\/\/etecnic.bisiestodeveloper.es\/ca\/#\/schema\/logo\/image\/\"}}]}<\/script>\n<!-- \/ Yoast SEO plugin. -->","yoast_head_json":{"title":"Sostenibilitat - Etecnic","robots":{"index":"noindex","follow":"follow","max-snippet":"max-snippet:-1","max-image-preview":"max-image-preview:large","max-video-preview":"max-video-preview:-1"},"og_locale":"ca_ES","og_type":"article","og_title":"Sostenibilitat - Etecnic","og_description":"Mobilitat el\u00e8ctrica per a un m\u00e9s sostenible A Etecnic treballem per accelerar la transici\u00f3 cap a una mobilitat m\u00e9s neta, eficient i responsable. A trav\u00e9s de les nostres solucions tecnol\u00f2giques i de la plataforma EVcharge, ajudem a reduir emissions, optimitzar l&#8217;\u00fas de l&#8217;energia i avan\u00e7ar cap a un model de mobilitat sostenible. El nostre comprom\u00eds [&hellip;]","og_url":"https:\/\/etecnic.bisiestodeveloper.es\/ca\/sostenibilitat\/","og_site_name":"Etecnic","article_modified_time":"2026-07-20T09:05:25+00:00","og_image":[{"width":1920,"height":1080,"url":"https:\/\/etecnic.bisiestodeveloper.es\/wp-content\/uploads\/2026\/02\/mano-cable-cargar.jpg","type":"image\/jpeg"}],"twitter_card":"summary_large_image","twitter_misc":{"Temps estimat de lectura":"1 minut"},"schema":{"@context":"https:\/\/schema.org","@graph":[{"@type":"WebPage","@id":"https:\/\/etecnic.bisiestodeveloper.es\/ca\/sostenibilitat\/","url":"https:\/\/etecnic.bisiestodeveloper.es\/ca\/sostenibilitat\/","name":"Sostenibilitat - Etecnic","isPartOf":{"@id":"https:\/\/etecnic.bisiestodeveloper.es\/ca\/#website"},"primaryImageOfPage":{"@id":"https:\/\/etecnic.bisiestodeveloper.es\/ca\/sostenibilitat\/#primaryimage"},"image":{"@id":"https:\/\/etecnic.bisiestodeveloper.es\/ca\/sostenibilitat\/#primaryimage"},"thumbnailUrl":"https:\/\/etecnic.bisiestodeveloper.es\/wp-content\/uploads\/2026\/02\/mano-cable-cargar-1400x788.jpg","datePublished":"2025-07-16T09:57:06+00:00","dateModified":"2026-07-20T09:05:25+00:00","breadcrumb":{"@id":"https:\/\/etecnic.bisiestodeveloper.es\/ca\/sostenibilitat\/#breadcrumb"},"inLanguage":"ca","potentialAction":[{"@type":"ReadAction","target":["https:\/\/etecnic.bisiestodeveloper.es\/ca\/sostenibilitat\/"]}]},{"@type":"ImageObject","inLanguage":"ca","@id":"https:\/\/etecnic.bisiestodeveloper.es\/ca\/sostenibilitat\/#primaryimage","url":"https:\/\/etecnic.bisiestodeveloper.es\/wp-content\/uploads\/2026\/02\/mano-cable-cargar-1400x788.jpg","contentUrl":"https:\/\/etecnic.bisiestodeveloper.es\/wp-content\/uploads\/2026\/02\/mano-cable-cargar-1400x788.jpg"},{"@type":"BreadcrumbList","@id":"https:\/\/etecnic.bisiestodeveloper.es\/ca\/sostenibilitat\/#breadcrumb","itemListElement":[{"@type":"ListItem","position":1,"name":"Portada","item":"https:\/\/etecnic.bisiestodeveloper.es\/ca\/"},{"@type":"ListItem","position":2,"name":"Sostenibilitat"}]},{"@type":"WebSite","@id":"https:\/\/etecnic.bisiestodeveloper.es\/ca\/#website","url":"https:\/\/etecnic.bisiestodeveloper.es\/ca\/","name":"Etecnic","description":"","publisher":{"@id":"https:\/\/etecnic.bisiestodeveloper.es\/ca\/#organization"},"potentialAction":[{"@type":"SearchAction","target":{"@type":"EntryPoint","urlTemplate":"https:\/\/etecnic.bisiestodeveloper.es\/ca\/?s={search_term_string}"},"query-input":{"@type":"PropertyValueSpecification","valueRequired":true,"valueName":"search_term_string"}}],"inLanguage":"ca"},{"@type":"Organization","@id":"https:\/\/etecnic.bisiestodeveloper.es\/ca\/#organization","name":"Etecnic","url":"https:\/\/etecnic.bisiestodeveloper.es\/ca\/","logo":{"@type":"ImageObject","inLanguage":"ca","@id":"https:\/\/etecnic.bisiestodeveloper.es\/ca\/#\/schema\/logo\/image\/","url":"https:\/\/etecnic.bisiestodeveloper.es\/wp-content\/uploads\/2025\/06\/logo-etecnic-blanco.png","contentUrl":"https:\/\/etecnic.bisiestodeveloper.es\/wp-content\/uploads\/2025\/06\/logo-etecnic-blanco.png","width":1000,"height":500,"caption":"Etecnic"},"image":{"@id":"https:\/\/etecnic.bisiestodeveloper.es\/ca\/#\/schema\/logo\/image\/"}}]}},"_links":{"self":[{"href":"https:\/\/etecnic.bisiestodeveloper.es\/ca\/wp-json\/wp\/v2\/pages\/35375","targetHints":{"allow":["GET"]}}],"collection":[{"href":"https:\/\/etecnic.bisiestodeveloper.es\/ca\/wp-json\/wp\/v2\/pages"}],"about":[{"href":"https:\/\/etecnic.bisiestodeveloper.es\/ca\/wp-json\/wp\/v2\/types\/page"}],"author":[{"embeddable":true,"href":"https:\/\/etecnic.bisiestodeveloper.es\/ca\/wp-json\/wp\/v2\/users\/1"}],"replies":[{"embeddable":true,"href":"https:\/\/etecnic.bisiestodeveloper.es\/ca\/wp-json\/wp\/v2\/comments?post=35375"}],"version-history":[{"count":1,"href":"https:\/\/etecnic.bisiestodeveloper.es\/ca\/wp-json\/wp\/v2\/pages\/35375\/revisions"}],"predecessor-version":[{"id":35377,"href":"https:\/\/etecnic.bisiestodeveloper.es\/ca\/wp-json\/wp\/v2\/pages\/35375\/revisions\/35377"}],"wp:attachment":[{"href":"https:\/\/etecnic.bisiestodeveloper.es\/ca\/wp-json\/wp\/v2\/media?parent=35375"}],"curies":[{"name":"wp","href":"https:\/\/api.w.org\/{rel}","templated":true}]}}