{"id":35232,"date":"2025-07-16T09:57:06","date_gmt":"2025-07-16T09:57:06","guid":{"rendered":"https:\/\/etecnic.bisiestodeveloper.es\/politica-de-privacitat\/"},"modified":"2026-07-22T10:06:26","modified_gmt":"2026-07-22T10:06:26","slug":"politica-de-privacitat","status":"publish","type":"page","link":"https:\/\/etecnic.bisiestodeveloper.es\/ca\/politica-de-privacitat\/","title":{"rendered":"Pol\u00edtica de privacitat"},"content":{"rendered":"\t\t<div data-elementor-type=\"wp-page\" data-elementor-id=\"35232\" class=\"elementor elementor-35232 elementor-3\" data-elementor-post-type=\"page\">\n\t\t\t\t<div class=\"elementor-element elementor-element-81ca0a0 e-con-full e-flex e-con e-parent\" data-id=\"81ca0a0\" data-element_type=\"container\" data-settings=\"{&quot;jet_parallax_layout_list&quot;:[]}\">\n\t\t\t\t<div class=\"elementor-element elementor-element-7898e14 elementor-widget elementor-widget-template\" data-id=\"7898e14\" data-element_type=\"widget\" data-widget_type=\"template.default\">\n\t\t\t\t<div class=\"elementor-widget-container\">\n\t\t\t\t\t\t\t<div class=\"elementor-template\">\n\t\t\t\t\t<div data-elementor-type=\"container\" data-elementor-id=\"35897\" class=\"elementor elementor-35897 elementor-1090\" data-elementor-post-type=\"elementor_library\">\n\t\t\t\t<section class=\"elementor-element elementor-element-5b183af3 hero container e-flex e-con-boxed e-con e-parent\" data-id=\"5b183af3\" data-element_type=\"container\" data-settings=\"{&quot;background_background&quot;:&quot;classic&quot;,&quot;jet_parallax_layout_list&quot;:[]}\">\n\t\t\t\t\t<div class=\"e-con-inner\">\n\t\t<div class=\"elementor-element elementor-element-7d18c685 e-con-full e-flex e-con e-child\" data-id=\"7d18c685\" data-element_type=\"container\" data-settings=\"{&quot;jet_parallax_layout_list&quot;:[]}\">\n\t\t\t\t<div class=\"elementor-element elementor-element-17f2655e text-color-white elementor-widget elementor-widget-heading\" data-id=\"17f2655e\" data-element_type=\"widget\" data-widget_type=\"heading.default\">\n\t\t\t\t<div class=\"elementor-widget-container\">\n\t\t\t\t\t<h1 class=\"elementor-heading-title elementor-size-default\">Pol\u00edtica de privacitat<\/h1>\t\t\t\t<\/div>\n\t\t\t\t<\/div>\n\t\t\t\t<\/div>\n\t\t\t\t\t<\/div>\n\t\t\t\t<\/section>\n\t\t\t\t<\/div>\n\t\t\t\t<\/div>\n\t\t\t\t\t\t<\/div>\n\t\t\t\t<\/div>\n\t\t\t\t<\/div>\n\t\t<div class=\"elementor-element elementor-element-3896afd container e-flex e-con-boxed e-con e-parent\" data-id=\"3896afd\" data-element_type=\"container\" data-settings=\"{&quot;jet_parallax_layout_list&quot;:[]}\">\n\t\t\t\t\t<div class=\"e-con-inner\">\n\t\t<div class=\"elementor-element elementor-element-43608ba e-con-full e-flex e-con e-child\" data-id=\"43608ba\" data-element_type=\"container\" data-settings=\"{&quot;jet_parallax_layout_list&quot;:[]}\">\n\t\t\t\t<div class=\"elementor-element elementor-element-ea60a52 elementor-widget elementor-widget-text-editor\" data-id=\"ea60a52\" data-element_type=\"widget\" data-widget_type=\"text-editor.default\">\n\t\t\t\t<div class=\"elementor-widget-container\">\n\t\t\t\t\t\t\t\t\t<div style=\"font-family: 'Poppins', sans-serif; color: #000000;\">\n<p style=\"margin-bottom: 15px;\"><strong>Pol\u00edtica de Privacitat<\/strong><\/p>\n<p style=\"margin-bottom: 15px;\"><strong>Responsable del tractament<\/strong><br \/>\nEl responsable del tractament de les dades recollides \u00e9s Etecnic Movilidad El\u00e9ctrica, S.L. amb NIF B55667562 (d&#8217;ara endavant Etecnic) i domicili a Carrer Argentera, 25 Baixos, 43206 Reus \u2013 Tarragona titular de la Plataforma anomenada EVcharge, accessible a trav\u00e9s del Lloc Web <a style=\"color: inherit;\" href=\"https:\/\/etecnic.net\/\" target=\"_blank\" rel=\"noopener\">https:\/\/etecnic.net\/<\/a> i de l&#8217;Aplicaci\u00f3 M\u00f2bil EVcharge (d&#8217;ara endavant, EVcharge o la Plataforma, indistintament).<\/p>\n<p style=\"margin-bottom: 15px;\">La present Pol\u00edtica de Privacitat regula la recollida i tractament de les dades personals que siguin proporcionades pels Usuaris quan accedeixin, naveguin o facin \u00fas de les funcionalitats de la Plataforma.<\/p>\n<p style=\"margin-bottom: 15px;\"><strong>Recollida de dades, finalitats, base de legitimaci\u00f3 i terminis de conservaci\u00f3:<\/strong><\/p>\n<ol style=\"padding-left: 20px; list-style-type: lower-alpha;\">\n<li style=\"margin-bottom: 15px;\"><strong>Contacte:<\/strong> L&#8217;Usuari es pot posar en contacte a trav\u00e9s dels formularis establerts a aquest efecte a la Plataforma. Haur\u00e0 de facilitar les seves dades identificatives, aix\u00ed com el motiu, assumpte o q\u00fcesti\u00f3. Etecnic utilitzar\u00e0 aquestes dades per tramitar la consulta i contactar amb l&#8217;Usuari.<br \/>\nLa base jur\u00eddica del tractament d&#8217;aquestes dades es sustenta en el consentiment de l&#8217;Usuari.<br \/>\nEl termini de conservaci\u00f3 de les dades per a aquesta finalitat ser\u00e0 d&#8217;un any, llevat que siguin aplicables altres terminis.<\/li>\n<li style=\"margin-bottom: 15px;\"><strong>Registre:<\/strong> Mitjan\u00e7ant el registre a la Plataforma, ser\u00e0 necessari que l&#8217;Usuari proporcioni les seves dades identificatives, com nom, cognoms i correu electr\u00f2nic, per a la tramitaci\u00f3 del registre a la Plataforma i permetre l&#8217;acc\u00e9s a les funcionalitats del seu compte personal.<br \/>\nLa base jur\u00eddica del tractament d&#8217;aquestes dades es sustenta en la relaci\u00f3 contractual mantinguda amb l&#8217;Usuari.<br \/>\nLes seves dades seran conservades mentre formi part de la comunitat i es trobi registrat, llevat que siguin aplicables altres terminis.<\/li>\n<li style=\"margin-bottom: 15px;\"><strong>Contractaci\u00f3:<\/strong> L&#8217;Usuari pot adquirir els serveis d&#8217;electricitat disponibles a EVcharge. Per a aix\u00f2, haur\u00e0 de facilitar les seves dades de contacte, i aquelles dades necess\u00e0ries per tramitar la gesti\u00f3 de la contractaci\u00f3 realitzada com dades banc\u00e0ries o de targetes de cr\u00e8dit.<br \/>\nLa base jur\u00eddica del tractament d&#8217;aquestes dades es sustenta en l&#8217;execuci\u00f3 del contracte de compra.<br \/>\nEl termini de conservaci\u00f3 de les dades ser\u00e0 l&#8217;adequat per complir amb les obligacions contractuals i, en tot cas, fins a cinc anys m\u00e9s per gestions tribut\u00e0ries i per cobrir possibles responsabilitats, llevat que siguin aplicables altres terminis.<\/li>\n<li style=\"margin-bottom: 15px;\"><strong>Moneder:<\/strong> L&#8217;Usuari Registrat pot fer \u00fas del moneder electr\u00f2nic habilitat a aquest efecte a EVcharge per pagar les c\u00e0rregues del vehicle el\u00e8ctric. Per a aix\u00f2, haur\u00e0 de facilitar aquelles dades necess\u00e0ries per tramitar la rec\u00e0rrega del saldo del moneder com dades banc\u00e0ries o de targetes de cr\u00e8dit, aix\u00ed com l&#8217;identificador del moneder o altres dades identificatives, per realitzar el pagament de la c\u00e0rrega.<br \/>\nLa base jur\u00eddica del tractament d&#8217;aquestes dades es sustenta en la relaci\u00f3 contractual mantinguda amb l&#8217;Usuari.<br \/>\nEl termini de conservaci\u00f3 de les dades ser\u00e0 l&#8217;adequat per complir amb les obligacions contractuals i, en tot cas, fins a cinc anys m\u00e9s i degudament bloquejades, per gestions tribut\u00e0ries i per cobrir possibles responsabilitats, llevat que siguin aplicables altres terminis.<\/li>\n<li style=\"margin-bottom: 15px;\"><strong>Compra de dispositius RFID:<\/strong> L&#8217;Usuari Registrat pot adquirir els dispositius RFID disponibles a EVcharge. Per a aix\u00f2, haur\u00e0 de facilitar aquelles dades necess\u00e0ries per tramitar la gesti\u00f3 de la compra i la comanda (la qual cosa inclou el seu enviament a trav\u00e9s d&#8217;empreses transportistes) realitzada com dades banc\u00e0ries o de targetes de cr\u00e8dit.<br \/>\nLa base jur\u00eddica del tractament d&#8217;aquestes dades es sustenta en l&#8217;execuci\u00f3 del contracte de compra.<br \/>\nEl termini de conservaci\u00f3 de les dades ser\u00e0 l&#8217;adequat per complir amb les obligacions contractuals i, en tot cas, fins a cinc anys m\u00e9s per gestions tribut\u00e0ries i per cobrir possibles responsabilitats, llevat que siguin aplicables altres terminis.<\/li>\n<li style=\"margin-bottom: 15px;\"><strong>Geolocalitzaci\u00f3:<\/strong> Quan l&#8217;Usuari ho hagu\u00e9s consentit, EVcharge recopilar\u00e0 informaci\u00f3 sobre la seva localitzaci\u00f3 per indicar-li carregadors propers a la mateixa.<br \/>\nLa base jur\u00eddica del tractament d&#8217;aquestes dades es sustenta en el consentiment de l&#8217;Usuari.<br \/>\nEl termini de conservaci\u00f3 de les dades ser\u00e0 l&#8217;adequat per complir amb les obligacions contractuals i, en tot cas, fins a un any per cobrir possibles responsabilitats, llevat que siguin aplicables altres terminis.<\/li>\n<li style=\"margin-bottom: 15px;\"><strong>Escanejar QR\/NFC:<\/strong> Quan l&#8217;Usuari ho hagu\u00e9s consentit, EVcharge recopilar\u00e0 informaci\u00f3 sobre la c\u00e0mera per permetre localitzar carregadors a trav\u00e9s de les funcionalitats de lector de QR i NFC de la Plataforma.<br \/>\nLa base jur\u00eddica del tractament d&#8217;aquestes dades es sustenta en el consentiment de l&#8217;Usuari.<br \/>\nEl termini de conservaci\u00f3 de les dades ser\u00e0 l&#8217;adequat per complir amb les obligacions contractuals i, en tot cas, fins a un any per cobrir possibles responsabilitats, llevat que siguin aplicables altres terminis.<\/li>\n<li style=\"margin-bottom: 15px;\"><strong>Xarxes Socials:<\/strong> A trav\u00e9s de la Plataforma, l&#8217;Usuari es pot registrar, contractar o accedir als serveis facilitats per EVcharge a trav\u00e9s del seu perfil a les xarxes socials disponibles. EVcharge utilitzar\u00e0 aquestes dades, \u00fanica i exclusivament per a la finalitat consentida per l&#8217;Usuari, aix\u00ed com les dades a les quals aquest hagu\u00e9s perm\u00e8s l&#8217;acc\u00e9s a EVcharge.<br \/>\nLa base jur\u00eddica del tractament d&#8217;aquestes dades es sustenta en el consentiment de l&#8217;Usuari.<br \/>\nLes seves dades seran conservades mentre formi part de la comunitat i es trobi registrat, llevat que siguin aplicables altres terminis.<\/li>\n<li style=\"margin-bottom: 15px;\"><strong>Cookies:<\/strong> Sense perjudici que la App no disposi de cookies, el Lloc Web s\u00ed que disposa de tecnologia per a la implantaci\u00f3 d&#8217;arxius anomenats cookies a l&#8217;equip que sigui utilitzat per a l&#8217;acc\u00e9s i navegaci\u00f3 per la Plataforma. Les cookies poden ser bloquejades o deshabilitades en qualsevol moment a trav\u00e9s de les opcions de configuraci\u00f3 del navegador. Si desitja m\u00e9s informaci\u00f3 pot consultar la nostra pol\u00edtica de Cookies.<br \/>\nLa base jur\u00eddica del tractament d&#8217;aquestes dades es sustenta en el consentiment de l&#8217;Usuari.<\/li>\n<li style=\"margin-bottom: 15px;\"><strong>Publicitat:<\/strong> Si l&#8217;Usuari ho autoritza expressament, EVcharge li podr\u00e0 enviar publicitat dels serveis i\/o promocions disponibles a la Plataforma, com per exemple novetats i\/o descomptes entre d&#8217;altres.<br \/>\nLa base jur\u00eddica del tractament d&#8217;aquestes dades es sustenta en el consentiment de l&#8217;Usuari.<br \/>\nEl termini de conservaci\u00f3 de les dades ser\u00e0 del temps que romangui donat d&#8217;alta al nostre sistema per a l&#8217;enviament de publicitat i no hagi revocat el seu consentiment.<br \/>\nEn qualsevol moment pot revocar el seu consentiment a trav\u00e9s dels enlla\u00e7os facilitats o escrivint-nos a <a style=\"color: inherit;\" href=\"mailto:support@etecnic.es\">support@etecnic.es<\/a>.<\/li>\n<li style=\"margin-bottom: 15px;\"><strong>Gesti\u00f3 fiscal per a tercers com a col\u00b7laborador de l&#8217;AEAT:<\/strong> Quan l&#8217;Usuari Registrat utilitzi EVcharge en carregadors titularitat de tercers, Etecnic tractar\u00e0 l&#8217;identificador \u00fanic associat al seu perfil d&#8217;Usuari aix\u00ed com les dades de les rec\u00e0rregues realitzades, per dur a terme l&#8217;emissi\u00f3\/remissi\u00f3 de factures a Verifactu en nom dels seus clients. A m\u00e9s, comunicarem aquestes dades a les autoritats competents en mat\u00e8ria tribut\u00e0ria.<br \/>\nLa base jur\u00eddica del tractament d&#8217;aquestes dades es sustenta en el compliment d&#8217;obligacions legals.<br \/>\nEl termini de conservaci\u00f3 de les dades ser\u00e0 l&#8217;adequat per complir amb les obligacions legals aplicables a Etecnic i, en tot cas, fins a cinc anys m\u00e9s per gestions tribut\u00e0ries i per cobrir possibles responsabilitats, llevat que siguin aplicables altres terminis.<\/li>\n<\/ol>\n<p style=\"margin-bottom: 15px;\"><strong>Comunicaci\u00f3 de dades<\/strong><br \/>\nEtecnic, en cas que l&#8217;Usuari utilitzi EVcharge en carregadors titularitat de tercers, comunicar\u00e0 a aquests titulars (d&#8217;ara endavant, els Clients), l&#8217;identificador \u00fanic associat a l&#8217;Usuari, perqu\u00e8 els Clients els prestin el servei d&#8217;electricitat i perqu\u00e8 Etecnic pugui facturar pels seus serveis enfront dels Clients. Despr\u00e9s d&#8217;aquesta comunicaci\u00f3, els Clients es configuraran com a Responsables del tractament, per la qual cosa per a m\u00e9s informaci\u00f3 sobre el tractament de dades per la seva part, haur\u00e0s d&#8217;accedir a la seva pol\u00edtica de privacitat.<\/p>\n<p style=\"margin-bottom: 15px;\"><strong>Exercici de drets<\/strong><br \/>\nAix\u00ed mateix, l&#8217;Usuari pot revocar el consentiment per al tractament, fent exercici dels drets d&#8217;acc\u00e9s, rectificaci\u00f3, supressi\u00f3, portabilitat, oposici\u00f3 i limitaci\u00f3 al tractament, posant-ho en coneixement d&#8217;EVcharge a trav\u00e9s d&#8217;un correu electr\u00f2nic dirigit a <a style=\"color: inherit;\" href=\"mailto:support@etecnic.es\">support@etecnic.es<\/a> o indicant-ho a la adre\u00e7a amunt indicada, assenyalant com a assumpte \u201cProtecci\u00f3 de Dades\u201d. En alguna ocasi\u00f3 especial, podrem sol\u00b7licitar a l&#8217;Usuari que acrediti la seva identitat mitjan\u00e7ant un document oficial, per exemple per evitar l&#8217;acc\u00e9s a les seves dades per part de tercers.<br \/>\nPer \u00faltim, l&#8217;Usuari podr\u00e0 comunicar qualsevol modificaci\u00f3 per escrit o sol\u00b7licitar la baixa, indicant-ho en qualsevol de les adreces facilitades.<br \/>\nEn qualsevol moment, l&#8217;Usuari podr\u00e0 presentar una reclamaci\u00f3 davant l&#8217;Ag\u00e8ncia Espanyola de Protecci\u00f3 de Dades per fer valer els seus drets.<\/p>\n<p style=\"margin-bottom: 15px;\"><strong>Modificaci\u00f3 de la Pol\u00edtica de privacitat<\/strong><br \/>\nEVcharge es reserva el dret de modificar en qualsevol moment la seva pol\u00edtica de privacitat, respectant la legislaci\u00f3 vigent en mat\u00e8ria de protecci\u00f3 de dades i pr\u00e8via la deguda comunicaci\u00f3 als interessats.<\/p>\n<p style=\"margin-bottom: 15px;\"><strong>Idioma aplicable a la present pol\u00edtica de privacitat<\/strong><br \/>\nL&#8217;idioma aplicable a aquesta Pol\u00edtica de Privacitat \u00e9s l&#8217;espanyol. Qualsevol versi\u00f3 d&#8217;aquesta en un idioma diferent s&#8217;ofereix per a comoditat de l&#8217;Usuari i per facilitar la seva comprensi\u00f3. No obstant aix\u00f2, aquesta Pol\u00edtica de Privacitat es regir\u00e0 sempre per la seva versi\u00f3 en espanyol.<br \/>\nEn cas de contradicci\u00f3 entre la Pol\u00edtica de Privacitat en qualsevol idioma i la seva versi\u00f3 en espanyol, prevaldr\u00e0 la versi\u00f3 en espanyol.<\/p>\n<p>Gener 2026<\/p>\n<\/div>\n\t\t\t\t\t\t\t\t<\/div>\n\t\t\t\t<\/div>\n\t\t\t\t<\/div>\n\t\t\t\t\t<\/div>\n\t\t\t\t<\/div>\n\t\t<div class=\"elementor-element elementor-element-4c2fa62 e-flex e-con-boxed e-con e-parent\" data-id=\"4c2fa62\" data-element_type=\"container\" data-settings=\"{&quot;jet_parallax_layout_list&quot;:[]}\">\n\t\t\t\t\t<div class=\"e-con-inner\">\n\t\t\t\t<div class=\"elementor-element elementor-element-4303db6 elementor-align-center elementor-widget elementor-widget-button\" data-id=\"4303db6\" data-element_type=\"widget\" data-widget_type=\"button.default\">\n\t\t\t\t<div class=\"elementor-widget-container\">\n\t\t\t\t\t\t\t\t\t<div class=\"elementor-button-wrapper\">\n\t\t\t\t\t<a class=\"elementor-button elementor-button-link elementor-size-sm\" href=\"https:\/\/etecnic.bisiestodeveloper.es\/wp-content\/uploads\/2026\/07\/politica-privacitat-cat-sin-metadatos.pdf\">\n\t\t\t\t\t\t<span class=\"elementor-button-content-wrapper\">\n\t\t\t\t\t\t\t\t\t<span class=\"elementor-button-text\">Descargar el documento original <\/span>\n\t\t\t\t\t<\/span>\n\t\t\t\t\t<\/a>\n\t\t\t\t<\/div>\n\t\t\t\t\t\t\t\t<\/div>\n\t\t\t\t<\/div>\n\t\t\t\t<div class=\"elementor-element elementor-element-eafd0f9 elementor-widget elementor-widget-spacer\" data-id=\"eafd0f9\" data-element_type=\"widget\" data-widget_type=\"spacer.default\">\n\t\t\t\t<div class=\"elementor-widget-container\">\n\t\t\t\t\t\t\t<div class=\"elementor-spacer\">\n\t\t\t<div class=\"elementor-spacer-inner\"><\/div>\n\t\t<\/div>\n\t\t\t\t\t\t<\/div>\n\t\t\t\t<\/div>\n\t\t\t\t\t<\/div>\n\t\t\t\t<\/div>\n\t\t\t\t<\/div>\n\t\t","protected":false},"excerpt":{"rendered":"<p>Pol\u00edtica de Privacitat Responsable del tractament El responsable del tractament de les dades recollides \u00e9s Etecnic Movilidad El\u00e9ctrica, S.L. amb NIF B55667562 (d&#8217;ara endavant Etecnic) i domicili a Carrer Argentera, 25 Baixos, 43206 Reus \u2013 Tarragona titular de la Plataforma anomenada EVcharge, accessible a trav\u00e9s del Lloc Web https:\/\/etecnic.net\/ i de l&#8217;Aplicaci\u00f3 M\u00f2bil EVcharge (d&#8217;ara [&hellip;]<\/p>\n","protected":false},"author":1,"featured_media":0,"parent":0,"menu_order":0,"comment_status":"closed","ping_status":"closed","template":"","meta":{"footnotes":""},"class_list":["post-35232","page","type-page","status-publish","hentry"],"yoast_head":"<!-- This site is optimized with the Yoast SEO plugin v26.5 - https:\/\/yoast.com\/wordpress\/plugins\/seo\/ -->\n<title>Pol\u00edtica de privacitat - Etecnic<\/title>\n<meta name=\"robots\" content=\"noindex, follow, max-snippet:-1, max-image-preview:large, max-video-preview:-1\" \/>\n<meta property=\"og:locale\" content=\"ca_ES\" \/>\n<meta property=\"og:type\" content=\"article\" \/>\n<meta property=\"og:title\" content=\"Pol\u00edtica de privacitat - Etecnic\" \/>\n<meta property=\"og:description\" content=\"Pol\u00edtica de Privacitat Responsable del tractament El responsable del tractament de les dades recollides \u00e9s Etecnic Movilidad El\u00e9ctrica, S.L. amb NIF B55667562 (d&#8217;ara endavant Etecnic) i domicili a Carrer Argentera, 25 Baixos, 43206 Reus \u2013 Tarragona titular de la Plataforma anomenada EVcharge, accessible a trav\u00e9s del Lloc Web https:\/\/etecnic.net\/ i de l&#8217;Aplicaci\u00f3 M\u00f2bil EVcharge (d&#8217;ara [&hellip;]\" \/>\n<meta property=\"og:url\" content=\"https:\/\/etecnic.bisiestodeveloper.es\/ca\/politica-de-privacitat\/\" \/>\n<meta property=\"og:site_name\" content=\"Etecnic\" \/>\n<meta property=\"article:modified_time\" content=\"2026-07-22T10:06:26+00:00\" \/>\n<meta name=\"twitter:card\" content=\"summary_large_image\" \/>\n<meta name=\"twitter:label1\" content=\"Temps estimat de lectura\" \/>\n\t<meta name=\"twitter:data1\" content=\"8 minuts\" \/>\n<script type=\"application\/ld+json\" class=\"yoast-schema-graph\">{\"@context\":\"https:\/\/schema.org\",\"@graph\":[{\"@type\":\"WebPage\",\"@id\":\"https:\/\/etecnic.bisiestodeveloper.es\/ca\/politica-de-privacitat\/\",\"url\":\"https:\/\/etecnic.bisiestodeveloper.es\/ca\/politica-de-privacitat\/\",\"name\":\"Pol\u00edtica de privacitat - Etecnic\",\"isPartOf\":{\"@id\":\"https:\/\/etecnic.bisiestodeveloper.es\/ca\/#website\"},\"datePublished\":\"2025-07-16T09:57:06+00:00\",\"dateModified\":\"2026-07-22T10:06:26+00:00\",\"breadcrumb\":{\"@id\":\"https:\/\/etecnic.bisiestodeveloper.es\/ca\/politica-de-privacitat\/#breadcrumb\"},\"inLanguage\":\"ca\",\"potentialAction\":[{\"@type\":\"ReadAction\",\"target\":[\"https:\/\/etecnic.bisiestodeveloper.es\/ca\/politica-de-privacitat\/\"]}]},{\"@type\":\"BreadcrumbList\",\"@id\":\"https:\/\/etecnic.bisiestodeveloper.es\/ca\/politica-de-privacitat\/#breadcrumb\",\"itemListElement\":[{\"@type\":\"ListItem\",\"position\":1,\"name\":\"Portada\",\"item\":\"https:\/\/etecnic.bisiestodeveloper.es\/ca\/\"},{\"@type\":\"ListItem\",\"position\":2,\"name\":\"Pol\u00edtica de privacitat\"}]},{\"@type\":\"WebSite\",\"@id\":\"https:\/\/etecnic.bisiestodeveloper.es\/ca\/#website\",\"url\":\"https:\/\/etecnic.bisiestodeveloper.es\/ca\/\",\"name\":\"Etecnic\",\"description\":\"\",\"publisher\":{\"@id\":\"https:\/\/etecnic.bisiestodeveloper.es\/ca\/#organization\"},\"potentialAction\":[{\"@type\":\"SearchAction\",\"target\":{\"@type\":\"EntryPoint\",\"urlTemplate\":\"https:\/\/etecnic.bisiestodeveloper.es\/ca\/?s={search_term_string}\"},\"query-input\":{\"@type\":\"PropertyValueSpecification\",\"valueRequired\":true,\"valueName\":\"search_term_string\"}}],\"inLanguage\":\"ca\"},{\"@type\":\"Organization\",\"@id\":\"https:\/\/etecnic.bisiestodeveloper.es\/ca\/#organization\",\"name\":\"Etecnic\",\"url\":\"https:\/\/etecnic.bisiestodeveloper.es\/ca\/\",\"logo\":{\"@type\":\"ImageObject\",\"inLanguage\":\"ca\",\"@id\":\"https:\/\/etecnic.bisiestodeveloper.es\/ca\/#\/schema\/logo\/image\/\",\"url\":\"https:\/\/etecnic.bisiestodeveloper.es\/wp-content\/uploads\/2025\/06\/logo-etecnic-blanco.png\",\"contentUrl\":\"https:\/\/etecnic.bisiestodeveloper.es\/wp-content\/uploads\/2025\/06\/logo-etecnic-blanco.png\",\"width\":1000,\"height\":500,\"caption\":\"Etecnic\"},\"image\":{\"@id\":\"https:\/\/etecnic.bisiestodeveloper.es\/ca\/#\/schema\/logo\/image\/\"}}]}<\/script>\n<!-- \/ Yoast SEO plugin. -->","yoast_head_json":{"title":"Pol\u00edtica de privacitat - Etecnic","robots":{"index":"noindex","follow":"follow","max-snippet":"max-snippet:-1","max-image-preview":"max-image-preview:large","max-video-preview":"max-video-preview:-1"},"og_locale":"ca_ES","og_type":"article","og_title":"Pol\u00edtica de privacitat - Etecnic","og_description":"Pol\u00edtica de Privacitat Responsable del tractament El responsable del tractament de les dades recollides \u00e9s Etecnic Movilidad El\u00e9ctrica, S.L. amb NIF B55667562 (d&#8217;ara endavant Etecnic) i domicili a Carrer Argentera, 25 Baixos, 43206 Reus \u2013 Tarragona titular de la Plataforma anomenada EVcharge, accessible a trav\u00e9s del Lloc Web https:\/\/etecnic.net\/ i de l&#8217;Aplicaci\u00f3 M\u00f2bil EVcharge (d&#8217;ara [&hellip;]","og_url":"https:\/\/etecnic.bisiestodeveloper.es\/ca\/politica-de-privacitat\/","og_site_name":"Etecnic","article_modified_time":"2026-07-22T10:06:26+00:00","twitter_card":"summary_large_image","twitter_misc":{"Temps estimat de lectura":"8 minuts"},"schema":{"@context":"https:\/\/schema.org","@graph":[{"@type":"WebPage","@id":"https:\/\/etecnic.bisiestodeveloper.es\/ca\/politica-de-privacitat\/","url":"https:\/\/etecnic.bisiestodeveloper.es\/ca\/politica-de-privacitat\/","name":"Pol\u00edtica de privacitat - Etecnic","isPartOf":{"@id":"https:\/\/etecnic.bisiestodeveloper.es\/ca\/#website"},"datePublished":"2025-07-16T09:57:06+00:00","dateModified":"2026-07-22T10:06:26+00:00","breadcrumb":{"@id":"https:\/\/etecnic.bisiestodeveloper.es\/ca\/politica-de-privacitat\/#breadcrumb"},"inLanguage":"ca","potentialAction":[{"@type":"ReadAction","target":["https:\/\/etecnic.bisiestodeveloper.es\/ca\/politica-de-privacitat\/"]}]},{"@type":"BreadcrumbList","@id":"https:\/\/etecnic.bisiestodeveloper.es\/ca\/politica-de-privacitat\/#breadcrumb","itemListElement":[{"@type":"ListItem","position":1,"name":"Portada","item":"https:\/\/etecnic.bisiestodeveloper.es\/ca\/"},{"@type":"ListItem","position":2,"name":"Pol\u00edtica de privacitat"}]},{"@type":"WebSite","@id":"https:\/\/etecnic.bisiestodeveloper.es\/ca\/#website","url":"https:\/\/etecnic.bisiestodeveloper.es\/ca\/","name":"Etecnic","description":"","publisher":{"@id":"https:\/\/etecnic.bisiestodeveloper.es\/ca\/#organization"},"potentialAction":[{"@type":"SearchAction","target":{"@type":"EntryPoint","urlTemplate":"https:\/\/etecnic.bisiestodeveloper.es\/ca\/?s={search_term_string}"},"query-input":{"@type":"PropertyValueSpecification","valueRequired":true,"valueName":"search_term_string"}}],"inLanguage":"ca"},{"@type":"Organization","@id":"https:\/\/etecnic.bisiestodeveloper.es\/ca\/#organization","name":"Etecnic","url":"https:\/\/etecnic.bisiestodeveloper.es\/ca\/","logo":{"@type":"ImageObject","inLanguage":"ca","@id":"https:\/\/etecnic.bisiestodeveloper.es\/ca\/#\/schema\/logo\/image\/","url":"https:\/\/etecnic.bisiestodeveloper.es\/wp-content\/uploads\/2025\/06\/logo-etecnic-blanco.png","contentUrl":"https:\/\/etecnic.bisiestodeveloper.es\/wp-content\/uploads\/2025\/06\/logo-etecnic-blanco.png","width":1000,"height":500,"caption":"Etecnic"},"image":{"@id":"https:\/\/etecnic.bisiestodeveloper.es\/ca\/#\/schema\/logo\/image\/"}}]}},"_links":{"self":[{"href":"https:\/\/etecnic.bisiestodeveloper.es\/ca\/wp-json\/wp\/v2\/pages\/35232","targetHints":{"allow":["GET"]}}],"collection":[{"href":"https:\/\/etecnic.bisiestodeveloper.es\/ca\/wp-json\/wp\/v2\/pages"}],"about":[{"href":"https:\/\/etecnic.bisiestodeveloper.es\/ca\/wp-json\/wp\/v2\/types\/page"}],"author":[{"embeddable":true,"href":"https:\/\/etecnic.bisiestodeveloper.es\/ca\/wp-json\/wp\/v2\/users\/1"}],"replies":[{"embeddable":true,"href":"https:\/\/etecnic.bisiestodeveloper.es\/ca\/wp-json\/wp\/v2\/comments?post=35232"}],"version-history":[{"count":4,"href":"https:\/\/etecnic.bisiestodeveloper.es\/ca\/wp-json\/wp\/v2\/pages\/35232\/revisions"}],"predecessor-version":[{"id":35881,"href":"https:\/\/etecnic.bisiestodeveloper.es\/ca\/wp-json\/wp\/v2\/pages\/35232\/revisions\/35881"}],"wp:attachment":[{"href":"https:\/\/etecnic.bisiestodeveloper.es\/ca\/wp-json\/wp\/v2\/media?parent=35232"}],"curies":[{"name":"wp","href":"https:\/\/api.w.org\/{rel}","templated":true}]}}