{"id":35224,"date":"2025-08-13T10:54:42","date_gmt":"2025-08-13T10:54:42","guid":{"rendered":"https:\/\/etecnic.bisiestodeveloper.es\/politica-de-qualitat-i-medi-ambient\/"},"modified":"2026-07-22T10:00:28","modified_gmt":"2026-07-22T10:00:28","slug":"politica-de-qualitat-i-medi-ambient","status":"publish","type":"page","link":"https:\/\/etecnic.bisiestodeveloper.es\/ca\/politica-de-qualitat-i-medi-ambient\/","title":{"rendered":"Pol\u00edtica de qualitat i medi ambient"},"content":{"rendered":"\t\t<div data-elementor-type=\"wp-page\" data-elementor-id=\"35224\" class=\"elementor elementor-35224 elementor-1531\" data-elementor-post-type=\"page\">\n\t\t\t\t<div class=\"elementor-element elementor-element-81ca0a0 e-con-full e-flex e-con e-parent\" data-id=\"81ca0a0\" data-element_type=\"container\" data-settings=\"{&quot;jet_parallax_layout_list&quot;:[]}\">\n\t\t\t\t<div class=\"elementor-element elementor-element-7898e14 elementor-widget elementor-widget-template\" data-id=\"7898e14\" data-element_type=\"widget\" data-widget_type=\"template.default\">\n\t\t\t\t<div class=\"elementor-widget-container\">\n\t\t\t\t\t\t\t<div class=\"elementor-template\">\n\t\t\t\t\t<div data-elementor-type=\"container\" data-elementor-id=\"35897\" class=\"elementor elementor-35897 elementor-1090\" data-elementor-post-type=\"elementor_library\">\n\t\t\t\t<section class=\"elementor-element elementor-element-5b183af3 hero container e-flex e-con-boxed e-con e-parent\" data-id=\"5b183af3\" data-element_type=\"container\" data-settings=\"{&quot;background_background&quot;:&quot;classic&quot;,&quot;jet_parallax_layout_list&quot;:[]}\">\n\t\t\t\t\t<div class=\"e-con-inner\">\n\t\t<div class=\"elementor-element elementor-element-7d18c685 e-con-full e-flex e-con e-child\" data-id=\"7d18c685\" data-element_type=\"container\" data-settings=\"{&quot;jet_parallax_layout_list&quot;:[]}\">\n\t\t\t\t<div class=\"elementor-element elementor-element-17f2655e text-color-white elementor-widget elementor-widget-heading\" data-id=\"17f2655e\" data-element_type=\"widget\" data-widget_type=\"heading.default\">\n\t\t\t\t<div class=\"elementor-widget-container\">\n\t\t\t\t\t<h1 class=\"elementor-heading-title elementor-size-default\">Pol\u00edtica de qualitat i medi ambient<\/h1>\t\t\t\t<\/div>\n\t\t\t\t<\/div>\n\t\t\t\t<\/div>\n\t\t\t\t\t<\/div>\n\t\t\t\t<\/section>\n\t\t\t\t<\/div>\n\t\t\t\t<\/div>\n\t\t\t\t\t\t<\/div>\n\t\t\t\t<\/div>\n\t\t\t\t<\/div>\n\t\t<div class=\"elementor-element elementor-element-3896afd container e-flex e-con-boxed e-con e-parent\" data-id=\"3896afd\" data-element_type=\"container\" data-settings=\"{&quot;jet_parallax_layout_list&quot;:[]}\">\n\t\t\t\t\t<div class=\"e-con-inner\">\n\t\t<div class=\"elementor-element elementor-element-43608ba e-con-full e-flex e-con e-child\" data-id=\"43608ba\" data-element_type=\"container\" data-settings=\"{&quot;jet_parallax_layout_list&quot;:[]}\">\n\t\t\t\t<div class=\"elementor-element elementor-element-ea60a52 elementor-widget elementor-widget-text-editor\" data-id=\"ea60a52\" data-element_type=\"widget\" data-widget_type=\"text-editor.default\">\n\t\t\t\t<div class=\"elementor-widget-container\">\n\t\t\t\t\t\t\t\t\t<p style=\"margin-bottom: 15px;\"><strong>ETECNIC MOVILIDAD EL\u00c9CTRICA, S.L.<\/strong> es compromet que la Qualitat dels serveis prestats sigui un fidel reflex de les expectatives de cada client, amb la finalitat de garantir l&#8217;\u00e8xit de la companyia a llarg termini. Per aquesta ra\u00f3, <strong>ETECNIC MOVILIDAD EL\u00c9CTRICA, S.L.<\/strong> estableix i assumeix els seg\u00fcents principis d&#8217;actuaci\u00f3:<\/p>\n<ol style=\"padding-left: 20px;\">\n<li style=\"margin-bottom: 15px;\">La Pol\u00edtica de Qualitat i Medi Ambient definida per <strong>ETECNIC MOVILIDAD EL\u00c9CTRICA, S.L.<\/strong> \u00e9s plenament adequada al prop\u00f2sit de l&#8217;organitzaci\u00f3, aix\u00ed com a la naturalesa, magnitud i impacte ambiental de les activitats desenvolupades.<\/li>\n<li style=\"margin-bottom: 15px;\">La Qualitat final dels productes i serveis prestats per <strong>ETECNIC MOVILIDAD EL\u00c9CTRICA, S.L.<\/strong> \u00e9s el resultat de l&#8217;execuci\u00f3 d&#8217;accions planificades i orientades a la satisfacci\u00f3 del client. Aquestes accions, al seu torn, es deriven de les tasques de detecci\u00f3, prevenci\u00f3, correcci\u00f3 i millora cont\u00ednua.<\/li>\n<li style=\"margin-bottom: 15px;\"><strong>ETECNIC MOVILIDAD EL\u00c9CTRICA, S.L.<\/strong> es compromet al compliment general de tots els requisits legals, reglamentaris i d&#8217;altres que l&#8217;organitzaci\u00f3 subscrigui relacionats amb els aspectes ambientals, aix\u00ed com amb els interessos dels clients i de les autoritats.<\/li>\n<li style=\"margin-bottom: 15px;\">Les expectatives dels clients s\u00f3n el criteri essencial per establir el patr\u00f3 de Qualitat dels serveis de la nostra empresa.<\/li>\n<li style=\"margin-bottom: 15px;\">Cada col\u00b7laborador d&#8217;<strong>ETECNIC MOVILIDAD EL\u00c9CTRICA, S.L.<\/strong> \u00e9s responsable d&#8217;executar les seves tasques d&#8217;acord amb els est\u00e0ndards de Qualitat i millora cont\u00ednua establerts. Aix\u00ed mateix, totes les aportacions, suggeriments i propostes seran examinades i incorporades amb la finalitat de millorar el Sistema de Gesti\u00f3 de Qualitat i Medi Ambient de l&#8217;organitzaci\u00f3.<\/li>\n<li style=\"margin-bottom: 15px;\">L&#8217;adequada aplicaci\u00f3 de la Pol\u00edtica exigeix la col\u00b7laboraci\u00f3 i integraci\u00f3 plena de tot el personal d&#8217;<strong>ETECNIC MOVILIDAD EL\u00c9CTRICA, S.L.<\/strong> Per aquesta ra\u00f3, la Direcci\u00f3 considera priorit\u00e0ries les pol\u00edtiques de motivaci\u00f3 i de formaci\u00f3 de tots i cadascun dels col\u00b7laboradors.<\/li>\n<li style=\"margin-bottom: 15px;\"><strong>ETECNIC MOVILIDAD EL\u00c9CTRICA, S.L.<\/strong> estableix una sistem\u00e0tica per analitzar el comportament dels seus processos cr\u00edtics i fixa i revisa de manera peri\u00f2dica els objectius de qualitat i medi ambient.<\/li>\n<\/ol>\n<p>Novembre 2025<\/p>\n<p style=\"text-align: right; margin-top: 30px;\">\n\t\t\t\t\t\t\t\t<\/div>\n\t\t\t\t<\/div>\n\t\t\t\t<div class=\"elementor-element elementor-element-bd6545d elementor-align-center elementor-widget elementor-widget-button\" data-id=\"bd6545d\" data-element_type=\"widget\" data-widget_type=\"button.default\">\n\t\t\t\t<div class=\"elementor-widget-container\">\n\t\t\t\t\t\t\t\t\t<div class=\"elementor-button-wrapper\">\n\t\t\t\t\t<a class=\"elementor-button elementor-button-link elementor-size-sm\" href=\"https:\/\/etecnic.bisiestodeveloper.es\/wp-content\/uploads\/2026\/07\/Qualitat_Medi_Ambient_CAT_sin_metadatos.pdf\" target=\"_blank\">\n\t\t\t\t\t\t<span class=\"elementor-button-content-wrapper\">\n\t\t\t\t\t\t\t\t\t<span class=\"elementor-button-text\"> Desc\u00e0rrega el document original<\/span>\n\t\t\t\t\t<\/span>\n\t\t\t\t\t<\/a>\n\t\t\t\t<\/div>\n\t\t\t\t\t\t\t\t<\/div>\n\t\t\t\t<\/div>\n\t\t\t\t<\/div>\n\t\t\t\t\t<\/div>\n\t\t\t\t<\/div>\n\t\t<div class=\"elementor-element elementor-element-eb7dede e-flex e-con-boxed e-con e-parent\" data-id=\"eb7dede\" data-element_type=\"container\" data-settings=\"{&quot;jet_parallax_layout_list&quot;:[]}\">\n\t\t\t\t\t<div class=\"e-con-inner\">\n\t\t<div class=\"elementor-element elementor-element-e73e3e6 e-con-full e-flex e-con e-child\" data-id=\"e73e3e6\" data-element_type=\"container\" data-settings=\"{&quot;jet_parallax_layout_list&quot;:[]}\">\n\t\t\t\t<\/div>\n\t\t<div class=\"elementor-element elementor-element-72a3430 e-con-full e-flex e-con e-child\" data-id=\"72a3430\" data-element_type=\"container\" data-settings=\"{&quot;jet_parallax_layout_list&quot;:[]}\">\n\t\t\t\t<\/div>\n\t\t\t\t\t<\/div>\n\t\t\t\t<\/div>\n\t\t\t\t<\/div>\n\t\t","protected":false},"excerpt":{"rendered":"<p>ETECNIC MOVILIDAD EL\u00c9CTRICA, S.L. es compromet que la Qualitat dels serveis prestats sigui un fidel reflex de les expectatives de cada client, amb la finalitat de garantir l&#8217;\u00e8xit de la companyia a llarg termini. Per aquesta ra\u00f3, ETECNIC MOVILIDAD EL\u00c9CTRICA, S.L. estableix i assumeix els seg\u00fcents principis d&#8217;actuaci\u00f3: La Pol\u00edtica de Qualitat i Medi Ambient [&hellip;]<\/p>\n","protected":false},"author":1,"featured_media":0,"parent":0,"menu_order":0,"comment_status":"closed","ping_status":"closed","template":"","meta":{"footnotes":""},"class_list":["post-35224","page","type-page","status-publish","hentry"],"yoast_head":"<!-- This site is optimized with the Yoast SEO plugin v26.5 - https:\/\/yoast.com\/wordpress\/plugins\/seo\/ -->\n<title>Pol\u00edtica de qualitat i medi ambient - Etecnic<\/title>\n<meta name=\"robots\" content=\"noindex, follow, max-snippet:-1, max-image-preview:large, max-video-preview:-1\" \/>\n<meta property=\"og:locale\" content=\"ca_ES\" \/>\n<meta property=\"og:type\" content=\"article\" \/>\n<meta property=\"og:title\" content=\"Pol\u00edtica de qualitat i medi ambient - Etecnic\" \/>\n<meta property=\"og:description\" content=\"ETECNIC MOVILIDAD EL\u00c9CTRICA, S.L. es compromet que la Qualitat dels serveis prestats sigui un fidel reflex de les expectatives de cada client, amb la finalitat de garantir l&#8217;\u00e8xit de la companyia a llarg termini. Per aquesta ra\u00f3, ETECNIC MOVILIDAD EL\u00c9CTRICA, S.L. estableix i assumeix els seg\u00fcents principis d&#8217;actuaci\u00f3: La Pol\u00edtica de Qualitat i Medi Ambient [&hellip;]\" \/>\n<meta property=\"og:url\" content=\"https:\/\/etecnic.bisiestodeveloper.es\/ca\/politica-de-qualitat-i-medi-ambient\/\" \/>\n<meta property=\"og:site_name\" content=\"Etecnic\" \/>\n<meta property=\"article:modified_time\" content=\"2026-07-22T10:00:28+00:00\" \/>\n<meta name=\"twitter:card\" content=\"summary_large_image\" \/>\n<meta name=\"twitter:label1\" content=\"Temps estimat de lectura\" \/>\n\t<meta name=\"twitter:data1\" content=\"2 minuts\" \/>\n<script type=\"application\/ld+json\" class=\"yoast-schema-graph\">{\"@context\":\"https:\/\/schema.org\",\"@graph\":[{\"@type\":\"WebPage\",\"@id\":\"https:\/\/etecnic.bisiestodeveloper.es\/ca\/politica-de-qualitat-i-medi-ambient\/\",\"url\":\"https:\/\/etecnic.bisiestodeveloper.es\/ca\/politica-de-qualitat-i-medi-ambient\/\",\"name\":\"Pol\u00edtica de qualitat i medi ambient - Etecnic\",\"isPartOf\":{\"@id\":\"https:\/\/etecnic.bisiestodeveloper.es\/ca\/#website\"},\"datePublished\":\"2025-08-13T10:54:42+00:00\",\"dateModified\":\"2026-07-22T10:00:28+00:00\",\"breadcrumb\":{\"@id\":\"https:\/\/etecnic.bisiestodeveloper.es\/ca\/politica-de-qualitat-i-medi-ambient\/#breadcrumb\"},\"inLanguage\":\"ca\",\"potentialAction\":[{\"@type\":\"ReadAction\",\"target\":[\"https:\/\/etecnic.bisiestodeveloper.es\/ca\/politica-de-qualitat-i-medi-ambient\/\"]}]},{\"@type\":\"BreadcrumbList\",\"@id\":\"https:\/\/etecnic.bisiestodeveloper.es\/ca\/politica-de-qualitat-i-medi-ambient\/#breadcrumb\",\"itemListElement\":[{\"@type\":\"ListItem\",\"position\":1,\"name\":\"Portada\",\"item\":\"https:\/\/etecnic.bisiestodeveloper.es\/ca\/\"},{\"@type\":\"ListItem\",\"position\":2,\"name\":\"Pol\u00edtica de qualitat i medi ambient\"}]},{\"@type\":\"WebSite\",\"@id\":\"https:\/\/etecnic.bisiestodeveloper.es\/ca\/#website\",\"url\":\"https:\/\/etecnic.bisiestodeveloper.es\/ca\/\",\"name\":\"Etecnic\",\"description\":\"\",\"publisher\":{\"@id\":\"https:\/\/etecnic.bisiestodeveloper.es\/ca\/#organization\"},\"potentialAction\":[{\"@type\":\"SearchAction\",\"target\":{\"@type\":\"EntryPoint\",\"urlTemplate\":\"https:\/\/etecnic.bisiestodeveloper.es\/ca\/?s={search_term_string}\"},\"query-input\":{\"@type\":\"PropertyValueSpecification\",\"valueRequired\":true,\"valueName\":\"search_term_string\"}}],\"inLanguage\":\"ca\"},{\"@type\":\"Organization\",\"@id\":\"https:\/\/etecnic.bisiestodeveloper.es\/ca\/#organization\",\"name\":\"Etecnic\",\"url\":\"https:\/\/etecnic.bisiestodeveloper.es\/ca\/\",\"logo\":{\"@type\":\"ImageObject\",\"inLanguage\":\"ca\",\"@id\":\"https:\/\/etecnic.bisiestodeveloper.es\/ca\/#\/schema\/logo\/image\/\",\"url\":\"https:\/\/etecnic.bisiestodeveloper.es\/wp-content\/uploads\/2025\/06\/logo-etecnic-blanco.png\",\"contentUrl\":\"https:\/\/etecnic.bisiestodeveloper.es\/wp-content\/uploads\/2025\/06\/logo-etecnic-blanco.png\",\"width\":1000,\"height\":500,\"caption\":\"Etecnic\"},\"image\":{\"@id\":\"https:\/\/etecnic.bisiestodeveloper.es\/ca\/#\/schema\/logo\/image\/\"}}]}<\/script>\n<!-- \/ Yoast SEO plugin. -->","yoast_head_json":{"title":"Pol\u00edtica de qualitat i medi ambient - Etecnic","robots":{"index":"noindex","follow":"follow","max-snippet":"max-snippet:-1","max-image-preview":"max-image-preview:large","max-video-preview":"max-video-preview:-1"},"og_locale":"ca_ES","og_type":"article","og_title":"Pol\u00edtica de qualitat i medi ambient - Etecnic","og_description":"ETECNIC MOVILIDAD EL\u00c9CTRICA, S.L. es compromet que la Qualitat dels serveis prestats sigui un fidel reflex de les expectatives de cada client, amb la finalitat de garantir l&#8217;\u00e8xit de la companyia a llarg termini. Per aquesta ra\u00f3, ETECNIC MOVILIDAD EL\u00c9CTRICA, S.L. estableix i assumeix els seg\u00fcents principis d&#8217;actuaci\u00f3: La Pol\u00edtica de Qualitat i Medi Ambient [&hellip;]","og_url":"https:\/\/etecnic.bisiestodeveloper.es\/ca\/politica-de-qualitat-i-medi-ambient\/","og_site_name":"Etecnic","article_modified_time":"2026-07-22T10:00:28+00:00","twitter_card":"summary_large_image","twitter_misc":{"Temps estimat de lectura":"2 minuts"},"schema":{"@context":"https:\/\/schema.org","@graph":[{"@type":"WebPage","@id":"https:\/\/etecnic.bisiestodeveloper.es\/ca\/politica-de-qualitat-i-medi-ambient\/","url":"https:\/\/etecnic.bisiestodeveloper.es\/ca\/politica-de-qualitat-i-medi-ambient\/","name":"Pol\u00edtica de qualitat i medi ambient - Etecnic","isPartOf":{"@id":"https:\/\/etecnic.bisiestodeveloper.es\/ca\/#website"},"datePublished":"2025-08-13T10:54:42+00:00","dateModified":"2026-07-22T10:00:28+00:00","breadcrumb":{"@id":"https:\/\/etecnic.bisiestodeveloper.es\/ca\/politica-de-qualitat-i-medi-ambient\/#breadcrumb"},"inLanguage":"ca","potentialAction":[{"@type":"ReadAction","target":["https:\/\/etecnic.bisiestodeveloper.es\/ca\/politica-de-qualitat-i-medi-ambient\/"]}]},{"@type":"BreadcrumbList","@id":"https:\/\/etecnic.bisiestodeveloper.es\/ca\/politica-de-qualitat-i-medi-ambient\/#breadcrumb","itemListElement":[{"@type":"ListItem","position":1,"name":"Portada","item":"https:\/\/etecnic.bisiestodeveloper.es\/ca\/"},{"@type":"ListItem","position":2,"name":"Pol\u00edtica de qualitat i medi ambient"}]},{"@type":"WebSite","@id":"https:\/\/etecnic.bisiestodeveloper.es\/ca\/#website","url":"https:\/\/etecnic.bisiestodeveloper.es\/ca\/","name":"Etecnic","description":"","publisher":{"@id":"https:\/\/etecnic.bisiestodeveloper.es\/ca\/#organization"},"potentialAction":[{"@type":"SearchAction","target":{"@type":"EntryPoint","urlTemplate":"https:\/\/etecnic.bisiestodeveloper.es\/ca\/?s={search_term_string}"},"query-input":{"@type":"PropertyValueSpecification","valueRequired":true,"valueName":"search_term_string"}}],"inLanguage":"ca"},{"@type":"Organization","@id":"https:\/\/etecnic.bisiestodeveloper.es\/ca\/#organization","name":"Etecnic","url":"https:\/\/etecnic.bisiestodeveloper.es\/ca\/","logo":{"@type":"ImageObject","inLanguage":"ca","@id":"https:\/\/etecnic.bisiestodeveloper.es\/ca\/#\/schema\/logo\/image\/","url":"https:\/\/etecnic.bisiestodeveloper.es\/wp-content\/uploads\/2025\/06\/logo-etecnic-blanco.png","contentUrl":"https:\/\/etecnic.bisiestodeveloper.es\/wp-content\/uploads\/2025\/06\/logo-etecnic-blanco.png","width":1000,"height":500,"caption":"Etecnic"},"image":{"@id":"https:\/\/etecnic.bisiestodeveloper.es\/ca\/#\/schema\/logo\/image\/"}}]}},"_links":{"self":[{"href":"https:\/\/etecnic.bisiestodeveloper.es\/ca\/wp-json\/wp\/v2\/pages\/35224","targetHints":{"allow":["GET"]}}],"collection":[{"href":"https:\/\/etecnic.bisiestodeveloper.es\/ca\/wp-json\/wp\/v2\/pages"}],"about":[{"href":"https:\/\/etecnic.bisiestodeveloper.es\/ca\/wp-json\/wp\/v2\/types\/page"}],"author":[{"embeddable":true,"href":"https:\/\/etecnic.bisiestodeveloper.es\/ca\/wp-json\/wp\/v2\/users\/1"}],"replies":[{"embeddable":true,"href":"https:\/\/etecnic.bisiestodeveloper.es\/ca\/wp-json\/wp\/v2\/comments?post=35224"}],"version-history":[{"count":7,"href":"https:\/\/etecnic.bisiestodeveloper.es\/ca\/wp-json\/wp\/v2\/pages\/35224\/revisions"}],"predecessor-version":[{"id":35879,"href":"https:\/\/etecnic.bisiestodeveloper.es\/ca\/wp-json\/wp\/v2\/pages\/35224\/revisions\/35879"}],"wp:attachment":[{"href":"https:\/\/etecnic.bisiestodeveloper.es\/ca\/wp-json\/wp\/v2\/media?parent=35224"}],"curies":[{"name":"wp","href":"https:\/\/api.w.org\/{rel}","templated":true}]}}