{"id":35186,"date":"2025-07-16T09:23:35","date_gmt":"2025-07-16T09:23:35","guid":{"rendered":"https:\/\/etecnic.bisiestodeveloper.es\/esdeveniments\/"},"modified":"2026-09-03T08:09:06","modified_gmt":"2026-09-03T08:09:06","slug":"esdeveniments-etecnic","status":"publish","type":"page","link":"https:\/\/etecnic.bisiestodeveloper.es\/ca\/esdeveniments-etecnic\/","title":{"rendered":"Esdeveniments"},"content":{"rendered":"\t\t<div data-elementor-type=\"wp-page\" data-elementor-id=\"35186\" class=\"elementor elementor-35186 elementor-294\" data-elementor-post-type=\"page\">\n\t\t\t\t<section class=\"elementor-element elementor-element-27525fe e-con-full e-flex e-con e-parent\" data-id=\"27525fe\" data-element_type=\"container\" data-settings=\"{&quot;background_background&quot;:&quot;classic&quot;,&quot;jet_parallax_layout_list&quot;:[]}\">\n\t\t\t\t<div class=\"elementor-element elementor-element-c7f26e8 elementor-widget elementor-widget-template\" data-id=\"c7f26e8\" data-element_type=\"widget\" data-widget_type=\"template.default\">\n\t\t\t\t<div class=\"elementor-widget-container\">\n\t\t\t\t\t\t\t<div class=\"elementor-template\">\n\t\t\t\t\t<div data-elementor-type=\"container\" data-elementor-id=\"37169\" class=\"elementor elementor-37169 elementor-973\" data-elementor-post-type=\"elementor_library\">\n\t\t\t\t<section class=\"elementor-element elementor-element-b283c09 hero container e-flex e-con-boxed e-con e-parent\" data-id=\"b283c09\" data-element_type=\"container\" data-settings=\"{&quot;background_background&quot;:&quot;classic&quot;,&quot;jet_parallax_layout_list&quot;:[]}\">\n\t\t\t\t\t<div class=\"e-con-inner\">\n\t\t<div class=\"elementor-element elementor-element-4fd4a4d7 e-con-full e-flex e-con e-child\" data-id=\"4fd4a4d7\" data-element_type=\"container\" data-settings=\"{&quot;jet_parallax_layout_list&quot;:[]}\">\n\t\t\t\t<div class=\"elementor-element elementor-element-5d138d93 text-color-white elementor-widget elementor-widget-heading\" data-id=\"5d138d93\" data-element_type=\"widget\" data-widget_type=\"heading.default\">\n\t\t\t\t<div class=\"elementor-widget-container\">\n\t\t\t\t\t<h1 class=\"elementor-heading-title elementor-size-default\">Esdeveniments<\/h1>\t\t\t\t<\/div>\n\t\t\t\t<\/div>\n\t\t\t\t<\/div>\n\t\t\t\t\t<\/div>\n\t\t\t\t<\/section>\n\t\t\t\t<\/div>\n\t\t\t\t<\/div>\n\t\t\t\t\t\t<\/div>\n\t\t\t\t<\/div>\n\t\t\t\t<\/section>\n\t\t<div class=\"elementor-element elementor-element-7e4bbcd e-flex e-con-boxed e-con e-parent\" data-id=\"7e4bbcd\" data-element_type=\"container\" data-settings=\"{&quot;jet_parallax_layout_list&quot;:[]}\">\n\t\t\t\t\t<div class=\"e-con-inner\">\n\t\t\t\t<div class=\"elementor-element elementor-element-ac2658a elementor-widget elementor-widget-heading\" data-id=\"ac2658a\" data-element_type=\"widget\" data-widget_type=\"heading.default\">\n\t\t\t\t<div class=\"elementor-widget-container\">\n\t\t\t\t\t<h2 class=\"elementor-heading-title elementor-size-default\">Esdeveniments Etecnic<\/h2>\t\t\t\t<\/div>\n\t\t\t\t<\/div>\n\t\t\t\t<div class=\"elementor-element elementor-element-8a7caf9 elementor-widget elementor-widget-text-editor\" data-id=\"8a7caf9\" data-element_type=\"widget\" data-widget_type=\"text-editor.default\">\n\t\t\t\t<div class=\"elementor-widget-container\">\n\t\t\t\t\t\t\t\t\t<p>A continuaci\u00f3, et mostrem els esdeveniments i fires en els quals participem o organitzem per a estar m\u00e9s prop teu i continuar acostant la mobilitat el\u00e8ctrica a trav\u00e9s de proves de c\u00e0rrega reals, seminaris web, confer\u00e8ncies i molt m\u00e9s.<\/p>\n<p>Tria el que m\u00e9s t&#8217;interessi, inscriu-te o sol\u00b7licita la teva invitaci\u00f3. T&#8217;esperem!<\/p>\n\t\t\t\t\t\t\t\t<\/div>\n\t\t\t\t<\/div>\n\t\t\t\t<div class=\"elementor-element elementor-element-03642d6 elementor-widget elementor-widget-html\" data-id=\"03642d6\" data-element_type=\"widget\" data-widget_type=\"html.default\">\n\t\t\t\t<div class=\"elementor-widget-container\">\n\t\t\t\t\t<div class=\"etecnic-event-search-wrap\">\r\n    <div class=\"etecnic-event-search-box\">\r\n        <input\r\n            type=\"search\"\r\n            id=\"etecnic-event-search\"\r\n            placeholder=\"Cercar un esdeveniment...\"\r\n            aria-label=\"Cercar un esdeveniment\"\r\n            autocomplete=\"off\"\r\n        >\r\n\r\n        <span class=\"etecnic-event-search-icon\" aria-hidden=\"true\">\r\n            \ud83d\udd0d\r\n        <\/span>\r\n    <\/div>\r\n\r\n    <div\r\n        id=\"etecnic-event-results\"\r\n        class=\"etecnic-event-results\"\r\n        role=\"listbox\"\r\n        aria-label=\"Resultats de la cerca\"\r\n    ><\/div>\r\n<\/div>\r\n\r\n<style>\r\n.etecnic-event-search-wrap {\r\n    position: relative;\r\n    z-index: 50;\r\n    width: 100%;\r\n    max-width: 960px;\r\n    margin: 0 0 40px;\r\n}\r\n\r\n.etecnic-event-search-box {\r\n    position: relative;\r\n    width: 100%;\r\n}\r\n\r\n#etecnic-event-search {\r\n    width: 100%;\r\n    min-height: 48px;\r\n    padding: 12px 50px 12px 16px;\r\n    border: 1px solid #d8d8d8;\r\n    border-radius: 6px;\r\n    background-color: #ffffff;\r\n    color: #222222;\r\n    font-family: inherit;\r\n    font-size: 16px;\r\n    outline: none;\r\n}\r\n\r\n#etecnic-event-search:focus {\r\n    border-color: #082579;\r\n    box-shadow: 0 0 0 2px rgba(8, 37, 121, 0.12);\r\n}\r\n\r\n.etecnic-event-search-icon {\r\n    position: absolute;\r\n    top: 50%;\r\n    right: 16px;\r\n    color: #082579;\r\n    font-size: 18px;\r\n    line-height: 1;\r\n    pointer-events: none;\r\n    transform: translateY(-50%);\r\n}\r\n\r\n.etecnic-event-results {\r\n    display: none;\r\n    position: absolute;\r\n    top: calc(100% + 6px);\r\n    left: 0;\r\n    width: 100%;\r\n    max-height: 360px;\r\n    overflow-y: auto;\r\n    border: 1px solid #d8d8d8;\r\n    border-radius: 6px;\r\n    background-color: #ffffff;\r\n    box-shadow: 0 8px 24px rgba(0, 0, 0, 0.12);\r\n}\r\n\r\n.etecnic-event-results.is-open {\r\n    display: block;\r\n}\r\n\r\n.etecnic-event-result {\r\n    display: block;\r\n    width: 100%;\r\n    padding: 16px;\r\n    border: 0;\r\n    border-bottom: 1px solid #eeeeee;\r\n    background-color: #ffffff;\r\n    color: #14a7e0;\r\n    font-family: inherit;\r\n    font-size: 17px;\r\n    font-weight: 700;\r\n    line-height: 1.35;\r\n    text-align: left;\r\n    cursor: pointer;\r\n}\r\n\r\n.etecnic-event-result:hover,\r\n.etecnic-event-result:focus {\r\n    background-color: #f4f7fb;\r\n    color: #082579;\r\n    outline: none;\r\n}\r\n\r\n.etecnic-event-result:last-child {\r\n    border-bottom: 0;\r\n}\r\n\r\n.etecnic-event-no-results {\r\n    padding: 16px;\r\n    color: #666666;\r\n    font-size: 14px;\r\n}\r\n\r\n.eventon_list_event.etecnic-event-highlight {\r\n    animation: etecnicEventHighlight 1.8s ease;\r\n}\r\n\r\n@keyframes etecnicEventHighlight {\r\n    0%,\r\n    100% {\r\n        transform: scale(1);\r\n        box-shadow: none;\r\n    }\r\n\r\n    35% {\r\n        transform: scale(1.01);\r\n        box-shadow: 0 0 0 4px rgba(8, 37, 121, 0.22);\r\n    }\r\n}\r\n<\/style>\r\n\r\n<script>\r\ndocument.addEventListener('DOMContentLoaded', function () {\r\n    const input = document.getElementById('etecnic-event-search');\r\n    const resultsBox = document.getElementById('etecnic-event-results');\r\n\r\n    if (!input || !resultsBox) {\r\n        return;\r\n    }\r\n\r\n    const eventElements = Array.from(\r\n        document.querySelectorAll('.eventon_list_event')\r\n    );\r\n\r\n    const eventData = eventElements\r\n        .map(function (eventElement, index) {\r\n            const titleElement = eventElement.querySelector(\r\n                '.evcal_event_title'\r\n            );\r\n\r\n            if (!titleElement) {\r\n                return null;\r\n            }\r\n\r\n            if (!eventElement.id) {\r\n                eventElement.id = 'evento-etecnic-' + index;\r\n            }\r\n\r\n            const title = titleElement.textContent\r\n                .replace(\/\\s+\/g, ' ')\r\n                .trim();\r\n\r\n            return {\r\n                title: title,\r\n                normalizedTitle: normalizeText(title),\r\n                element: eventElement\r\n            };\r\n        })\r\n        .filter(function (event) {\r\n            return event !== null;\r\n        });\r\n\r\n    input.addEventListener('input', function () {\r\n        const searchTerm = normalizeText(input.value);\r\n\r\n        resultsBox.innerHTML = '';\r\n\r\n        if (searchTerm.length < 2) {\r\n            closeResults();\r\n            return;\r\n        }\r\n\r\n        const matches = eventData.filter(function (event) {\r\n            return event.normalizedTitle.includes(searchTerm);\r\n        });\r\n\r\n        if (matches.length === 0) {\r\n            resultsBox.innerHTML =\r\n                '<div class=\"etecnic-event-no-results\">' +\r\n                'No s\u2019ha trobat cap esdeveniment.' +\r\n                '<\/div>';\r\n\r\n            openResults();\r\n            return;\r\n        }\r\n\r\n        matches.forEach(function (event) {\r\n            const resultButton = document.createElement('button');\r\n\r\n            resultButton.type = 'button';\r\n            resultButton.className = 'etecnic-event-result';\r\n\r\n            resultButton.innerHTML =\r\n                '<span>' +\r\n                escapeHtml(event.title) +\r\n                '<\/span>';\r\n\r\n            resultButton.addEventListener('click', function () {\r\n                input.value = event.title;\r\n                closeResults();\r\n\r\n                event.element.scrollIntoView({\r\n                    behavior: 'smooth',\r\n                    block: 'center'\r\n                });\r\n\r\n                event.element.classList.add(\r\n                    'etecnic-event-highlight'\r\n                );\r\n\r\n                window.setTimeout(function () {\r\n                    event.element.classList.remove(\r\n                        'etecnic-event-highlight'\r\n                    );\r\n                }, 1800);\r\n            });\r\n\r\n            resultsBox.appendChild(resultButton);\r\n        });\r\n\r\n        openResults();\r\n    });\r\n\r\n    input.addEventListener('focus', function () {\r\n        if (\r\n            normalizeText(input.value).length >= 2 &&\r\n            resultsBox.children.length > 0\r\n        ) {\r\n            openResults();\r\n        }\r\n    });\r\n\r\n    input.addEventListener('keydown', function (event) {\r\n        if (event.key === 'Escape') {\r\n            closeResults();\r\n            input.blur();\r\n        }\r\n    });\r\n\r\n    document.addEventListener('click', function (event) {\r\n        if (!event.target.closest('.etecnic-event-search-wrap')) {\r\n            closeResults();\r\n        }\r\n    });\r\n\r\n    function openResults() {\r\n        resultsBox.classList.add('is-open');\r\n    }\r\n\r\n    function closeResults() {\r\n        resultsBox.classList.remove('is-open');\r\n    }\r\n\r\n    function normalizeText(text) {\r\n        return text\r\n            .toLowerCase()\r\n            .normalize('NFD')\r\n            .replace(\/[\\u0300-\\u036f]\/g, '')\r\n            .replace(\/\\s+\/g, ' ')\r\n            .trim();\r\n    }\r\n\r\n    function escapeHtml(text) {\r\n        const element = document.createElement('div');\r\n        element.textContent = text;\r\n        return element.innerHTML;\r\n    }\r\n});\r\n<\/script>\t\t\t\t<\/div>\n\t\t\t\t<\/div>\n\t\t\t\t\t<\/div>\n\t\t\t\t<\/div>\n\t\t<div class=\"elementor-element elementor-element-b31cc71 e-flex e-con-boxed e-con e-parent\" data-id=\"b31cc71\" data-element_type=\"container\" data-settings=\"{&quot;jet_parallax_layout_list&quot;:[]}\">\n\t\t\t\t\t<div class=\"e-con-inner\">\n\t\t\t\t<div class=\"elementor-element elementor-element-5d2253c elementor-widget elementor-widget-text-editor\" data-id=\"5d2253c\" data-element_type=\"widget\" data-widget_type=\"text-editor.default\">\n\t\t\t\t<div class=\"elementor-widget-container\">\n\t\t\t\t\t\t\t\t\t<div style=\"font-family: 'Poppins', sans-serif; text-align: left; max-width: 900px; margin: 0 0 20px 0;\" data-mce-style=\"font-family: 'Poppins', sans-serif; text-align: left; max-width: 900px; margin: 0 0 20px 0;\">\n<h2 style=\"font-family: 'Poppins', sans-serif; font-size: 32px; font-weight: bold; color: #001c71; margin-top: 0; margin-bottom: 20px; text-align: left;\" data-mce-style=\"font-family: 'Poppins', sans-serif; font-size: 32px; font-weight: bold; color: #001c71; margin-top: 0; margin-bottom: 20px; text-align: left;\">Pr\u00f2xims esdeveniments<\/h2>\n<\/div>\n\t\t\t\t\t\t\t\t<\/div>\n\t\t\t\t<\/div>\n\t\t\t\t<div class=\"elementor-element elementor-element-49d14f9 elementor-widget elementor-widget-shortcode\" data-id=\"49d14f9\" data-element_type=\"widget\" data-widget_type=\"shortcode.default\">\n\t\t\t\t<div class=\"elementor-widget-container\">\n\t\t\t\t\t\t\t<div class=\"elementor-shortcode\"><!-- EventON Calendar --><div id='evcal_calendar_339' class='list_cal ajde_evcal_calendar sev cev color esty_2 ul etttc_custom ' ><div id='evcal_head' class='calendar_header ' ><div class='evo_cal_above'><span class='evo-gototoday-btn evo_hide' style='display:none;' data-mo='9' data-yr='2026' data-dy=''>Mes actual<\/span><span class='evo-filter-btn'><em><\/em><\/span><span class='evo-sort-btn'><div class='eventon_sort_line' style='display:none'><p data-val='sort_date' data-type='date' class='evs_btn evo_sort_option evs_hide select' >Date<\/p><\/div><\/span><\/div><div class='evo_cal_above_content'><\/div><\/div><div class='eventon_sorting_section' style='display:none'><div class='eventon_filter_line '><\/div><div class='clear'><\/div><\/div><div id='eventon_loadbar_section'><div id='eventon_loadbar'><\/div><\/div><!-- Events List --><div id='evcal_list' \n\t\t\t\t\tclass='eventon_events_list sep_months evcal_list_month'><div class='evcal_month_line' data-d='eml_11_2026'><p>novembre<\/p><\/div><div class='sep_month_events ' data-d='eml_11_2026'><div id=\"event_38652_0\" class=\"eventon_list_event evo_eventtop scheduled  event event_38652_0\" data-event_id=\"38652\" data-ri=\"0r\" data-time=\"1795507200-1795712400\" data-colr=\"#4bb5d8\" itemscope itemtype='http:\/\/schema.org\/Event'><div class=\"evo_event_schema\" style=\"display:none\" ><a itemprop='url'  href='https:\/\/etecnic.bisiestodeveloper.es\/ca\/events\/fira-matelec-i-genera-2026\/var\/ri-0.l-L2'><\/a><meta itemprop='image'  \/><meta itemprop='startDate' content=\"2026-11-24T09:00+0:00\" \/><meta itemprop='endDate' content=\"2026-11-26T18:00+0:00\" \/><meta itemprop='eventStatus' content=\"https:\/\/schema.org\/EventScheduled\" \/><item style=\"display:none\" itemprop=\"eventAttendanceMode\" itemscope itemtype=\"https:\/\/schema.org\/OfflineEventAttendanceMode\"><\/item><script type=\"application\/ld+json\">{\"@context\": \"http:\/\/schema.org\",\"@type\": \"Event\",\n\t\t\t\t\"@id\": \"event_38652_0\",\n\t\t\t\t\"eventAttendanceMode\":\"https:\/\/schema.org\/OfflineEventAttendanceMode\",\n\t\t\t\t\"name\": \"Fira MATELEC i GENERA 2026\",\n\t\t\t\t\"url\": \"https:\/\/etecnic.bisiestodeveloper.es\/ca\/events\/fira-matelec-i-genera-2026\/var\/ri-0.l-L2\",\n\t\t\t\t\"startDate\": \"2026-11-24T09:00+0:00\",\n\t\t\t\t\"endDate\": \"2026-11-26T18:00+0:00\",\n\t\t\t\t\"image\":\"\", \n\t\t\t\t\"description\":\" <p class=\"wp-block-paragraph\"><strong>Etecnic<\/strong> ser\u00e0 present en la Setmana Internacional de l'Electrificaci\u00f3 i la Descarbonitzaci\u00f3 2026, la gran trobada que reuneix<strong> GENERA<\/strong> i <strong>MATELEC<\/strong>, i que se celebrar\u00e0 del 24 <strong> al 26 de novembre<\/strong> en <strong>IFEMA MADRID<\/strong>.<\/p>  <p class=\"wp-block-paragraph\">Participarem al costat de <strong>AEDIVE<\/strong>, en el seu espai agrupat, per a presentar les nostres solucions de mobilitat el\u00e8ctrica, infraestructura de rec\u00e0rrega i gesti\u00f3 intel\u00b7ligent amb <strong>EVcharge<\/strong>.<\/p>  <p class=\"wp-block-paragraph\"><\/p>  <p class=\"wp-block-paragraph\"><\/p> \",\"eventStatus\":\"https:\/\/schema.org\/EventScheduled\"}<\/script><\/div>\n\t\t\t\t<p class=\"desc_trig_outter\" style=\"\"><a data-gmap_status=\"null\" data-exlk=\"0\" style=\"background-color: #4bb5d8;\" id=\"evc_179550720038652\" class=\"desc_trig evo_2026 evo_eventos mul_val evcal_list_a\" data-ux_val=\"3\" data-ux_val_mob=\"-\"  ><span class='evoet_c2 evoet_cx '><span class='evoet_dayblock evcal_cblock ' data-bgcolor='#4bb5d8' data-smon='novembre' data-syr='2026'><span class='evo_start '><em class='year'>2026<\/em><em class='date'>24<\/em><em class='month'>nov<\/em><em class='time'><i t=\"y\">(nov 24)<\/i>09:00<\/em><\/span><span class='evo_end '><em class='date'>26<\/em><em class='time'><i t=\"y\">(nov 26)<\/i>18:00<\/em><\/span><\/span><\/span><span class='evoet_c3 evoet_cx evcal_desc evo_info ' ><span class='evoet_tags evo_above_title'><\/span><span class='evoet_title evcal_desc2 evcal_event_title' itemprop='name'>Fira MATELEC i GENERA 2026<\/span><span class='evoet_subtitle evo_below_title'><\/span><span class='evoet_time_expand level_3 evcal_desc_info evogap10'><em class='evcal_time evo_tz_time level_4'><i class='fa fa-clock-o evomarr10'><\/i>09:00 - 18:00 <em class=\"evo_endday evomarl5\">(26)<\/em><span class='evo_tz marl5'>(GMT+01:00)<\/span><\/em> <\/span><span class='evcal_desc3'><span class='evcal_oganizer level_4'>\n\t\t\t\t\t\t\t\t<em><i>Organitzador:<\/i><\/em>\n\t\t\t\t\t\t\t\t<em class=\"evoet_dataval\">GENERA y MATELEC<\/em>\n\t\t\t\t\t\t\t\t<\/span><span class='evcal_event_types level_4 ett1'><em><i>Tipus d'esdeveniment:<\/i><\/em><em data-filter='event_type'>2026,<\/em><em data-filter='event_type'>Esdeveniments<\/em><i class='clear'><\/i><\/span><\/span><\/span><em class='evoet_data' style='display:none' data-bgc='#4bb5d8'data-bggrad=''><\/em><\/a><\/p><div class='event_description evcal_eventcard ' style=\"display:none\"><div class='evocard_row'><div class='evocard_box eventdetails' data-c='' \n\t\t\t\t\tstyle=''><div class=\"evo_metarow_details evorow evcal_evdata_row evcal_event_details\">\n    <div class=\"event_excerpt\" style=\"display:none\"><h3 class=\"padb5 evo_h3\">Detalls de l'esdeveniment<\/h3><p>Etecnic ser\u00e0 present en la Setmana Internacional de l'Electrificaci\u00f3 i la Descarbonitzaci\u00f3 2026, la gran trobada que reuneix GENERA i MATELEC, i que se celebrar\u00e0 del 24<\/p><\/div><span class='evcal_evdata_icons'><i class='fa fa-align-justify'><\/i><\/span>    <div class=\"evcal_evdata_cell shorter_desc\">\n        <div class=\"eventon_full_description\">\n            <h3 class=\"padb5 evo_h3\"><span class='evcal_evdata_icons'><i class='fa fa-align-justify'><\/i><\/span>Detalls de l'esdeveniment<\/h3>\n            <div class=\"eventon_desc_in\" itemprop=\"description\">\n                <p><\/p>\n<p class=\"wp-block-paragraph\"><strong>Etecnic<\/strong> ser\u00e0 present en la Setmana Internacional de l&#8217;Electrificaci\u00f3 i la Descarbonitzaci\u00f3 2026, la gran trobada que reuneix<strong> GENERA<\/strong> i <strong>MATELEC<\/strong>, i que se celebrar\u00e0 del 24 <strong> al 26 de novembre<\/strong> en <strong>IFEMA MADRID<\/strong>.<\/p>\n<p><\/p>\n<p class=\"wp-block-paragraph\">Participarem al costat de <strong>AEDIVE<\/strong>, en el seu espai agrupat, per a presentar les nostres solucions de mobilitat el\u00e8ctrica, infraestructura de rec\u00e0rrega i gesti\u00f3 intel\u00b7ligent amb <strong>EVcharge<\/strong>.<\/p>\n<p><\/p>\n<p class=\"wp-block-paragraph\"><\/p>\n<p class=\"wp-block-paragraph\"><\/p>\n            <\/div>\n            <p class='eventon_shad_p' style='padding:5px 0 0; margin:0'><span class='evcal_btn evo_btn_secondary evobtn_details_show_more' content='less'><span class='ev_more_text' data-txt='Menys'>M\u00e9s<\/span><span class='ev_more_arrow ard'><\/span><\/span><\/p><div class='clear'><\/div>        <\/div>\n    <\/div>\n<\/div><\/div><\/div><div class='evocard_row bx2 bx'><div class='evocard_box time' data-c='' \n\t\t\t\t\tstyle=''><div class='evo_metarow_time evorow evcal_evdata_row evcal_evrow_sm '>\n\t\t<span class='evcal_evdata_icons'><i class='fa fa-clock'><\/i><\/span>\n\t\t<div class='evcal_evdata_cell'>\t\t\t\t\t\t\t\n\t\t\t<h3 class='evo_h3'><span class='evcal_evdata_icons'><i class='fa fa-clock'><\/i><\/span>Data i hora<\/h3><p><span class='evo_eventcard_time_t'>Novembre 24, 2026 (dimarts) 09:00 - novembre 26, 2026 (dijous) 18:00<\/span><span class='evo_tz'>(GMT+01:00)<\/span><\/p>\n\t\t<\/div>\n\t<\/div><\/div><div class='evocard_box location' data-c='' \n\t\t\t\t\tstyle=''><div class='evcal_evdata_row evo_metarow_time_location evorow '>\n\t\t\n\t\t\t<span class='evcal_evdata_icons'><i class='fa fa-map-marker'><\/i><\/span>\n\t\t\t<div class='evcal_evdata_cell' data-loc_tax_id='935'><h3 class='evo_h3'><span class='evcal_evdata_icons'><i class='fa fa-map-marker'><\/i><\/span>Ubicaci\u00f3<\/h3><p class='evo_location_name' style='margin-bottom:10px; font-size:15px;'>Madrid<\/p><\/div>\n\t\t\n\t<\/div><\/div><\/div><div class='evocard_row'><div class='evocard_box addtocal' data-c='' \n\t\t\t\t\tstyle=''><div class='evo_metarow_ICS evorow evcal_evdata_row'>\n\t\t\t<span class='evcal_evdata_icons'><i class='fa fa-calendar-o'><\/i><\/span>\n\t\t\t<div class='evcal_evdata_cell'>\n\t\t\t\t<p><a href='https:\/\/etecnic.bisiestodeveloper.es\/ca\/export-events\/38652_0\/?nonce=cd0d907025' class='evo_ics_nCal' title='Afegir al teu calendari'>Calendari<\/a><a href='\/\/www.google.com\/calendar\/event?action=TEMPLATE&amp;text=Fira+MATELEC+i+GENERA+2026&amp;dates=20261124T080000Z\/20261126T170000Z&amp;ctz=Europe\/Madrid&amp;details=Fira+MATELEC+i+GENERA+2026&amp;location=Madrid' target='_blank' class='evo_ics_gCal' title='Afegir al teu calendari de Google'>GoogleCal<\/a><\/p>\t\n\t\t\t<\/div>\n\t\t<\/div><\/div><\/div><div class='evocard_row'><div class='evocard_box organizer' data-c='' \n\t\t\t\t\tstyle=''><div class=\"evo_metarow_organizer evorow evcal_evdata_row evcal_evrow_sm \">\n\t\t<span class=\"evcal_evdata_icons\"><i class=\"fa fa-headphones\"><\/i><\/span>\n\t\t<div class=\"evcal_evdata_cell\">\t\t\t\t\t\t\t\n\t\t\t<h3 class=\"evo_h3\">Organitzador<\/h3><div class=\"evo_org_content\">\n\t\t\t<div class=\"evo_card_organizer\"><h4 class=\"evo_h4 marb5\"><span class=\"evo_card_organizer_name_t marb5\"><a href=\"https:\/\/etecnic.bisiestodeveloper.es\/ca\/event-organizer\/genera-y-matelec\/\">GENERA y MATELEC<\/a><\/span><\/h4><div class=\"evo_org_details\"><\/div><\/div><\/div>\t\t\t\t\t\t\t\n\t\t<\/div>\n\t<\/div><\/div><\/div><div class='evo_card_row_end evcal_close' title='Close'><\/div><\/div><div class='clear end'><\/div><\/div><\/div>\t\t\t<div class='clear'><\/div>\n\t\t\t<\/div>\n\t\t\t<div class='clear'><\/div>\n\t\t\t\n\t\t\t\t\t \t<div id='evcal_footer' class='evo_bottom' style='display:none'>\n\t\t \t\t<div class='evo_cal_data' data-sc='{&quot;accord&quot;:&quot;no&quot;,&quot;bottom_nav&quot;:&quot;no&quot;,&quot;cal_id&quot;:&quot;&quot;,&quot;cal_init_nonajax&quot;:&quot;no&quot;,&quot;calendar_type&quot;:&quot;list&quot;,&quot;ep_fields&quot;:&quot;&quot;,&quot;etc_override&quot;:&quot;no&quot;,&quot;evc_open&quot;:&quot;no&quot;,&quot;event_count&quot;:0,&quot;event_location&quot;:&quot;all&quot;,&quot;event_order&quot;:&quot;ASC&quot;,&quot;event_organizer&quot;:&quot;all&quot;,&quot;event_parts&quot;:&quot;no&quot;,&quot;event_past_future&quot;:&quot;all&quot;,&quot;event_status&quot;:&quot;all&quot;,&quot;event_tag&quot;:&quot;all&quot;,&quot;event_type&quot;:&quot;all&quot;,&quot;event_type_2&quot;:&quot;all&quot;,&quot;event_virtual&quot;:&quot;all&quot;,&quot;eventtop_date_style&quot;:0,&quot;eventtop_style&quot;:&quot;2&quot;,&quot;exp_jumper&quot;:&quot;no&quot;,&quot;exp_so&quot;:&quot;no&quot;,&quot;filter_relationship&quot;:&quot;AND&quot;,&quot;filter_show_set_only&quot;:&quot;no&quot;,&quot;filter_type&quot;:&quot;default&quot;,&quot;filters&quot;:&quot;yes&quot;,&quot;fixed_month&quot;:&quot;9&quot;,&quot;fixed_year&quot;:&quot;2026&quot;,&quot;focus_end_date_range&quot;:&quot;1819749599&quot;,&quot;focus_start_date_range&quot;:&quot;1788213600&quot;,&quot;ft_event_priority&quot;:&quot;no&quot;,&quot;hide_arrows&quot;:&quot;no&quot;,&quot;hide_cancels&quot;:&quot;no&quot;,&quot;hide_empty_months&quot;:&quot;yes&quot;,&quot;hide_end_time&quot;:&quot;no&quot;,&quot;hide_et_dn&quot;:&quot;no&quot;,&quot;hide_et_extra&quot;:&quot;no&quot;,&quot;hide_et_tags&quot;:&quot;no&quot;,&quot;hide_et_tl&quot;:&quot;no&quot;,&quot;hide_ft&quot;:&quot;no&quot;,&quot;hide_ft_img&quot;:&quot;no&quot;,&quot;hide_month_headers&quot;:&quot;no&quot;,&quot;hide_mult_occur&quot;:&quot;no&quot;,&quot;hide_past&quot;:&quot;no&quot;,&quot;hide_past_by&quot;:&quot;ee&quot;,&quot;hide_so&quot;:&quot;no&quot;,&quot;ics&quot;:&quot;no&quot;,&quot;jumper&quot;:&quot;no&quot;,&quot;jumper_count&quot;:5,&quot;jumper_offset&quot;:&quot;0&quot;,&quot;lang&quot;:&quot;L2&quot;,&quot;layout_changer&quot;:&quot;no&quot;,&quot;livenow_bar&quot;:&quot;yes&quot;,&quot;mapformat&quot;:&quot;roadmap&quot;,&quot;mapiconurl&quot;:&quot;&quot;,&quot;maps_load&quot;:&quot;no&quot;,&quot;mapscroll&quot;:&quot;false&quot;,&quot;mapzoom&quot;:&quot;18&quot;,&quot;members_only&quot;:&quot;no&quot;,&quot;ml_priority&quot;:&quot;no&quot;,&quot;month_incre&quot;:0,&quot;number_of_months&quot;:&quot;12&quot;,&quot;only_ft&quot;:&quot;no&quot;,&quot;pec&quot;:&quot;&quot;,&quot;s&quot;:&quot;&quot;,&quot;search&quot;:&quot;&quot;,&quot;search_all&quot;:&quot;no&quot;,&quot;sep_month&quot;:&quot;yes&quot;,&quot;show_et_ft_img&quot;:&quot;no&quot;,&quot;show_limit&quot;:&quot;no&quot;,&quot;show_limit_ajax&quot;:&quot;no&quot;,&quot;show_limit_paged&quot;:1,&quot;show_limit_redir&quot;:&quot;&quot;,&quot;show_repeats&quot;:&quot;no&quot;,&quot;show_upcoming&quot;:&quot;1&quot;,&quot;show_year&quot;:&quot;no&quot;,&quot;social_share&quot;:&quot;no&quot;,&quot;sort_by&quot;:&quot;sort_date&quot;,&quot;tile_bg&quot;:0,&quot;tile_bg_size&quot;:&quot;full&quot;,&quot;tile_count&quot;:2,&quot;tile_height&quot;:0,&quot;tile_style&quot;:0,&quot;tiles&quot;:&quot;no&quot;,&quot;ux_val&quot;:&quot;3&quot;,&quot;wpml_l1&quot;:&quot;&quot;,&quot;wpml_l2&quot;:&quot;&quot;,&quot;wpml_l3&quot;:&quot;&quot;,&quot;yl_priority&quot;:&quot;no&quot;,&quot;fixed_day&quot;:&quot;5&quot;,&quot;_cver&quot;:&quot;2.4.9&quot;}'data-od='{&quot;lang_no_events&quot;:&quot;Sense esdveniments&quot;,&quot;cal_tz_offset&quot;:120,&quot;cal_tz&quot;:&quot;Europe\\\/Madrid&quot;}'><\/div>\n\t\t \t\t<div class='evo_cal_events' data-events=\"\"><\/div>\n\t\t \t<\/div>\n\t\t\t\t\n\t\t\t\n\t\t\t\n\t\t\t\t\t\t<\/div><!-- EventON End -->\n\t\t\t<\/div>\n\t\t\t\t\t\t<\/div>\n\t\t\t\t<\/div>\n\t\t\t\t\t<\/div>\n\t\t\t\t<\/div>\n\t\t<div class=\"elementor-element elementor-element-5145c37 e-flex e-con-boxed e-con e-parent\" data-id=\"5145c37\" data-element_type=\"container\" data-settings=\"{&quot;jet_parallax_layout_list&quot;:[]}\">\n\t\t\t\t\t<div class=\"e-con-inner\">\n\t\t\t\t<div class=\"elementor-element elementor-element-bfb485f elementor-widget elementor-widget-text-editor\" data-id=\"bfb485f\" data-element_type=\"widget\" data-widget_type=\"text-editor.default\">\n\t\t\t\t<div class=\"elementor-widget-container\">\n\t\t\t\t\t\t\t\t\t<div style=\"font-family: 'Poppins', sans-serif; text-align: left; max-width: 900px; margin: 40px 0 20px 0;\" data-mce-style=\"font-family: 'Poppins', sans-serif; text-align: left; max-width: 900px; margin: 40px 0 20px 0;\">\n<h2 style=\"font-family: 'Poppins', sans-serif; font-size: 32px; font-weight: bold; color: #001c71; margin-top: 0; margin-bottom: 20px; text-align: left;\" data-mce-style=\"font-family: 'Poppins', sans-serif; font-size: 32px; font-weight: bold; color: #001c71; margin-top: 0; margin-bottom: 20px; text-align: left;\">Esdeveniments passats<\/h2>\n<\/div>\n\t\t\t\t\t\t\t\t<\/div>\n\t\t\t\t<\/div>\n\t\t\t\t<div class=\"elementor-element elementor-element-81f860f elementor-widget elementor-widget-text-editor\" data-id=\"81f860f\" data-element_type=\"widget\" data-widget_type=\"text-editor.default\">\n\t\t\t\t<div class=\"elementor-widget-container\">\n\t\t\t\t\t\t\t\t\t<div style=\"font-family: 'Poppins', sans-serif; text-align: left; max-width: 900px; margin: 40px 0 20px 0;\" data-mce-style=\"font-family: 'Poppins', sans-serif; text-align: left; max-width: 900px; margin: 40px 0 20px 0;\"><h3 style=\"font-family: 'Poppins', sans-serif; font-size: 32px; font-weight: bold; color: #001c71; margin-top: 0; margin-bottom: 20px; text-align: left;\" data-mce-style=\"font-family: 'Poppins', sans-serif; font-size: 32px; font-weight: bold; color: #001c71; margin-top: 0; margin-bottom: 20px; text-align: left;\">2026<\/h3><\/div>\t\t\t\t\t\t\t\t<\/div>\n\t\t\t\t<\/div>\n\t\t\t\t<div class=\"elementor-element elementor-element-95f8792 elementor-widget elementor-widget-shortcode\" data-id=\"95f8792\" data-element_type=\"widget\" data-widget_type=\"shortcode.default\">\n\t\t\t\t<div class=\"elementor-widget-container\">\n\t\t\t\t\t\t\t<div class=\"elementor-shortcode\"><!-- EventON Calendar --><div id='evcal_calendar_118' class='list_cal ajde_evcal_calendar sev cev color esty_2 ul etttc_custom ' ><div id='evcal_head' class='calendar_header ' ><div class='evo_cal_above'><span class='evo-gototoday-btn evo_hide' style='display:none;' data-mo='3' data-yr='2025' data-dy=''>Mes actual<\/span><\/div><div class='evo_cal_above_content'><\/div><\/div><div class='eventon_sorting_section' style='display:none'><div class='eventon_filter_line '><\/div><div class='clear'><\/div><\/div><div id='eventon_loadbar_section'><div id='eventon_loadbar'><\/div><\/div><!-- Events List --><div id='evcal_list' \n\t\t\t\t\tclass='eventon_events_list sep_months evcal_list_month'><div class='evcal_month_line' data-d='eml_3_2026'><p>mar\u00e7<\/p><\/div><div class='sep_month_events ' data-d='eml_3_2026'><div id=\"event_38087_0\" class=\"eventon_list_event evo_eventtop scheduled past_event event event_38087_0\" data-event_id=\"38087\" data-ri=\"0r\" data-time=\"1774425600-1774544400\" data-colr=\"#00e7ef\" itemscope itemtype='http:\/\/schema.org\/Event'><div class=\"evo_event_schema\" style=\"display:none\" ><a itemprop='url'  href='https:\/\/etecnic.bisiestodeveloper.es\/ca\/events\/evcharge-en-mubil-mobility-expo\/var\/ri-0.l-L2'><\/a><meta itemprop='image'  \/><meta itemprop='startDate' content=\"2026-3-25T09:00+0:00\" \/><meta itemprop='endDate' content=\"2026-3-26T18:00+0:00\" \/><meta itemprop='eventStatus' content=\"https:\/\/schema.org\/EventScheduled\" \/><item style=\"display:none\" itemprop=\"eventAttendanceMode\" itemscope itemtype=\"https:\/\/schema.org\/OfflineEventAttendanceMode\"><\/item><script type=\"application\/ld+json\">{\"@context\": \"http:\/\/schema.org\",\"@type\": \"Event\",\n\t\t\t\t\"@id\": \"event_38087_0\",\n\t\t\t\t\"eventAttendanceMode\":\"https:\/\/schema.org\/OfflineEventAttendanceMode\",\n\t\t\t\t\"name\": \"EVcharge a MUBIL Mobility Expo\",\n\t\t\t\t\"url\": \"https:\/\/etecnic.bisiestodeveloper.es\/ca\/events\/evcharge-en-mubil-mobility-expo\/var\/ri-0.l-L2\",\n\t\t\t\t\"startDate\": \"2026-3-25T09:00+0:00\",\n\t\t\t\t\"endDate\": \"2026-3-26T18:00+0:00\",\n\t\t\t\t\"image\":\"\", \n\t\t\t\t\"description\":\" <p class=\"wp-block-paragraph\">EVcharge participar\u00e0 a <strong>MUBIL Mobility Expo<\/strong>, un dels esdeveniments de refer\u00e8ncia en mobilitat el\u00e8ctrica del nord d'Espanya, que se celebrar\u00e0 <strong>del 25 al 26 de mar\u00e7<\/strong>. Hi serem presents per mostrar les nostres solucions de gesti\u00f3, monetitzaci\u00f3 de xarxes de rec\u00e0rrega, i presentant el T\u00f2tem de pagament EVcharge.<\/p>  <p class=\"wp-block-paragraph\"><strong>Visita'ns al 3-19, amb AEDIVE,<\/strong> i descobreix com optimitzar el control i l'efici\u00e8ncia de la teva infraestructura de rec\u00e0rrega.<\/p>  <p class=\"wp-block-paragraph\"><\/p> \",\"eventStatus\":\"https:\/\/schema.org\/EventScheduled\"}<\/script><\/div>\n\t\t\t\t<p class=\"desc_trig_outter\" style=\"\"><a data-gmap_status=\"null\" data-exlk=\"0\" style=\"background-color: #00e7ef;\" id=\"evc_177442560038087\" class=\"desc_trig evo_2026 evo_eventos mul_val evcal_list_a\" data-ux_val=\"3\" data-ux_val_mob=\"-\"  ><span class='evoet_c2 evoet_cx '><span class='evoet_dayblock evcal_cblock ' data-bgcolor='#00e7ef' data-smon='mar\u00e7' data-syr='2026'><span class='evo_start '><em class='year'>2026<\/em><em class='date'>25<\/em><em class='month'>mar<\/em><em class='time'><i t=\"y\">(mar 25)<\/i>09:00<\/em><\/span><span class='evo_end '><em class='date'>26<\/em><em class='time'><i t=\"y\">(mar 26)<\/i>18:00<\/em><\/span><\/span><\/span><span class='evoet_c3 evoet_cx evcal_desc evo_info ' ><span class='evoet_tags evo_above_title'><\/span><span class='evoet_title evcal_desc2 evcal_event_title' itemprop='name'>EVcharge a MUBIL Mobility Expo<\/span><span class='evoet_subtitle evo_below_title'><span class='evcal_event_subtitle' >Stand amb AEDIVE (3-19)<\/span><\/span><span class='evoet_time_expand level_3 evcal_desc_info evogap10'><em class='evcal_time evo_tz_time level_4'><i class='fa fa-clock-o evomarr10'><\/i>09:00 - 18:00 <em class=\"evo_endday evomarl5\">(26)<\/em><span class='evo_tz marl5'>(GMT+01:00)<\/span><\/em> <\/span><span class='evcal_desc3'><span class='evcal_oganizer level_4'>\n\t\t\t\t\t\t\t\t<em><i>Organitzador:<\/i><\/em>\n\t\t\t\t\t\t\t\t<em class=\"evoet_dataval\">MUBIL Mobility Expo<\/em>\n\t\t\t\t\t\t\t\t<\/span><span class='evcal_event_types level_4 ett1'><em><i>Tipus d'esdeveniment:<\/i><\/em><em data-filter='event_type'>2026,<\/em><em data-filter='event_type'>Esdeveniments<\/em><i class='clear'><\/i><\/span><\/span><\/span><em class='evoet_data' style='display:none' data-bgc='#00e7ef'data-bggrad=''><\/em><\/a><\/p><div class='event_description evcal_eventcard ' style=\"display:none\"><div class='evocard_row'><div class='evocard_box eventdetails' data-c='' \n\t\t\t\t\tstyle=''><div class=\"evo_metarow_details evorow evcal_evdata_row evcal_event_details\">\n    <div class=\"event_excerpt\" style=\"display:none\"><h3 class=\"padb5 evo_h3\">Detalls de l'esdeveniment<\/h3><p>EVcharge participar\u00e0 a MUBIL Mobility Expo, un dels esdeveniments de refer\u00e8ncia en mobilitat el\u00e8ctrica del nord d'Espanya, que se celebrar\u00e0 del 25 al 26 de mar\u00e7. Hi<\/p><\/div><span class='evcal_evdata_icons'><i class='fa fa-align-justify'><\/i><\/span>    <div class=\"evcal_evdata_cell shorter_desc\">\n        <div class=\"eventon_full_description\">\n            <h3 class=\"padb5 evo_h3\"><span class='evcal_evdata_icons'><i class='fa fa-align-justify'><\/i><\/span>Detalls de l'esdeveniment<\/h3>\n            <div class=\"eventon_desc_in\" itemprop=\"description\">\n                <p><\/p>\n<p class=\"wp-block-paragraph\">EVcharge participar\u00e0 a <strong>MUBIL Mobility Expo<\/strong>, un dels esdeveniments de refer\u00e8ncia en mobilitat el\u00e8ctrica del nord d&#8217;Espanya, que se celebrar\u00e0 <strong>del 25 al 26 de mar\u00e7<\/strong>. Hi serem presents per mostrar les nostres solucions de gesti\u00f3, monetitzaci\u00f3 de xarxes de rec\u00e0rrega, i presentant el T\u00f2tem de pagament EVcharge.<\/p>\n<p><\/p>\n<p class=\"wp-block-paragraph\"><strong>Visita&#8217;ns al 3-19, amb AEDIVE,<\/strong> i descobreix com optimitzar el control i l&#8217;efici\u00e8ncia de la teva infraestructura de rec\u00e0rrega.<\/p>\n<p><\/p>\n<p class=\"wp-block-paragraph\"><\/p>\n            <\/div>\n            <p class='eventon_shad_p' style='padding:5px 0 0; margin:0'><span class='evcal_btn evo_btn_secondary evobtn_details_show_more' content='less'><span class='ev_more_text' data-txt='Menys'>M\u00e9s<\/span><span class='ev_more_arrow ard'><\/span><\/span><\/p><div class='clear'><\/div>        <\/div>\n    <\/div>\n<\/div><\/div><\/div><div class='evocard_row'><div class='evocard_box time' data-c='' \n\t\t\t\t\tstyle=''><div class='evo_metarow_time evorow evcal_evdata_row evcal_evrow_sm '>\n\t\t<span class='evcal_evdata_icons'><i class='fa fa-clock'><\/i><\/span>\n\t\t<div class='evcal_evdata_cell'>\t\t\t\t\t\t\t\n\t\t\t<h3 class='evo_h3'><span class='evcal_evdata_icons'><i class='fa fa-clock'><\/i><\/span>Data i hora<\/h3><p><span class='evo_eventcard_time_t'>Mar\u00e7 25, 2026 (dimecres) 09:00 - mar\u00e7 26, 2026 (dijous) 18:00<\/span><span class='evo_tz'>(GMT+01:00)<\/span><\/p>\n\t\t<\/div>\n\t<\/div><\/div><\/div><div class='evocard_row bx2 bx'><div class='evocard_box learnmore' data-c='' \n\t\t\t\t\tstyle=''><div class='evo_metarow_learnM evo_metarow_learnmore evorow'>\n\t\t\t\t\t\t\t<a class='evcal_evdata_row evo_clik_row ' href='https:\/\/etecnic.bisiestodeveloper.es\/ca\/esdeveniments\/etecnic-participara-en-la-fira-mubil-mobility-expo-2026\/' target=\"_blank\">\n\t\t\t\t\t\t\t\t<span class='evcal_evdata_icons'><i class='fa fa-link'><\/i><\/span>\n\t\t\t\t\t\t\t\t<h3 class='evo_h3 evopad0i'>M\u00e9s informaci\u00f3 sobre aquest esdeveniment<\/h3>\n\t\t\t\t\t\t\t<\/a>\n\t\t\t\t\t\t\t<\/div><\/div><div class='evocard_box addtocal' data-c='' \n\t\t\t\t\tstyle=''><div class='evo_metarow_ICS evorow evcal_evdata_row'>\n\t\t\t<span class='evcal_evdata_icons'><i class='fa fa-calendar-o'><\/i><\/span>\n\t\t\t<div class='evcal_evdata_cell'>\n\t\t\t\t<p><a href='https:\/\/etecnic.bisiestodeveloper.es\/ca\/export-events\/38087_0\/?nonce=cd0d907025' class='evo_ics_nCal' title='Afegir al teu calendari'>Calendari<\/a><a href='\/\/www.google.com\/calendar\/event?action=TEMPLATE&amp;text=EVcharge+a+MUBIL+Mobility+Expo&amp;dates=20260325T080000Z\/20260326T170000Z&amp;ctz=Europe\/Madrid&amp;details=EVcharge+a+MUBIL+Mobility+Expo&amp;location=' target='_blank' class='evo_ics_gCal' title='Afegir al teu calendari de Google'>GoogleCal<\/a><\/p>\t\n\t\t\t<\/div>\n\t\t<\/div><\/div><\/div><div class='evocard_row'><div class='evocard_box organizer' data-c='' \n\t\t\t\t\tstyle=''><div class=\"evo_metarow_organizer evorow evcal_evdata_row evcal_evrow_sm \">\n\t\t<span class=\"evcal_evdata_icons\"><i class=\"fa fa-headphones\"><\/i><\/span>\n\t\t<div class=\"evcal_evdata_cell\">\t\t\t\t\t\t\t\n\t\t\t<h3 class=\"evo_h3\">Organitzador<\/h3><div class=\"evo_org_content\"><p class=\"evo_data_val evo_card_organizer_image\"><img decoding=\"async\" src=\"https:\/\/etecnic.bisiestodeveloper.es\/wp-content\/uploads\/2026\/07\/AZUL_vertical-200x132-1.png\" \/><\/p>\n\t\t\t<div class=\"evo_card_organizer\"><h4 class=\"evo_h4 marb5\"><span class=\"evo_card_organizer_name_t marb5\"><a href=\"https:\/\/etecnic.bisiestodeveloper.es\/ca\/event-organizer\/mubil-mobility-expo\/\">MUBIL Mobility Expo<\/a><\/span><\/h4><div class=\"evo_org_details\"><\/div><\/div><\/div>\t\t\t\t\t\t\t\n\t\t<\/div>\n\t<\/div><\/div><\/div><div class='evo_card_row_end evcal_close' title='Close'><\/div><\/div><div class='clear end'><\/div><\/div><\/div><div class='evcal_month_line' data-d='eml_5_2026'><p>maig<\/p><\/div><div class='sep_month_events ' data-d='eml_5_2026'><div id=\"event_38077_0\" class=\"eventon_list_event evo_eventtop scheduled past_event event event_38077_0\" data-event_id=\"38077\" data-ri=\"0r\" data-time=\"1778050800-1778072400\" data-colr=\"#00e7ef\" itemscope itemtype='http:\/\/schema.org\/Event'><div class=\"evo_event_schema\" style=\"display:none\" ><a itemprop='url'  href='https:\/\/etecnic.bisiestodeveloper.es\/ca\/events\/ii-edicio-de-workshop-de-transport-sostenible-electrificat\/var\/ri-0.l-L2'><\/a><meta itemprop='image'  \/><meta itemprop='startDate' content=\"2026-5-6T09:00+0:00\" \/><meta itemprop='endDate' content=\"2026-5-6T15:00+0:00\" \/><meta itemprop='eventStatus' content=\"https:\/\/schema.org\/EventScheduled\" \/><item style=\"display:none\" itemprop=\"eventAttendanceMode\" itemscope itemtype=\"https:\/\/schema.org\/OnlineEventAttendanceMode\"><\/item><script type=\"application\/ld+json\">{\"@context\": \"http:\/\/schema.org\",\"@type\": \"Event\",\n\t\t\t\t\"@id\": \"event_38077_0\",\n\t\t\t\t\"eventAttendanceMode\":\"https:\/\/schema.org\/OnlineEventAttendanceMode\",\n\t\t\t\t\"name\": \"II Edici\u00f3 de Workshop de Transport Sostenible Electrificat\",\n\t\t\t\t\"url\": \"https:\/\/etecnic.bisiestodeveloper.es\/ca\/events\/ii-edicio-de-workshop-de-transport-sostenible-electrificat\/var\/ri-0.l-L2\",\n\t\t\t\t\"startDate\": \"2026-5-6T09:00+0:00\",\n\t\t\t\t\"endDate\": \"2026-5-6T15:00+0:00\",\n\t\t\t\t\"image\":\"\", \n\t\t\t\t\"description\":\" <p class=\"wp-block-paragraph\"><a href=http:\/\/etecnic.es\/>Etecnic<\/a> organitza juntament amb el Port de Tarragona la segona edici\u00f3 del Workshop de Transport Sostenible Electrificat, una trobada que reunir\u00e0 els principals agents del sector del transport, l'energia i la log\u00edstica.<\/p>  <p class=\"wp-block-paragraph\">Una jornada enfocada a la realitat operativa del transport pesat, on s'abordaran els reptes actuals de l'electrificaci\u00f3, la infraestructura de rec\u00e0rrega i la gesti\u00f3 energ\u00e8tica, combinant taules rodones, proves de c\u00e0rrega en viu i espais de networking professional.<\/p>  <p class=\"wp-block-paragraph\"> 6 de maig, de 09 \u2013 15h.<\/p>  <p class=\"wp-block-paragraph\"> Refugi 1, Sala 1, Port de Tarragona<\/p>  <p class=\"wp-block-paragraph\"><\/p> \",\"eventStatus\":\"https:\/\/schema.org\/EventScheduled\"}<\/script><\/div>\n\t\t\t\t<p class=\"desc_trig_outter\" style=\"\"><a data-gmap_status=\"null\" data-exlk=\"0\" style=\"background-color: #00e7ef;\" id=\"evc_177805080038077\" class=\"desc_trig evo_2026 evo_eventos sin_val evcal_list_a\" data-ux_val=\"3\" data-ux_val_mob=\"-\"  ><span class='evoet_c2 evoet_cx '><span class='evoet_dayblock evcal_cblock ' data-bgcolor='#00e7ef' data-smon='maig' data-syr='2026'><span class='evo_start '><em class='year'>2026<\/em><em class='date'>06<\/em><em class='month'>mai<\/em><em class='time'>09:00<\/em><\/span><span class='evo_end only_time'><em class='time'>15:00<\/em><\/span><\/span><\/span><span class='evoet_c3 evoet_cx evcal_desc evo_info ' ><span class='evoet_tags evo_above_title'><\/span><span class='evoet_title evcal_desc2 evcal_event_title' itemprop='name'>II Edici\u00f3 de Workshop de Transport Sostenible Electrificat<\/span><span class='evoet_subtitle evo_below_title'><\/span><span class='evoet_time_expand level_3 evcal_desc_info evogap10'><em class='evcal_time evo_tz_time level_4'><i class='fa fa-clock-o evomarr10'><\/i>09:00 - 15:00<span class='evo_tz marl5'>(GMT+02:00)<\/span><\/em> <\/span><span class='evcal_desc3'><span class='evcal_oganizer level_4'>\n\t\t\t\t\t\t\t\t<em><i>Organitzador:<\/i><\/em>\n\t\t\t\t\t\t\t\t<em class=\"evoet_dataval\">Etecnic<\/em>\n\t\t\t\t\t\t\t\t<\/span><span class='evcal_event_types level_4 ett1'><em><i>Tipus d'esdeveniment:<\/i><\/em><em data-filter='event_type'>2026,<\/em><em data-filter='event_type'>Esdeveniments<\/em><i class='clear'><\/i><\/span><\/span><\/span><em class='evoet_data' style='display:none' data-bgc='#00e7ef'data-bggrad=''><\/em><\/a><\/p><div class='event_description evcal_eventcard ' style=\"display:none\"><div class='evocard_row'><div class='evocard_box eventdetails' data-c='' \n\t\t\t\t\tstyle=''><div class=\"evo_metarow_details evorow evcal_evdata_row evcal_event_details\">\n    <div class=\"event_excerpt\" style=\"display:none\"><h3 class=\"padb5 evo_h3\">Detalls de l'esdeveniment<\/h3><p>Etecnic organitza juntament amb el Port de Tarragona la segona edici\u00f3 del Workshop de Transport Sostenible Electrificat, una trobada que reunir\u00e0 els principals agents del sector<\/p><\/div><span class='evcal_evdata_icons'><i class='fa fa-align-justify'><\/i><\/span>    <div class=\"evcal_evdata_cell shorter_desc\">\n        <div class=\"eventon_full_description\">\n            <h3 class=\"padb5 evo_h3\"><span class='evcal_evdata_icons'><i class='fa fa-align-justify'><\/i><\/span>Detalls de l'esdeveniment<\/h3>\n            <div class=\"eventon_desc_in\" itemprop=\"description\">\n                <p><\/p>\n<p class=\"wp-block-paragraph\"><a href=\"http:\/\/etecnic.es\/\">Etecnic<\/a> organitza juntament amb el Port de Tarragona la segona edici\u00f3 del Workshop de Transport Sostenible Electrificat, una trobada que reunir\u00e0 els principals agents del sector del transport, l&#8217;energia i la log\u00edstica.<\/p>\n<p><\/p>\n<p class=\"wp-block-paragraph\">Una jornada enfocada a la realitat operativa del transport pesat, on s&#8217;abordaran els reptes actuals de l&#8217;electrificaci\u00f3, la infraestructura de rec\u00e0rrega i la gesti\u00f3 energ\u00e8tica, combinant taules rodones, proves de c\u00e0rrega en viu i espais de networking professional.<\/p>\n<p><\/p>\n<p class=\"wp-block-paragraph\"> 6 de maig, de 09 \u2013 15h.<\/p>\n<p><\/p>\n<p class=\"wp-block-paragraph\"> Refugi 1, Sala 1, Port de Tarragona<\/p>\n<p><\/p>\n<p class=\"wp-block-paragraph\"><\/p>\n            <\/div>\n            <p class='eventon_shad_p' style='padding:5px 0 0; margin:0'><span class='evcal_btn evo_btn_secondary evobtn_details_show_more' content='less'><span class='ev_more_text' data-txt='Menys'>M\u00e9s<\/span><span class='ev_more_arrow ard'><\/span><\/span><\/p><div class='clear'><\/div>        <\/div>\n    <\/div>\n<\/div><\/div><\/div><div class='evocard_row bx2 bx'><div class='evocard_box time' data-c='' \n\t\t\t\t\tstyle=''><div class='evo_metarow_time evorow evcal_evdata_row evcal_evrow_sm '>\n\t\t<span class='evcal_evdata_icons'><i class='fa fa-clock'><\/i><\/span>\n\t\t<div class='evcal_evdata_cell'>\t\t\t\t\t\t\t\n\t\t\t<h3 class='evo_h3'><span class='evcal_evdata_icons'><i class='fa fa-clock'><\/i><\/span>Data i hora<\/h3><p><span class='evo_eventcard_time_t'>Maig 6, 2026 (dimecres) 09:00 - 15:00<\/span><span class='evo_tz'>(GMT+02:00)<\/span><\/p>\n\t\t<\/div>\n\t<\/div><\/div><div class='evocard_box location' data-c='' \n\t\t\t\t\tstyle=''><div class='evcal_evdata_row evo_metarow_time_location evorow '>\n\t\t\n\t\t\t<span class='evcal_evdata_icons'><i class='fa fa-map-marker'><\/i><\/span>\n\t\t\t<div class='evcal_evdata_cell' data-loc_tax_id='945'><h3 class='evo_h3'><span class='evcal_evdata_icons'><i class='fa fa-map-marker'><\/i><\/span>Ubicaci\u00f3<\/h3><p class='evo_location_name' style='margin-bottom:10px; font-size:15px;'>Tarragona<\/p><\/div>\n\t\t\n\t<\/div><\/div><\/div><div class='evocard_row bx2 bx'><div class='evocard_box learnmore' data-c='' \n\t\t\t\t\tstyle=''><div class='evo_metarow_learnM evo_metarow_learnmore evorow'>\n\t\t\t\t\t\t\t<a class='evcal_evdata_row evo_clik_row ' href='https:\/\/etecnic.bisiestodeveloper.es\/ca\/esdeveniments\/el-port-de-tarragona-es-converteix-en-lepicentre-de-la-descarbonitzacio-del-transport-pesat\/' target=\"_blank\">\n\t\t\t\t\t\t\t\t<span class='evcal_evdata_icons'><i class='fa fa-link'><\/i><\/span>\n\t\t\t\t\t\t\t\t<h3 class='evo_h3 evopad0i'>M\u00e9s informaci\u00f3 sobre aquest esdeveniment<\/h3>\n\t\t\t\t\t\t\t<\/a>\n\t\t\t\t\t\t\t<\/div><\/div><div class='evocard_box addtocal' data-c='' \n\t\t\t\t\tstyle=''><div class='evo_metarow_ICS evorow evcal_evdata_row'>\n\t\t\t<span class='evcal_evdata_icons'><i class='fa fa-calendar-o'><\/i><\/span>\n\t\t\t<div class='evcal_evdata_cell'>\n\t\t\t\t<p><a href='https:\/\/etecnic.bisiestodeveloper.es\/ca\/export-events\/38077_0\/?nonce=cd0d907025' class='evo_ics_nCal' title='Afegir al teu calendari'>Calendari<\/a><a href='\/\/www.google.com\/calendar\/event?action=TEMPLATE&amp;text=II+Edici%C3%B3+de+Workshop+de+Transport+Sostenible+Electrificat&amp;dates=20260506T070000Z\/20260506T130000Z&amp;ctz=Europe\/Madrid&amp;details=II+Edici%C3%B3+de+Workshop+de+Transport+Sostenible+Electrificat&amp;location=Tarragona' target='_blank' class='evo_ics_gCal' title='Afegir al teu calendari de Google'>GoogleCal<\/a><\/p>\t\n\t\t\t<\/div>\n\t\t<\/div><\/div><\/div><div class='evocard_row'><div class='evocard_box organizer' data-c='' \n\t\t\t\t\tstyle=''><div class=\"evo_metarow_organizer evorow evcal_evdata_row evcal_evrow_sm \">\n\t\t<span class=\"evcal_evdata_icons\"><i class=\"fa fa-headphones\"><\/i><\/span>\n\t\t<div class=\"evcal_evdata_cell\">\t\t\t\t\t\t\t\n\t\t\t<h3 class=\"evo_h3\">Organitzador<\/h3><div class=\"evo_org_content\"><p class=\"evo_data_val evo_card_organizer_image\"><img decoding=\"async\" src=\"https:\/\/etecnic.bisiestodeveloper.es\/wp-content\/uploads\/2026\/07\/ETECNIC-jpg-200x132-1.jpg\" \/><\/p>\n\t\t\t<div class=\"evo_card_organizer\"><h4 class=\"evo_h4 marb5\"><span class=\"evo_card_organizer_name_t marb5\"><a href=\"https:\/\/etecnic.bisiestodeveloper.es\/event-organizer\/etecnic\/\">Etecnic<\/a><\/span><\/h4><div class=\"evo_org_details\"><\/div><\/div><\/div>\t\t\t\t\t\t\t\n\t\t<\/div>\n\t<\/div><\/div><\/div><div class='evo_card_row_end evcal_close' title='Close'><\/div><\/div><div class='clear end'><\/div><\/div><\/div><div class='evcal_month_line' data-d='eml_6_2026'><p>juny<\/p><\/div><div class='sep_month_events ' data-d='eml_6_2026'><div id=\"event_38076_0\" class=\"eventon_list_event evo_eventtop scheduled past_event event event_38076_0\" data-event_id=\"38076\" data-ri=\"0r\" data-time=\"1782198000-1782403200\" data-colr=\"#24a8f4\" itemscope itemtype='http:\/\/schema.org\/Event'><div class=\"evo_event_schema\" style=\"display:none\" ><a itemprop='url'  href='https:\/\/etecnic.bisiestodeveloper.es\/ca\/events\/evcharge-en-power2drive-munich\/var\/ri-0.l-L2'><\/a><meta itemprop='image'  \/><meta itemprop='startDate' content=\"2026-6-23T09:00+0:00\" \/><meta itemprop='endDate' content=\"2026-6-25T18:00+0:00\" \/><meta itemprop='eventStatus' content=\"https:\/\/schema.org\/EventScheduled\" \/><item style=\"display:none\" itemprop=\"eventAttendanceMode\" itemscope itemtype=\"https:\/\/schema.org\/OfflineEventAttendanceMode\"><\/item><script type=\"application\/ld+json\">{\"@context\": \"http:\/\/schema.org\",\"@type\": \"Event\",\n\t\t\t\t\"@id\": \"event_38076_0\",\n\t\t\t\t\"eventAttendanceMode\":\"https:\/\/schema.org\/OfflineEventAttendanceMode\",\n\t\t\t\t\"name\": \"EVcharge a Power2Drive, M\u00fanich\",\n\t\t\t\t\"url\": \"https:\/\/etecnic.bisiestodeveloper.es\/ca\/events\/evcharge-en-power2drive-munich\/var\/ri-0.l-L2\",\n\t\t\t\t\"startDate\": \"2026-6-23T09:00+0:00\",\n\t\t\t\t\"endDate\": \"2026-6-25T18:00+0:00\",\n\t\t\t\t\"image\":\"\", \n\t\t\t\t\"description\":\" <p class=\"wp-block-paragraph\">EVcharge participar\u00e0 a <a href=https:\/\/www.powertodrive.de\/home target=_blank rel=noreferrer noopener><strong>Power2Drive<\/strong><\/a>, un dels esdeveniments de refer\u00e8ncia en mobilitat el\u00e8ctrica, que se celebrar\u00e0 <strong>del 23 al 25 de juny<\/strong>. Hi serem presents per mostrar les nostres solucions de gesti\u00f3 i monetitzaci\u00f3 de xarxes de rec\u00e0rrega.<\/p>  <p class=\"wp-block-paragraph\"><strong>Visita'ns a l'estand B6.679 (Hall 6)<\/strong> i descobreix com optimitzar el control i l'efici\u00e8ncia de la teva infraestructura de rec\u00e0rrega.<\/p>  <p class=\"wp-block-paragraph\"><\/p> \",\"eventStatus\":\"https:\/\/schema.org\/EventScheduled\"}<\/script><\/div>\n\t\t\t\t<p class=\"desc_trig_outter\" style=\"\"><a data-gmap_status=\"null\" data-exlk=\"0\" style=\"background-color: #24a8f4;\" id=\"evc_178219800038076\" class=\"desc_trig evo_2026 evo_eventos mul_val evcal_list_a\" data-ux_val=\"3\" data-ux_val_mob=\"-\"  ><span class='evoet_c2 evoet_cx '><span class='evoet_dayblock evcal_cblock ' data-bgcolor='#24a8f4' data-smon='juny' data-syr='2026'><span class='evo_start '><em class='year'>2026<\/em><em class='date'>23<\/em><em class='month'>jun<\/em><em class='time'><i t=\"y\">(jun 23)<\/i>09:00<\/em><\/span><span class='evo_end '><em class='date'>25<\/em><em class='time'><i t=\"y\">(jun 25)<\/i>18:00<\/em><\/span><\/span><\/span><span class='evoet_c3 evoet_cx evcal_desc evo_info ' ><span class='evoet_tags evo_above_title'><\/span><span class='evoet_title evcal_desc2 evcal_event_title' itemprop='name'>EVcharge a Power2Drive, M\u00fanich<\/span><span class='evoet_subtitle evo_below_title'><\/span><span class='evoet_time_expand level_3 evcal_desc_info evogap10'><em class='evcal_time evo_tz_time level_4'><i class='fa fa-clock-o evomarr10'><\/i>09:00 - 18:00 <em class=\"evo_endday evomarl5\">(25)<\/em><span class='evo_tz marl5'>(GMT+02:00)<\/span><\/em> <\/span><span class='evcal_desc3'><span class='evcal_oganizer level_4'>\n\t\t\t\t\t\t\t\t<em><i>Organitzador:<\/i><\/em>\n\t\t\t\t\t\t\t\t<em class=\"evoet_dataval\">Solar Promotion GmbH y FWTM.<\/em>\n\t\t\t\t\t\t\t\t<\/span><span class='evcal_event_types level_4 ett1'><em><i>Tipus d'esdeveniment:<\/i><\/em><em data-filter='event_type'>2026,<\/em><em data-filter='event_type'>Esdeveniments<\/em><i class='clear'><\/i><\/span><\/span><\/span><em class='evoet_data' style='display:none' data-bgc='#24a8f4'data-bggrad=''><\/em><\/a><\/p><div class='event_description evcal_eventcard ' style=\"display:none\"><div class='evocard_row'><div class='evocard_box eventdetails' data-c='' \n\t\t\t\t\tstyle=''><div class=\"evo_metarow_details evorow evcal_evdata_row evcal_event_details\">\n    <div class=\"event_excerpt\" style=\"display:none\"><h3 class=\"padb5 evo_h3\">Detalls de l'esdeveniment<\/h3><p>EVcharge participar\u00e0 a Power2Drive, un dels esdeveniments de refer\u00e8ncia en mobilitat el\u00e8ctrica, que se celebrar\u00e0 del 23 al 25 de juny. Hi serem<\/p><\/div><span class='evcal_evdata_icons'><i class='fa fa-align-justify'><\/i><\/span>    <div class=\"evcal_evdata_cell shorter_desc\">\n        <div class=\"eventon_full_description\">\n            <h3 class=\"padb5 evo_h3\"><span class='evcal_evdata_icons'><i class='fa fa-align-justify'><\/i><\/span>Detalls de l'esdeveniment<\/h3>\n            <div class=\"eventon_desc_in\" itemprop=\"description\">\n                <p><\/p>\n<p class=\"wp-block-paragraph\">EVcharge participar\u00e0 a <a href=\"https:\/\/www.powertodrive.de\/home\" target=\"_blank\" rel=\"noreferrer noopener\"><strong>Power2Drive<\/strong><\/a>, un dels esdeveniments de refer\u00e8ncia en mobilitat el\u00e8ctrica, que se celebrar\u00e0 <strong>del 23 al 25 de juny<\/strong>. Hi serem presents per mostrar les nostres solucions de gesti\u00f3 i monetitzaci\u00f3 de xarxes de rec\u00e0rrega.<\/p>\n<p><\/p>\n<p class=\"wp-block-paragraph\"><strong>Visita&#8217;ns a l&#8217;estand B6.679 (Hall 6)<\/strong> i descobreix com optimitzar el control i l&#8217;efici\u00e8ncia de la teva infraestructura de rec\u00e0rrega.<\/p>\n<p><\/p>\n<p class=\"wp-block-paragraph\"><\/p>\n            <\/div>\n            <p class='eventon_shad_p' style='padding:5px 0 0; margin:0'><span class='evcal_btn evo_btn_secondary evobtn_details_show_more' content='less'><span class='ev_more_text' data-txt='Menys'>M\u00e9s<\/span><span class='ev_more_arrow ard'><\/span><\/span><\/p><div class='clear'><\/div>        <\/div>\n    <\/div>\n<\/div><\/div><\/div><div class='evocard_row bx2 bx'><div class='evocard_box time' data-c='' \n\t\t\t\t\tstyle=''><div class='evo_metarow_time evorow evcal_evdata_row evcal_evrow_sm '>\n\t\t<span class='evcal_evdata_icons'><i class='fa fa-clock'><\/i><\/span>\n\t\t<div class='evcal_evdata_cell'>\t\t\t\t\t\t\t\n\t\t\t<h3 class='evo_h3'><span class='evcal_evdata_icons'><i class='fa fa-clock'><\/i><\/span>Data i hora<\/h3><p><span class='evo_eventcard_time_t'>Juny 23, 2026 (dimarts) 09:00 - juny 25, 2026 (dijous) 18:00<\/span><span class='evo_tz'>(GMT+02:00)<\/span><\/p>\n\t\t<\/div>\n\t<\/div><\/div><div class='evocard_box location' data-c='' \n\t\t\t\t\tstyle=''><div class='evcal_evdata_row evo_metarow_time_location evorow '>\n\t\t\n\t\t\t<span class='evcal_evdata_icons'><i class='fa fa-map-marker'><\/i><\/span>\n\t\t\t<div class='evcal_evdata_cell' data-loc_tax_id='903'><h3 class='evo_h3'><span class='evcal_evdata_icons'><i class='fa fa-map-marker'><\/i><\/span>Ubicaci\u00f3<\/h3><p class='evo_location_name' style='margin-bottom:10px; font-size:15px;'>M\u00fanich<\/p><\/div>\n\t\t\n\t<\/div><\/div><\/div><div class='evocard_row bx2 bx'><div class='evocard_box learnmore' data-c='' \n\t\t\t\t\tstyle=''><div class='evo_metarow_learnM evo_metarow_learnmore evorow'>\n\t\t\t\t\t\t\t<a class='evcal_evdata_row evo_clik_row ' href='https:\/\/etecnic.bisiestodeveloper.es\/ca\/esdeveniments\/el-nostre-pas-per-power2drive-europe-2026-una-setmana-a-munic\/' target=\"_blank\">\n\t\t\t\t\t\t\t\t<span class='evcal_evdata_icons'><i class='fa fa-link'><\/i><\/span>\n\t\t\t\t\t\t\t\t<h3 class='evo_h3 evopad0i'>M\u00e9s informaci\u00f3 sobre aquest esdeveniment<\/h3>\n\t\t\t\t\t\t\t<\/a>\n\t\t\t\t\t\t\t<\/div><\/div><div class='evocard_box addtocal' data-c='' \n\t\t\t\t\tstyle=''><div class='evo_metarow_ICS evorow evcal_evdata_row'>\n\t\t\t<span class='evcal_evdata_icons'><i class='fa fa-calendar-o'><\/i><\/span>\n\t\t\t<div class='evcal_evdata_cell'>\n\t\t\t\t<p><a href='https:\/\/etecnic.bisiestodeveloper.es\/ca\/export-events\/38076_0\/?nonce=cd0d907025' class='evo_ics_nCal' title='Afegir al teu calendari'>Calendari<\/a><a href='\/\/www.google.com\/calendar\/event?action=TEMPLATE&amp;text=EVcharge+a+Power2Drive%2C+M%C3%BAnich&amp;dates=20260623T070000Z\/20260625T160000Z&amp;ctz=Europe\/Madrid&amp;details=EVcharge+a+Power2Drive%2C+M%C3%BAnich&amp;location=M%C3%BAnich' target='_blank' class='evo_ics_gCal' title='Afegir al teu calendari de Google'>GoogleCal<\/a><\/p>\t\n\t\t\t<\/div>\n\t\t<\/div><\/div><\/div><div class='evocard_row'><div class='evocard_box organizer' data-c='' \n\t\t\t\t\tstyle=''><div class=\"evo_metarow_organizer evorow evcal_evdata_row evcal_evrow_sm \">\n\t\t<span class=\"evcal_evdata_icons\"><i class=\"fa fa-headphones\"><\/i><\/span>\n\t\t<div class=\"evcal_evdata_cell\">\t\t\t\t\t\t\t\n\t\t\t<h3 class=\"evo_h3\">Organitzador<\/h3><div class=\"evo_org_content\"><p class=\"evo_data_val evo_card_organizer_image\"><img decoding=\"async\" src=\"https:\/\/etecnic.bisiestodeveloper.es\/wp-content\/uploads\/2025\/07\/descarga-2.png\" \/><\/p>\n\t\t\t<div class=\"evo_card_organizer\"><h4 class=\"evo_h4 marb5\"><span class=\"evo_card_organizer_name_t marb5\"><a href=\"https:\/\/etecnic.bisiestodeveloper.es\/ca\/event-organizer\/solar-promotion-gmbh-y-fwtm\/\">Solar Promotion GmbH y FWTM.<\/a><\/span><\/h4><div class=\"evo_org_details\"><\/div><\/div><\/div>\t\t\t\t\t\t\t\n\t\t<\/div>\n\t<\/div><\/div><\/div><div class='evo_card_row_end evcal_close' title='Close'><\/div><\/div><div class='clear end'><\/div><\/div><\/div>\t\t\t<div class='clear'><\/div>\n\t\t\t<\/div>\n\t\t\t<div class='clear'><\/div>\n\t\t\t\n\t\t\t\t\t \t<div id='evcal_footer' class='evo_bottom' style='display:none'>\n\t\t \t\t<div class='evo_cal_data' data-sc='{&quot;accord&quot;:&quot;no&quot;,&quot;bottom_nav&quot;:&quot;no&quot;,&quot;cal_id&quot;:&quot;&quot;,&quot;cal_init_nonajax&quot;:&quot;no&quot;,&quot;calendar_type&quot;:&quot;list&quot;,&quot;ep_fields&quot;:&quot;&quot;,&quot;etc_override&quot;:&quot;no&quot;,&quot;evc_open&quot;:&quot;no&quot;,&quot;event_count&quot;:0,&quot;event_location&quot;:&quot;all&quot;,&quot;event_order&quot;:&quot;DESC&quot;,&quot;event_organizer&quot;:&quot;all&quot;,&quot;event_parts&quot;:&quot;no&quot;,&quot;event_past_future&quot;:&quot;all&quot;,&quot;event_status&quot;:&quot;all&quot;,&quot;event_tag&quot;:&quot;all&quot;,&quot;event_type&quot;:&quot;937&quot;,&quot;event_type_2&quot;:&quot;all&quot;,&quot;event_virtual&quot;:&quot;all&quot;,&quot;eventtop_date_style&quot;:0,&quot;eventtop_style&quot;:&quot;2&quot;,&quot;exp_jumper&quot;:&quot;no&quot;,&quot;exp_so&quot;:&quot;no&quot;,&quot;filter_relationship&quot;:&quot;AND&quot;,&quot;filter_show_set_only&quot;:&quot;no&quot;,&quot;filter_type&quot;:&quot;default&quot;,&quot;filters&quot;:&quot;yes&quot;,&quot;fixed_month&quot;:&quot;3&quot;,&quot;fixed_year&quot;:&quot;2025&quot;,&quot;focus_end_date_range&quot;:&quot;1788213599&quot;,&quot;focus_start_date_range&quot;:&quot;1740783600&quot;,&quot;ft_event_priority&quot;:&quot;no&quot;,&quot;hide_arrows&quot;:&quot;no&quot;,&quot;hide_cancels&quot;:&quot;no&quot;,&quot;hide_empty_months&quot;:&quot;yes&quot;,&quot;hide_end_time&quot;:&quot;no&quot;,&quot;hide_et_dn&quot;:&quot;no&quot;,&quot;hide_et_extra&quot;:&quot;no&quot;,&quot;hide_et_tags&quot;:&quot;no&quot;,&quot;hide_et_tl&quot;:&quot;no&quot;,&quot;hide_ft&quot;:&quot;no&quot;,&quot;hide_ft_img&quot;:&quot;no&quot;,&quot;hide_month_headers&quot;:&quot;no&quot;,&quot;hide_mult_occur&quot;:&quot;no&quot;,&quot;hide_past&quot;:&quot;no&quot;,&quot;hide_past_by&quot;:&quot;ee&quot;,&quot;hide_so&quot;:&quot;yes&quot;,&quot;ics&quot;:&quot;no&quot;,&quot;jumper&quot;:&quot;no&quot;,&quot;jumper_count&quot;:5,&quot;jumper_offset&quot;:&quot;0&quot;,&quot;lang&quot;:&quot;L2&quot;,&quot;layout_changer&quot;:&quot;no&quot;,&quot;livenow_bar&quot;:&quot;yes&quot;,&quot;mapformat&quot;:&quot;roadmap&quot;,&quot;mapiconurl&quot;:&quot;&quot;,&quot;maps_load&quot;:&quot;no&quot;,&quot;mapscroll&quot;:&quot;false&quot;,&quot;mapzoom&quot;:&quot;18&quot;,&quot;members_only&quot;:&quot;no&quot;,&quot;ml_priority&quot;:&quot;no&quot;,&quot;month_incre&quot;:&quot;-18&quot;,&quot;number_of_months&quot;:&quot;18&quot;,&quot;only_ft&quot;:&quot;no&quot;,&quot;pec&quot;:&quot;&quot;,&quot;s&quot;:&quot;&quot;,&quot;search&quot;:&quot;&quot;,&quot;search_all&quot;:&quot;no&quot;,&quot;sep_month&quot;:&quot;yes&quot;,&quot;show_et_ft_img&quot;:&quot;no&quot;,&quot;show_limit&quot;:&quot;no&quot;,&quot;show_limit_ajax&quot;:&quot;no&quot;,&quot;show_limit_paged&quot;:1,&quot;show_limit_redir&quot;:&quot;&quot;,&quot;show_repeats&quot;:&quot;no&quot;,&quot;show_upcoming&quot;:0,&quot;show_year&quot;:&quot;no&quot;,&quot;social_share&quot;:&quot;no&quot;,&quot;sort_by&quot;:&quot;sort_date&quot;,&quot;tile_bg&quot;:0,&quot;tile_bg_size&quot;:&quot;full&quot;,&quot;tile_count&quot;:2,&quot;tile_height&quot;:0,&quot;tile_style&quot;:0,&quot;tiles&quot;:&quot;no&quot;,&quot;ux_val&quot;:&quot;3&quot;,&quot;wpml_l1&quot;:&quot;es&quot;,&quot;wpml_l2&quot;:&quot;ca&quot;,&quot;wpml_l3&quot;:&quot;en&quot;,&quot;yl_priority&quot;:&quot;no&quot;,&quot;fixed_day&quot;:&quot;5&quot;,&quot;_cver&quot;:&quot;2.4.9&quot;}'data-od='{&quot;lang_no_events&quot;:&quot;Sense esdveniments&quot;,&quot;cal_tz_offset&quot;:120,&quot;cal_tz&quot;:&quot;Europe\\\/Madrid&quot;}'><\/div>\n\t\t \t\t<div class='evo_cal_events' data-events=\"\"><\/div>\n\t\t \t<\/div>\n\t\t\t\t\n\t\t\t\n\t\t\t\n\t\t\t\t\t\t<\/div><!-- EventON End -->\n\t\t\t<\/div>\n\t\t\t\t\t\t<\/div>\n\t\t\t\t<\/div>\n\t\t\t\t<div class=\"elementor-element elementor-element-b5f7c36 elementor-widget elementor-widget-text-editor\" data-id=\"b5f7c36\" data-element_type=\"widget\" data-widget_type=\"text-editor.default\">\n\t\t\t\t<div class=\"elementor-widget-container\">\n\t\t\t\t\t\t\t\t\t<div style=\"font-family: 'Poppins', sans-serif; text-align: left; max-width: 900px; margin: 40px 0 20px 0;\" data-mce-style=\"font-family: 'Poppins', sans-serif; text-align: left; max-width: 900px; margin: 40px 0 20px 0;\"><h3 style=\"font-family: 'Poppins', sans-serif; font-size: 32px; font-weight: bold; color: #001c71; margin-top: 0; margin-bottom: 20px; text-align: left;\" data-mce-style=\"font-family: 'Poppins', sans-serif; font-size: 32px; font-weight: bold; color: #001c71; margin-top: 0; margin-bottom: 20px; text-align: left;\">2025<\/h3><\/div>\t\t\t\t\t\t\t\t<\/div>\n\t\t\t\t<\/div>\n\t\t\t\t<div class=\"elementor-element elementor-element-e753faa elementor-widget elementor-widget-shortcode\" data-id=\"e753faa\" data-element_type=\"widget\" data-widget_type=\"shortcode.default\">\n\t\t\t\t<div class=\"elementor-widget-container\">\n\t\t\t\t\t\t\t<div class=\"elementor-shortcode\"><!-- EventON Calendar --><div id='evcal_calendar_621' class='list_cal ajde_evcal_calendar sev cev color esty_2 ul etttc_custom ' ><div id='evcal_head' class='calendar_header ' ><div class='evo_cal_above'><span class='evo-gototoday-btn evo_hide' style='display:none;' data-mo='3' data-yr='2025' data-dy=''>Mes actual<\/span><\/div><div class='evo_cal_above_content'><\/div><\/div><div class='eventon_sorting_section' style='display:none'><div class='eventon_filter_line '><\/div><div class='clear'><\/div><\/div><div id='eventon_loadbar_section'><div id='eventon_loadbar'><\/div><\/div><!-- Events List --><div id='evcal_list' \n\t\t\t\t\tclass='eventon_events_list sep_months evcal_list_month'><div class='evcal_month_line' data-d='eml_4_2025'><p>abril<\/p><\/div><div class='sep_month_events ' data-d='eml_4_2025'><div id=\"event_38083_0\" class=\"eventon_list_event evo_eventtop scheduled past_event event event_38083_0\" data-event_id=\"38083\" data-ri=\"0r\" data-time=\"1744021800-1744025400\" data-colr=\"#145f87\" itemscope itemtype='http:\/\/schema.org\/Event'><div class=\"evo_event_schema\" style=\"display:none\" ><a itemprop='url'  href='https:\/\/etecnic.bisiestodeveloper.es\/ca\/events\/forum-smartcity-de-la-iet-el-regne-unit-espanya-2025\/var\/ri-0.l-L2'><\/a><meta itemprop='image'  \/><meta itemprop='startDate' content=\"2025-4-7T12:30+0:00\" \/><meta itemprop='endDate' content=\"2025-4-7T13:30+0:00\" \/><meta itemprop='eventStatus' content=\"https:\/\/schema.org\/EventScheduled\" \/><item style=\"display:none\" itemprop=\"eventAttendanceMode\" itemscope itemtype=\"https:\/\/schema.org\/OnlineEventAttendanceMode\"><\/item><script type=\"application\/ld+json\">{\"@context\": \"http:\/\/schema.org\",\"@type\": \"Event\",\n\t\t\t\t\"@id\": \"event_38083_0\",\n\t\t\t\t\"eventAttendanceMode\":\"https:\/\/schema.org\/OnlineEventAttendanceMode\",\n\t\t\t\t\"name\": \"F\u00f2rum SmartCity de la IET el Regne Unit-Espanya 2025\",\n\t\t\t\t\"url\": \"https:\/\/etecnic.bisiestodeveloper.es\/ca\/events\/forum-smartcity-de-la-iet-el-regne-unit-espanya-2025\/var\/ri-0.l-L2\",\n\t\t\t\t\"startDate\": \"2025-4-7T12:30+0:00\",\n\t\t\t\t\"endDate\": \"2025-4-7T13:30+0:00\",\n\t\t\t\t\"image\":\"\", \n\t\t\t\t\"description\":\" <p class=\"wp-block-paragraph\">En en l'esdeveniment es debatr\u00e0 sobre el futur de les ciutats intel\u00b7ligents, ressaltant el creixement a Espanya i la innovaci\u00f3 al Regne Unit.<\/p>  <p class=\"wp-block-paragraph\"><strong>Juanma P\u00e9rez<\/strong>, Sales Manager d'EVcharge participar\u00e0 a l'esdeveniment presentant la soluci\u00f3 <strong>Smart pricing<\/strong> d'EVcharge<\/p>  <p class=\"wp-block-paragraph\"><\/p> \",\"eventStatus\":\"https:\/\/schema.org\/EventScheduled\"}<\/script><\/div>\n\t\t\t\t<p class=\"desc_trig_outter\" style=\"\"><a data-gmap_status=\"null\" data-exlk=\"0\" style=\"background-color: #145f87;\" id=\"evc_174402180038083\" class=\"desc_trig evo_2025 evo_eventos sin_val evcal_list_a\" data-ux_val=\"3\" data-ux_val_mob=\"-\"  ><span class='evoet_c2 evoet_cx '><span class='evoet_dayblock evcal_cblock ' data-bgcolor='#145f87' data-smon='abril' data-syr='2025'><span class='evo_start '><em class='year'>2025<\/em><em class='date'>07<\/em><em class='month'>abr<\/em><em class='time'>12:30<\/em><\/span><span class='evo_end only_time'><em class='time'>13:30<\/em><\/span><\/span><\/span><span class='evoet_c3 evoet_cx evcal_desc evo_info ' ><span class='evoet_tags evo_above_title'><\/span><span class='evoet_title evcal_desc2 evcal_event_title' itemprop='name'>F\u00f2rum SmartCity de la IET el Regne Unit-Espanya 2025<\/span><span class='evoet_subtitle evo_below_title'><\/span><span class='evoet_time_expand level_3 evcal_desc_info evogap10'><em class='evcal_time evo_tz_time level_4'><i class='fa fa-clock-o evomarr10'><\/i>12:30 - 13:30<span class='evo_tz marl5'>(GMT+02:00)<\/span><\/em> <\/span><span class='evcal_desc3'><span class='evcal_oganizer level_4'>\n\t\t\t\t\t\t\t\t<em><i>Organitzador:<\/i><\/em>\n\t\t\t\t\t\t\t\t<em class=\"evoet_dataval\">The institution of Engineering and Technology<\/em>\n\t\t\t\t\t\t\t\t<\/span><span class='evcal_event_types level_4 ett1'><em><i>Tipus d'esdeveniment:<\/i><\/em><em data-filter='event_type'>2025,<\/em><em data-filter='event_type'>Esdeveniments<\/em><i class='clear'><\/i><\/span><\/span><\/span><em class='evoet_data' style='display:none' data-bgc='#145f87'data-bggrad=''><\/em><\/a><\/p><div class='event_description evcal_eventcard ' style=\"display:none\"><div class='evocard_row'><div class='evocard_box eventdetails' data-c='' \n\t\t\t\t\tstyle=''><div class=\"evo_metarow_details evorow evcal_evdata_row evcal_event_details\">\n    <div class=\"event_excerpt\" style=\"display:none\"><h3 class=\"padb5 evo_h3\">Detalls de l'esdeveniment<\/h3><p>En en l'esdeveniment es debatr\u00e0 sobre el futur de les ciutats intel\u00b7ligents, ressaltant el creixement a Espanya i la innovaci\u00f3 al Regne Unit.<\/p><\/div><span class='evcal_evdata_icons'><i class='fa fa-align-justify'><\/i><\/span>    <div class=\"evcal_evdata_cell \">\n        <div class=\"eventon_full_description\">\n            <h3 class=\"padb5 evo_h3\"><span class='evcal_evdata_icons'><i class='fa fa-align-justify'><\/i><\/span>Detalls de l'esdeveniment<\/h3>\n            <div class=\"eventon_desc_in\" itemprop=\"description\">\n                <p><\/p>\n<p class=\"wp-block-paragraph\">En en l&#8217;esdeveniment es debatr\u00e0 sobre el futur de les ciutats intel\u00b7ligents, ressaltant el creixement a Espanya i la innovaci\u00f3 al Regne Unit.<\/p>\n<p><\/p>\n<p class=\"wp-block-paragraph\"><strong>Juanma P\u00e9rez<\/strong>, Sales Manager d&#8217;EVcharge participar\u00e0 a l&#8217;esdeveniment presentant la soluci\u00f3 <strong>Smart pricing<\/strong> d&#8217;EVcharge<\/p>\n<p><\/p>\n<p class=\"wp-block-paragraph\"><\/p>\n            <\/div>\n            <div class='clear'><\/div>        <\/div>\n    <\/div>\n<\/div><\/div><\/div><div class='evocard_row'><div class='evocard_box time' data-c='' \n\t\t\t\t\tstyle=''><div class='evo_metarow_time evorow evcal_evdata_row evcal_evrow_sm '>\n\t\t<span class='evcal_evdata_icons'><i class='fa fa-clock'><\/i><\/span>\n\t\t<div class='evcal_evdata_cell'>\t\t\t\t\t\t\t\n\t\t\t<h3 class='evo_h3'><span class='evcal_evdata_icons'><i class='fa fa-clock'><\/i><\/span>Data i hora<\/h3><p><span class='evo_eventcard_time_t'>Abril 7, 2025 (dilluns) 12:30 - 13:30<\/span><span class='evo_tz'>(GMT+02:00)<\/span><\/p>\n\t\t<\/div>\n\t<\/div><\/div><\/div><div class='evocard_row bx2 bx'><div class='evocard_box learnmore' data-c='' \n\t\t\t\t\tstyle=''><div class='evo_metarow_learnM evo_metarow_learnmore evorow'>\n\t\t\t\t\t\t\t<a class='evcal_evdata_row evo_clik_row ' href='https:\/\/etecnic.bisiestodeveloper.es\/ca\/etecnic\/smart-city-expo-world-congress-2025-innovacio-sostenibilitat-i-tecnologia-per-al-futur-de-la-mobilitat-electrica-2\/' target=\"_blank\">\n\t\t\t\t\t\t\t\t<span class='evcal_evdata_icons'><i class='fa fa-link'><\/i><\/span>\n\t\t\t\t\t\t\t\t<h3 class='evo_h3 evopad0i'>M\u00e9s informaci\u00f3 sobre aquest esdeveniment<\/h3>\n\t\t\t\t\t\t\t<\/a>\n\t\t\t\t\t\t\t<\/div><\/div><div class='evocard_box addtocal' data-c='' \n\t\t\t\t\tstyle=''><div class='evo_metarow_ICS evorow evcal_evdata_row'>\n\t\t\t<span class='evcal_evdata_icons'><i class='fa fa-calendar-o'><\/i><\/span>\n\t\t\t<div class='evcal_evdata_cell'>\n\t\t\t\t<p><a href='https:\/\/etecnic.bisiestodeveloper.es\/ca\/export-events\/38083_0\/?nonce=cd0d907025' class='evo_ics_nCal' title='Afegir al teu calendari'>Calendari<\/a><a href='\/\/www.google.com\/calendar\/event?action=TEMPLATE&amp;text=F%C3%B2rum+SmartCity+de+la+IET+el+Regne+Unit-Espanya+2025&amp;dates=20250407T103000Z\/20250407T113000Z&amp;ctz=Europe\/Madrid&amp;details=F%C3%B2rum+SmartCity+de+la+IET+el+Regne+Unit-Espanya+2025&amp;location=' target='_blank' class='evo_ics_gCal' title='Afegir al teu calendari de Google'>GoogleCal<\/a><\/p>\t\n\t\t\t<\/div>\n\t\t<\/div><\/div><\/div><div class='evocard_row'><div class='evocard_box organizer' data-c='' \n\t\t\t\t\tstyle=''><div class=\"evo_metarow_organizer evorow evcal_evdata_row evcal_evrow_sm \">\n\t\t<span class=\"evcal_evdata_icons\"><i class=\"fa fa-headphones\"><\/i><\/span>\n\t\t<div class=\"evcal_evdata_cell\">\t\t\t\t\t\t\t\n\t\t\t<h3 class=\"evo_h3\">Organitzador<\/h3><div class=\"evo_org_content\"><p class=\"evo_data_val evo_card_organizer_image\"><img decoding=\"async\" src=\"https:\/\/etecnic.bisiestodeveloper.es\/wp-content\/uploads\/2026\/02\/descarga-3.png\" \/><\/p>\n\t\t\t<div class=\"evo_card_organizer\"><h4 class=\"evo_h4 marb5\"><span class=\"evo_card_organizer_name_t marb5\"><a href=\"https:\/\/etecnic.bisiestodeveloper.es\/ca\/event-organizer\/the-institution-of-engineering-and-technology\/\">The institution of Engineering and Technology<\/a><\/span><\/h4><div class=\"evo_org_details\"><\/div><\/div><\/div>\t\t\t\t\t\t\t\n\t\t<\/div>\n\t<\/div><\/div><\/div><div class='evo_card_row_end evcal_close' title='Close'><\/div><\/div><div class='clear end'><\/div><\/div><\/div><div class='evcal_month_line' data-d='eml_5_2025'><p>maig<\/p><\/div><div class='sep_month_events ' data-d='eml_5_2025'><div id=\"event_38104_0\" class=\"eventon_list_event evo_eventtop scheduled past_event event event_38104_0\" data-event_id=\"38104\" data-ri=\"0r\" data-time=\"1746613800-1746621000\" data-colr=\"#145f87\" itemscope itemtype='http:\/\/schema.org\/Event'><div class=\"evo_event_schema\" style=\"display:none\" ><a itemprop='url'  href='https:\/\/etecnic.bisiestodeveloper.es\/ca\/events\/finalist-premis-the-smarter-e-awards-2025\/var\/ri-0.l-L2'><\/a><meta itemprop='image'  \/><meta itemprop='startDate' content=\"2025-5-7T12:30+0:00\" \/><meta itemprop='endDate' content=\"2025-5-7T14:30+0:00\" \/><meta itemprop='eventStatus' content=\"https:\/\/schema.org\/EventScheduled\" \/><item style=\"display:none\" itemprop=\"eventAttendanceMode\" itemscope itemtype=\"https:\/\/schema.org\/OfflineEventAttendanceMode\"><\/item><script type=\"application\/ld+json\">{\"@context\": \"http:\/\/schema.org\",\"@type\": \"Event\",\n\t\t\t\t\"@id\": \"event_38104_0\",\n\t\t\t\t\"eventAttendanceMode\":\"https:\/\/schema.org\/OfflineEventAttendanceMode\",\n\t\t\t\t\"name\": \"Finalistes als premis The Smarter E Award 2025\",\n\t\t\t\t\"url\": \"https:\/\/etecnic.bisiestodeveloper.es\/ca\/events\/finalist-premis-the-smarter-e-awards-2025\/var\/ri-0.l-L2\",\n\t\t\t\t\"startDate\": \"2025-5-7T12:30+0:00\",\n\t\t\t\t\"endDate\": \"2025-5-7T14:30+0:00\",\n\t\t\t\t\"image\":\"\", \n\t\t\t\t\"description\":\" <p class=\"wp-block-paragraph\">Juanma P\u00e9rez, Sales Manager d'EVcharge, presentar\u00e0 el projecte Smart Pricing a les<strong> presentacions dels the Smarter E AWARD<\/strong>:<\/p>  <p class=\"wp-block-paragraph\">Forum: Power2Drive Forum<\/p>  <p class=\"wp-block-paragraph\">Hall\/ Booth: Hall C6, Booth C6.550<\/p>  <p class=\"wp-block-paragraph\"><\/p> \",\"eventStatus\":\"https:\/\/schema.org\/EventScheduled\"}<\/script><\/div>\n\t\t\t\t<p class=\"desc_trig_outter\" style=\"\"><a data-gmap_status=\"null\" data-exlk=\"0\" style=\"background-color: #145f87;\" id=\"evc_174661380038104\" class=\"desc_trig evo_2025 evo_eventos sin_val evcal_list_a\" data-ux_val=\"3\" data-ux_val_mob=\"-\"  ><span class='evoet_c2 evoet_cx '><span class='evoet_dayblock evcal_cblock ' data-bgcolor='#145f87' data-smon='maig' data-syr='2025'><span class='evo_start '><em class='year'>2025<\/em><em class='date'>07<\/em><em class='month'>mai<\/em><em class='time'>10:30<\/em><\/span><span class='evo_end only_time'><em class='time'>12:30<\/em><\/span><\/span><\/span><span class='evoet_c3 evoet_cx evcal_desc evo_info ' ><span class='evoet_tags evo_above_title'><\/span><span class='evoet_title evcal_desc2 evcal_event_title' itemprop='name'>Finalistes als premis The Smarter E Award 2025<\/span><span class='evoet_subtitle evo_below_title'><span class='evcal_event_subtitle' >Hall C6, Stand C6.550<\/span><\/span><span class='evoet_time_expand level_3 evcal_desc_info evogap10'><em class='evcal_time evo_tz_time level_4'><i class='fa fa-clock-o evomarr10'><\/i>10:30 - 12:30<span class='evo_tz marl5'>(GMT+00:00)<\/span><\/em> <\/span><span class='evcal_desc3'><span class='evcal_oganizer level_4'>\n\t\t\t\t\t\t\t\t<em><i>Organitzador:<\/i><\/em>\n\t\t\t\t\t\t\t\t<em class=\"evoet_dataval\">Solar Promotion GmbH y Freiburg Wirtschaft Touristik und Messe GmbH &amp; Co. KG (FWTM)<\/em>\n\t\t\t\t\t\t\t\t<\/span><span class='evcal_event_types level_4 ett1'><em><i>Tipus d'esdeveniment:<\/i><\/em><em data-filter='event_type'>2025,<\/em><em data-filter='event_type'>Esdeveniments<\/em><i class='clear'><\/i><\/span><\/span><\/span><em class='evoet_data' style='display:none' data-bgc='#145f87'data-bggrad=''><\/em><\/a><\/p><div class='event_description evcal_eventcard ' style=\"display:none\"><div class='evocard_row'><div class='evocard_box eventdetails' data-c='' \n\t\t\t\t\tstyle=''><div class=\"evo_metarow_details evorow evcal_evdata_row evcal_event_details\">\n    <div class=\"event_excerpt\" style=\"display:none\"><h3 class=\"padb5 evo_h3\">Detalls de l'esdeveniment<\/h3><p>Juanma P\u00e9rez, Sales Manager d'EVcharge, presentar\u00e0 el projecte Smart Pricing a les presentacions dels the Smarter E AWARD:\n\nForum: Power2Drive Forum<\/p><\/div><span class='evcal_evdata_icons'><i class='fa fa-align-justify'><\/i><\/span>    <div class=\"evcal_evdata_cell \">\n        <div class=\"eventon_full_description\">\n            <h3 class=\"padb5 evo_h3\"><span class='evcal_evdata_icons'><i class='fa fa-align-justify'><\/i><\/span>Detalls de l'esdeveniment<\/h3>\n            <div class=\"eventon_desc_in\" itemprop=\"description\">\n                <p><\/p>\n<p class=\"wp-block-paragraph\">Juanma P\u00e9rez, Sales Manager d&#8217;EVcharge, presentar\u00e0 el projecte Smart Pricing a les<strong> presentacions dels the Smarter E AWARD<\/strong>:<\/p>\n<p><\/p>\n<p class=\"wp-block-paragraph\">Forum: Power2Drive Forum<\/p>\n<p><\/p>\n<p class=\"wp-block-paragraph\">Hall\/ Booth: Hall C6, Booth C6.550<\/p>\n<p><\/p>\n<p class=\"wp-block-paragraph\"><\/p>\n            <\/div>\n            <div class='clear'><\/div>        <\/div>\n    <\/div>\n<\/div><\/div><\/div><div class='evocard_row bx2 bx'><div class='evocard_box time' data-c='' \n\t\t\t\t\tstyle=''><div class='evo_metarow_time evorow evcal_evdata_row evcal_evrow_sm '>\n\t\t<span class='evcal_evdata_icons'><i class='fa fa-clock'><\/i><\/span>\n\t\t<div class='evcal_evdata_cell'>\t\t\t\t\t\t\t\n\t\t\t<h3 class='evo_h3'><span class='evcal_evdata_icons'><i class='fa fa-clock'><\/i><\/span>Data i hora<\/h3><p><span class='evo_eventcard_time_t'>Maig 7, 2025 (dimecres) 10:30 - 12:30<\/span><span class='evo_tz'>(GMT+00:00)<\/span><\/p>\n\t\t<\/div>\n\t<\/div><\/div><div class='evocard_box location' data-c='' \n\t\t\t\t\tstyle=''><div class='evcal_evdata_row evo_metarow_time_location evorow '>\n\t\t\n\t\t\t<span class='evcal_evdata_icons'><i class='fa fa-map-marker'><\/i><\/span>\n\t\t\t<div class='evcal_evdata_cell' data-loc_tax_id='903'><h3 class='evo_h3'><span class='evcal_evdata_icons'><i class='fa fa-map-marker'><\/i><\/span>Ubicaci\u00f3<\/h3><p class='evo_location_name' style='margin-bottom:10px; font-size:15px;'>M\u00fanich<\/p><\/div>\n\t\t\n\t<\/div><\/div><\/div><div class='evocard_row bx2 bx'><div class='evocard_box learnmore' data-c='' \n\t\t\t\t\tstyle=''><div class='evo_metarow_learnM evo_metarow_learnmore evorow'>\n\t\t\t\t\t\t\t<a class='evcal_evdata_row evo_clik_row ' href='https:\/\/etecnic.bisiestodeveloper.es\/ca\/esdeveniments\/evcharge-presenta-smart-pricing-en-power2drive-i-queda-finalista-en-els-premis-the-smarter-e\/' target=\"_blank\">\n\t\t\t\t\t\t\t\t<span class='evcal_evdata_icons'><i class='fa fa-link'><\/i><\/span>\n\t\t\t\t\t\t\t\t<h3 class='evo_h3 evopad0i'>M\u00e9s informaci\u00f3 sobre aquest esdeveniment<\/h3>\n\t\t\t\t\t\t\t<\/a>\n\t\t\t\t\t\t\t<\/div><\/div><div class='evocard_box addtocal' data-c='' \n\t\t\t\t\tstyle=''><div class='evo_metarow_ICS evorow evcal_evdata_row'>\n\t\t\t<span class='evcal_evdata_icons'><i class='fa fa-calendar-o'><\/i><\/span>\n\t\t\t<div class='evcal_evdata_cell'>\n\t\t\t\t<p><a href='https:\/\/etecnic.bisiestodeveloper.es\/ca\/export-events\/38104_0\/?nonce=cd0d907025' class='evo_ics_nCal' title='Afegir al teu calendari'>Calendari<\/a><a href='\/\/www.google.com\/calendar\/event?action=TEMPLATE&amp;text=Finalistes+als+premis+The+Smarter+E+Award+2025&amp;dates=20250507T103000Z\/20250507T123000Z&amp;ctz=UTC&amp;details=Finalistes+als+premis+The+Smarter+E+Award+2025&amp;location=M%C3%BAnich' target='_blank' class='evo_ics_gCal' title='Afegir al teu calendari de Google'>GoogleCal<\/a><\/p>\t\n\t\t\t<\/div>\n\t\t<\/div><\/div><\/div><div class='evocard_row'><div class='evocard_box organizer' data-c='' \n\t\t\t\t\tstyle=''><div class=\"evo_metarow_organizer evorow evcal_evdata_row evcal_evrow_sm \">\n\t\t<span class=\"evcal_evdata_icons\"><i class=\"fa fa-headphones\"><\/i><\/span>\n\t\t<div class=\"evcal_evdata_cell\">\t\t\t\t\t\t\t\n\t\t\t<h3 class=\"evo_h3\">Organitzador<\/h3><div class=\"evo_org_content\"><p class=\"evo_data_val evo_card_organizer_image\"><img decoding=\"async\" src=\"https:\/\/etecnic.bisiestodeveloper.es\/wp-content\/uploads\/2025\/07\/descarga-2.png\" \/><\/p>\n\t\t\t<div class=\"evo_card_organizer\"><h4 class=\"evo_h4 marb5\"><span class=\"evo_card_organizer_name_t marb5\"><a href=\"https:\/\/etecnic.bisiestodeveloper.es\/ca\/event-organizer\/solar-promotion-gmbh-y-freiburg-wirtschaft-touristik-und-messe-gmbh-co-kg-fwtm\/\">Solar Promotion GmbH y Freiburg Wirtschaft Touristik und Messe GmbH &amp; Co. KG (FWTM)<\/a><\/span><\/h4><div class=\"evo_org_details\"><\/div><\/div><\/div>\t\t\t\t\t\t\t\n\t\t<\/div>\n\t<\/div><\/div><\/div><div class='evo_card_row_end evcal_close' title='Close'><\/div><\/div><div class='clear end'><\/div><\/div><div id=\"event_38105_0\" class=\"eventon_list_event evo_eventtop scheduled past_event event event_38105_0\" data-event_id=\"38105\" data-ri=\"0r\" data-time=\"1746608400-1746820800\" data-colr=\"#03176e\" itemscope itemtype='http:\/\/schema.org\/Event'><div class=\"evo_event_schema\" style=\"display:none\" ><a itemprop='url'  href='https:\/\/etecnic.bisiestodeveloper.es\/ca\/events\/power2drive-europe\/var\/ri-0.l-L2'><\/a><meta itemprop='image'  \/><meta itemprop='startDate' content=\"2025-5-7T11:00+0:00\" \/><meta itemprop='endDate' content=\"2025-5-9T22:00+0:00\" \/><meta itemprop='eventStatus' content=\"https:\/\/schema.org\/EventScheduled\" \/><item style=\"display:none\" itemprop=\"eventAttendanceMode\" itemscope itemtype=\"https:\/\/schema.org\/OfflineEventAttendanceMode\"><\/item><script type=\"application\/ld+json\">{\"@context\": \"http:\/\/schema.org\",\"@type\": \"Event\",\n\t\t\t\t\"@id\": \"event_38105_0\",\n\t\t\t\t\"eventAttendanceMode\":\"https:\/\/schema.org\/OfflineEventAttendanceMode\",\n\t\t\t\t\"name\": \"\u00a0Power2Drive Europe\",\n\t\t\t\t\"url\": \"https:\/\/etecnic.bisiestodeveloper.es\/ca\/events\/power2drive-europe\/var\/ri-0.l-L2\",\n\t\t\t\t\"startDate\": \"2025-5-7T11:00+0:00\",\n\t\t\t\t\"endDate\": \"2025-5-9T22:00+0:00\",\n\t\t\t\t\"image\":\"\", \n\t\t\t\t\"description\":\" <p class=\"wp-block-paragraph\">EVcharge ser\u00e0 present a Power2Drive Europe 2025, la fira internacional d'infraestructura de rec\u00e0rrega i mobilitat el\u00e8ctrica. Aquest esdeveniment, sota el lema <strong>Charging the Future of Mobility<\/strong>, reuneix fabricants, distribu\u00efdors, instal\u00b7ladors, gestors de flotes, operadors de punts de rec\u00e0rrega i prove\u00efdors de serveis de mobilitat el\u00e8ctrica, esdevenint un punt clau per con\u00e8ixer les \u00faltimes tecnologies i models de negoci del sector.<\/p>  <p class=\"wp-block-paragraph\"><\/p> \",\"eventStatus\":\"https:\/\/schema.org\/EventScheduled\"}<\/script><\/div>\n\t\t\t\t<p class=\"desc_trig_outter\" style=\"\"><a data-gmap_status=\"null\" data-exlk=\"0\" style=\"background-color: #03176e;\" id=\"evc_174660840038105\" class=\"desc_trig evo_2025 evo_eventos mul_val evcal_list_a\" data-ux_val=\"3\" data-ux_val_mob=\"-\"  ><span class='evoet_c2 evoet_cx '><span class='evoet_dayblock evcal_cblock ' data-bgcolor='#03176e' data-smon='maig' data-syr='2025'><span class='evo_start '><em class='year'>2025<\/em><em class='date'>07<\/em><em class='month'>mai<\/em><em class='time'><i t=\"y\">(mai 7)<\/i>09:00<\/em><\/span><span class='evo_end '><em class='date'>09<\/em><em class='time'><i t=\"y\">(mai 9)<\/i>20:00<\/em><\/span><\/span><\/span><span class='evoet_c3 evoet_cx evcal_desc evo_info ' ><span class='evoet_tags evo_above_title'><\/span><span class='evoet_title evcal_desc2 evcal_event_title' itemprop='name'>\u00a0Power2Drive Europe<\/span><span class='evoet_subtitle evo_below_title'><span class='evcal_event_subtitle' >Sala 13B del ICM - Centro Internacional de Congresos de M\u00fanich.<\/span><\/span><span class='evoet_time_expand level_3 evcal_desc_info evogap10'><em class='evcal_time evo_tz_time level_4'><i class='fa fa-clock-o evomarr10'><\/i>09:00 - 20:00 <em class=\"evo_endday evomarl5\">(9)<\/em><span class='evo_tz marl5'>(GMT+00:00)<\/span><\/em> <\/span><span class='evcal_desc3'><span class='evcal_oganizer level_4'>\n\t\t\t\t\t\t\t\t<em><i>Organitzador:<\/i><\/em>\n\t\t\t\t\t\t\t\t<em class=\"evoet_dataval\">Solar Promotion GmbH y Freiburg Wirtschaft Touristik und Messe GmbH &amp; Co. KG (FWTM)<\/em>\n\t\t\t\t\t\t\t\t<\/span><span class='evcal_event_types level_4 ett1'><em><i>Tipus d'esdeveniment:<\/i><\/em><em data-filter='event_type'>2025,<\/em><em data-filter='event_type'>Esdeveniments<\/em><i class='clear'><\/i><\/span><\/span><\/span><em class='evoet_data' style='display:none' data-bgc='#03176e'data-bggrad=''><\/em><\/a><\/p><div class='event_description evcal_eventcard ' style=\"display:none\"><div class='evocard_row'><div class='evocard_box eventdetails' data-c='' \n\t\t\t\t\tstyle=''><div class=\"evo_metarow_details evorow evcal_evdata_row evcal_event_details\">\n    <div class=\"event_excerpt\" style=\"display:none\"><h3 class=\"padb5 evo_h3\">Detalls de l'esdeveniment<\/h3><p>EVcharge ser\u00e0 present a Power2Drive Europe 2025, la fira internacional d'infraestructura de rec\u00e0rrega i mobilitat el\u00e8ctrica. Aquest esdeveniment, sota el lema \"Charging the Future of Mobility\", reuneix<\/p><\/div><span class='evcal_evdata_icons'><i class='fa fa-align-justify'><\/i><\/span>    <div class=\"evcal_evdata_cell \">\n        <div class=\"eventon_full_description\">\n            <h3 class=\"padb5 evo_h3\"><span class='evcal_evdata_icons'><i class='fa fa-align-justify'><\/i><\/span>Detalls de l'esdeveniment<\/h3>\n            <div class=\"eventon_desc_in\" itemprop=\"description\">\n                <p><\/p>\n<p class=\"wp-block-paragraph\">EVcharge ser\u00e0 present a Power2Drive Europe 2025, la fira internacional d&#8217;infraestructura de rec\u00e0rrega i mobilitat el\u00e8ctrica. Aquest esdeveniment, sota el lema \u00ab<strong>Charging the Future of Mobility<\/strong>\u00ab, reuneix fabricants, distribu\u00efdors, instal\u00b7ladors, gestors de flotes, operadors de punts de rec\u00e0rrega i prove\u00efdors de serveis de mobilitat el\u00e8ctrica, esdevenint un punt clau per con\u00e8ixer les \u00faltimes tecnologies i models de negoci del sector.<\/p>\n<p><\/p>\n<p class=\"wp-block-paragraph\"><\/p>\n            <\/div>\n            <div class='clear'><\/div>        <\/div>\n    <\/div>\n<\/div><\/div><\/div><div class='evocard_row bx2 bx'><div class='evocard_box time' data-c='' \n\t\t\t\t\tstyle=''><div class='evo_metarow_time evorow evcal_evdata_row evcal_evrow_sm '>\n\t\t<span class='evcal_evdata_icons'><i class='fa fa-clock'><\/i><\/span>\n\t\t<div class='evcal_evdata_cell'>\t\t\t\t\t\t\t\n\t\t\t<h3 class='evo_h3'><span class='evcal_evdata_icons'><i class='fa fa-clock'><\/i><\/span>Data i hora<\/h3><p><span class='evo_eventcard_time_t'>Maig 7, 2025 (dimecres) 09:00 - maig 9, 2025 (divendres) 20:00<\/span><span class='evo_tz'>(GMT+00:00)<\/span><\/p>\n\t\t<\/div>\n\t<\/div><\/div><div class='evocard_box location' data-c='' \n\t\t\t\t\tstyle=''><div class='evcal_evdata_row evo_metarow_time_location evorow '>\n\t\t\n\t\t\t<span class='evcal_evdata_icons'><i class='fa fa-map-marker'><\/i><\/span>\n\t\t\t<div class='evcal_evdata_cell' data-loc_tax_id='903'><h3 class='evo_h3'><span class='evcal_evdata_icons'><i class='fa fa-map-marker'><\/i><\/span>Ubicaci\u00f3<\/h3><p class='evo_location_name' style='margin-bottom:10px; font-size:15px;'>M\u00fanich<\/p><\/div>\n\t\t\n\t<\/div><\/div><\/div><div class='evocard_row bx2 bx'><div class='evocard_box learnmore' data-c='' \n\t\t\t\t\tstyle=''><div class='evo_metarow_learnM evo_metarow_learnmore evorow'>\n\t\t\t\t\t\t\t<a class='evcal_evdata_row evo_clik_row ' href='https:\/\/etecnic.bisiestodeveloper.es\/ca\/esdeveniments\/evcharge-presenta-smart-pricing-en-power2drive-i-queda-finalista-en-els-premis-the-smarter-e\/' target=\"_blank\">\n\t\t\t\t\t\t\t\t<span class='evcal_evdata_icons'><i class='fa fa-link'><\/i><\/span>\n\t\t\t\t\t\t\t\t<h3 class='evo_h3 evopad0i'>M\u00e9s informaci\u00f3 sobre aquest esdeveniment<\/h3>\n\t\t\t\t\t\t\t<\/a>\n\t\t\t\t\t\t\t<\/div><\/div><div class='evocard_box addtocal' data-c='' \n\t\t\t\t\tstyle=''><div class='evo_metarow_ICS evorow evcal_evdata_row'>\n\t\t\t<span class='evcal_evdata_icons'><i class='fa fa-calendar-o'><\/i><\/span>\n\t\t\t<div class='evcal_evdata_cell'>\n\t\t\t\t<p><a href='https:\/\/etecnic.bisiestodeveloper.es\/ca\/export-events\/38105_0\/?nonce=cd0d907025' class='evo_ics_nCal' title='Afegir al teu calendari'>Calendari<\/a><a href='\/\/www.google.com\/calendar\/event?action=TEMPLATE&amp;text=%C2%A0Power2Drive+Europe&amp;dates=20250507T090000Z\/20250509T200000Z&amp;ctz=UTC&amp;details=%C2%A0Power2Drive+Europe&amp;location=M%C3%BAnich' target='_blank' class='evo_ics_gCal' title='Afegir al teu calendari de Google'>GoogleCal<\/a><\/p>\t\n\t\t\t<\/div>\n\t\t<\/div><\/div><\/div><div class='evocard_row'><div class='evocard_box organizer' data-c='' \n\t\t\t\t\tstyle=''><div class=\"evo_metarow_organizer evorow evcal_evdata_row evcal_evrow_sm \">\n\t\t<span class=\"evcal_evdata_icons\"><i class=\"fa fa-headphones\"><\/i><\/span>\n\t\t<div class=\"evcal_evdata_cell\">\t\t\t\t\t\t\t\n\t\t\t<h3 class=\"evo_h3\">Organitzador<\/h3><div class=\"evo_org_content\"><p class=\"evo_data_val evo_card_organizer_image\"><img decoding=\"async\" src=\"https:\/\/etecnic.bisiestodeveloper.es\/wp-content\/uploads\/2025\/07\/descarga-2.png\" \/><\/p>\n\t\t\t<div class=\"evo_card_organizer\"><h4 class=\"evo_h4 marb5\"><span class=\"evo_card_organizer_name_t marb5\"><a href=\"https:\/\/etecnic.bisiestodeveloper.es\/ca\/event-organizer\/solar-promotion-gmbh-y-freiburg-wirtschaft-touristik-und-messe-gmbh-co-kg-fwtm\/\">Solar Promotion GmbH y Freiburg Wirtschaft Touristik und Messe GmbH &amp; Co. KG (FWTM)<\/a><\/span><\/h4><div class=\"evo_org_details\"><\/div><\/div><\/div>\t\t\t\t\t\t\t\n\t\t<\/div>\n\t<\/div><\/div><\/div><div class='evo_card_row_end evcal_close' title='Close'><\/div><\/div><div class='clear end'><\/div><\/div><div id=\"event_38107_0\" class=\"eventon_list_event evo_eventtop scheduled past_event event event_38107_0\" data-event_id=\"38107\" data-ri=\"0r\" data-time=\"1746522000-1746543600\" data-colr=\"#00e7ef\" itemscope itemtype='http:\/\/schema.org\/Event'><div class=\"evo_event_schema\" style=\"display:none\" ><a itemprop='url'  href='https:\/\/etecnic.bisiestodeveloper.es\/ca\/events\/workshop-de-transport-sostenible-electrificat\/var\/ri-0.l-L2'><\/a><meta itemprop='image'  \/><meta itemprop='startDate' content=\"2025-5-6T11:00+0:00\" \/><meta itemprop='endDate' content=\"2025-5-6T17:00+0:00\" \/><meta itemprop='eventStatus' content=\"https:\/\/schema.org\/EventScheduled\" \/><item style=\"display:none\" itemprop=\"eventAttendanceMode\" itemscope itemtype=\"https:\/\/schema.org\/OfflineEventAttendanceMode\"><\/item><script type=\"application\/ld+json\">{\"@context\": \"http:\/\/schema.org\",\"@type\": \"Event\",\n\t\t\t\t\"@id\": \"event_38107_0\",\n\t\t\t\t\"eventAttendanceMode\":\"https:\/\/schema.org\/OfflineEventAttendanceMode\",\n\t\t\t\t\"name\": \"Workshop de Transport Sostenible Electrificat\",\n\t\t\t\t\"url\": \"https:\/\/etecnic.bisiestodeveloper.es\/ca\/events\/workshop-de-transport-sostenible-electrificat\/var\/ri-0.l-L2\",\n\t\t\t\t\"startDate\": \"2025-5-6T11:00+0:00\",\n\t\t\t\t\"endDate\": \"2025-5-6T17:00+0:00\",\n\t\t\t\t\"image\":\"\", \n\t\t\t\t\"description\":\" <p class=\"wp-block-paragraph\"><strong>Tarragona, (acc\u00e9s privat amb invitaci\u00f3)<\/strong><\/p>  <p class=\"wp-block-paragraph\">Jornada t\u00e8cnica d'electrificaci\u00f3 del transport (organitzada amb Port de Tarragona). Un esdeveniment de demostraci\u00f3, exposici\u00f3 i taules rodones amb experts del sector.<\/p>  <p class=\"wp-block-paragraph\"><a href=\/?page_id=25802>Tots els detalls i programa aqu\u00ed.<\/a><\/p>  <p class=\"wp-block-paragraph\"> Embull 1 del Port de Tarragona.<\/p>  <p class=\"wp-block-paragraph\"><\/p> \",\"eventStatus\":\"https:\/\/schema.org\/EventScheduled\"}<\/script><\/div>\n\t\t\t\t<p class=\"desc_trig_outter\" style=\"\"><a data-gmap_status=\"null\" data-exlk=\"0\" style=\"background-color: #00e7ef;\" id=\"evc_174652200038107\" class=\"desc_trig evo_2025 evo_eventos sin_val evcal_list_a\" data-ux_val=\"3\" data-ux_val_mob=\"-\"  ><span class='evoet_c2 evoet_cx '><span class='evoet_dayblock evcal_cblock ' data-bgcolor='#00e7ef' data-smon='maig' data-syr='2025'><span class='evo_start '><em class='year'>2025<\/em><em class='date'>06<\/em><em class='month'>mai<\/em><em class='time'>09:00<\/em><\/span><span class='evo_end only_time'><em class='time'>15:00<\/em><\/span><\/span><\/span><span class='evoet_c3 evoet_cx evcal_desc evo_info ' ><span class='evoet_tags evo_above_title'><\/span><span class='evoet_title evcal_desc2 evcal_event_title' itemprop='name'>Workshop de Transport Sostenible Electrificat<\/span><span class='evoet_subtitle evo_below_title'><\/span><span class='evoet_time_expand level_3 evcal_desc_info evogap10'><em class='evcal_time evo_tz_time level_4'><i class='fa fa-clock-o evomarr10'><\/i>09:00 - 15:00<span class='evo_tz marl5'>(GMT+00:00)<\/span><\/em> <\/span><span class='evcal_desc3'><span class='evcal_oganizer level_4'>\n\t\t\t\t\t\t\t\t<em><i>Organitzador:<\/i><\/em>\n\t\t\t\t\t\t\t\t<em class=\"evoet_dataval\">Etecnic<\/em>\n\t\t\t\t\t\t\t\t<\/span><span class='evcal_event_types level_4 ett1'><em><i>Tipus d'esdeveniment:<\/i><\/em><em data-filter='event_type'>2025,<\/em><em data-filter='event_type'>Esdeveniments<\/em><i class='clear'><\/i><\/span><\/span><\/span><em class='evoet_data' style='display:none' data-bgc='#00e7ef'data-bggrad=''><\/em><\/a><\/p><div class='event_description evcal_eventcard ' style=\"display:none\"><div class='evocard_row'><div class='evocard_box eventdetails' data-c='' \n\t\t\t\t\tstyle=''><div class=\"evo_metarow_details evorow evcal_evdata_row evcal_event_details\">\n    <div class=\"event_excerpt\" style=\"display:none\"><h3 class=\"padb5 evo_h3\">Detalls de l'esdeveniment<\/h3><p>Tarragona, (acc\u00e9s privat amb invitaci\u00f3)\n\nJornada t\u00e8cnica d'electrificaci\u00f3 del transport (organitzada amb Port de Tarragona). Un esdeveniment de demostraci\u00f3, exposici\u00f3 i taules rodones<\/p><\/div><span class='evcal_evdata_icons'><i class='fa fa-align-justify'><\/i><\/span>    <div class=\"evcal_evdata_cell shorter_desc\">\n        <div class=\"eventon_full_description\">\n            <h3 class=\"padb5 evo_h3\"><span class='evcal_evdata_icons'><i class='fa fa-align-justify'><\/i><\/span>Detalls de l'esdeveniment<\/h3>\n            <div class=\"eventon_desc_in\" itemprop=\"description\">\n                <p><\/p>\n<p class=\"wp-block-paragraph\"><strong>Tarragona, (acc\u00e9s privat amb invitaci\u00f3)<\/strong><\/p>\n<p><\/p>\n<p class=\"wp-block-paragraph\">Jornada t\u00e8cnica d&#8217;electrificaci\u00f3 del transport (organitzada amb Port de Tarragona). Un esdeveniment de demostraci\u00f3, exposici\u00f3 i taules rodones amb experts del sector.<\/p>\n<p><\/p>\n<p class=\"wp-block-paragraph\"><a href=\"\/?page_id=25802\">Tots els detalls i programa aqu\u00ed.<\/a><\/p>\n<p><\/p>\n<p class=\"wp-block-paragraph\"> Embull 1 del Port de Tarragona.<\/p>\n<p><\/p>\n<p class=\"wp-block-paragraph\"><\/p>\n            <\/div>\n            <p class='eventon_shad_p' style='padding:5px 0 0; margin:0'><span class='evcal_btn evo_btn_secondary evobtn_details_show_more' content='less'><span class='ev_more_text' data-txt='Menys'>M\u00e9s<\/span><span class='ev_more_arrow ard'><\/span><\/span><\/p><div class='clear'><\/div>        <\/div>\n    <\/div>\n<\/div><\/div><\/div><div class='evocard_row bx2 bx'><div class='evocard_box time' data-c='' \n\t\t\t\t\tstyle=''><div class='evo_metarow_time evorow evcal_evdata_row evcal_evrow_sm '>\n\t\t<span class='evcal_evdata_icons'><i class='fa fa-clock'><\/i><\/span>\n\t\t<div class='evcal_evdata_cell'>\t\t\t\t\t\t\t\n\t\t\t<h3 class='evo_h3'><span class='evcal_evdata_icons'><i class='fa fa-clock'><\/i><\/span>Data i hora<\/h3><p><span class='evo_eventcard_time_t'>Maig 6, 2025 (dimarts) 09:00 - 15:00<\/span><span class='evo_tz'>(GMT+00:00)<\/span><\/p>\n\t\t<\/div>\n\t<\/div><\/div><div class='evocard_box location' data-c='' \n\t\t\t\t\tstyle=''><div class='evcal_evdata_row evo_metarow_time_location evorow '>\n\t\t\n\t\t\t<span class='evcal_evdata_icons'><i class='fa fa-map-marker'><\/i><\/span>\n\t\t\t<div class='evcal_evdata_cell' data-loc_tax_id='948'><h3 class='evo_h3'><span class='evcal_evdata_icons'><i class='fa fa-map-marker'><\/i><\/span>Ubicaci\u00f3<\/h3><p class='evo_location_name' style='margin-bottom:10px; font-size:15px;'>Port de Tarragona.<\/p><\/div>\n\t\t\n\t<\/div><\/div><\/div><div class='evocard_row bx2 bx'><div class='evocard_box learnmore' data-c='' \n\t\t\t\t\tstyle=''><div class='evo_metarow_learnM evo_metarow_learnmore evorow'>\n\t\t\t\t\t\t\t<a class='evcal_evdata_row evo_clik_row ' href='https:\/\/etecnic.bisiestodeveloper.es\/ca\/projectes-2\/workshop-de-transport-sostenible-electrificat-2025\/' >\n\t\t\t\t\t\t\t\t<span class='evcal_evdata_icons'><i class='fa fa-link'><\/i><\/span>\n\t\t\t\t\t\t\t\t<h3 class='evo_h3 evopad0i'>M\u00e9s informaci\u00f3 sobre aquest esdeveniment<\/h3>\n\t\t\t\t\t\t\t<\/a>\n\t\t\t\t\t\t\t<\/div><\/div><div class='evocard_box addtocal' data-c='' \n\t\t\t\t\tstyle=''><div class='evo_metarow_ICS evorow evcal_evdata_row'>\n\t\t\t<span class='evcal_evdata_icons'><i class='fa fa-calendar-o'><\/i><\/span>\n\t\t\t<div class='evcal_evdata_cell'>\n\t\t\t\t<p><a href='https:\/\/etecnic.bisiestodeveloper.es\/ca\/export-events\/38107_0\/?nonce=cd0d907025' class='evo_ics_nCal' title='Afegir al teu calendari'>Calendari<\/a><a href='\/\/www.google.com\/calendar\/event?action=TEMPLATE&amp;text=Workshop+de+Transport+Sostenible+Electrificat&amp;dates=20250506T090000Z\/20250506T150000Z&amp;ctz=UTC&amp;details=Workshop+de+Transport+Sostenible+Electrificat&amp;location=Port+de+Tarragona.' target='_blank' class='evo_ics_gCal' title='Afegir al teu calendari de Google'>GoogleCal<\/a><\/p>\t\n\t\t\t<\/div>\n\t\t<\/div><\/div><\/div><div class='evocard_row'><div class='evocard_box organizer' data-c='' \n\t\t\t\t\tstyle=''><div class=\"evo_metarow_organizer evorow evcal_evdata_row evcal_evrow_sm \">\n\t\t<span class=\"evcal_evdata_icons\"><i class=\"fa fa-headphones\"><\/i><\/span>\n\t\t<div class=\"evcal_evdata_cell\">\t\t\t\t\t\t\t\n\t\t\t<h3 class=\"evo_h3\">Organitzador<\/h3><div class=\"evo_org_content\"><p class=\"evo_data_val evo_card_organizer_image\"><img decoding=\"async\" src=\"https:\/\/etecnic.bisiestodeveloper.es\/wp-content\/uploads\/2026\/07\/ETECNIC-jpg-200x132-1.jpg\" \/><\/p>\n\t\t\t<div class=\"evo_card_organizer\"><h4 class=\"evo_h4 marb5\"><span class=\"evo_card_organizer_name_t marb5\"><a href=\"https:\/\/etecnic.bisiestodeveloper.es\/event-organizer\/etecnic\/\">Etecnic<\/a><\/span><\/h4><div class=\"evo_org_details\"><\/div><\/div><\/div>\t\t\t\t\t\t\t\n\t\t<\/div>\n\t<\/div><\/div><\/div><div class='evo_card_row_end evcal_close' title='Close'><\/div><\/div><div class='clear end'><\/div><\/div><\/div><div class='evcal_month_line' data-d='eml_6_2025'><p>juny<\/p><\/div><div class='sep_month_events ' data-d='eml_6_2025'><div id=\"event_38102_0\" class=\"eventon_list_event evo_eventtop scheduled past_event event event_38102_0\" data-event_id=\"38102\" data-ri=\"0r\" data-time=\"1750251600-1750262400\" data-colr=\"#145f87\" itemscope itemtype='http:\/\/schema.org\/Event'><div class=\"evo_event_schema\" style=\"display:none\" ><a itemprop='url'  href='https:\/\/etecnic.bisiestodeveloper.es\/ca\/events\/cimalsa-agora-del-sil-barcelona\/var\/ri-0.l-L2'><\/a><meta itemprop='image'  \/><meta itemprop='startDate' content=\"2025-6-18T15:00+0:00\" \/><meta itemprop='endDate' content=\"2025-6-18T18:00+0:00\" \/><meta itemprop='eventStatus' content=\"https:\/\/schema.org\/EventScheduled\" \/><item style=\"display:none\" itemprop=\"eventAttendanceMode\" itemscope itemtype=\"https:\/\/schema.org\/OfflineEventAttendanceMode\"><\/item><script type=\"application\/ld+json\">{\"@context\": \"http:\/\/schema.org\",\"@type\": \"Event\",\n\t\t\t\t\"@id\": \"event_38102_0\",\n\t\t\t\t\"eventAttendanceMode\":\"https:\/\/schema.org\/OfflineEventAttendanceMode\",\n\t\t\t\t\"name\": \"CIMALSA, \u00c0gora del SIL Barcelona\",\n\t\t\t\t\"url\": \"https:\/\/etecnic.bisiestodeveloper.es\/ca\/events\/cimalsa-agora-del-sil-barcelona\/var\/ri-0.l-L2\",\n\t\t\t\t\"startDate\": \"2025-6-18T15:00+0:00\",\n\t\t\t\t\"endDate\": \"2025-6-18T18:00+0:00\",\n\t\t\t\t\"image\":\"\", \n\t\t\t\t\"description\":\" <p class=\"wp-block-paragraph\"><strong>Etecnic participar\u00e0 al Sal\u00f3 Internacional de Log\u00edstica, Barcelona<\/strong><\/p>  <p class=\"wp-block-paragraph\">13 h, \u00c0gora del SIL, Barcelona. Taula rodona El cami\u00f3 el\u00e8ctric: oportunitats, reptes i \u00e8xits<em>\u201d.<\/em><\/p>  <p class=\"wp-block-paragraph\"><\/p> \",\"eventStatus\":\"https:\/\/schema.org\/EventScheduled\"}<\/script><\/div>\n\t\t\t\t<p class=\"desc_trig_outter\" style=\"\"><a data-gmap_status=\"null\" data-exlk=\"0\" style=\"background-color: #145f87;\" id=\"evc_175025160038102\" class=\"desc_trig evo_2025 evo_eventos sin_val evcal_list_a\" data-ux_val=\"3\" data-ux_val_mob=\"-\"  ><span class='evoet_c2 evoet_cx '><span class='evoet_dayblock evcal_cblock ' data-bgcolor='#145f87' data-smon='juny' data-syr='2025'><span class='evo_start '><em class='year'>2025<\/em><em class='date'>18<\/em><em class='month'>jun<\/em><em class='time'>13:00<\/em><\/span><span class='evo_end only_time'><em class='time'>16:00<\/em><\/span><\/span><\/span><span class='evoet_c3 evoet_cx evcal_desc evo_info ' ><span class='evoet_tags evo_above_title'><\/span><span class='evoet_title evcal_desc2 evcal_event_title' itemprop='name'>CIMALSA, \u00c0gora del SIL Barcelona<\/span><span class='evoet_subtitle evo_below_title'><\/span><span class='evoet_time_expand level_3 evcal_desc_info evogap10'><em class='evcal_time evo_tz_time level_4'><i class='fa fa-clock-o evomarr10'><\/i>13:00 - 16:00<span class='evo_tz marl5'>(GMT+00:00)<\/span><\/em> <\/span><span class='evcal_desc3'><span class='evcal_oganizer level_4'>\n\t\t\t\t\t\t\t\t<em><i>Organitzador:<\/i><\/em>\n\t\t\t\t\t\t\t\t<em class=\"evoet_dataval\">SLI Barcelona<\/em>\n\t\t\t\t\t\t\t\t<\/span><span class='evcal_event_types level_4 ett1'><em><i>Tipus d'esdeveniment:<\/i><\/em><em data-filter='event_type'>2025,<\/em><em data-filter='event_type'>Esdeveniments<\/em><i class='clear'><\/i><\/span><\/span><\/span><em class='evoet_data' style='display:none' data-bgc='#145f87'data-bggrad=''><\/em><\/a><\/p><div class='event_description evcal_eventcard ' style=\"display:none\"><div class='evocard_row'><div class='evocard_box eventdetails' data-c='' \n\t\t\t\t\tstyle=''><div class=\"evo_metarow_details evorow evcal_evdata_row evcal_event_details\">\n    <div class=\"event_excerpt\" style=\"display:none\"><h3 class=\"padb5 evo_h3\">Detalls de l'esdeveniment<\/h3><p>Etecnic participar\u00e0 al Sal\u00f3 Internacional de Log\u00edstica, Barcelona\n\n13 h, \u00c0gora del SIL, Barcelona. Taula rodona \"El cami\u00f3 el\u00e8ctric: oportunitats, reptes i \u00e8xits\u201d.<\/p><\/div><span class='evcal_evdata_icons'><i class='fa fa-align-justify'><\/i><\/span>    <div class=\"evcal_evdata_cell \">\n        <div class=\"eventon_full_description\">\n            <h3 class=\"padb5 evo_h3\"><span class='evcal_evdata_icons'><i class='fa fa-align-justify'><\/i><\/span>Detalls de l'esdeveniment<\/h3>\n            <div class=\"eventon_desc_in\" itemprop=\"description\">\n                <p><\/p>\n<p class=\"wp-block-paragraph\"><strong>Etecnic participar\u00e0 al Sal\u00f3 Internacional de Log\u00edstica, Barcelona<\/strong><\/p>\n<p><\/p>\n<p class=\"wp-block-paragraph\">13 h, \u00c0gora del SIL, Barcelona. Taula rodona \u00abEl cami\u00f3 el\u00e8ctric: oportunitats, reptes i \u00e8xits<em>\u201d.<\/em><\/p>\n<p><\/p>\n<p class=\"wp-block-paragraph\"><\/p>\n            <\/div>\n            <div class='clear'><\/div>        <\/div>\n    <\/div>\n<\/div><\/div><\/div><div class='evocard_row bx2 bx'><div class='evocard_box time' data-c='' \n\t\t\t\t\tstyle=''><div class='evo_metarow_time evorow evcal_evdata_row evcal_evrow_sm '>\n\t\t<span class='evcal_evdata_icons'><i class='fa fa-clock'><\/i><\/span>\n\t\t<div class='evcal_evdata_cell'>\t\t\t\t\t\t\t\n\t\t\t<h3 class='evo_h3'><span class='evcal_evdata_icons'><i class='fa fa-clock'><\/i><\/span>Data i hora<\/h3><p><span class='evo_eventcard_time_t'>Juny 18, 2025 (dimecres) 13:00 - 16:00<\/span><span class='evo_tz'>(GMT+00:00)<\/span><\/p>\n\t\t<\/div>\n\t<\/div><\/div><div class='evocard_box location' data-c='' \n\t\t\t\t\tstyle=''><div class='evcal_evdata_row evo_metarow_time_location evorow '>\n\t\t\n\t\t\t<span class='evcal_evdata_icons'><i class='fa fa-map-marker'><\/i><\/span>\n\t\t\t<div class='evcal_evdata_cell' data-loc_tax_id='940'><h3 class='evo_h3'><span class='evcal_evdata_icons'><i class='fa fa-map-marker'><\/i><\/span>Ubicaci\u00f3<\/h3><p class='evo_location_name' style='margin-bottom:10px; font-size:15px;'>Barcelona<\/p><\/div>\n\t\t\n\t<\/div><\/div><\/div><div class='evocard_row'><div class='evocard_box addtocal' data-c='' \n\t\t\t\t\tstyle=''><div class='evo_metarow_ICS evorow evcal_evdata_row'>\n\t\t\t<span class='evcal_evdata_icons'><i class='fa fa-calendar-o'><\/i><\/span>\n\t\t\t<div class='evcal_evdata_cell'>\n\t\t\t\t<p><a href='https:\/\/etecnic.bisiestodeveloper.es\/ca\/export-events\/38102_0\/?nonce=cd0d907025' class='evo_ics_nCal' title='Afegir al teu calendari'>Calendari<\/a><a href='\/\/www.google.com\/calendar\/event?action=TEMPLATE&amp;text=CIMALSA%2C+%C3%80gora+del+SIL+Barcelona&amp;dates=20250618T130000Z\/20250618T160000Z&amp;ctz=UTC&amp;details=CIMALSA%2C+%C3%80gora+del+SIL+Barcelona&amp;location=Barcelona' target='_blank' class='evo_ics_gCal' title='Afegir al teu calendari de Google'>GoogleCal<\/a><\/p>\t\n\t\t\t<\/div>\n\t\t<\/div><\/div><\/div><div class='evocard_row'><div class='evocard_box organizer' data-c='' \n\t\t\t\t\tstyle=''><div class=\"evo_metarow_organizer evorow evcal_evdata_row evcal_evrow_sm \">\n\t\t<span class=\"evcal_evdata_icons\"><i class=\"fa fa-headphones\"><\/i><\/span>\n\t\t<div class=\"evcal_evdata_cell\">\t\t\t\t\t\t\t\n\t\t\t<h3 class=\"evo_h3\">Organitzador<\/h3><div class=\"evo_org_content\"><p class=\"evo_data_val evo_card_organizer_image\"><img decoding=\"async\" src=\"https:\/\/etecnic.bisiestodeveloper.es\/wp-content\/uploads\/2025\/08\/sil_barcelona_logo_4606.webp\" \/><\/p>\n\t\t\t<div class=\"evo_card_organizer\"><h4 class=\"evo_h4 marb5\"><span class=\"evo_card_organizer_name_t marb5\"><a href=\"https:\/\/etecnic.bisiestodeveloper.es\/ca\/event-organizer\/sli-barcelona\/\">SLI Barcelona<\/a><\/span><\/h4><div class=\"evo_org_details\"><\/div><\/div><\/div>\t\t\t\t\t\t\t\n\t\t<\/div>\n\t<\/div><\/div><\/div><div class='evo_card_row_end evcal_close' title='Close'><\/div><\/div><div class='clear end'><\/div><\/div><\/div><div class='evcal_month_line' data-d='eml_9_2025'><p>setembre<\/p><\/div><div class='sep_month_events ' data-d='eml_9_2025'><div id=\"event_38100_0\" class=\"eventon_list_event evo_eventtop scheduled past_event event event_38100_0\" data-event_id=\"38100\" data-ri=\"0r\" data-time=\"1758787200-1758794400\" data-colr=\"#145f87\" itemscope itemtype='http:\/\/schema.org\/Event'><div class=\"evo_event_schema\" style=\"display:none\" ><a itemprop='url'  href='https:\/\/etecnic.bisiestodeveloper.es\/ca\/events\/enercluster-connecta-jornada-mobilitat-electrica-tudela\/var\/ri-0.l-L2'><\/a><meta itemprop='image'  \/><meta itemprop='startDate' content=\"2025-9-25T10:00+0:00\" \/><meta itemprop='endDate' content=\"2025-9-25T12:00+0:00\" \/><meta itemprop='eventStatus' content=\"https:\/\/schema.org\/EventScheduled\" \/><item style=\"display:none\" itemprop=\"eventAttendanceMode\" itemscope itemtype=\"https:\/\/schema.org\/OnlineEventAttendanceMode\"><\/item><script type=\"application\/ld+json\">{\"@context\": \"http:\/\/schema.org\",\"@type\": \"Event\",\n\t\t\t\t\"@id\": \"event_38100_0\",\n\t\t\t\t\"eventAttendanceMode\":\"https:\/\/schema.org\/OnlineEventAttendanceMode\",\n\t\t\t\t\"name\": \"ENERCLUSTER CONNECTA: Jornada mobilitat el\u00e8ctrica, Tudela\",\n\t\t\t\t\"url\": \"https:\/\/etecnic.bisiestodeveloper.es\/ca\/events\/enercluster-connecta-jornada-mobilitat-electrica-tudela\/var\/ri-0.l-L2\",\n\t\t\t\t\"startDate\": \"2025-9-25T10:00+0:00\",\n\t\t\t\t\"endDate\": \"2025-9-25T12:00+0:00\",\n\t\t\t\t\"image\":\"\", \n\t\t\t\t\"description\":\" <p class=\"wp-block-paragraph\"><\/p>  <p class=\"wp-block-paragraph\"><strong>Etecnic, participar\u00e0 a la Jornada de mobilitat el\u00e8ctrica de Tudela.<\/strong><\/p>  <p class=\"wp-block-paragraph\">10h - 13h, Consorci EDER a Tudela. Jornada sobre el cotxe el\u00e8ctric i la infraestructura de rec\u00e0rrega als ajuntaments i empresa de la Ribera.<\/p>  <p class=\"wp-block-paragraph\"> Pr\u00f2ximament, informarem de tots els detalls.<\/p>  <p class=\"wp-block-paragraph\"><\/p> \",\"eventStatus\":\"https:\/\/schema.org\/EventScheduled\"}<\/script><\/div>\n\t\t\t\t<p class=\"desc_trig_outter\" style=\"\"><a data-gmap_status=\"null\" data-exlk=\"0\" style=\"background-color: #145f87;\" id=\"evc_175878720038100\" class=\"desc_trig evo_2025 evo_eventos sin_val evcal_list_a\" data-ux_val=\"3\" data-ux_val_mob=\"-\"  ><span class='evoet_c2 evoet_cx '><span class='evoet_dayblock evcal_cblock ' data-bgcolor='#145f87' data-smon='setembre' data-syr='2025'><span class='evo_start '><em class='year'>2025<\/em><em class='date'>25<\/em><em class='month'>set<\/em><em class='time'>10:00<\/em><\/span><span class='evo_end only_time'><em class='time'>12:00<\/em><\/span><\/span><\/span><span class='evoet_c3 evoet_cx evcal_desc evo_info ' ><span class='evoet_tags evo_above_title'><\/span><span class='evoet_title evcal_desc2 evcal_event_title' itemprop='name'>ENERCLUSTER CONNECTA: Jornada mobilitat el\u00e8ctrica, Tudela<\/span><span class='evoet_subtitle evo_below_title'><\/span><span class='evoet_time_expand level_3 evcal_desc_info evogap10'><em class='evcal_time evo_tz_time level_4'><i class='fa fa-clock-o evomarr10'><\/i>10:00 - 12:00<span class='evo_tz marl5'>(GMT+02:00)<\/span><\/em> <\/span><span class='evcal_desc3'><span class='evcal_oganizer level_4'>\n\t\t\t\t\t\t\t\t<em><i>Organitzador:<\/i><\/em>\n\t\t\t\t\t\t\t\t<em class=\"evoet_dataval\">Enercluster conecta<\/em>\n\t\t\t\t\t\t\t\t<\/span><span class='evcal_event_types level_4 ett1'><em><i>Tipus d'esdeveniment:<\/i><\/em><em data-filter='event_type'>2025,<\/em><em data-filter='event_type'>Esdeveniments<\/em><i class='clear'><\/i><\/span><\/span><\/span><em class='evoet_data' style='display:none' data-bgc='#145f87'data-bggrad=''><\/em><\/a><\/p><div class='event_description evcal_eventcard ' style=\"display:none\"><div class='evocard_row'><div class='evocard_box eventdetails' data-c='' \n\t\t\t\t\tstyle=''><div class=\"evo_metarow_details evorow evcal_evdata_row evcal_event_details\">\n    <div class=\"event_excerpt\" style=\"display:none\"><h3 class=\"padb5 evo_h3\">Detalls de l'esdeveniment<\/h3><p>Etecnic, participar\u00e0 a la Jornada de mobilitat el\u00e8ctrica de Tudela.\n\n10h - 13h, Consorci EDER a Tudela. Jornada sobre<\/p><\/div><span class='evcal_evdata_icons'><i class='fa fa-align-justify'><\/i><\/span>    <div class=\"evcal_evdata_cell shorter_desc\">\n        <div class=\"eventon_full_description\">\n            <h3 class=\"padb5 evo_h3\"><span class='evcal_evdata_icons'><i class='fa fa-align-justify'><\/i><\/span>Detalls de l'esdeveniment<\/h3>\n            <div class=\"eventon_desc_in\" itemprop=\"description\">\n                <p><\/p>\n<p class=\"wp-block-paragraph\"><\/p>\n<p class=\"wp-block-paragraph\"><strong>Etecnic, participar\u00e0 a la Jornada de mobilitat el\u00e8ctrica de Tudela.<\/strong><\/p>\n<p><\/p>\n<p class=\"wp-block-paragraph\">10h &#8211; 13h, Consorci EDER a Tudela. Jornada sobre el cotxe el\u00e8ctric i la infraestructura de rec\u00e0rrega als ajuntaments i empresa de la Ribera.<\/p>\n<p><\/p>\n<p class=\"wp-block-paragraph\"> Pr\u00f2ximament, informarem de tots els detalls.<\/p>\n<p><\/p>\n<p class=\"wp-block-paragraph\"><\/p>\n            <\/div>\n            <p class='eventon_shad_p' style='padding:5px 0 0; margin:0'><span class='evcal_btn evo_btn_secondary evobtn_details_show_more' content='less'><span class='ev_more_text' data-txt='Menys'>M\u00e9s<\/span><span class='ev_more_arrow ard'><\/span><\/span><\/p><div class='clear'><\/div>        <\/div>\n    <\/div>\n<\/div><\/div><\/div><div class='evocard_row bx2 bx'><div class='evocard_box time' data-c='' \n\t\t\t\t\tstyle=''><div class='evo_metarow_time evorow evcal_evdata_row evcal_evrow_sm '>\n\t\t<span class='evcal_evdata_icons'><i class='fa fa-clock'><\/i><\/span>\n\t\t<div class='evcal_evdata_cell'>\t\t\t\t\t\t\t\n\t\t\t<h3 class='evo_h3'><span class='evcal_evdata_icons'><i class='fa fa-clock'><\/i><\/span>Data i hora<\/h3><p><span class='evo_eventcard_time_t'>Setembre 25, 2025 (dijous) 10:00 - 12:00<\/span><span class='evo_tz'>(GMT+02:00)<\/span><\/p>\n\t\t<\/div>\n\t<\/div><\/div><div class='evocard_box location' data-c='' \n\t\t\t\t\tstyle=''><div class='evcal_evdata_row evo_metarow_time_location evorow '>\n\t\t\n\t\t\t<span class='evcal_evdata_icons'><i class='fa fa-map-marker'><\/i><\/span>\n\t\t\t<div class='evcal_evdata_cell' data-loc_tax_id='907'><h3 class='evo_h3'><span class='evcal_evdata_icons'><i class='fa fa-map-marker'><\/i><\/span>Ubicaci\u00f3<\/h3><p class='evo_location_name' style='margin-bottom:10px; font-size:15px;'>Tudela<\/p><\/div>\n\t\t\n\t<\/div><\/div><\/div><div class='evocard_row bx2 bx'><div class='evocard_box learnmore' data-c='' \n\t\t\t\t\tstyle=''><div class='evo_metarow_learnM evo_metarow_learnmore evorow'>\n\t\t\t\t\t\t\t<a class='evcal_evdata_row evo_clik_row ' href='https:\/\/etecnic.bisiestodeveloper.es\/ca\/sector\/etecnic-participa-a-la-jornada-de-mobilitat-electrica-de-tudela\/' target=\"_blank\">\n\t\t\t\t\t\t\t\t<span class='evcal_evdata_icons'><i class='fa fa-link'><\/i><\/span>\n\t\t\t\t\t\t\t\t<h3 class='evo_h3 evopad0i'>M\u00e9s informaci\u00f3 sobre aquest esdeveniment<\/h3>\n\t\t\t\t\t\t\t<\/a>\n\t\t\t\t\t\t\t<\/div><\/div><div class='evocard_box addtocal' data-c='' \n\t\t\t\t\tstyle=''><div class='evo_metarow_ICS evorow evcal_evdata_row'>\n\t\t\t<span class='evcal_evdata_icons'><i class='fa fa-calendar-o'><\/i><\/span>\n\t\t\t<div class='evcal_evdata_cell'>\n\t\t\t\t<p><a href='https:\/\/etecnic.bisiestodeveloper.es\/ca\/export-events\/38100_0\/?nonce=cd0d907025' class='evo_ics_nCal' title='Afegir al teu calendari'>Calendari<\/a><a href='\/\/www.google.com\/calendar\/event?action=TEMPLATE&amp;text=ENERCLUSTER+CONNECTA%3A+Jornada+mobilitat+el%C3%A8ctrica%2C+Tudela&amp;dates=20250925T080000Z\/20250925T100000Z&amp;ctz=Europe\/Madrid&amp;details=ENERCLUSTER+CONNECTA%3A+Jornada+mobilitat+el%C3%A8ctrica%2C+Tudela&amp;location=Tudela' target='_blank' class='evo_ics_gCal' title='Afegir al teu calendari de Google'>GoogleCal<\/a><\/p>\t\n\t\t\t<\/div>\n\t\t<\/div><\/div><\/div><div class='evocard_row'><div class='evocard_box organizer' data-c='' \n\t\t\t\t\tstyle=''><div class=\"evo_metarow_organizer evorow evcal_evdata_row evcal_evrow_sm \">\n\t\t<span class=\"evcal_evdata_icons\"><i class=\"fa fa-headphones\"><\/i><\/span>\n\t\t<div class=\"evcal_evdata_cell\">\t\t\t\t\t\t\t\n\t\t\t<h3 class=\"evo_h3\">Organitzador<\/h3><div class=\"evo_org_content\"><p class=\"evo_data_val evo_card_organizer_image\"><img decoding=\"async\" src=\"https:\/\/etecnic.bisiestodeveloper.es\/wp-content\/uploads\/2025\/12\/4418b97295acda4f3c6558abae199ebe-large_-e1751613454353.jpg\" \/><\/p>\n\t\t\t<div class=\"evo_card_organizer\"><h4 class=\"evo_h4 marb5\"><span class=\"evo_card_organizer_name_t marb5\"><a href=\"https:\/\/etecnic.bisiestodeveloper.es\/ca\/event-organizer\/enercluster-conecta\/\">Enercluster conecta<\/a><\/span><\/h4><div class=\"evo_org_details\"><\/div><\/div><\/div>\t\t\t\t\t\t\t\n\t\t<\/div>\n\t<\/div><\/div><\/div><div class='evo_card_row_end evcal_close' title='Close'><\/div><\/div><div class='clear end'><\/div><\/div><\/div><div class='evcal_month_line' data-d='eml_10_2025'><p>octubre<\/p><\/div><div class='sep_month_events ' data-d='eml_10_2025'><div id=\"event_38092_0\" class=\"eventon_list_event evo_eventtop scheduled past_event event event_38092_0\" data-event_id=\"38092\" data-ri=\"0r\" data-time=\"1761638400-1761681600\" data-colr=\"#24a8f4\" itemscope itemtype='http:\/\/schema.org\/Event'><div class=\"evo_event_schema\" style=\"display:none\" ><a itemprop='url'  href='https:\/\/etecnic.bisiestodeveloper.es\/ca\/events\/podcast-horizontes-sostenibles-especial-10-anys\/var\/ri-0.l-L2'><\/a><meta itemprop='image' content=\"https:\/\/etecnic.bisiestodeveloper.es\/wp-content\/uploads\/2026\/02\/Banner-podcast-Jorge-Especial-Municipalia-10-anos-Etecnic-1.jpg\" \/><meta itemprop='startDate' content=\"2025-10-28T09:00+0:00\" \/><meta itemprop='endDate' content=\"2025-10-28T21:00+0:00\" \/><meta itemprop='eventStatus' content=\"https:\/\/schema.org\/EventScheduled\" \/><item style=\"display:none\" itemprop=\"eventAttendanceMode\" itemscope itemtype=\"https:\/\/schema.org\/OnlineEventAttendanceMode\"><\/item><script type=\"application\/ld+json\">{\"@context\": \"http:\/\/schema.org\",\"@type\": \"Event\",\n\t\t\t\t\"@id\": \"event_38092_0\",\n\t\t\t\t\"eventAttendanceMode\":\"https:\/\/schema.org\/OnlineEventAttendanceMode\",\n\t\t\t\t\"name\": \"P\u00f2dcast Horizontes Sostenibles, Especial 10 anys\",\n\t\t\t\t\"url\": \"https:\/\/etecnic.bisiestodeveloper.es\/ca\/events\/podcast-horizontes-sostenibles-especial-10-anys\/var\/ri-0.l-L2\",\n\t\t\t\t\"startDate\": \"2025-10-28T09:00+0:00\",\n\t\t\t\t\"endDate\": \"2025-10-28T21:00+0:00\",\n\t\t\t\t\"image\":\"https:\/\/etecnic.bisiestodeveloper.es\/wp-content\/uploads\/2026\/02\/Banner-podcast-Jorge-Especial-Municipalia-10-anos-Etecnic-1.jpg\", \n\t\t\t\t\"description\":\" <h3 class=wp-block-heading><\/h3>  <p class=\"wp-block-paragraph\">Registra't i rep l'enlla\u00e7 per a accedir als p\u00f2dcasts de les entrevistes realitzades durant Municipalia, disponibles en format \u00e0udio i v\u00eddeo.<\/p> \",\"eventStatus\":\"https:\/\/schema.org\/EventScheduled\"}<\/script><\/div>\n\t\t\t\t<p class=\"desc_trig_outter\" style=\"\"><a data-gmap_status=\"null\" data-exlk=\"0\" target=\"_blank\" rel=\"noopener noreferrer\"style=\"background-color: #24a8f4;\" id=\"evc_176163840038092\" class=\"desc_trig evo_2025 evo_eventos sin_val evcal_list_a\" data-ux_val=\"3\" data-ux_val_mob=\"-\"  ><span class='evoet_c2 evoet_cx '><span class='evoet_dayblock evcal_cblock ' data-bgcolor='#24a8f4' data-smon='octubre' data-syr='2025'><span class='evo_start '><em class='year'>2025<\/em><em class='date'>28<\/em><em class='month'>oct<\/em><em class='time'>09:00<\/em><\/span><span class='evo_end only_time'><em class='time'>21:00<\/em><\/span><\/span><\/span><span class='evoet_c3 evoet_cx evcal_desc evo_info ' ><span class='evoet_tags evo_above_title'><\/span><span class='evoet_title evcal_desc2 evcal_event_title' itemprop='name'>P\u00f2dcast Horizontes Sostenibles, Especial 10 anys<\/span><span class='evoet_subtitle evo_below_title'><span class='evcal_event_subtitle' >EXTRA: Novetats EVcharge<\/span><\/span><span class='evoet_time_expand level_3 evcal_desc_info evogap10'><em class='evcal_time evo_tz_time level_4'><i class='fa fa-clock-o evomarr10'><\/i>09:00 - 21:00<span class='evo_tz marl5'>(GMT+01:00)<\/span><\/em> <\/span><span class='evcal_desc3'><span class='evcal_oganizer level_4'>\n\t\t\t\t\t\t\t\t<em><i>Organitzador:<\/i><\/em>\n\t\t\t\t\t\t\t\t<em class=\"evoet_dataval\">Etecnic<\/em>\n\t\t\t\t\t\t\t\t<\/span><span class='evcal_event_types level_4 ett1'><em><i>Tipus d'esdeveniment:<\/i><\/em><em data-filter='event_type'>2025,<\/em><em data-filter='event_type'>Esdeveniments<\/em><i class='clear'><\/i><\/span><\/span><\/span><em class='evoet_data' style='display:none' data-bgc='#24a8f4'data-bggrad=''><\/em><\/a><\/p><div class='event_description evcal_eventcard ' style=\"display:none\"><div class='evocard_row'><div class='evocard_box ftimage' data-c='' \n\t\t\t\t\tstyle=''><div class='evo_metarow_directimg evcal_evdata_row'><img class='evo_event_main_img' src='https:\/\/etecnic.bisiestodeveloper.es\/wp-content\/uploads\/2026\/02\/Banner-podcast-Jorge-Especial-Municipalia-10-anos-Etecnic-1.jpg' \/><\/div><\/div><\/div><div class='evocard_row'><div class='evocard_box eventdetails' data-c='' \n\t\t\t\t\tstyle=''><div class=\"evo_metarow_details evorow evcal_evdata_row evcal_event_details\">\n    <div class=\"event_excerpt\" style=\"display:none\"><h3 class=\"padb5 evo_h3\">Detalls de l'esdeveniment<\/h3><p>Registra't i rep l'enlla\u00e7 per a accedir als p\u00f2dcasts de les entrevistes realitzades durant Municipalia, disponibles en format \u00e0udio i v\u00eddeo.<\/p><\/div><span class='evcal_evdata_icons'><i class='fa fa-align-justify'><\/i><\/span>    <div class=\"evcal_evdata_cell \">\n        <div class=\"eventon_full_description\">\n            <h3 class=\"padb5 evo_h3\"><span class='evcal_evdata_icons'><i class='fa fa-align-justify'><\/i><\/span>Detalls de l'esdeveniment<\/h3>\n            <div class=\"eventon_desc_in\" itemprop=\"description\">\n                <p><\/p>\n<h3 class=\"wp-block-heading\"><\/h3>\n<p><\/p>\n<p class=\"wp-block-paragraph\">Registra&#8217;t i rep l&#8217;enlla\u00e7 per a accedir als p\u00f2dcasts de les entrevistes realitzades durant Municipalia, disponibles en format \u00e0udio i v\u00eddeo.<\/p>\n<p><\/p>\n            <\/div>\n            <div class='clear'><\/div>        <\/div>\n    <\/div>\n<\/div><\/div><\/div><div class='evocard_row'><div class='evocard_box time' data-c='' \n\t\t\t\t\tstyle=''><div class='evo_metarow_time evorow evcal_evdata_row evcal_evrow_sm '>\n\t\t<span class='evcal_evdata_icons'><i class='fa fa-clock'><\/i><\/span>\n\t\t<div class='evcal_evdata_cell'>\t\t\t\t\t\t\t\n\t\t\t<h3 class='evo_h3'><span class='evcal_evdata_icons'><i class='fa fa-clock'><\/i><\/span>Data i hora<\/h3><p><span class='evo_eventcard_time_t'>Octubre 28, 2025 (dimarts) 09:00 - 21:00<\/span><span class='evo_tz'>(GMT+01:00)<\/span><\/p>\n\t\t<\/div>\n\t<\/div><\/div><\/div><div class='evocard_row bx2 bx'><div class='evocard_box learnmore' data-c='' \n\t\t\t\t\tstyle=''><div class='evo_metarow_learnM evo_metarow_learnmore evorow'>\n\t\t\t\t\t\t\t<a class='evcal_evdata_row evo_clik_row ' href='https:\/\/etecnic.bisiestodeveloper.es\/ca\/projectes\/deu-anys-de-mobilitat-electrica-i-una-nova-decada-per-a-la-resiliencia-energetica\/' target=\"_blank\">\n\t\t\t\t\t\t\t\t<span class='evcal_evdata_icons'><i class='fa fa-link'><\/i><\/span>\n\t\t\t\t\t\t\t\t<h3 class='evo_h3 evopad0i'>M\u00e9s informaci\u00f3 sobre aquest esdeveniment<\/h3>\n\t\t\t\t\t\t\t<\/a>\n\t\t\t\t\t\t\t<\/div><\/div><div class='evocard_box addtocal' data-c='' \n\t\t\t\t\tstyle=''><div class='evo_metarow_ICS evorow evcal_evdata_row'>\n\t\t\t<span class='evcal_evdata_icons'><i class='fa fa-calendar-o'><\/i><\/span>\n\t\t\t<div class='evcal_evdata_cell'>\n\t\t\t\t<p><a href='https:\/\/etecnic.bisiestodeveloper.es\/ca\/export-events\/38092_0\/?nonce=cd0d907025' class='evo_ics_nCal' title='Afegir al teu calendari'>Calendari<\/a><a href='\/\/www.google.com\/calendar\/event?action=TEMPLATE&amp;text=P%C3%B2dcast+Horizontes+Sostenibles%2C+Especial+10+anys&amp;dates=20251028T080000Z\/20251028T200000Z&amp;ctz=Europe\/Madrid&amp;details=P%C3%B2dcast+Horizontes+Sostenibles%2C+Especial+10+anys&amp;location=' target='_blank' class='evo_ics_gCal' title='Afegir al teu calendari de Google'>GoogleCal<\/a><\/p>\t\n\t\t\t<\/div>\n\t\t<\/div><\/div><\/div><div class='evocard_row'><div class='evocard_box organizer' data-c='' \n\t\t\t\t\tstyle=''><div class=\"evo_metarow_organizer evorow evcal_evdata_row evcal_evrow_sm \">\n\t\t<span class=\"evcal_evdata_icons\"><i class=\"fa fa-headphones\"><\/i><\/span>\n\t\t<div class=\"evcal_evdata_cell\">\t\t\t\t\t\t\t\n\t\t\t<h3 class=\"evo_h3\">Organitzador<\/h3><div class=\"evo_org_content\"><p class=\"evo_data_val evo_card_organizer_image\"><img decoding=\"async\" src=\"https:\/\/etecnic.bisiestodeveloper.es\/wp-content\/uploads\/2026\/07\/ETECNIC-jpg-200x132-1.jpg\" \/><\/p>\n\t\t\t<div class=\"evo_card_organizer\"><h4 class=\"evo_h4 marb5\"><span class=\"evo_card_organizer_name_t marb5\"><a href=\"https:\/\/etecnic.bisiestodeveloper.es\/event-organizer\/etecnic\/\">Etecnic<\/a><\/span><\/h4><div class=\"evo_org_details\"><\/div><\/div><\/div>\t\t\t\t\t\t\t\n\t\t<\/div>\n\t<\/div><\/div><\/div><div class='evo_card_row_end evcal_close' title='Close'><\/div><\/div><div class='clear end'><\/div><\/div><div id=\"event_38095_0\" class=\"eventon_list_event evo_eventtop scheduled past_event event event_38095_0\" data-event_id=\"38095\" data-ri=\"0r\" data-time=\"1761202800-1761231600\" data-colr=\"#00e7ef\" itemscope itemtype='http:\/\/schema.org\/Event'><div class=\"evo_event_schema\" style=\"display:none\" ><a itemprop='url'  href='https:\/\/etecnic.bisiestodeveloper.es\/ca\/events\/ev-day-baywa-r-e-madrid\/var\/ri-0.l-L2'><\/a><meta itemprop='image'  \/><meta itemprop='startDate' content=\"2025-10-23T09:00+0:00\" \/><meta itemprop='endDate' content=\"2025-10-23T17:00+0:00\" \/><meta itemprop='eventStatus' content=\"https:\/\/schema.org\/EventScheduled\" \/><item style=\"display:none\" itemprop=\"eventAttendanceMode\" itemscope itemtype=\"https:\/\/schema.org\/OfflineEventAttendanceMode\"><\/item><script type=\"application\/ld+json\">{\"@context\": \"http:\/\/schema.org\",\"@type\": \"Event\",\n\t\t\t\t\"@id\": \"event_38095_0\",\n\t\t\t\t\"eventAttendanceMode\":\"https:\/\/schema.org\/OfflineEventAttendanceMode\",\n\t\t\t\t\"name\": \"EV Day BayWa r.e., Madrid\",\n\t\t\t\t\"url\": \"https:\/\/etecnic.bisiestodeveloper.es\/ca\/events\/ev-day-baywa-r-e-madrid\/var\/ri-0.l-L2\",\n\t\t\t\t\"startDate\": \"2025-10-23T09:00+0:00\",\n\t\t\t\t\"endDate\": \"2025-10-23T17:00+0:00\",\n\t\t\t\t\"image\":\"\", \n\t\t\t\t\"description\":\" <p class=\"wp-block-paragraph\">Etecnic, participar\u00e0 en l'esdeveniment que connecta als professionals del sector fotovoltaic amb el present i futur de la mobilitat el\u00e8ctrica.<\/p>  <p class=\"wp-block-paragraph\">De 9 h a 17 h, Mercedes-Benz Concesur<\/p>  <p class=\"wp-block-paragraph\">Representat per <strong>Juanma P\u00e9rez<\/strong>, <em>Business Unit Manager d'EVcharge. <\/em>Etecnic, ser\u00e0 entrevistat a les<strong> 14 h<\/strong> per compartir la seva visi\u00f3 sobre el futur de la mobilitat el\u00e8ctrica.<\/p>  <p class=\"wp-block-paragraph\"><\/p> \",\"eventStatus\":\"https:\/\/schema.org\/EventScheduled\"}<\/script><\/div>\n\t\t\t\t<p class=\"desc_trig_outter\" style=\"\"><a data-gmap_status=\"null\" data-exlk=\"0\" style=\"background-color: #00e7ef;\" id=\"evc_176120280038095\" class=\"desc_trig evo_2025 evo_eventos sin_val evcal_list_a\" data-ux_val=\"3\" data-ux_val_mob=\"-\"  ><span class='evoet_c2 evoet_cx '><span class='evoet_dayblock evcal_cblock ' data-bgcolor='#00e7ef' data-smon='octubre' data-syr='2025'><span class='evo_start '><em class='year'>2025<\/em><em class='date'>23<\/em><em class='month'>oct<\/em><em class='time'>09:00<\/em><\/span><span class='evo_end only_time'><em class='time'>17:00<\/em><\/span><\/span><\/span><span class='evoet_c3 evoet_cx evcal_desc evo_info ' ><span class='evoet_tags evo_above_title'><\/span><span class='evoet_title evcal_desc2 evcal_event_title' itemprop='name'>EV Day BayWa r.e., Madrid<\/span><span class='evoet_subtitle evo_below_title'><\/span><span class='evoet_time_expand level_3 evcal_desc_info evogap10'><em class='evcal_time evo_tz_time level_4'><i class='fa fa-clock-o evomarr10'><\/i>09:00 - 17:00<span class='evo_tz marl5'>(GMT+02:00)<\/span><\/em> <\/span><span class='evcal_desc3'><span class='evcal_oganizer level_4'>\n\t\t\t\t\t\t\t\t<em><i>Organitzador:<\/i><\/em>\n\t\t\t\t\t\t\t\t<em class=\"evoet_dataval\">BayWa r.e<\/em>\n\t\t\t\t\t\t\t\t<\/span><span class='evcal_event_types level_4 ett1'><em><i>Tipus d'esdeveniment:<\/i><\/em><em data-filter='event_type'>2025,<\/em><em data-filter='event_type'>Esdeveniments<\/em><i class='clear'><\/i><\/span><\/span><\/span><em class='evoet_data' style='display:none' data-bgc='#00e7ef'data-bggrad=''><\/em><\/a><\/p><div class='event_description evcal_eventcard ' style=\"display:none\"><div class='evocard_row'><div class='evocard_box eventdetails' data-c='' \n\t\t\t\t\tstyle=''><div class=\"evo_metarow_details evorow evcal_evdata_row evcal_event_details\">\n    <div class=\"event_excerpt\" style=\"display:none\"><h3 class=\"padb5 evo_h3\">Detalls de l'esdeveniment<\/h3><p>Etecnic, participar\u00e0 en l'esdeveniment que connecta als professionals del sector fotovoltaic amb el present i futur de la mobilitat el\u00e8ctrica.\n\nDe 9 h a<\/p><\/div><span class='evcal_evdata_icons'><i class='fa fa-align-justify'><\/i><\/span>    <div class=\"evcal_evdata_cell shorter_desc\">\n        <div class=\"eventon_full_description\">\n            <h3 class=\"padb5 evo_h3\"><span class='evcal_evdata_icons'><i class='fa fa-align-justify'><\/i><\/span>Detalls de l'esdeveniment<\/h3>\n            <div class=\"eventon_desc_in\" itemprop=\"description\">\n                <p><\/p>\n<p class=\"wp-block-paragraph\">Etecnic, participar\u00e0 en l&#8217;esdeveniment que connecta als professionals del sector fotovoltaic amb el present i futur de la mobilitat el\u00e8ctrica.<\/p>\n<p><\/p>\n<p class=\"wp-block-paragraph\">De 9 h a 17 h, Mercedes-Benz Concesur<\/p>\n<p><\/p>\n<p class=\"wp-block-paragraph\">Representat per <strong>Juanma P\u00e9rez<\/strong>, <em>Business Unit Manager d&#8217;EVcharge. <\/em>Etecnic, ser\u00e0 entrevistat a les<strong> 14 h<\/strong> per compartir la seva visi\u00f3 sobre el futur de la mobilitat el\u00e8ctrica.<\/p>\n<p><\/p>\n<p class=\"wp-block-paragraph\"><\/p>\n            <\/div>\n            <p class='eventon_shad_p' style='padding:5px 0 0; margin:0'><span class='evcal_btn evo_btn_secondary evobtn_details_show_more' content='less'><span class='ev_more_text' data-txt='Menys'>M\u00e9s<\/span><span class='ev_more_arrow ard'><\/span><\/span><\/p><div class='clear'><\/div>        <\/div>\n    <\/div>\n<\/div><\/div><\/div><div class='evocard_row bx2 bx'><div class='evocard_box time' data-c='' \n\t\t\t\t\tstyle=''><div class='evo_metarow_time evorow evcal_evdata_row evcal_evrow_sm '>\n\t\t<span class='evcal_evdata_icons'><i class='fa fa-clock'><\/i><\/span>\n\t\t<div class='evcal_evdata_cell'>\t\t\t\t\t\t\t\n\t\t\t<h3 class='evo_h3'><span class='evcal_evdata_icons'><i class='fa fa-clock'><\/i><\/span>Data i hora<\/h3><p><span class='evo_eventcard_time_t'>Octubre 23, 2025 (dijous) 09:00 - 17:00<\/span><span class='evo_tz'>(GMT+02:00)<\/span><\/p>\n\t\t<\/div>\n\t<\/div><\/div><div class='evocard_box location' data-c='' \n\t\t\t\t\tstyle=''><div class='evcal_evdata_row evo_metarow_time_location evorow '>\n\t\t\n\t\t\t<span class='evcal_evdata_icons'><i class='fa fa-map-marker'><\/i><\/span>\n\t\t\t<div class='evcal_evdata_cell' data-loc_tax_id='935'><h3 class='evo_h3'><span class='evcal_evdata_icons'><i class='fa fa-map-marker'><\/i><\/span>Ubicaci\u00f3<\/h3><p class='evo_location_name' style='margin-bottom:10px; font-size:15px;'>Madrid<\/p><\/div>\n\t\t\n\t<\/div><\/div><\/div><div class='evocard_row'><div class='evocard_box addtocal' data-c='' \n\t\t\t\t\tstyle=''><div class='evo_metarow_ICS evorow evcal_evdata_row'>\n\t\t\t<span class='evcal_evdata_icons'><i class='fa fa-calendar-o'><\/i><\/span>\n\t\t\t<div class='evcal_evdata_cell'>\n\t\t\t\t<p><a href='https:\/\/etecnic.bisiestodeveloper.es\/ca\/export-events\/38095_0\/?nonce=cd0d907025' class='evo_ics_nCal' title='Afegir al teu calendari'>Calendari<\/a><a href='\/\/www.google.com\/calendar\/event?action=TEMPLATE&amp;text=EV+Day+BayWa+r.e.%2C+Madrid&amp;dates=20251023T070000Z\/20251023T150000Z&amp;ctz=Europe\/Madrid&amp;details=EV+Day+BayWa+r.e.%2C+Madrid&amp;location=Madrid' target='_blank' class='evo_ics_gCal' title='Afegir al teu calendari de Google'>GoogleCal<\/a><\/p>\t\n\t\t\t<\/div>\n\t\t<\/div><\/div><\/div><div class='evocard_row'><div class='evocard_box organizer' data-c='' \n\t\t\t\t\tstyle=''><div class=\"evo_metarow_organizer evorow evcal_evdata_row evcal_evrow_sm \">\n\t\t<span class=\"evcal_evdata_icons\"><i class=\"fa fa-headphones\"><\/i><\/span>\n\t\t<div class=\"evcal_evdata_cell\">\t\t\t\t\t\t\t\n\t\t\t<h3 class=\"evo_h3\">Organitzador<\/h3><div class=\"evo_org_content\"><p class=\"evo_data_val evo_card_organizer_image\"><img decoding=\"async\" src=\"https:\/\/etecnic.bisiestodeveloper.es\/wp-content\/uploads\/2026\/02\/Logo_BayWar-re_BD_RGB-1024x390.png-700x267.webp\" \/><\/p>\n\t\t\t<div class=\"evo_card_organizer\"><h4 class=\"evo_h4 marb5\"><span class=\"evo_card_organizer_name_t marb5\"><a href=\"https:\/\/etecnic.bisiestodeveloper.es\/ca\/event-organizer\/baywa-r-e\/\">BayWa r.e<\/a><\/span><\/h4><div class=\"evo_org_details\"><\/div><\/div><\/div>\t\t\t\t\t\t\t\n\t\t<\/div>\n\t<\/div><\/div><\/div><div class='evo_card_row_end evcal_close' title='Close'><\/div><\/div><div class='clear end'><\/div><\/div><div id=\"event_38098_0\" class=\"eventon_list_event evo_eventtop scheduled past_event event event_38098_0\" data-event_id=\"38098\" data-ri=\"0r\" data-time=\"1761037200-1761213600\" data-colr=\"#24a8f4\" itemscope itemtype='http:\/\/schema.org\/Event'><div class=\"evo_event_schema\" style=\"display:none\" ><a itemprop='url'  href='https:\/\/etecnic.bisiestodeveloper.es\/ca\/events\/municipalia-innocamping-lleida\/var\/ri-0.l-L2'><\/a><meta itemprop='image'  \/><meta itemprop='startDate' content=\"2025-10-21T11:00+0:00\" \/><meta itemprop='endDate' content=\"2025-10-23T12:00+0:00\" \/><meta itemprop='eventStatus' content=\"https:\/\/schema.org\/EventScheduled\" \/><item style=\"display:none\" itemprop=\"eventAttendanceMode\" itemscope itemtype=\"https:\/\/schema.org\/OnlineEventAttendanceMode\"><\/item><script type=\"application\/ld+json\">{\"@context\": \"http:\/\/schema.org\",\"@type\": \"Event\",\n\t\t\t\t\"@id\": \"event_38098_0\",\n\t\t\t\t\"eventAttendanceMode\":\"https:\/\/schema.org\/OnlineEventAttendanceMode\",\n\t\t\t\t\"name\": \"Municipalia &amp; Innocamping, Lleida\",\n\t\t\t\t\"url\": \"https:\/\/etecnic.bisiestodeveloper.es\/ca\/events\/municipalia-innocamping-lleida\/var\/ri-0.l-L2\",\n\t\t\t\t\"startDate\": \"2025-10-21T11:00+0:00\",\n\t\t\t\t\"endDate\": \"2025-10-23T12:00+0:00\",\n\t\t\t\t\"image\":\"\", \n\t\t\t\t\"description\":\" <p class=\"wp-block-paragraph\"><\/p>  <p class=\"wp-block-paragraph\"><strong>Etecnic, participar\u00e0 un any m\u00e9s a la fira de serveis i equipaments per a municipis.<\/strong><\/p>  <p class=\"wp-block-paragraph\"> Estand 324, pavell\u00f3 3.<\/p>  <p class=\"wp-block-paragraph\"><strong>Etecnic360 <\/strong>presentar\u00e0 el seu servei integral per a la infraestructura de rec\u00e0rrega, amb xerrades i taules rodones amb experts i clients del sector.<\/p>  <p class=\"wp-block-paragraph\"><strong>EVcharge <\/strong>amb els seus productes (plataforma de gesti\u00f3 de punts de rec\u00e0rrega, el T\u00f2tem de pagament), i les noves funcionalitats d'EVcharge APP i marques meves.<\/p>  <p class=\"wp-block-paragraph\"><strong>Etecnic, <\/strong>celebrar\u00e0 els seus 10 anys d'hist\u00f2ria i experi\u00e8ncia en mobilitat el\u00e8ctrica al costat dels seus col\u00b7laboradors i clients. Pr\u00f2ximament, informarem de tots els detalls que tenim preparats!<\/p>  <p class=\"wp-block-paragraph\"><a href=https:\/\/municipalia-lleida.com\/es\/ target=_blank rel=noreferrer noopener>Web Municipalia <\/a><\/p> \",\"eventStatus\":\"https:\/\/schema.org\/EventScheduled\"}<\/script><\/div>\n\t\t\t\t<p class=\"desc_trig_outter\" style=\"\"><a data-gmap_status=\"null\" data-exlk=\"0\" target=\"_blank\" rel=\"noopener noreferrer\"style=\"background-color: #24a8f4;\" id=\"evc_176103720038098\" class=\"desc_trig evo_2025 evo_eventos mul_val evcal_list_a\" data-ux_val=\"3\" data-ux_val_mob=\"-\"  ><span class='evoet_c2 evoet_cx '><span class='evoet_dayblock evcal_cblock ' data-bgcolor='#24a8f4' data-smon='octubre' data-syr='2025'><span class='evo_start '><em class='year'>2025<\/em><em class='date'>21<\/em><em class='month'>oct<\/em><em class='time'><i t=\"y\">(oct 21)<\/i>11:00<\/em><\/span><span class='evo_end '><em class='date'>23<\/em><em class='time'><i t=\"y\">(oct 23)<\/i>12:00<\/em><\/span><\/span><\/span><span class='evoet_c3 evoet_cx evcal_desc evo_info ' ><span class='evoet_tags evo_above_title'><\/span><span class='evoet_title evcal_desc2 evcal_event_title' itemprop='name'>Municipalia & Innocamping, Lleida<\/span><span class='evoet_subtitle evo_below_title'><\/span><span class='evoet_time_expand level_3 evcal_desc_info evogap10'><em class='evcal_time evo_tz_time level_4'><i class='fa fa-clock-o evomarr10'><\/i>11:00 - 12:00 <em class=\"evo_endday evomarl5\">(23)<\/em><span class='evo_tz marl5'>(GMT+02:00)<\/span><\/em> <\/span><span class='evcal_desc3'><span class='evcal_oganizer level_4'>\n\t\t\t\t\t\t\t\t<em><i>Organitzador:<\/i><\/em>\n\t\t\t\t\t\t\t\t<em class=\"evoet_dataval\">Municipalia<\/em>\n\t\t\t\t\t\t\t\t<\/span><span class='evcal_event_types level_4 ett1'><em><i>Tipus d'esdeveniment:<\/i><\/em><em data-filter='event_type'>2025,<\/em><em data-filter='event_type'>Esdeveniments<\/em><i class='clear'><\/i><\/span><\/span><\/span><em class='evoet_data' style='display:none' data-bgc='#24a8f4'data-bggrad=''><\/em><\/a><\/p><div class='event_description evcal_eventcard ' style=\"display:none\"><div class='evocard_row'><div class='evocard_box eventdetails' data-c='' \n\t\t\t\t\tstyle=''><div class=\"evo_metarow_details evorow evcal_evdata_row evcal_event_details\">\n    <div class=\"event_excerpt\" style=\"display:none\"><h3 class=\"padb5 evo_h3\">Detalls de l'esdeveniment<\/h3><p>Etecnic, participar\u00e0 un any m\u00e9s a la fira de serveis i equipaments per a municipis.\n\n Estand 324, pavell\u00f3<\/p><\/div><span class='evcal_evdata_icons'><i class='fa fa-align-justify'><\/i><\/span>    <div class=\"evcal_evdata_cell shorter_desc\">\n        <div class=\"eventon_full_description\">\n            <h3 class=\"padb5 evo_h3\"><span class='evcal_evdata_icons'><i class='fa fa-align-justify'><\/i><\/span>Detalls de l'esdeveniment<\/h3>\n            <div class=\"eventon_desc_in\" itemprop=\"description\">\n                <p><\/p>\n<p class=\"wp-block-paragraph\"><\/p>\n<p class=\"wp-block-paragraph\"><strong>Etecnic, participar\u00e0 un any m\u00e9s a la fira de serveis i equipaments per a municipis.<\/strong><\/p>\n<p><\/p>\n<p class=\"wp-block-paragraph\"> Estand 324, pavell\u00f3 3.<\/p>\n<p><\/p>\n<p class=\"wp-block-paragraph\"><strong>Etecnic360 <\/strong>presentar\u00e0 el seu servei integral per a la infraestructura de rec\u00e0rrega, amb xerrades i taules rodones amb experts i clients del sector.<\/p>\n<p><\/p>\n<p class=\"wp-block-paragraph\"><strong>EVcharge <\/strong>amb els seus productes (plataforma de gesti\u00f3 de punts de rec\u00e0rrega, el T\u00f2tem de pagament), i les noves funcionalitats d&#8217;EVcharge APP i marques meves.<\/p>\n<p><\/p>\n<p class=\"wp-block-paragraph\"><strong>Etecnic, <\/strong>celebrar\u00e0 els seus 10 anys d&#8217;hist\u00f2ria i experi\u00e8ncia en mobilitat el\u00e8ctrica al costat dels seus col\u00b7laboradors i clients. Pr\u00f2ximament, informarem de tots els detalls que tenim preparats!<\/p>\n<p><\/p>\n<p class=\"wp-block-paragraph\"><a href=\"https:\/\/municipalia-lleida.com\/es\/\" target=\"_blank\" rel=\"noreferrer noopener\">Web Municipalia <\/a><\/p>\n<p><\/p>\n            <\/div>\n            <p class='eventon_shad_p' style='padding:5px 0 0; margin:0'><span class='evcal_btn evo_btn_secondary evobtn_details_show_more' content='less'><span class='ev_more_text' data-txt='Menys'>M\u00e9s<\/span><span class='ev_more_arrow ard'><\/span><\/span><\/p><div class='clear'><\/div>        <\/div>\n    <\/div>\n<\/div><\/div><\/div><div class='evocard_row bx2 bx'><div class='evocard_box time' data-c='' \n\t\t\t\t\tstyle=''><div class='evo_metarow_time evorow evcal_evdata_row evcal_evrow_sm '>\n\t\t<span class='evcal_evdata_icons'><i class='fa fa-clock'><\/i><\/span>\n\t\t<div class='evcal_evdata_cell'>\t\t\t\t\t\t\t\n\t\t\t<h3 class='evo_h3'><span class='evcal_evdata_icons'><i class='fa fa-clock'><\/i><\/span>Data i hora<\/h3><p><span class='evo_eventcard_time_t'>Octubre 21, 2025 (dimarts) 11:00 - octubre 23, 2025 (dijous) 12:00<\/span><span class='evo_tz'>(GMT+02:00)<\/span><\/p>\n\t\t<\/div>\n\t<\/div><\/div><div class='evocard_box location' data-c='' \n\t\t\t\t\tstyle=''><div class='evcal_evdata_row evo_metarow_time_location evorow '>\n\t\t\n\t\t\t<span class='evcal_evdata_icons'><i class='fa fa-map-marker'><\/i><\/span>\n\t\t\t<div class='evcal_evdata_cell' data-loc_tax_id='949'><h3 class='evo_h3'><span class='evcal_evdata_icons'><i class='fa fa-map-marker'><\/i><\/span>Ubicaci\u00f3<\/h3><p class='evo_location_name' style='margin-bottom:10px; font-size:15px;'>Lleida<\/p><\/div>\n\t\t\n\t<\/div><\/div><\/div><div class='evocard_row bx2 bx'><div class='evocard_box learnmore' data-c='' \n\t\t\t\t\tstyle=''><div class='evo_metarow_learnM evo_metarow_learnmore evorow'>\n\t\t\t\t\t\t\t<a class='evcal_evdata_row evo_clik_row ' href='https:\/\/etecnic.bisiestodeveloper.es\/ca\/sector\/etecnic-celebra-una-decada-de-mobilitat-electrica-a-municipalia-2025\/' target=\"_blank\">\n\t\t\t\t\t\t\t\t<span class='evcal_evdata_icons'><i class='fa fa-link'><\/i><\/span>\n\t\t\t\t\t\t\t\t<h3 class='evo_h3 evopad0i'>M\u00e9s informaci\u00f3 sobre aquest esdeveniment<\/h3>\n\t\t\t\t\t\t\t<\/a>\n\t\t\t\t\t\t\t<\/div><\/div><div class='evocard_box addtocal' data-c='' \n\t\t\t\t\tstyle=''><div class='evo_metarow_ICS evorow evcal_evdata_row'>\n\t\t\t<span class='evcal_evdata_icons'><i class='fa fa-calendar-o'><\/i><\/span>\n\t\t\t<div class='evcal_evdata_cell'>\n\t\t\t\t<p><a href='https:\/\/etecnic.bisiestodeveloper.es\/ca\/export-events\/38098_0\/?nonce=cd0d907025' class='evo_ics_nCal' title='Afegir al teu calendari'>Calendari<\/a><a href='\/\/www.google.com\/calendar\/event?action=TEMPLATE&amp;text=Municipalia+%26+Innocamping%2C+Lleida&amp;dates=20251021T090000Z\/20251023T100000Z&amp;ctz=Europe\/Madrid&amp;details=Municipalia+%26+Innocamping%2C+Lleida&amp;location=Lleida' target='_blank' class='evo_ics_gCal' title='Afegir al teu calendari de Google'>GoogleCal<\/a><\/p>\t\n\t\t\t<\/div>\n\t\t<\/div><\/div><\/div><div class='evocard_row'><div class='evocard_box organizer' data-c='' \n\t\t\t\t\tstyle=''><div class=\"evo_metarow_organizer evorow evcal_evdata_row evcal_evrow_sm \">\n\t\t<span class=\"evcal_evdata_icons\"><i class=\"fa fa-headphones\"><\/i><\/span>\n\t\t<div class=\"evcal_evdata_cell\">\t\t\t\t\t\t\t\n\t\t\t<h3 class=\"evo_h3\">Organitzador<\/h3><div class=\"evo_org_content\"><p class=\"evo_data_val evo_card_organizer_image\"><img decoding=\"async\" src=\"https:\/\/etecnic.bisiestodeveloper.es\/wp-content\/uploads\/2025\/12\/municipalia.png\" \/><\/p>\n\t\t\t<div class=\"evo_card_organizer\"><h4 class=\"evo_h4 marb5\"><span class=\"evo_card_organizer_name_t marb5\"><a href=\"https:\/\/etecnic.bisiestodeveloper.es\/ca\/event-organizer\/municipalia\/\">Municipalia<\/a><\/span><\/h4><div class=\"evo_org_details\"><\/div><\/div><\/div>\t\t\t\t\t\t\t\n\t\t<\/div>\n\t<\/div><\/div><\/div><div class='evo_card_row_end evcal_close' title='Close'><\/div><\/div><div class='clear end'><\/div><\/div><\/div><div class='evcal_month_line' data-d='eml_11_2025'><p>novembre<\/p><\/div><div class='sep_month_events ' data-d='eml_11_2025'><div id=\"event_38081_0\" class=\"eventon_list_event evo_eventtop scheduled past_event event event_38081_0\" data-event_id=\"38081\" data-ri=\"0r\" data-time=\"1763452800-1763668800\" data-colr=\"#145f87\" itemscope itemtype='http:\/\/schema.org\/Event'><div class=\"evo_event_schema\" style=\"display:none\" ><a itemprop='url'  href='https:\/\/etecnic.bisiestodeveloper.es\/ca\/events\/matelec-genera-madrid\/var\/ri-0.l-L2'><\/a><meta itemprop='image'  \/><meta itemprop='startDate' content=\"2025-11-18T09:00+0:00\" \/><meta itemprop='endDate' content=\"2025-11-20T21:00+0:00\" \/><meta itemprop='eventStatus' content=\"https:\/\/schema.org\/EventScheduled\" \/><item style=\"display:none\" itemprop=\"eventAttendanceMode\" itemscope itemtype=\"https:\/\/schema.org\/OfflineEventAttendanceMode\"><\/item><script type=\"application\/ld+json\">{\"@context\": \"http:\/\/schema.org\",\"@type\": \"Event\",\n\t\t\t\t\"@id\": \"event_38081_0\",\n\t\t\t\t\"eventAttendanceMode\":\"https:\/\/schema.org\/OfflineEventAttendanceMode\",\n\t\t\t\t\"name\": \"MATELEC &amp; GENERA, Madrid\",\n\t\t\t\t\"url\": \"https:\/\/etecnic.bisiestodeveloper.es\/ca\/events\/matelec-genera-madrid\/var\/ri-0.l-L2\",\n\t\t\t\t\"startDate\": \"2025-11-18T09:00+0:00\",\n\t\t\t\t\"endDate\": \"2025-11-20T21:00+0:00\",\n\t\t\t\t\"image\":\"\", \n\t\t\t\t\"description\":\" <p class=\"wp-block-paragraph\"><strong>Etecnic, participar\u00e0 en la fira de MATALEC i GENERA.<\/strong><\/p>  <p class=\"wp-block-paragraph\"> Se situar\u00e0 en l'estand agrupat de AFME n\u00famero 4B04B situat en el pavell\u00f3 4.<\/p>  <p class=\"wp-block-paragraph\"><\/p> \",\"eventStatus\":\"https:\/\/schema.org\/EventScheduled\"}<\/script><\/div>\n\t\t\t\t<p class=\"desc_trig_outter\" style=\"\"><a data-gmap_status=\"null\" data-exlk=\"0\" style=\"background-color: #145f87;\" id=\"evc_176345280038081\" class=\"desc_trig evo_2025 evo_eventos mul_val evcal_list_a\" data-ux_val=\"3\" data-ux_val_mob=\"-\"  ><span class='evoet_c2 evoet_cx '><span class='evoet_dayblock evcal_cblock ' data-bgcolor='#145f87' data-smon='novembre' data-syr='2025'><span class='evo_start '><em class='year'>2025<\/em><em class='date'>18<\/em><em class='month'>nov<\/em><em class='time'><i t=\"y\">(nov 18)<\/i>09:00<\/em><\/span><span class='evo_end '><em class='date'>20<\/em><em class='time'><i t=\"y\">(nov 20)<\/i>21:00<\/em><\/span><\/span><\/span><span class='evoet_c3 evoet_cx evcal_desc evo_info ' ><span class='evoet_tags evo_above_title'><\/span><span class='evoet_title evcal_desc2 evcal_event_title' itemprop='name'>MATELEC & GENERA, Madrid<\/span><span class='evoet_subtitle evo_below_title'><span class='evcal_event_subtitle' >Vis\u00edta&#039;ns al stand AFME 4B04B<\/span><\/span><span class='evoet_time_expand level_3 evcal_desc_info evogap10'><em class='evcal_time evo_tz_time level_4'><i class='fa fa-clock-o evomarr10'><\/i>09:00 - 21:00 <em class=\"evo_endday evomarl5\">(20)<\/em><span class='evo_tz marl5'>(GMT+01:00)<\/span><\/em> <\/span><span class='evcal_desc3'><span class='evcal_oganizer level_4'>\n\t\t\t\t\t\t\t\t<em><i>Organitzador:<\/i><\/em>\n\t\t\t\t\t\t\t\t<em class=\"evoet_dataval\">MATALEC Y GENERA<\/em>\n\t\t\t\t\t\t\t\t<\/span><span class='evcal_event_types level_4 ett1'><em><i>Tipus d'esdeveniment:<\/i><\/em><em data-filter='event_type'>2025,<\/em><em data-filter='event_type'>Esdeveniments<\/em><i class='clear'><\/i><\/span><\/span><\/span><em class='evoet_data' style='display:none' data-bgc='#145f87'data-bggrad=''><\/em><\/a><\/p><div class='event_description evcal_eventcard ' style=\"display:none\"><div class='evocard_row'><div class='evocard_box eventdetails' data-c='' \n\t\t\t\t\tstyle=''><div class=\"evo_metarow_details evorow evcal_evdata_row evcal_event_details\">\n    <div class=\"event_excerpt\" style=\"display:none\"><h3 class=\"padb5 evo_h3\">Detalls de l'esdeveniment<\/h3><p>Etecnic, participar\u00e0 en la fira de MATALEC i GENERA.\n\n Se situar\u00e0 en l'estand agrupat de AFME n\u00famero 4B04B situat en el pavell\u00f3<\/p><\/div><span class='evcal_evdata_icons'><i class='fa fa-align-justify'><\/i><\/span>    <div class=\"evcal_evdata_cell \">\n        <div class=\"eventon_full_description\">\n            <h3 class=\"padb5 evo_h3\"><span class='evcal_evdata_icons'><i class='fa fa-align-justify'><\/i><\/span>Detalls de l'esdeveniment<\/h3>\n            <div class=\"eventon_desc_in\" itemprop=\"description\">\n                <p><\/p>\n<p class=\"wp-block-paragraph\"><strong>Etecnic, participar\u00e0 en la fira de MATALEC i GENERA.<\/strong><\/p>\n<p><\/p>\n<p class=\"wp-block-paragraph\"> Se situar\u00e0 en l&#8217;estand agrupat de AFME n\u00famero 4B04B situat en el pavell\u00f3 4.<\/p>\n<p><\/p>\n<p class=\"wp-block-paragraph\"><\/p>\n            <\/div>\n            <div class='clear'><\/div>        <\/div>\n    <\/div>\n<\/div><\/div><\/div><div class='evocard_row bx2 bx'><div class='evocard_box time' data-c='' \n\t\t\t\t\tstyle=''><div class='evo_metarow_time evorow evcal_evdata_row evcal_evrow_sm '>\n\t\t<span class='evcal_evdata_icons'><i class='fa fa-clock'><\/i><\/span>\n\t\t<div class='evcal_evdata_cell'>\t\t\t\t\t\t\t\n\t\t\t<h3 class='evo_h3'><span class='evcal_evdata_icons'><i class='fa fa-clock'><\/i><\/span>Data i hora<\/h3><p><span class='evo_eventcard_time_t'>Novembre 18, 2025 (dimarts) 09:00 - novembre 20, 2025 (dijous) 21:00<\/span><span class='evo_tz'>(GMT+01:00)<\/span><\/p>\n\t\t<\/div>\n\t<\/div><\/div><div class='evocard_box location' data-c='' \n\t\t\t\t\tstyle=''><div class='evcal_evdata_row evo_metarow_time_location evorow '>\n\t\t\n\t\t\t<span class='evcal_evdata_icons'><i class='fa fa-map-marker'><\/i><\/span>\n\t\t\t<div class='evcal_evdata_cell' data-loc_tax_id='935'><h3 class='evo_h3'><span class='evcal_evdata_icons'><i class='fa fa-map-marker'><\/i><\/span>Ubicaci\u00f3<\/h3><p class='evo_location_name' style='margin-bottom:10px; font-size:15px;'>Madrid<\/p><\/div>\n\t\t\n\t<\/div><\/div><\/div><div class='evocard_row bx2 bx'><div class='evocard_box learnmore' data-c='' \n\t\t\t\t\tstyle=''><div class='evo_metarow_learnM evo_metarow_learnmore evorow'>\n\t\t\t\t\t\t\t<a class='evcal_evdata_row evo_clik_row ' href='https:\/\/etecnic.bisiestodeveloper.es\/ca\/etecnic\/etecnic-va-presentar-les-seves-novetats-en-mobilitat-electrica-en-matelec-genera\/' target=\"_blank\">\n\t\t\t\t\t\t\t\t<span class='evcal_evdata_icons'><i class='fa fa-link'><\/i><\/span>\n\t\t\t\t\t\t\t\t<h3 class='evo_h3 evopad0i'>M\u00e9s informaci\u00f3 sobre aquest esdeveniment<\/h3>\n\t\t\t\t\t\t\t<\/a>\n\t\t\t\t\t\t\t<\/div><\/div><div class='evocard_box addtocal' data-c='' \n\t\t\t\t\tstyle=''><div class='evo_metarow_ICS evorow evcal_evdata_row'>\n\t\t\t<span class='evcal_evdata_icons'><i class='fa fa-calendar-o'><\/i><\/span>\n\t\t\t<div class='evcal_evdata_cell'>\n\t\t\t\t<p><a href='https:\/\/etecnic.bisiestodeveloper.es\/ca\/export-events\/38081_0\/?nonce=cd0d907025' class='evo_ics_nCal' title='Afegir al teu calendari'>Calendari<\/a><a href='\/\/www.google.com\/calendar\/event?action=TEMPLATE&amp;text=MATELEC+%26+GENERA%2C+Madrid&amp;dates=20251118T080000Z\/20251120T200000Z&amp;ctz=Europe\/Madrid&amp;details=MATELEC+%26+GENERA%2C+Madrid&amp;location=Madrid' target='_blank' class='evo_ics_gCal' title='Afegir al teu calendari de Google'>GoogleCal<\/a><\/p>\t\n\t\t\t<\/div>\n\t\t<\/div><\/div><\/div><div class='evocard_row'><div class='evocard_box organizer' data-c='' \n\t\t\t\t\tstyle=''><div class=\"evo_metarow_organizer evorow evcal_evdata_row evcal_evrow_sm \">\n\t\t<span class=\"evcal_evdata_icons\"><i class=\"fa fa-headphones\"><\/i><\/span>\n\t\t<div class=\"evcal_evdata_cell\">\t\t\t\t\t\t\t\n\t\t\t<h3 class=\"evo_h3\">Organitzador<\/h3><div class=\"evo_org_content\"><p class=\"evo_data_val evo_card_organizer_image\"><img decoding=\"async\" src=\"https:\/\/etecnic.bisiestodeveloper.es\/wp-content\/uploads\/2026\/07\/logo_color_matelec-v2-200x150-1.jpg\" \/><\/p>\n\t\t\t<div class=\"evo_card_organizer\"><h4 class=\"evo_h4 marb5\"><span class=\"evo_card_organizer_name_t marb5\"><a href=\"https:\/\/etecnic.bisiestodeveloper.es\/ca\/event-organizer\/matalec-y-genera\/\">MATALEC Y GENERA<\/a><\/span><\/h4><div class=\"evo_org_details\"><\/div><\/div><\/div>\t\t\t\t\t\t\t\n\t\t<\/div>\n\t<\/div><\/div><\/div><div class='evo_card_row_end evcal_close' title='Close'><\/div><\/div><div class='clear end'><\/div><\/div><div id=\"event_38079_0\" class=\"eventon_list_event evo_eventtop scheduled past_event event event_38079_0\" data-event_id=\"38079\" data-ri=\"0r\" data-time=\"1763452800-1763668800\" data-colr=\"#24a8f4\" itemscope itemtype='http:\/\/schema.org\/Event'><div class=\"evo_event_schema\" style=\"display:none\" ><a itemprop='url'  href='https:\/\/etecnic.bisiestodeveloper.es\/ca\/events\/irun-ficoba-pais-basc\/var\/ri-0.l-L2'><\/a><meta itemprop='image'  \/><meta itemprop='startDate' content=\"2025-11-18T09:00+0:00\" \/><meta itemprop='endDate' content=\"2025-11-20T21:00+0:00\" \/><meta itemprop='eventStatus' content=\"https:\/\/schema.org\/EventScheduled\" \/><item style=\"display:none\" itemprop=\"eventAttendanceMode\" itemscope itemtype=\"https:\/\/schema.org\/OnlineEventAttendanceMode\"><\/item><script type=\"application\/ld+json\">{\"@context\": \"http:\/\/schema.org\",\"@type\": \"Event\",\n\t\t\t\t\"@id\": \"event_38079_0\",\n\t\t\t\t\"eventAttendanceMode\":\"https:\/\/schema.org\/OnlineEventAttendanceMode\",\n\t\t\t\t\"name\": \"Ir\u00fan: FICOBA (Pa\u00eds basc)\",\n\t\t\t\t\"url\": \"https:\/\/etecnic.bisiestodeveloper.es\/ca\/events\/irun-ficoba-pais-basc\/var\/ri-0.l-L2\",\n\t\t\t\t\"startDate\": \"2025-11-18T09:00+0:00\",\n\t\t\t\t\"endDate\": \"2025-11-20T21:00+0:00\",\n\t\t\t\t\"image\":\"\", \n\t\t\t\t\"description\":\" <p class=\"wp-block-paragraph\">EVcharge i Etecnic participaran a <a href=https:\/\/www.mubilexpo.eus\/ target=_blank rel=noreferrer noopener>Mubil Mobility Expo<\/a>, la trobada professional del sud d'Europa que reuneix la cadena de valor de la mobilitat sostenible. A l'esdeveniment, els comercials, Juanma P\u00e9rez i Fernando Moreno presentaran les nostres solucions de <a href=https:\/\/evcharge.net\/ target=_blank rel=noreferrer noopener>EVcharge<\/a>, el t\u00f2tem de pagament, el nou backend i molt m\u00e9s.<\/p>  <p class=\"wp-block-paragraph\">Visita'ns a l'estand compartit amb <strong><a href=https:\/\/aedive.es\/ target=_blank rel=noreferrer noopener>AEDIVE<\/a>, <\/strong>n\u00famero <strong>3-19.<\/strong><\/p>  <p class=\"wp-block-paragraph\"><\/p> \",\"eventStatus\":\"https:\/\/schema.org\/EventScheduled\"}<\/script><\/div>\n\t\t\t\t<p class=\"desc_trig_outter\" style=\"\"><a data-gmap_status=\"null\" data-exlk=\"0\" style=\"background-color: #24a8f4;\" id=\"evc_176345280038079\" class=\"desc_trig evo_2025 evo_eventos mul_val evcal_list_a\" data-ux_val=\"3\" data-ux_val_mob=\"-\"  ><span class='evoet_c2 evoet_cx '><span class='evoet_dayblock evcal_cblock ' data-bgcolor='#24a8f4' data-smon='novembre' data-syr='2025'><span class='evo_start '><em class='year'>2025<\/em><em class='date'>18<\/em><em class='month'>nov<\/em><em class='time'><i t=\"y\">(nov 18)<\/i>09:00<\/em><\/span><span class='evo_end '><em class='date'>20<\/em><em class='time'><i t=\"y\">(nov 20)<\/i>21:00<\/em><\/span><\/span><\/span><span class='evoet_c3 evoet_cx evcal_desc evo_info ' ><span class='evoet_tags evo_above_title'><\/span><span class='evoet_title evcal_desc2 evcal_event_title' itemprop='name'>Ir\u00fan: FICOBA (Pa\u00eds basc)<\/span><span class='evoet_subtitle evo_below_title'><\/span><span class='evoet_time_expand level_3 evcal_desc_info evogap10'><em class='evcal_time evo_tz_time level_4'><i class='fa fa-clock-o evomarr10'><\/i>09:00 - 21:00 <em class=\"evo_endday evomarl5\">(20)<\/em><span class='evo_tz marl5'>(GMT+01:00)<\/span><\/em> <\/span><span class='evcal_desc3'><span class='evcal_oganizer level_4'>\n\t\t\t\t\t\t\t\t<em><i>Organitzador:<\/i><\/em>\n\t\t\t\t\t\t\t\t<em class=\"evoet_dataval\">MUBIL Mobility Expo<\/em>\n\t\t\t\t\t\t\t\t<\/span><span class='evcal_event_types level_4 ett1'><em><i>Tipus d'esdeveniment:<\/i><\/em><em data-filter='event_type'>2025,<\/em><em data-filter='event_type'>Esdeveniments<\/em><i class='clear'><\/i><\/span><\/span><\/span><em class='evoet_data' style='display:none' data-bgc='#24a8f4'data-bggrad=''><\/em><\/a><\/p><div class='event_description evcal_eventcard ' style=\"display:none\"><div class='evocard_row'><div class='evocard_box eventdetails' data-c='' \n\t\t\t\t\tstyle=''><div class=\"evo_metarow_details evorow evcal_evdata_row evcal_event_details\">\n    <div class=\"event_excerpt\" style=\"display:none\"><h3 class=\"padb5 evo_h3\">Detalls de l'esdeveniment<\/h3><p>EVcharge i Etecnic participaran a Mubil Mobility Expo, la trobada professional del sud d'Europa que reuneix la cadena de valor de la mobilitat<\/p><\/div><span class='evcal_evdata_icons'><i class='fa fa-align-justify'><\/i><\/span>    <div class=\"evcal_evdata_cell shorter_desc\">\n        <div class=\"eventon_full_description\">\n            <h3 class=\"padb5 evo_h3\"><span class='evcal_evdata_icons'><i class='fa fa-align-justify'><\/i><\/span>Detalls de l'esdeveniment<\/h3>\n            <div class=\"eventon_desc_in\" itemprop=\"description\">\n                <p><\/p>\n<p class=\"wp-block-paragraph\">EVcharge i Etecnic participaran a <a href=\"https:\/\/www.mubilexpo.eus\/\" target=\"_blank\" rel=\"noreferrer noopener\">Mubil Mobility Expo<\/a>, la trobada professional del sud d&#8217;Europa que reuneix la cadena de valor de la mobilitat sostenible. A l&#8217;esdeveniment, els comercials, Juanma P\u00e9rez i Fernando Moreno presentaran les nostres solucions de <a href=\"https:\/\/evcharge.net\/\" target=\"_blank\" rel=\"noreferrer noopener\">EVcharge<\/a>, el t\u00f2tem de pagament, el nou backend i molt m\u00e9s.<\/p>\n<p><\/p>\n<p class=\"wp-block-paragraph\">Visita&#8217;ns a l&#8217;estand compartit amb <strong><a href=\"https:\/\/aedive.es\/\" target=\"_blank\" rel=\"noreferrer noopener\">AEDIVE<\/a>, <\/strong>n\u00famero <strong>3-19.<\/strong><\/p>\n<p><\/p>\n<p class=\"wp-block-paragraph\"><\/p>\n            <\/div>\n            <p class='eventon_shad_p' style='padding:5px 0 0; margin:0'><span class='evcal_btn evo_btn_secondary evobtn_details_show_more' content='less'><span class='ev_more_text' data-txt='Menys'>M\u00e9s<\/span><span class='ev_more_arrow ard'><\/span><\/span><\/p><div class='clear'><\/div>        <\/div>\n    <\/div>\n<\/div><\/div><\/div><div class='evocard_row bx2 bx'><div class='evocard_box time' data-c='' \n\t\t\t\t\tstyle=''><div class='evo_metarow_time evorow evcal_evdata_row evcal_evrow_sm '>\n\t\t<span class='evcal_evdata_icons'><i class='fa fa-clock'><\/i><\/span>\n\t\t<div class='evcal_evdata_cell'>\t\t\t\t\t\t\t\n\t\t\t<h3 class='evo_h3'><span class='evcal_evdata_icons'><i class='fa fa-clock'><\/i><\/span>Data i hora<\/h3><p><span class='evo_eventcard_time_t'>Novembre 18, 2025 (dimarts) 09:00 - novembre 20, 2025 (dijous) 21:00<\/span><span class='evo_tz'>(GMT+01:00)<\/span><\/p>\n\t\t<\/div>\n\t<\/div><\/div><div class='evocard_box location' data-c='' \n\t\t\t\t\tstyle=''><div class='evcal_evdata_row evo_metarow_time_location evorow '>\n\t\t\n\t\t\t<span class='evcal_evdata_icons'><i class='fa fa-map-marker'><\/i><\/span>\n\t\t\t<div class='evcal_evdata_cell' data-loc_tax_id='944'><h3 class='evo_h3'><span class='evcal_evdata_icons'><i class='fa fa-map-marker'><\/i><\/span>Ubicaci\u00f3<\/h3><p class='evo_location_name' style='margin-bottom:10px; font-size:15px;'>Ir\u00fan<\/p><\/div>\n\t\t\n\t<\/div><\/div><\/div><div class='evocard_row bx2 bx'><div class='evocard_box learnmore' data-c='' \n\t\t\t\t\tstyle=''><div class='evo_metarow_learnM evo_metarow_learnmore evorow'>\n\t\t\t\t\t\t\t<a class='evcal_evdata_row evo_clik_row ' href='https:\/\/etecnic.bisiestodeveloper.es\/ca\/proyectos\/etecnic-va-portar-les-seves-solucions-de-mobilitat-electrica-a-mubil-mobility-expo-2026\/' target=\"_blank\">\n\t\t\t\t\t\t\t\t<span class='evcal_evdata_icons'><i class='fa fa-link'><\/i><\/span>\n\t\t\t\t\t\t\t\t<h3 class='evo_h3 evopad0i'>M\u00e9s informaci\u00f3 sobre aquest esdeveniment<\/h3>\n\t\t\t\t\t\t\t<\/a>\n\t\t\t\t\t\t\t<\/div><\/div><div class='evocard_box addtocal' data-c='' \n\t\t\t\t\tstyle=''><div class='evo_metarow_ICS evorow evcal_evdata_row'>\n\t\t\t<span class='evcal_evdata_icons'><i class='fa fa-calendar-o'><\/i><\/span>\n\t\t\t<div class='evcal_evdata_cell'>\n\t\t\t\t<p><a href='https:\/\/etecnic.bisiestodeveloper.es\/ca\/export-events\/38079_0\/?nonce=cd0d907025' class='evo_ics_nCal' title='Afegir al teu calendari'>Calendari<\/a><a href='\/\/www.google.com\/calendar\/event?action=TEMPLATE&amp;text=Ir%C3%BAn%3A+FICOBA+%28Pa%C3%ADs+basc%29&amp;dates=20251118T080000Z\/20251120T200000Z&amp;ctz=Europe\/Madrid&amp;details=Ir%C3%BAn%3A+FICOBA+%28Pa%C3%ADs+basc%29&amp;location=Ir%C3%BAn' target='_blank' class='evo_ics_gCal' title='Afegir al teu calendari de Google'>GoogleCal<\/a><\/p>\t\n\t\t\t<\/div>\n\t\t<\/div><\/div><\/div><div class='evocard_row'><div class='evocard_box organizer' data-c='' \n\t\t\t\t\tstyle=''><div class=\"evo_metarow_organizer evorow evcal_evdata_row evcal_evrow_sm \">\n\t\t<span class=\"evcal_evdata_icons\"><i class=\"fa fa-headphones\"><\/i><\/span>\n\t\t<div class=\"evcal_evdata_cell\">\t\t\t\t\t\t\t\n\t\t\t<h3 class=\"evo_h3\">Organitzador<\/h3><div class=\"evo_org_content\"><p class=\"evo_data_val evo_card_organizer_image\"><img decoding=\"async\" src=\"https:\/\/etecnic.bisiestodeveloper.es\/wp-content\/uploads\/2026\/07\/AZUL_vertical-200x132-1.png\" \/><\/p>\n\t\t\t<div class=\"evo_card_organizer\"><h4 class=\"evo_h4 marb5\"><span class=\"evo_card_organizer_name_t marb5\"><a href=\"https:\/\/etecnic.bisiestodeveloper.es\/ca\/event-organizer\/mubil-mobility-expo\/\">MUBIL Mobility Expo<\/a><\/span><\/h4><div class=\"evo_org_details\"><\/div><\/div><\/div>\t\t\t\t\t\t\t\n\t\t<\/div>\n\t<\/div><\/div><\/div><div class='evo_card_row_end evcal_close' title='Close'><\/div><\/div><div class='clear end'><\/div><\/div><div id=\"event_38089_0\" class=\"eventon_list_event evo_eventtop scheduled past_event event event_38089_0\" data-event_id=\"38089\" data-ri=\"0r\" data-time=\"1762243200-1762459200\" data-colr=\"#145f87\" itemscope itemtype='http:\/\/schema.org\/Event'><div class=\"evo_event_schema\" style=\"display:none\" ><a itemprop='url'  href='https:\/\/etecnic.bisiestodeveloper.es\/ca\/events\/smart-city-expo-world-congress-barcelona\/var\/ri-0.l-L2'><\/a><meta itemprop='image'  \/><meta itemprop='startDate' content=\"2025-11-4T09:00+0:00\" \/><meta itemprop='endDate' content=\"2025-11-6T21:00+0:00\" \/><meta itemprop='eventStatus' content=\"https:\/\/schema.org\/EventScheduled\" \/><item style=\"display:none\" itemprop=\"eventAttendanceMode\" itemscope itemtype=\"https:\/\/schema.org\/OnlineEventAttendanceMode\"><\/item><script type=\"application\/ld+json\">{\"@context\": \"http:\/\/schema.org\",\"@type\": \"Event\",\n\t\t\t\t\"@id\": \"event_38089_0\",\n\t\t\t\t\"eventAttendanceMode\":\"https:\/\/schema.org\/OnlineEventAttendanceMode\",\n\t\t\t\t\"name\": \"Smart City Expo World Congress, Barcelona\",\n\t\t\t\t\"url\": \"https:\/\/etecnic.bisiestodeveloper.es\/ca\/events\/smart-city-expo-world-congress-barcelona\/var\/ri-0.l-L2\",\n\t\t\t\t\"startDate\": \"2025-11-4T09:00+0:00\",\n\t\t\t\t\"endDate\": \"2025-11-6T21:00+0:00\",\n\t\t\t\t\"image\":\"\", \n\t\t\t\t\"description\":\" <p class=\"wp-block-paragraph\">EVcharge ser\u00e0 present en l'esdeveniment internacional de refer\u00e8ncia sobre ciutats intel\u00b7ligents, sostenibilitat i mobilitat del futur.<\/p>  <p class=\"wp-block-paragraph\">Estarem situats a l'<strong>estand n\u00famero D50<\/strong> de la Generalitat de Catalunya, al <strong>pavell\u00f3 3.<\/strong><\/p>  <p class=\"wp-block-paragraph\">Visita el web oficial de <a href=https:\/\/www.smartcityexpo.com\/ target=_blank rel=noreferrer noopener>Smart City Expo World Congress<\/a> per a detalls de la fira.<\/p>  <p class=\"wp-block-paragraph\"><a href=https:\/\/etecnic.es\/contacto\/>Contacta amb nosaltres<\/a> per a entrades i informaci\u00f3.<\/p>  <p class=\"wp-block-paragraph\"><\/p> \",\"eventStatus\":\"https:\/\/schema.org\/EventScheduled\"}<\/script><\/div>\n\t\t\t\t<p class=\"desc_trig_outter\" style=\"\"><a data-gmap_status=\"null\" data-exlk=\"0\" style=\"background-color: #145f87;\" id=\"evc_176224320038089\" class=\"desc_trig evo_2025 evo_eventos mul_val evcal_list_a\" data-ux_val=\"3\" data-ux_val_mob=\"-\"  ><span class='evoet_c2 evoet_cx '><span class='evoet_dayblock evcal_cblock ' data-bgcolor='#145f87' data-smon='novembre' data-syr='2025'><span class='evo_start '><em class='year'>2025<\/em><em class='date'>04<\/em><em class='month'>nov<\/em><em class='time'><i t=\"y\">(nov 4)<\/i>09:00<\/em><\/span><span class='evo_end '><em class='date'>06<\/em><em class='time'><i t=\"y\">(nov 6)<\/i>21:00<\/em><\/span><\/span><\/span><span class='evoet_c3 evoet_cx evcal_desc evo_info ' ><span class='evoet_tags evo_above_title'><\/span><span class='evoet_title evcal_desc2 evcal_event_title' itemprop='name'>Smart City Expo World Congress, Barcelona<\/span><span class='evoet_subtitle evo_below_title'><\/span><span class='evoet_time_expand level_3 evcal_desc_info evogap10'><em class='evcal_time evo_tz_time level_4'><i class='fa fa-clock-o evomarr10'><\/i>09:00 - 21:00 <em class=\"evo_endday evomarl5\">(6)<\/em><span class='evo_tz marl5'>(GMT+01:00)<\/span><\/em> <\/span><span class='evcal_desc3'><span class='evcal_oganizer level_4'>\n\t\t\t\t\t\t\t\t<em><i>Organitzador:<\/i><\/em>\n\t\t\t\t\t\t\t\t<em class=\"evoet_dataval\">Smart City Expo World Congress<\/em>\n\t\t\t\t\t\t\t\t<\/span><span class='evcal_event_types level_4 ett1'><em><i>Tipus d'esdeveniment:<\/i><\/em><em data-filter='event_type'>2025,<\/em><em data-filter='event_type'>Esdeveniments<\/em><i class='clear'><\/i><\/span><\/span><\/span><em class='evoet_data' style='display:none' data-bgc='#145f87'data-bggrad=''><\/em><\/a><\/p><div class='event_description evcal_eventcard ' style=\"display:none\"><div class='evocard_row'><div class='evocard_box eventdetails' data-c='' \n\t\t\t\t\tstyle=''><div class=\"evo_metarow_details evorow evcal_evdata_row evcal_event_details\">\n    <div class=\"event_excerpt\" style=\"display:none\"><h3 class=\"padb5 evo_h3\">Detalls de l'esdeveniment<\/h3><p>EVcharge ser\u00e0 present en l'esdeveniment internacional de refer\u00e8ncia sobre ciutats intel\u00b7ligents, sostenibilitat i mobilitat del futur.\n\nEstarem situats a l'estand n\u00famero D50 de<\/p><\/div><span class='evcal_evdata_icons'><i class='fa fa-align-justify'><\/i><\/span>    <div class=\"evcal_evdata_cell shorter_desc\">\n        <div class=\"eventon_full_description\">\n            <h3 class=\"padb5 evo_h3\"><span class='evcal_evdata_icons'><i class='fa fa-align-justify'><\/i><\/span>Detalls de l'esdeveniment<\/h3>\n            <div class=\"eventon_desc_in\" itemprop=\"description\">\n                <p><\/p>\n<p class=\"wp-block-paragraph\">EVcharge ser\u00e0 present en l&#8217;esdeveniment internacional de refer\u00e8ncia sobre ciutats intel\u00b7ligents, sostenibilitat i mobilitat del futur.<\/p>\n<p><\/p>\n<p class=\"wp-block-paragraph\">Estarem situats a l&#8217;<strong>estand n\u00famero D50<\/strong> de la Generalitat de Catalunya, al <strong>pavell\u00f3 3.<\/strong><\/p>\n<p><\/p>\n<p class=\"wp-block-paragraph\">Visita el web oficial de <a href=\"https:\/\/www.smartcityexpo.com\/\" target=\"_blank\" rel=\"noreferrer noopener\">Smart City Expo World Congress<\/a> per a detalls de la fira.<\/p>\n<p><\/p>\n<p class=\"wp-block-paragraph\"><a href=\"https:\/\/etecnic.es\/contacto\/\">Contacta amb nosaltres<\/a> per a entrades i informaci\u00f3.<\/p>\n<p><\/p>\n<p class=\"wp-block-paragraph\"><\/p>\n            <\/div>\n            <p class='eventon_shad_p' style='padding:5px 0 0; margin:0'><span class='evcal_btn evo_btn_secondary evobtn_details_show_more' content='less'><span class='ev_more_text' data-txt='Menys'>M\u00e9s<\/span><span class='ev_more_arrow ard'><\/span><\/span><\/p><div class='clear'><\/div>        <\/div>\n    <\/div>\n<\/div><\/div><\/div><div class='evocard_row bx2 bx'><div class='evocard_box time' data-c='' \n\t\t\t\t\tstyle=''><div class='evo_metarow_time evorow evcal_evdata_row evcal_evrow_sm '>\n\t\t<span class='evcal_evdata_icons'><i class='fa fa-clock'><\/i><\/span>\n\t\t<div class='evcal_evdata_cell'>\t\t\t\t\t\t\t\n\t\t\t<h3 class='evo_h3'><span class='evcal_evdata_icons'><i class='fa fa-clock'><\/i><\/span>Data i hora<\/h3><p><span class='evo_eventcard_time_t'>Novembre 4, 2025 (dimarts) 09:00 - novembre 6, 2025 (dijous) 21:00<\/span><span class='evo_tz'>(GMT+01:00)<\/span><\/p>\n\t\t<\/div>\n\t<\/div><\/div><div class='evocard_box location' data-c='' \n\t\t\t\t\tstyle=''><div class='evcal_evdata_row evo_metarow_time_location evorow '>\n\t\t\n\t\t\t<span class='evcal_evdata_icons'><i class='fa fa-map-marker'><\/i><\/span>\n\t\t\t<div class='evcal_evdata_cell' data-loc_tax_id='940'><h3 class='evo_h3'><span class='evcal_evdata_icons'><i class='fa fa-map-marker'><\/i><\/span>Ubicaci\u00f3<\/h3><p class='evo_location_name' style='margin-bottom:10px; font-size:15px;'>Barcelona<\/p><\/div>\n\t\t\n\t<\/div><\/div><\/div><div class='evocard_row bx2 bx'><div class='evocard_box learnmore' data-c='' \n\t\t\t\t\tstyle=''><div class='evo_metarow_learnM evo_metarow_learnmore evorow'>\n\t\t\t\t\t\t\t<a class='evcal_evdata_row evo_clik_row ' href='https:\/\/etecnic.bisiestodeveloper.es\/ca\/etecnic\/smart-city-expo-world-congress-2025-innovacio-sostenibilitat-i-tecnologia-per-al-futur-de-la-mobilitat-electrica\/' target=\"_blank\">\n\t\t\t\t\t\t\t\t<span class='evcal_evdata_icons'><i class='fa fa-link'><\/i><\/span>\n\t\t\t\t\t\t\t\t<h3 class='evo_h3 evopad0i'>M\u00e9s informaci\u00f3 sobre aquest esdeveniment<\/h3>\n\t\t\t\t\t\t\t<\/a>\n\t\t\t\t\t\t\t<\/div><\/div><div class='evocard_box addtocal' data-c='' \n\t\t\t\t\tstyle=''><div class='evo_metarow_ICS evorow evcal_evdata_row'>\n\t\t\t<span class='evcal_evdata_icons'><i class='fa fa-calendar-o'><\/i><\/span>\n\t\t\t<div class='evcal_evdata_cell'>\n\t\t\t\t<p><a href='https:\/\/etecnic.bisiestodeveloper.es\/ca\/export-events\/38089_0\/?nonce=cd0d907025' class='evo_ics_nCal' title='Afegir al teu calendari'>Calendari<\/a><a href='\/\/www.google.com\/calendar\/event?action=TEMPLATE&amp;text=Smart+City+Expo+World+Congress%2C+Barcelona&amp;dates=20251104T080000Z\/20251106T200000Z&amp;ctz=Europe\/Madrid&amp;details=Smart+City+Expo+World+Congress%2C+Barcelona&amp;location=Barcelona' target='_blank' class='evo_ics_gCal' title='Afegir al teu calendari de Google'>GoogleCal<\/a><\/p>\t\n\t\t\t<\/div>\n\t\t<\/div><\/div><\/div><div class='evocard_row'><div class='evocard_box organizer' data-c='' \n\t\t\t\t\tstyle=''><div class=\"evo_metarow_organizer evorow evcal_evdata_row evcal_evrow_sm \">\n\t\t<span class=\"evcal_evdata_icons\"><i class=\"fa fa-headphones\"><\/i><\/span>\n\t\t<div class=\"evcal_evdata_cell\">\t\t\t\t\t\t\t\n\t\t\t<h3 class=\"evo_h3\">Organitzador<\/h3><div class=\"evo_org_content\"><p class=\"evo_data_val evo_card_organizer_image\"><img decoding=\"async\" src=\"https:\/\/etecnic.bisiestodeveloper.es\/wp-content\/uploads\/2026\/02\/logo-footer-200x46-1.png\" \/><\/p>\n\t\t\t<div class=\"evo_card_organizer\"><h4 class=\"evo_h4 marb5\"><span class=\"evo_card_organizer_name_t marb5\"><a href=\"https:\/\/etecnic.bisiestodeveloper.es\/ca\/event-organizer\/smart-city-expo-world-congress\/\">Smart City Expo World Congress<\/a><\/span><\/h4><div class=\"evo_org_details\"><\/div><\/div><\/div>\t\t\t\t\t\t\t\n\t\t<\/div>\n\t<\/div><\/div><\/div><div class='evo_card_row_end evcal_close' title='Close'><\/div><\/div><div class='clear end'><\/div><\/div><\/div><div class='evcal_month_line' data-d='eml_12_2025'><p>desembre<\/p><\/div><div class='sep_month_events ' data-d='eml_12_2025'><div id=\"event_38085_0\" class=\"eventon_list_event evo_eventtop scheduled past_event event event_38085_0\" data-event_id=\"38085\" data-ri=\"0r\" data-time=\"1764921600-1764943200\" data-colr=\"#00e7ef\" itemscope itemtype='http:\/\/schema.org\/Event'><div class=\"evo_event_schema\" style=\"display:none\" ><a itemprop='url'  href='https:\/\/etecnic.bisiestodeveloper.es\/ca\/events\/enerhub-reus\/var\/ri-0.l-L2'><\/a><meta itemprop='image'  \/><meta itemprop='startDate' content=\"2025-12-5T09:00+0:00\" \/><meta itemprop='endDate' content=\"2025-12-5T15:00+0:00\" \/><meta itemprop='eventStatus' content=\"https:\/\/schema.org\/EventScheduled\" \/><item style=\"display:none\" itemprop=\"eventAttendanceMode\" itemscope itemtype=\"https:\/\/schema.org\/OnlineEventAttendanceMode\"><\/item><script type=\"application\/ld+json\">{\"@context\": \"http:\/\/schema.org\",\"@type\": \"Event\",\n\t\t\t\t\"@id\": \"event_38085_0\",\n\t\t\t\t\"eventAttendanceMode\":\"https:\/\/schema.org\/OnlineEventAttendanceMode\",\n\t\t\t\t\"name\": \"EnerHub, Reus\",\n\t\t\t\t\"url\": \"https:\/\/etecnic.bisiestodeveloper.es\/ca\/events\/enerhub-reus\/var\/ri-0.l-L2\",\n\t\t\t\t\"startDate\": \"2025-12-5T09:00+0:00\",\n\t\t\t\t\"endDate\": \"2025-12-5T15:00+0:00\",\n\t\t\t\t\"image\":\"\", \n\t\t\t\t\"description\":\" <p class=\"wp-block-paragraph\"><strong>Etecnic<\/strong>, participar\u00e0 activament en la primera edici\u00f3 del Congr\u00e9s de Transici\u00f3 Energ\u00e8tica \u2013 <a href=https:\/\/www.enerhubreus.com\/es\/ target=_blank rel=noreferrer noopener>Enerhub Reus<\/a>, que tindr\u00e0 lloc el 5 de desembre a firaReus Events, de 9 h a 15 h.<\/p>  <p class=\"wp-block-paragraph\"><strong>13:05 h | Zona expositiva (Foyer)<\/strong><\/p>  <p class=\"wp-block-paragraph\"><strong>Jorge R\u00edos<\/strong> estar\u00e0 present en la quarta taula rodona sobre la <strong>descarbonitzaci\u00f3 en els sectors de l'edificaci\u00f3, la ind\u00fastria i el transport<\/strong>. Compartirem la nostra experi\u00e8ncia i visi\u00f3 sobre el futur de la mobilitat el\u00e8ctrica.<\/p>  <p class=\"wp-block-paragraph\"><\/p> \",\"eventStatus\":\"https:\/\/schema.org\/EventScheduled\"}<\/script><\/div>\n\t\t\t\t<p class=\"desc_trig_outter\" style=\"\"><a data-gmap_status=\"null\" data-exlk=\"0\" style=\"background-color: #00e7ef;\" id=\"evc_176492160038085\" class=\"desc_trig evo_2025 evo_eventos sin_val evcal_list_a\" data-ux_val=\"3\" data-ux_val_mob=\"-\"  ><span class='evoet_c2 evoet_cx '><span class='evoet_dayblock evcal_cblock ' data-bgcolor='#00e7ef' data-smon='desembre' data-syr='2025'><span class='evo_start '><em class='year'>2025<\/em><em class='date'>05<\/em><em class='month'>des<\/em><em class='time'>09:00<\/em><\/span><span class='evo_end only_time'><em class='time'>15:00<\/em><\/span><\/span><\/span><span class='evoet_c3 evoet_cx evcal_desc evo_info ' ><span class='evoet_tags evo_above_title'><\/span><span class='evoet_title evcal_desc2 evcal_event_title' itemprop='name'>EnerHub, Reus<\/span><span class='evoet_subtitle evo_below_title'><\/span><span class='evoet_time_expand level_3 evcal_desc_info evogap10'><em class='evcal_time evo_tz_time level_4'><i class='fa fa-clock-o evomarr10'><\/i>09:00 - 15:00<span class='evo_tz marl5'>(GMT+01:00)<\/span><\/em> <\/span><span class='evcal_desc3'><span class='evcal_oganizer level_4'>\n\t\t\t\t\t\t\t\t<em><i>Organitzador:<\/i><\/em>\n\t\t\t\t\t\t\t\t<em class=\"evoet_dataval\">EnerHub Reus<\/em>\n\t\t\t\t\t\t\t\t<\/span><span class='evcal_event_types level_4 ett1'><em><i>Tipus d'esdeveniment:<\/i><\/em><em data-filter='event_type'>2025,<\/em><em data-filter='event_type'>Esdeveniments<\/em><i class='clear'><\/i><\/span><\/span><\/span><em class='evoet_data' style='display:none' data-bgc='#00e7ef'data-bggrad=''><\/em><\/a><\/p><div class='event_description evcal_eventcard ' style=\"display:none\"><div class='evocard_row'><div class='evocard_box eventdetails' data-c='' \n\t\t\t\t\tstyle=''><div class=\"evo_metarow_details evorow evcal_evdata_row evcal_event_details\">\n    <div class=\"event_excerpt\" style=\"display:none\"><h3 class=\"padb5 evo_h3\">Detalls de l'esdeveniment<\/h3><p>Etecnic, participar\u00e0 activament en la primera edici\u00f3 del Congr\u00e9s de Transici\u00f3 Energ\u00e8tica \u2013 Enerhub Reus, que tindr\u00e0 lloc el 5 de desembre a<\/p><\/div><span class='evcal_evdata_icons'><i class='fa fa-align-justify'><\/i><\/span>    <div class=\"evcal_evdata_cell shorter_desc\">\n        <div class=\"eventon_full_description\">\n            <h3 class=\"padb5 evo_h3\"><span class='evcal_evdata_icons'><i class='fa fa-align-justify'><\/i><\/span>Detalls de l'esdeveniment<\/h3>\n            <div class=\"eventon_desc_in\" itemprop=\"description\">\n                <p><\/p>\n<p class=\"wp-block-paragraph\"><strong>Etecnic<\/strong>, participar\u00e0 activament en la primera edici\u00f3 del Congr\u00e9s de Transici\u00f3 Energ\u00e8tica \u2013 <a href=\"https:\/\/www.enerhubreus.com\/es\/\" target=\"_blank\" rel=\"noreferrer noopener\">Enerhub Reus<\/a>, que tindr\u00e0 lloc el 5 de desembre a firaReus Events, de 9 h a 15 h.<\/p>\n<p><\/p>\n<p class=\"wp-block-paragraph\"><strong>13:05 h | Zona expositiva (Foyer)<\/strong><\/p>\n<p><\/p>\n<p class=\"wp-block-paragraph\"><strong>Jorge R\u00edos<\/strong> estar\u00e0 present en la quarta taula rodona sobre la <strong>descarbonitzaci\u00f3 en els sectors de l&#8217;edificaci\u00f3, la ind\u00fastria i el transport<\/strong>. Compartirem la nostra experi\u00e8ncia i visi\u00f3 sobre el futur de la mobilitat el\u00e8ctrica.<\/p>\n<p><\/p>\n<p class=\"wp-block-paragraph\"><\/p>\n            <\/div>\n            <p class='eventon_shad_p' style='padding:5px 0 0; margin:0'><span class='evcal_btn evo_btn_secondary evobtn_details_show_more' content='less'><span class='ev_more_text' data-txt='Menys'>M\u00e9s<\/span><span class='ev_more_arrow ard'><\/span><\/span><\/p><div class='clear'><\/div>        <\/div>\n    <\/div>\n<\/div><\/div><\/div><div class='evocard_row bx2 bx'><div class='evocard_box time' data-c='' \n\t\t\t\t\tstyle=''><div class='evo_metarow_time evorow evcal_evdata_row evcal_evrow_sm '>\n\t\t<span class='evcal_evdata_icons'><i class='fa fa-clock'><\/i><\/span>\n\t\t<div class='evcal_evdata_cell'>\t\t\t\t\t\t\t\n\t\t\t<h3 class='evo_h3'><span class='evcal_evdata_icons'><i class='fa fa-clock'><\/i><\/span>Data i hora<\/h3><p><span class='evo_eventcard_time_t'>Desembre 5, 2025 (divendres) 09:00 - 15:00<\/span><span class='evo_tz'>(GMT+01:00)<\/span><\/p>\n\t\t<\/div>\n\t<\/div><\/div><div class='evocard_box location' data-c='' \n\t\t\t\t\tstyle=''><div class='evcal_evdata_row evo_metarow_time_location evorow '>\n\t\t\n\t\t\t<span class='evcal_evdata_icons'><i class='fa fa-map-marker'><\/i><\/span>\n\t\t\t<div class='evcal_evdata_cell' data-loc_tax_id='946'><h3 class='evo_h3'><span class='evcal_evdata_icons'><i class='fa fa-map-marker'><\/i><\/span>Ubicaci\u00f3<\/h3><p class='evo_location_name' style='margin-bottom:10px; font-size:15px;'>Reus<\/p><\/div>\n\t\t\n\t<\/div><\/div><\/div><div class='evocard_row bx2 bx'><div class='evocard_box learnmore' data-c='' \n\t\t\t\t\tstyle=''><div class='evo_metarow_learnM evo_metarow_learnmore evorow'>\n\t\t\t\t\t\t\t<a class='evcal_evdata_row evo_clik_row ' href='https:\/\/etecnic.bisiestodeveloper.es\/ca\/esdeveniments\/etecnic-participara-en-enerhub-2025-innovacio-visio-i-noves-solucions-per-a-accelerar-la-transicio-energetica\/' target=\"_blank\">\n\t\t\t\t\t\t\t\t<span class='evcal_evdata_icons'><i class='fa fa-link'><\/i><\/span>\n\t\t\t\t\t\t\t\t<h3 class='evo_h3 evopad0i'>M\u00e9s informaci\u00f3 sobre aquest esdeveniment<\/h3>\n\t\t\t\t\t\t\t<\/a>\n\t\t\t\t\t\t\t<\/div><\/div><div class='evocard_box addtocal' data-c='' \n\t\t\t\t\tstyle=''><div class='evo_metarow_ICS evorow evcal_evdata_row'>\n\t\t\t<span class='evcal_evdata_icons'><i class='fa fa-calendar-o'><\/i><\/span>\n\t\t\t<div class='evcal_evdata_cell'>\n\t\t\t\t<p><a href='https:\/\/etecnic.bisiestodeveloper.es\/ca\/export-events\/38085_0\/?nonce=cd0d907025' class='evo_ics_nCal' title='Afegir al teu calendari'>Calendari<\/a><a href='\/\/www.google.com\/calendar\/event?action=TEMPLATE&amp;text=EnerHub%2C+Reus&amp;dates=20251205T080000Z\/20251205T140000Z&amp;ctz=Europe\/Madrid&amp;details=EnerHub%2C+Reus&amp;location=Reus' target='_blank' class='evo_ics_gCal' title='Afegir al teu calendari de Google'>GoogleCal<\/a><\/p>\t\n\t\t\t<\/div>\n\t\t<\/div><\/div><\/div><div class='evocard_row'><div class='evocard_box organizer' data-c='' \n\t\t\t\t\tstyle=''><div class=\"evo_metarow_organizer evorow evcal_evdata_row evcal_evrow_sm \">\n\t\t<span class=\"evcal_evdata_icons\"><i class=\"fa fa-headphones\"><\/i><\/span>\n\t\t<div class=\"evcal_evdata_cell\">\t\t\t\t\t\t\t\n\t\t\t<h3 class=\"evo_h3\">Organitzador<\/h3><div class=\"evo_org_content\"><p class=\"evo_data_val evo_card_organizer_image\"><img decoding=\"async\" src=\"https:\/\/etecnic.bisiestodeveloper.es\/wp-content\/uploads\/2026\/02\/etecnic.es-2-e1759474343731-200x108-1.png\" \/><\/p>\n\t\t\t<div class=\"evo_card_organizer\"><h4 class=\"evo_h4 marb5\"><span class=\"evo_card_organizer_name_t marb5\"><a href=\"https:\/\/etecnic.bisiestodeveloper.es\/ca\/event-organizer\/enerhub-reus\/\">EnerHub Reus<\/a><\/span><\/h4><div class=\"evo_org_details\"><\/div><\/div><\/div>\t\t\t\t\t\t\t\n\t\t<\/div>\n\t<\/div><\/div><\/div><div class='evo_card_row_end evcal_close' title='Close'><\/div><\/div><div class='clear end'><\/div><\/div><\/div>\t\t\t<div class='clear'><\/div>\n\t\t\t<\/div>\n\t\t\t<div class='clear'><\/div>\n\t\t\t\n\t\t\t\t\t \t<div id='evcal_footer' class='evo_bottom' style='display:none'>\n\t\t \t\t<div class='evo_cal_data' data-sc='{&quot;accord&quot;:&quot;no&quot;,&quot;bottom_nav&quot;:&quot;no&quot;,&quot;cal_id&quot;:&quot;&quot;,&quot;cal_init_nonajax&quot;:&quot;no&quot;,&quot;calendar_type&quot;:&quot;list&quot;,&quot;ep_fields&quot;:&quot;&quot;,&quot;etc_override&quot;:&quot;no&quot;,&quot;evc_open&quot;:&quot;no&quot;,&quot;event_count&quot;:0,&quot;event_location&quot;:&quot;all&quot;,&quot;event_order&quot;:&quot;DESC&quot;,&quot;event_organizer&quot;:&quot;all&quot;,&quot;event_parts&quot;:&quot;no&quot;,&quot;event_past_future&quot;:&quot;all&quot;,&quot;event_status&quot;:&quot;all&quot;,&quot;event_tag&quot;:&quot;all&quot;,&quot;event_type&quot;:&quot;938&quot;,&quot;event_type_2&quot;:&quot;all&quot;,&quot;event_virtual&quot;:&quot;all&quot;,&quot;eventtop_date_style&quot;:0,&quot;eventtop_style&quot;:&quot;2&quot;,&quot;exp_jumper&quot;:&quot;no&quot;,&quot;exp_so&quot;:&quot;no&quot;,&quot;filter_relationship&quot;:&quot;AND&quot;,&quot;filter_show_set_only&quot;:&quot;no&quot;,&quot;filter_type&quot;:&quot;default&quot;,&quot;filters&quot;:&quot;yes&quot;,&quot;fixed_month&quot;:&quot;3&quot;,&quot;fixed_year&quot;:&quot;2025&quot;,&quot;focus_end_date_range&quot;:&quot;1788213599&quot;,&quot;focus_start_date_range&quot;:&quot;1740783600&quot;,&quot;ft_event_priority&quot;:&quot;no&quot;,&quot;hide_arrows&quot;:&quot;no&quot;,&quot;hide_cancels&quot;:&quot;no&quot;,&quot;hide_empty_months&quot;:&quot;yes&quot;,&quot;hide_end_time&quot;:&quot;no&quot;,&quot;hide_et_dn&quot;:&quot;no&quot;,&quot;hide_et_extra&quot;:&quot;no&quot;,&quot;hide_et_tags&quot;:&quot;no&quot;,&quot;hide_et_tl&quot;:&quot;no&quot;,&quot;hide_ft&quot;:&quot;no&quot;,&quot;hide_ft_img&quot;:&quot;no&quot;,&quot;hide_month_headers&quot;:&quot;no&quot;,&quot;hide_mult_occur&quot;:&quot;no&quot;,&quot;hide_past&quot;:&quot;no&quot;,&quot;hide_past_by&quot;:&quot;ee&quot;,&quot;hide_so&quot;:&quot;yes&quot;,&quot;ics&quot;:&quot;no&quot;,&quot;jumper&quot;:&quot;no&quot;,&quot;jumper_count&quot;:5,&quot;jumper_offset&quot;:&quot;0&quot;,&quot;lang&quot;:&quot;L2&quot;,&quot;layout_changer&quot;:&quot;no&quot;,&quot;livenow_bar&quot;:&quot;yes&quot;,&quot;mapformat&quot;:&quot;roadmap&quot;,&quot;mapiconurl&quot;:&quot;&quot;,&quot;maps_load&quot;:&quot;no&quot;,&quot;mapscroll&quot;:&quot;false&quot;,&quot;mapzoom&quot;:&quot;18&quot;,&quot;members_only&quot;:&quot;no&quot;,&quot;ml_priority&quot;:&quot;no&quot;,&quot;month_incre&quot;:&quot;-18&quot;,&quot;number_of_months&quot;:&quot;18&quot;,&quot;only_ft&quot;:&quot;no&quot;,&quot;pec&quot;:&quot;&quot;,&quot;s&quot;:&quot;&quot;,&quot;search&quot;:&quot;&quot;,&quot;search_all&quot;:&quot;no&quot;,&quot;sep_month&quot;:&quot;yes&quot;,&quot;show_et_ft_img&quot;:&quot;no&quot;,&quot;show_limit&quot;:&quot;no&quot;,&quot;show_limit_ajax&quot;:&quot;no&quot;,&quot;show_limit_paged&quot;:1,&quot;show_limit_redir&quot;:&quot;&quot;,&quot;show_repeats&quot;:&quot;no&quot;,&quot;show_upcoming&quot;:0,&quot;show_year&quot;:&quot;no&quot;,&quot;social_share&quot;:&quot;no&quot;,&quot;sort_by&quot;:&quot;sort_date&quot;,&quot;tile_bg&quot;:0,&quot;tile_bg_size&quot;:&quot;full&quot;,&quot;tile_count&quot;:2,&quot;tile_height&quot;:0,&quot;tile_style&quot;:0,&quot;tiles&quot;:&quot;no&quot;,&quot;ux_val&quot;:&quot;3&quot;,&quot;wpml_l1&quot;:&quot;es&quot;,&quot;wpml_l2&quot;:&quot;ca&quot;,&quot;wpml_l3&quot;:&quot;en&quot;,&quot;yl_priority&quot;:&quot;no&quot;,&quot;fixed_day&quot;:&quot;5&quot;,&quot;_cver&quot;:&quot;2.4.9&quot;}'data-od='{&quot;lang_no_events&quot;:&quot;Sense esdveniments&quot;,&quot;cal_tz_offset&quot;:120,&quot;cal_tz&quot;:&quot;Europe\\\/Madrid&quot;}'><\/div>\n\t\t \t\t<div class='evo_cal_events' data-events=\"\"><\/div>\n\t\t \t<\/div>\n\t\t\t\t\n\t\t\t\n\t\t\t\n\t\t\t\t\t\t<\/div><!-- EventON End -->\n\t\t\t<\/div>\n\t\t\t\t\t\t<\/div>\n\t\t\t\t<\/div>\n\t\t\t\t\t<\/div>\n\t\t\t\t<\/div>\n\t\t<div class=\"elementor-element elementor-element-7110962 e-flex e-con-boxed e-con e-parent\" data-id=\"7110962\" data-element_type=\"container\" data-settings=\"{&quot;jet_parallax_layout_list&quot;:[]}\">\n\t\t\t\t\t<div class=\"e-con-inner\">\n\t\t<div class=\"elementor-element elementor-element-521792d e-con-full e-flex e-con e-child\" data-id=\"521792d\" data-element_type=\"container\" data-settings=\"{&quot;jet_parallax_layout_list&quot;:[]}\">\n\t\t<div class=\"elementor-element elementor-element-cc01e7b container-y e-con-full e-flex e-con e-child\" data-id=\"cc01e7b\" data-element_type=\"container\" data-settings=\"{&quot;jet_parallax_layout_list&quot;:[]}\">\n\t\t<div class=\"elementor-element elementor-element-2412ff4 e-con-full e-flex e-con e-child\" data-id=\"2412ff4\" data-element_type=\"container\" data-settings=\"{&quot;jet_parallax_layout_list&quot;:[]}\">\n\t\t\t\t<div class=\"elementor-element elementor-element-d8e296f elementor-widget elementor-widget-image\" data-id=\"d8e296f\" data-element_type=\"widget\" data-widget_type=\"image.default\">\n\t\t\t\t<div class=\"elementor-widget-container\">\n\t\t\t\t\t\t\t\t\t\t\t\t\t\t\t<img fetchpriority=\"high\" decoding=\"async\" width=\"800\" height=\"533\" src=\"https:\/\/etecnic.bisiestodeveloper.es\/wp-content\/uploads\/2026\/02\/ETECNIC_Workshop_Transporte_Sostenible_Electrificado_Port_Tarragona_2025-57.jpg\" class=\"attachment-large size-large wp-image-35185\" alt=\"\" srcset=\"https:\/\/etecnic.bisiestodeveloper.es\/wp-content\/uploads\/2026\/02\/ETECNIC_Workshop_Transporte_Sostenible_Electrificado_Port_Tarragona_2025-57.jpg 1200w, https:\/\/etecnic.bisiestodeveloper.es\/wp-content\/uploads\/2026\/02\/ETECNIC_Workshop_Transporte_Sostenible_Electrificado_Port_Tarragona_2025-57-700x467.jpg 700w, https:\/\/etecnic.bisiestodeveloper.es\/wp-content\/uploads\/2026\/02\/ETECNIC_Workshop_Transporte_Sostenible_Electrificado_Port_Tarragona_2025-57-768x512.jpg 768w\" sizes=\"(max-width: 800px) 100vw, 800px\" \/>\t\t\t\t\t\t\t\t\t\t\t\t\t\t\t<\/div>\n\t\t\t\t<\/div>\n\t\t\t\t<\/div>\n\t\t<div class=\"elementor-element elementor-element-a7f3e7d e-con-full e-flex e-con e-child\" data-id=\"a7f3e7d\" data-element_type=\"container\" data-settings=\"{&quot;jet_parallax_layout_list&quot;:[]}\">\n\t\t<div class=\"elementor-element elementor-element-c1e0419 e-con-full e-flex e-con e-child\" data-id=\"c1e0419\" data-element_type=\"container\" data-settings=\"{&quot;jet_parallax_layout_list&quot;:[]}\">\n\t\t\t\t<div class=\"elementor-element elementor-element-44e7dea elementor-widget elementor-widget-heading\" data-id=\"44e7dea\" data-element_type=\"widget\" data-widget_type=\"heading.default\">\n\t\t\t\t<div class=\"elementor-widget-container\">\n\t\t\t\t\t<h2 class=\"elementor-heading-title elementor-size-default\"> Reviu els esdeveniments passats<\/h2>\t\t\t\t<\/div>\n\t\t\t\t<\/div>\n\t\t\t\t<\/div>\n\t\t\t\t<div class=\"elementor-element elementor-element-4485ab7 elementor-widget elementor-widget-text-editor\" data-id=\"4485ab7\" data-element_type=\"widget\" data-widget_type=\"text-editor.default\">\n\t\t\t\t<div class=\"elementor-widget-container\">\n\t\t\t\t\t\t\t\t\t<p>Accedeix al nostre blog i reviu els esdeveniments que ja han tingut lloc. Troba imatges, v\u00eddeos i informaci\u00f3 destacada.<\/p>\n\t\t\t\t\t\t\t\t<\/div>\n\t\t\t\t<\/div>\n\t\t\t\t<div class=\"elementor-element elementor-element-ae5dca8 button-light-blue elementor-widget elementor-widget-button\" data-id=\"ae5dca8\" data-element_type=\"widget\" data-widget_type=\"button.default\">\n\t\t\t\t<div class=\"elementor-widget-container\">\n\t\t\t\t\t\t\t\t\t<div class=\"elementor-button-wrapper\">\n\t\t\t\t\t<a class=\"elementor-button elementor-button-link elementor-size-sm\" href=\"https:\/\/etecnic.bisiestodeveloper.es\/ca\/esdeveniments\/\">\n\t\t\t\t\t\t<span class=\"elementor-button-content-wrapper\">\n\t\t\t\t\t\t\t\t\t<span class=\"elementor-button-text\">Blog Etecnic<\/span>\n\t\t\t\t\t<\/span>\n\t\t\t\t\t<\/a>\n\t\t\t\t<\/div>\n\t\t\t\t\t\t\t\t<\/div>\n\t\t\t\t<\/div>\n\t\t\t\t<\/div>\n\t\t\t\t<\/div>\n\t\t\t\t<\/div>\n\t\t\t\t\t<\/div>\n\t\t\t\t<\/div>\n\t\t<section class=\"elementor-element elementor-element-203ddd8 e-con-full e-flex e-con e-parent\" data-id=\"203ddd8\" data-element_type=\"container\" data-settings=\"{&quot;background_background&quot;:&quot;classic&quot;,&quot;jet_parallax_layout_list&quot;:[]}\">\n\t\t\t\t<div class=\"elementor-element elementor-element-6e3f6bf elementor-widget elementor-widget-template\" data-id=\"6e3f6bf\" data-element_type=\"widget\" data-widget_type=\"template.default\">\n\t\t\t\t<div class=\"elementor-widget-container\">\n\t\t\t\t\t\t\t<div class=\"elementor-template\">\n\t\t\t\t\t<div data-elementor-type=\"container\" data-elementor-id=\"37173\" class=\"elementor elementor-37173 elementor-1032\" data-elementor-post-type=\"elementor_library\">\n\t\t\t\t<section class=\"elementor-element elementor-element-74286154 e-flex e-con-boxed e-con e-parent\" data-id=\"74286154\" data-element_type=\"container\" data-settings=\"{&quot;background_background&quot;:&quot;classic&quot;,&quot;jet_parallax_layout_list&quot;:[]}\">\n\t\t\t\t\t<div class=\"e-con-inner\">\n\t\t<div class=\"elementor-element elementor-element-369684bf e-con-full e-flex e-con e-child\" data-id=\"369684bf\" data-element_type=\"container\" data-settings=\"{&quot;jet_parallax_layout_list&quot;:[]}\">\n\t\t\t\t<div class=\"elementor-element elementor-element-5528b2ef text-color-white elementor-widget elementor-widget-heading\" data-id=\"5528b2ef\" data-element_type=\"widget\" data-widget_type=\"heading.default\">\n\t\t\t\t<div class=\"elementor-widget-container\">\n\t\t\t\t\t<h2 class=\"elementor-heading-title elementor-size-default\"> Vols el teu projecte de mobilitat el\u00e8ctrica?<\/h2>\t\t\t\t<\/div>\n\t\t\t\t<\/div>\n\t\t<div class=\"elementor-element elementor-element-67d52c7d e-con-full e-flex e-con e-child\" data-id=\"67d52c7d\" data-element_type=\"container\" data-settings=\"{&quot;jet_parallax_layout_list&quot;:[]}\">\n\t\t\t\t<div class=\"elementor-element elementor-element-310970f button-white elementor-widget elementor-widget-button\" data-id=\"310970f\" data-element_type=\"widget\" data-widget_type=\"button.default\">\n\t\t\t\t<div class=\"elementor-widget-container\">\n\t\t\t\t\t\t\t\t\t<div class=\"elementor-button-wrapper\">\n\t\t\t\t\t<a class=\"elementor-button elementor-button-link elementor-size-sm\" href=\"https:\/\/etecnic.bisiestodeveloper.es\/ca\/contacte\/\">\n\t\t\t\t\t\t<span class=\"elementor-button-content-wrapper\">\n\t\t\t\t\t\t\t\t\t<span class=\"elementor-button-text\"> Contactar<\/span>\n\t\t\t\t\t<\/span>\n\t\t\t\t\t<\/a>\n\t\t\t\t<\/div>\n\t\t\t\t\t\t\t\t<\/div>\n\t\t\t\t<\/div>\n\t\t\t\t<\/div>\n\t\t\t\t<\/div>\n\t\t\t\t\t<\/div>\n\t\t\t\t<\/section>\n\t\t\t\t<\/div>\n\t\t\t\t<\/div>\n\t\t\t\t\t\t<\/div>\n\t\t\t\t<\/div>\n\t\t\t\t<\/section>\n\t\t<div class=\"elementor-element elementor-element-7f2b73d container elementor-hidden-desktop elementor-hidden-tablet elementor-hidden-mobile e-flex e-con-boxed e-con e-parent\" data-id=\"7f2b73d\" data-element_type=\"container\" data-settings=\"{&quot;jet_parallax_layout_list&quot;:[]}\">\n\t\t\t\t\t<div class=\"e-con-inner\">\n\t\t<div class=\"elementor-element elementor-element-06d7929 e-con-full e-flex e-con e-child\" data-id=\"06d7929\" data-element_type=\"container\" data-settings=\"{&quot;jet_parallax_layout_list&quot;:[]}\">\n\t\t\t\t<div class=\"elementor-element elementor-element-083e1f0 elementor-widget__width-inherit elementor-widget elementor-widget-shortcode\" data-id=\"083e1f0\" data-element_type=\"widget\" data-widget_type=\"shortcode.default\">\n\t\t\t\t<div class=\"elementor-widget-container\">\n\t\t\t\t\t\t\t<div class=\"elementor-shortcode\"><!-- EventON Calendar --><div id='evcal_calendar_581' class='ajde_evcal_calendar boxy color tbg0 boxstyle0 box_3 etttc_custom ajax_loading_cal' ><div id='evcal_head' class='calendar_header ' ><div class='evo_cal_above'><span class='evo-gototoday-btn evo_hide' style='display:none;' data-mo='9' data-yr='2026' data-dy=''>Mes actual<\/span><span class='evo-filter-btn'><em><\/em><\/span><span class='evo-sort-btn'><div class='eventon_sort_line' style='display:none'><p data-val='sort_date' data-type='date' class='evs_btn evo_sort_option evs_hide select' >Date<\/p><\/div><\/span><\/div><div class='evo_cal_above_content'><\/div><div class='evo_header_title '><p id='evcal_cur' class='evo_month_title'> setembre, 2026<\/p><p class=\"evo_arrows\">\n\t\t\t\t\t<span id=\"evcal_prev\" class=\"evcal_arrows evcal_btn_prev evodfx evofx_jc_c evofx_ai_c\"><i class=\"fa fa-chevron-left\"><\/i><\/span>\n\t\t\t\t\t<span id=\"evcal_next\" class=\"evcal_arrows evo_arrow_next evcal_btn_next evodfx evofx_jc_c evofx_ai_c\"><i class=\"fa fa-chevron-right\"><\/i><\/span>\n\t\t\t\t\t<\/p><\/div><\/div><div class='eventon_sorting_section' style='display:none'><div class='eventon_filter_line '><\/div><div class='clear'><\/div><\/div><div id='eventon_loadbar_section'><div id='eventon_loadbar'><\/div><\/div><div class='evo_ajax_load_events'><span><\/span><span><\/span><span><\/span><\/div><!-- Events List --><div id='evcal_list' \n\t\t\t\t\tclass='eventon_events_list '>\t\t\t<div class='clear'><\/div>\n\t\t\t<\/div>\n\t\t\t<div class='clear'><\/div>\n\t\t\t\n\t\t\t\t\t \t<div id='evcal_footer' class='evo_bottom' style='display:none'>\n\t\t \t\t<div class='evo_cal_data' data-sc='{&quot;accord&quot;:&quot;no&quot;,&quot;bottom_nav&quot;:&quot;no&quot;,&quot;cal_id&quot;:&quot;&quot;,&quot;cal_init_nonajax&quot;:&quot;no&quot;,&quot;calendar_type&quot;:&quot;default&quot;,&quot;ep_fields&quot;:&quot;&quot;,&quot;etc_override&quot;:&quot;no&quot;,&quot;evc_open&quot;:&quot;no&quot;,&quot;event_count&quot;:0,&quot;event_location&quot;:&quot;all&quot;,&quot;event_order&quot;:&quot;ASC&quot;,&quot;event_organizer&quot;:&quot;all&quot;,&quot;event_parts&quot;:&quot;no&quot;,&quot;event_past_future&quot;:&quot;all&quot;,&quot;event_status&quot;:&quot;all&quot;,&quot;event_tag&quot;:&quot;all&quot;,&quot;event_type&quot;:&quot;7&quot;,&quot;event_type_2&quot;:&quot;all&quot;,&quot;event_virtual&quot;:&quot;all&quot;,&quot;eventtop_date_style&quot;:0,&quot;eventtop_style&quot;:&quot;2&quot;,&quot;exp_jumper&quot;:&quot;no&quot;,&quot;exp_so&quot;:&quot;no&quot;,&quot;filter_relationship&quot;:&quot;AND&quot;,&quot;filter_show_set_only&quot;:&quot;no&quot;,&quot;filter_type&quot;:&quot;default&quot;,&quot;filters&quot;:&quot;yes&quot;,&quot;fixed_month&quot;:&quot;9&quot;,&quot;fixed_year&quot;:&quot;2026&quot;,&quot;focus_end_date_range&quot;:&quot;1790805599&quot;,&quot;focus_start_date_range&quot;:&quot;1788213600&quot;,&quot;ft_event_priority&quot;:&quot;no&quot;,&quot;hide_arrows&quot;:&quot;no&quot;,&quot;hide_cancels&quot;:&quot;no&quot;,&quot;hide_empty_months&quot;:&quot;no&quot;,&quot;hide_end_time&quot;:&quot;no&quot;,&quot;hide_et_dn&quot;:&quot;no&quot;,&quot;hide_et_extra&quot;:&quot;no&quot;,&quot;hide_et_tags&quot;:&quot;no&quot;,&quot;hide_et_tl&quot;:&quot;no&quot;,&quot;hide_ft&quot;:&quot;no&quot;,&quot;hide_ft_img&quot;:&quot;no&quot;,&quot;hide_month_headers&quot;:&quot;no&quot;,&quot;hide_mult_occur&quot;:&quot;no&quot;,&quot;hide_past&quot;:&quot;no&quot;,&quot;hide_past_by&quot;:&quot;ee&quot;,&quot;hide_so&quot;:&quot;no&quot;,&quot;ics&quot;:&quot;no&quot;,&quot;jumper&quot;:&quot;no&quot;,&quot;jumper_count&quot;:5,&quot;jumper_offset&quot;:&quot;0&quot;,&quot;lang&quot;:&quot;L2&quot;,&quot;layout_changer&quot;:&quot;no&quot;,&quot;livenow_bar&quot;:&quot;yes&quot;,&quot;mapformat&quot;:&quot;roadmap&quot;,&quot;mapiconurl&quot;:&quot;&quot;,&quot;maps_load&quot;:&quot;no&quot;,&quot;mapscroll&quot;:&quot;false&quot;,&quot;mapzoom&quot;:&quot;18&quot;,&quot;members_only&quot;:&quot;no&quot;,&quot;ml_priority&quot;:&quot;no&quot;,&quot;month_incre&quot;:0,&quot;number_of_months&quot;:&quot;1&quot;,&quot;only_ft&quot;:&quot;no&quot;,&quot;pec&quot;:&quot;&quot;,&quot;s&quot;:&quot;&quot;,&quot;search&quot;:&quot;&quot;,&quot;search_all&quot;:&quot;no&quot;,&quot;sep_month&quot;:&quot;no&quot;,&quot;show_et_ft_img&quot;:&quot;no&quot;,&quot;show_limit&quot;:&quot;no&quot;,&quot;show_limit_ajax&quot;:&quot;no&quot;,&quot;show_limit_paged&quot;:1,&quot;show_limit_redir&quot;:&quot;&quot;,&quot;show_repeats&quot;:&quot;no&quot;,&quot;show_upcoming&quot;:0,&quot;show_year&quot;:&quot;no&quot;,&quot;social_share&quot;:&quot;no&quot;,&quot;sort_by&quot;:&quot;sort_date&quot;,&quot;tile_bg&quot;:0,&quot;tile_bg_size&quot;:&quot;full&quot;,&quot;tile_count&quot;:&quot;3&quot;,&quot;tile_height&quot;:&quot;250&quot;,&quot;tile_style&quot;:0,&quot;tiles&quot;:&quot;yes&quot;,&quot;ux_val&quot;:&quot;0&quot;,&quot;wpml_l1&quot;:&quot;&quot;,&quot;wpml_l2&quot;:&quot;&quot;,&quot;wpml_l3&quot;:&quot;&quot;,&quot;yl_priority&quot;:&quot;no&quot;,&quot;fixed_day&quot;:&quot;5&quot;,&quot;_cver&quot;:&quot;2.4.9&quot;}'data-od='{&quot;lang_no_events&quot;:&quot;Sense esdveniments&quot;,&quot;cal_tz_offset&quot;:120,&quot;cal_tz&quot;:&quot;Europe\\\/Madrid&quot;}'><\/div>\n\t\t \t\t<div class='evo_cal_events' data-events=\"\"><\/div>\n\t\t \t<\/div>\n\t\t\t\t\n\t\t\t\n\t\t\t\n\t\t\t\t\t\t<\/div><!-- EventON End -->\n\t\t\t<\/div>\n\t\t\t\t\t\t<\/div>\n\t\t\t\t<\/div>\n\t\t\t\t<\/div>\n\t\t\t\t\t<\/div>\n\t\t\t\t<\/div>\n\t\t\t\t<\/div>\n\t\t","protected":false},"excerpt":{"rendered":"<p>Esdeveniments Etecnic A continuaci\u00f3, et mostrem els esdeveniments i fires en els quals participem o organitzem per a estar m\u00e9s prop teu i continuar acostant la mobilitat el\u00e8ctrica a trav\u00e9s de proves de c\u00e0rrega reals, seminaris web, confer\u00e8ncies i molt m\u00e9s. Tria el que m\u00e9s t&#8217;interessi, inscriu-te o sol\u00b7licita la teva invitaci\u00f3. T&#8217;esperem! \ud83d\udd0d Pr\u00f2xims [&hellip;]<\/p>\n","protected":false},"author":1,"featured_media":33305,"parent":0,"menu_order":0,"comment_status":"closed","ping_status":"closed","template":"","meta":{"footnotes":""},"class_list":["post-35186","page","type-page","status-publish","has-post-thumbnail","hentry"],"yoast_head":"<!-- This site is optimized with the Yoast SEO plugin v26.5 - https:\/\/yoast.com\/wordpress\/plugins\/seo\/ -->\n<title>Esdeveniments - Etecnic<\/title>\n<meta name=\"robots\" content=\"noindex, follow, max-snippet:-1, max-image-preview:large, max-video-preview:-1\" \/>\n<meta property=\"og:locale\" content=\"ca_ES\" \/>\n<meta property=\"og:type\" content=\"article\" \/>\n<meta property=\"og:title\" content=\"Esdeveniments - Etecnic\" \/>\n<meta property=\"og:description\" content=\"Esdeveniments Etecnic A continuaci\u00f3, et mostrem els esdeveniments i fires en els quals participem o organitzem per a estar m\u00e9s prop teu i continuar acostant la mobilitat el\u00e8ctrica a trav\u00e9s de proves de c\u00e0rrega reals, seminaris web, confer\u00e8ncies i molt m\u00e9s. Tria el que m\u00e9s t&#8217;interessi, inscriu-te o sol\u00b7licita la teva invitaci\u00f3. T&#8217;esperem! \ud83d\udd0d Pr\u00f2xims [&hellip;]\" \/>\n<meta property=\"og:url\" content=\"https:\/\/etecnic.bisiestodeveloper.es\/ca\/esdeveniments-etecnic\/\" \/>\n<meta property=\"og:site_name\" content=\"Etecnic\" \/>\n<meta property=\"article:modified_time\" content=\"2026-09-03T08:09:06+00:00\" \/>\n<meta property=\"og:image\" content=\"https:\/\/etecnic.bisiestodeveloper.es\/wp-content\/uploads\/2026\/02\/ETECNIC_Workshop_Transporte_Sostenible_Electrificado_Port_Tarragona_2025-15.jpg\" \/>\n\t<meta property=\"og:image:width\" content=\"1200\" \/>\n\t<meta property=\"og:image:height\" content=\"800\" \/>\n\t<meta property=\"og:image:type\" content=\"image\/jpeg\" \/>\n<meta name=\"twitter:card\" content=\"summary_large_image\" \/>\n<meta name=\"twitter:label1\" content=\"Temps estimat de lectura\" \/>\n\t<meta name=\"twitter:data1\" content=\"1 minut\" \/>\n<script type=\"application\/ld+json\" class=\"yoast-schema-graph\">{\"@context\":\"https:\/\/schema.org\",\"@graph\":[{\"@type\":\"WebPage\",\"@id\":\"https:\/\/etecnic.bisiestodeveloper.es\/ca\/esdeveniments-etecnic\/\",\"url\":\"https:\/\/etecnic.bisiestodeveloper.es\/ca\/esdeveniments-etecnic\/\",\"name\":\"Esdeveniments - Etecnic\",\"isPartOf\":{\"@id\":\"https:\/\/etecnic.bisiestodeveloper.es\/ca\/#website\"},\"primaryImageOfPage\":{\"@id\":\"https:\/\/etecnic.bisiestodeveloper.es\/ca\/esdeveniments-etecnic\/#primaryimage\"},\"image\":{\"@id\":\"https:\/\/etecnic.bisiestodeveloper.es\/ca\/esdeveniments-etecnic\/#primaryimage\"},\"thumbnailUrl\":\"https:\/\/etecnic.bisiestodeveloper.es\/wp-content\/uploads\/2026\/02\/ETECNIC_Workshop_Transporte_Sostenible_Electrificado_Port_Tarragona_2025-15.jpg\",\"datePublished\":\"2025-07-16T09:23:35+00:00\",\"dateModified\":\"2026-09-03T08:09:06+00:00\",\"breadcrumb\":{\"@id\":\"https:\/\/etecnic.bisiestodeveloper.es\/ca\/esdeveniments-etecnic\/#breadcrumb\"},\"inLanguage\":\"ca\",\"potentialAction\":[{\"@type\":\"ReadAction\",\"target\":[\"https:\/\/etecnic.bisiestodeveloper.es\/ca\/esdeveniments-etecnic\/\"]}]},{\"@type\":\"ImageObject\",\"inLanguage\":\"ca\",\"@id\":\"https:\/\/etecnic.bisiestodeveloper.es\/ca\/esdeveniments-etecnic\/#primaryimage\",\"url\":\"https:\/\/etecnic.bisiestodeveloper.es\/wp-content\/uploads\/2026\/02\/ETECNIC_Workshop_Transporte_Sostenible_Electrificado_Port_Tarragona_2025-15.jpg\",\"contentUrl\":\"https:\/\/etecnic.bisiestodeveloper.es\/wp-content\/uploads\/2026\/02\/ETECNIC_Workshop_Transporte_Sostenible_Electrificado_Port_Tarragona_2025-15.jpg\",\"width\":1200,\"height\":800,\"caption\":\"Etecnic workshop Port Tarragona\"},{\"@type\":\"BreadcrumbList\",\"@id\":\"https:\/\/etecnic.bisiestodeveloper.es\/ca\/esdeveniments-etecnic\/#breadcrumb\",\"itemListElement\":[{\"@type\":\"ListItem\",\"position\":1,\"name\":\"Portada\",\"item\":\"https:\/\/etecnic.bisiestodeveloper.es\/ca\/\"},{\"@type\":\"ListItem\",\"position\":2,\"name\":\"Esdeveniments\"}]},{\"@type\":\"WebSite\",\"@id\":\"https:\/\/etecnic.bisiestodeveloper.es\/ca\/#website\",\"url\":\"https:\/\/etecnic.bisiestodeveloper.es\/ca\/\",\"name\":\"Etecnic\",\"description\":\"\",\"publisher\":{\"@id\":\"https:\/\/etecnic.bisiestodeveloper.es\/ca\/#organization\"},\"potentialAction\":[{\"@type\":\"SearchAction\",\"target\":{\"@type\":\"EntryPoint\",\"urlTemplate\":\"https:\/\/etecnic.bisiestodeveloper.es\/ca\/?s={search_term_string}\"},\"query-input\":{\"@type\":\"PropertyValueSpecification\",\"valueRequired\":true,\"valueName\":\"search_term_string\"}}],\"inLanguage\":\"ca\"},{\"@type\":\"Organization\",\"@id\":\"https:\/\/etecnic.bisiestodeveloper.es\/ca\/#organization\",\"name\":\"Etecnic\",\"url\":\"https:\/\/etecnic.bisiestodeveloper.es\/ca\/\",\"logo\":{\"@type\":\"ImageObject\",\"inLanguage\":\"ca\",\"@id\":\"https:\/\/etecnic.bisiestodeveloper.es\/ca\/#\/schema\/logo\/image\/\",\"url\":\"https:\/\/etecnic.bisiestodeveloper.es\/wp-content\/uploads\/2025\/06\/logo-etecnic-blanco.png\",\"contentUrl\":\"https:\/\/etecnic.bisiestodeveloper.es\/wp-content\/uploads\/2025\/06\/logo-etecnic-blanco.png\",\"width\":1000,\"height\":500,\"caption\":\"Etecnic\"},\"image\":{\"@id\":\"https:\/\/etecnic.bisiestodeveloper.es\/ca\/#\/schema\/logo\/image\/\"}}]}<\/script>\n<!-- \/ Yoast SEO plugin. -->","yoast_head_json":{"title":"Esdeveniments - Etecnic","robots":{"index":"noindex","follow":"follow","max-snippet":"max-snippet:-1","max-image-preview":"max-image-preview:large","max-video-preview":"max-video-preview:-1"},"og_locale":"ca_ES","og_type":"article","og_title":"Esdeveniments - Etecnic","og_description":"Esdeveniments Etecnic A continuaci\u00f3, et mostrem els esdeveniments i fires en els quals participem o organitzem per a estar m\u00e9s prop teu i continuar acostant la mobilitat el\u00e8ctrica a trav\u00e9s de proves de c\u00e0rrega reals, seminaris web, confer\u00e8ncies i molt m\u00e9s. Tria el que m\u00e9s t&#8217;interessi, inscriu-te o sol\u00b7licita la teva invitaci\u00f3. T&#8217;esperem! \ud83d\udd0d Pr\u00f2xims [&hellip;]","og_url":"https:\/\/etecnic.bisiestodeveloper.es\/ca\/esdeveniments-etecnic\/","og_site_name":"Etecnic","article_modified_time":"2026-09-03T08:09:06+00:00","og_image":[{"width":1200,"height":800,"url":"https:\/\/etecnic.bisiestodeveloper.es\/wp-content\/uploads\/2026\/02\/ETECNIC_Workshop_Transporte_Sostenible_Electrificado_Port_Tarragona_2025-15.jpg","type":"image\/jpeg"}],"twitter_card":"summary_large_image","twitter_misc":{"Temps estimat de lectura":"1 minut"},"schema":{"@context":"https:\/\/schema.org","@graph":[{"@type":"WebPage","@id":"https:\/\/etecnic.bisiestodeveloper.es\/ca\/esdeveniments-etecnic\/","url":"https:\/\/etecnic.bisiestodeveloper.es\/ca\/esdeveniments-etecnic\/","name":"Esdeveniments - Etecnic","isPartOf":{"@id":"https:\/\/etecnic.bisiestodeveloper.es\/ca\/#website"},"primaryImageOfPage":{"@id":"https:\/\/etecnic.bisiestodeveloper.es\/ca\/esdeveniments-etecnic\/#primaryimage"},"image":{"@id":"https:\/\/etecnic.bisiestodeveloper.es\/ca\/esdeveniments-etecnic\/#primaryimage"},"thumbnailUrl":"https:\/\/etecnic.bisiestodeveloper.es\/wp-content\/uploads\/2026\/02\/ETECNIC_Workshop_Transporte_Sostenible_Electrificado_Port_Tarragona_2025-15.jpg","datePublished":"2025-07-16T09:23:35+00:00","dateModified":"2026-09-03T08:09:06+00:00","breadcrumb":{"@id":"https:\/\/etecnic.bisiestodeveloper.es\/ca\/esdeveniments-etecnic\/#breadcrumb"},"inLanguage":"ca","potentialAction":[{"@type":"ReadAction","target":["https:\/\/etecnic.bisiestodeveloper.es\/ca\/esdeveniments-etecnic\/"]}]},{"@type":"ImageObject","inLanguage":"ca","@id":"https:\/\/etecnic.bisiestodeveloper.es\/ca\/esdeveniments-etecnic\/#primaryimage","url":"https:\/\/etecnic.bisiestodeveloper.es\/wp-content\/uploads\/2026\/02\/ETECNIC_Workshop_Transporte_Sostenible_Electrificado_Port_Tarragona_2025-15.jpg","contentUrl":"https:\/\/etecnic.bisiestodeveloper.es\/wp-content\/uploads\/2026\/02\/ETECNIC_Workshop_Transporte_Sostenible_Electrificado_Port_Tarragona_2025-15.jpg","width":1200,"height":800,"caption":"Etecnic workshop Port Tarragona"},{"@type":"BreadcrumbList","@id":"https:\/\/etecnic.bisiestodeveloper.es\/ca\/esdeveniments-etecnic\/#breadcrumb","itemListElement":[{"@type":"ListItem","position":1,"name":"Portada","item":"https:\/\/etecnic.bisiestodeveloper.es\/ca\/"},{"@type":"ListItem","position":2,"name":"Esdeveniments"}]},{"@type":"WebSite","@id":"https:\/\/etecnic.bisiestodeveloper.es\/ca\/#website","url":"https:\/\/etecnic.bisiestodeveloper.es\/ca\/","name":"Etecnic","description":"","publisher":{"@id":"https:\/\/etecnic.bisiestodeveloper.es\/ca\/#organization"},"potentialAction":[{"@type":"SearchAction","target":{"@type":"EntryPoint","urlTemplate":"https:\/\/etecnic.bisiestodeveloper.es\/ca\/?s={search_term_string}"},"query-input":{"@type":"PropertyValueSpecification","valueRequired":true,"valueName":"search_term_string"}}],"inLanguage":"ca"},{"@type":"Organization","@id":"https:\/\/etecnic.bisiestodeveloper.es\/ca\/#organization","name":"Etecnic","url":"https:\/\/etecnic.bisiestodeveloper.es\/ca\/","logo":{"@type":"ImageObject","inLanguage":"ca","@id":"https:\/\/etecnic.bisiestodeveloper.es\/ca\/#\/schema\/logo\/image\/","url":"https:\/\/etecnic.bisiestodeveloper.es\/wp-content\/uploads\/2025\/06\/logo-etecnic-blanco.png","contentUrl":"https:\/\/etecnic.bisiestodeveloper.es\/wp-content\/uploads\/2025\/06\/logo-etecnic-blanco.png","width":1000,"height":500,"caption":"Etecnic"},"image":{"@id":"https:\/\/etecnic.bisiestodeveloper.es\/ca\/#\/schema\/logo\/image\/"}}]}},"_links":{"self":[{"href":"https:\/\/etecnic.bisiestodeveloper.es\/ca\/wp-json\/wp\/v2\/pages\/35186","targetHints":{"allow":["GET"]}}],"collection":[{"href":"https:\/\/etecnic.bisiestodeveloper.es\/ca\/wp-json\/wp\/v2\/pages"}],"about":[{"href":"https:\/\/etecnic.bisiestodeveloper.es\/ca\/wp-json\/wp\/v2\/types\/page"}],"author":[{"embeddable":true,"href":"https:\/\/etecnic.bisiestodeveloper.es\/ca\/wp-json\/wp\/v2\/users\/1"}],"replies":[{"embeddable":true,"href":"https:\/\/etecnic.bisiestodeveloper.es\/ca\/wp-json\/wp\/v2\/comments?post=35186"}],"version-history":[{"count":26,"href":"https:\/\/etecnic.bisiestodeveloper.es\/ca\/wp-json\/wp\/v2\/pages\/35186\/revisions"}],"predecessor-version":[{"id":38613,"href":"https:\/\/etecnic.bisiestodeveloper.es\/ca\/wp-json\/wp\/v2\/pages\/35186\/revisions\/38613"}],"wp:featuredmedia":[{"embeddable":true,"href":"https:\/\/etecnic.bisiestodeveloper.es\/ca\/wp-json\/wp\/v2\/media\/33305"}],"wp:attachment":[{"href":"https:\/\/etecnic.bisiestodeveloper.es\/ca\/wp-json\/wp\/v2\/media?parent=35186"}],"curies":[{"name":"wp","href":"https:\/\/api.w.org\/{rel}","templated":true}]}}