{"id":35635,"date":"2019-07-16T11:31:43","date_gmt":"2019-07-16T11:31:43","guid":{"rendered":"https:\/\/etecnic.bisiestodeveloper.es\/avada_portfolio\/sogorb-installa-dos-punts-de-recarrega-publics\/"},"modified":"2019-07-16T11:31:43","modified_gmt":"2019-07-16T11:31:43","slug":"sogorb-installa-dos-punts-de-recarrega-publics","status":"publish","type":"avada_portfolio","link":"https:\/\/etecnic.bisiestodeveloper.es\/ca\/avada_portfolio\/sogorb-installa-dos-punts-de-recarrega-publics\/","title":{"rendered":"Sogorb instal\u00b7la dos punts de rec\u00e0rrega p\u00fablics"},"content":{"rendered":"<p>L&#8217;Ajuntament de Sogorb gestiona dos nous punts de rec\u00e0rrega r\u00e0pida per a vehicles el\u00e8ctrics. Es tracta d&#8217;un model INGETEAM EdRSR 1 amb una pot\u00e8ncia de 43,6kW (63A) amb 2 preses de TYPE-2-F, i un LAFON EdRR 1 amb una pot\u00e8ncia de 55,4kW (80A) amb dues preses per a poder connectar CHADEMO i CCS<br \/>\nAmb aquesta nova instal\u00b7laci\u00f3 l&#8217;Ajuntament aconsegueix millorar la sostenibilitat del municipi, fomentant la descarbonitzaci\u00f3 del parc automobil\u00edstic.<\/p>\n<p>El carregador \u00e9s gestionat pel propi Ajuntament amb el programari de gesti\u00f3 intel\u00b7ligent, EVcharge. Una plataforma SaaS de maquinari neutre 100% especialitzada en energia i mobilitat el\u00e8ctrica basada en l&#8217;experi\u00e8ncia i innovaci\u00f3 de EVcharge en el sector.<\/p>\n<p>Sogorb instal\u00b7la dos nous punts de rec\u00e0rrega r\u00e0pida per a vehicles el\u00e8ctrics situats en Es tracta d&#8217;un model INGETEAM EdRR 1 amb una pot\u00e8ncia de 27.7kW (40A)amb dues preses per a connectar TYPE-2-F i CCS, un INGETEAM EdrRR 2 i un LAFON EdRR 1 amb una pot\u00e8ncia de 55.4kW (80A) amb dues preses per a poder connectar TYPE-2-F i CCS, i dues SELBA EdRSR 1 amb una pot\u00e8ncia de 22.2kW (32A) amb dues preses per a poder connectar TYPE-2-F.<\/p>\n<p>Amb aquesta nova instal\u00b7laci\u00f3 l&#8217;Ajuntament aconsegueix millorar la sostenibilitat del municipi, fomentant la descarbonitzaci\u00f3 del parc automobil\u00edstic.<\/p>\n<p>Els carregadors s\u00f3n gestionats per la pr\u00f2pia empresa, amb el programari de gesti\u00f3 intel\u00b7ligent, Vilalta Greenenergy. Una plataforma SaaS de maquinari neutre 100% especialitzada en energia i mobilitat el\u00e8ctrica basada en l&#8217;experi\u00e8ncia i innovaci\u00f3 en el sector.<\/p>\n<p>Sogorb: Instal\u00b7laci\u00f3 d&#8217;1 punt de rec\u00e0rrega: Ingeteam-*City Duo amb 2 preses i una pot\u00e8ncia m\u00e0xima de 43 kW. Situats en la Pla\u00e7a Aigua Neta. Gestionat per l&#8217;Ajuntament de Sogorb mitjan\u00e7ant el programari de gesti\u00f3 de punts de rec\u00e0rrega Mobility Smart Manager.<\/p>\n","protected":false},"author":3,"featured_media":35634,"template":"","portfolio_tags":[],"portfolio_skills":[794,796],"portfolio_category":[795,797,798],"class_list":["post-35635","avada_portfolio","type-avada_portfolio","status-publish","has-post-thumbnail","hentry","portfolio_skills-2-tomas","portfolio_skills-cargador","portfolio_category-795","portfolio_category-publica","portfolio_category-semirrapida"],"yoast_head":"<!-- This site is optimized with the Yoast SEO plugin v26.5 - https:\/\/yoast.com\/wordpress\/plugins\/seo\/ -->\n<title>Sogorb instal\u00b7la dos nous punts de rec\u00e0rrega<\/title>\n<meta name=\"description\" content=\"L&#039;ajuntament de Sogorb instal\u00b7la nous punts de rec\u00e0rrega per a vehicles el\u00e8ctrics aconseguint fer m\u00e9s sostenible el municipi.\" \/>\n<meta name=\"robots\" content=\"noindex, follow, max-snippet:-1, max-image-preview:large, max-video-preview:-1\" \/>\n<meta property=\"og:locale\" content=\"ca_ES\" \/>\n<meta property=\"og:type\" content=\"article\" \/>\n<meta property=\"og:title\" content=\"Sogorb instal\u00b7la dos nous punts de rec\u00e0rrega\" \/>\n<meta property=\"og:description\" content=\"L&#039;ajuntament de Sogorb instal\u00b7la nous punts de rec\u00e0rrega per a vehicles el\u00e8ctrics aconseguint fer m\u00e9s sostenible el municipi.\" \/>\n<meta property=\"og:url\" content=\"https:\/\/etecnic.bisiestodeveloper.es\/ca\/avada_portfolio\/sogorb-installa-dos-punts-de-recarrega-publics\/\" \/>\n<meta property=\"og:site_name\" content=\"Etecnic\" \/>\n<meta property=\"og:image\" content=\"https:\/\/etecnic.bisiestodeveloper.es\/wp-content\/uploads\/2019\/07\/segorbe-etecnic.jpg\" \/>\n\t<meta property=\"og:image:width\" content=\"875\" \/>\n\t<meta property=\"og:image:height\" content=\"392\" \/>\n\t<meta property=\"og:image:type\" content=\"image\/jpeg\" \/>\n<meta name=\"twitter:card\" content=\"summary_large_image\" \/>\n<meta name=\"twitter:label1\" content=\"Temps estimat de lectura\" \/>\n\t<meta name=\"twitter:data1\" content=\"2 minuts\" \/>\n<script type=\"application\/ld+json\" class=\"yoast-schema-graph\">{\"@context\":\"https:\/\/schema.org\",\"@graph\":[{\"@type\":\"WebPage\",\"@id\":\"https:\/\/etecnic.bisiestodeveloper.es\/ca\/avada_portfolio\/sogorb-installa-dos-punts-de-recarrega-publics\/\",\"url\":\"https:\/\/etecnic.bisiestodeveloper.es\/ca\/avada_portfolio\/sogorb-installa-dos-punts-de-recarrega-publics\/\",\"name\":\"Sogorb instal\u00b7la dos nous punts de rec\u00e0rrega\",\"isPartOf\":{\"@id\":\"https:\/\/etecnic.bisiestodeveloper.es\/ca\/#website\"},\"primaryImageOfPage\":{\"@id\":\"https:\/\/etecnic.bisiestodeveloper.es\/ca\/avada_portfolio\/sogorb-installa-dos-punts-de-recarrega-publics\/#primaryimage\"},\"image\":{\"@id\":\"https:\/\/etecnic.bisiestodeveloper.es\/ca\/avada_portfolio\/sogorb-installa-dos-punts-de-recarrega-publics\/#primaryimage\"},\"thumbnailUrl\":\"https:\/\/etecnic.bisiestodeveloper.es\/wp-content\/uploads\/2019\/07\/segorbe-etecnic.jpg\",\"datePublished\":\"2019-07-16T11:31:43+00:00\",\"description\":\"L'ajuntament de Sogorb instal\u00b7la nous punts de rec\u00e0rrega per a vehicles el\u00e8ctrics aconseguint fer m\u00e9s sostenible el municipi.\",\"breadcrumb\":{\"@id\":\"https:\/\/etecnic.bisiestodeveloper.es\/ca\/avada_portfolio\/sogorb-installa-dos-punts-de-recarrega-publics\/#breadcrumb\"},\"inLanguage\":\"ca\",\"potentialAction\":[{\"@type\":\"ReadAction\",\"target\":[\"https:\/\/etecnic.bisiestodeveloper.es\/ca\/avada_portfolio\/sogorb-installa-dos-punts-de-recarrega-publics\/\"]}]},{\"@type\":\"ImageObject\",\"inLanguage\":\"ca\",\"@id\":\"https:\/\/etecnic.bisiestodeveloper.es\/ca\/avada_portfolio\/sogorb-installa-dos-punts-de-recarrega-publics\/#primaryimage\",\"url\":\"https:\/\/etecnic.bisiestodeveloper.es\/wp-content\/uploads\/2019\/07\/segorbe-etecnic.jpg\",\"contentUrl\":\"https:\/\/etecnic.bisiestodeveloper.es\/wp-content\/uploads\/2019\/07\/segorbe-etecnic.jpg\",\"width\":875,\"height\":392},{\"@type\":\"BreadcrumbList\",\"@id\":\"https:\/\/etecnic.bisiestodeveloper.es\/ca\/avada_portfolio\/sogorb-installa-dos-punts-de-recarrega-publics\/#breadcrumb\",\"itemListElement\":[{\"@type\":\"ListItem\",\"position\":1,\"name\":\"Portada\",\"item\":\"https:\/\/etecnic.bisiestodeveloper.es\/ca\/\"},{\"@type\":\"ListItem\",\"position\":2,\"name\":\"Portfolio\",\"item\":\"https:\/\/etecnic.bisiestodeveloper.es\/ca\/avada_portfolio\/\"},{\"@type\":\"ListItem\",\"position\":3,\"name\":\"Sogorb instal\u00b7la dos punts de rec\u00e0rrega p\u00fablics\"}]},{\"@type\":\"WebSite\",\"@id\":\"https:\/\/etecnic.bisiestodeveloper.es\/ca\/#website\",\"url\":\"https:\/\/etecnic.bisiestodeveloper.es\/ca\/\",\"name\":\"Etecnic\",\"description\":\"\",\"publisher\":{\"@id\":\"https:\/\/etecnic.bisiestodeveloper.es\/ca\/#organization\"},\"potentialAction\":[{\"@type\":\"SearchAction\",\"target\":{\"@type\":\"EntryPoint\",\"urlTemplate\":\"https:\/\/etecnic.bisiestodeveloper.es\/ca\/?s={search_term_string}\"},\"query-input\":{\"@type\":\"PropertyValueSpecification\",\"valueRequired\":true,\"valueName\":\"search_term_string\"}}],\"inLanguage\":\"ca\"},{\"@type\":\"Organization\",\"@id\":\"https:\/\/etecnic.bisiestodeveloper.es\/ca\/#organization\",\"name\":\"Etecnic\",\"url\":\"https:\/\/etecnic.bisiestodeveloper.es\/ca\/\",\"logo\":{\"@type\":\"ImageObject\",\"inLanguage\":\"ca\",\"@id\":\"https:\/\/etecnic.bisiestodeveloper.es\/ca\/#\/schema\/logo\/image\/\",\"url\":\"https:\/\/etecnic.bisiestodeveloper.es\/wp-content\/uploads\/2025\/06\/logo-etecnic-blanco.png\",\"contentUrl\":\"https:\/\/etecnic.bisiestodeveloper.es\/wp-content\/uploads\/2025\/06\/logo-etecnic-blanco.png\",\"width\":1000,\"height\":500,\"caption\":\"Etecnic\"},\"image\":{\"@id\":\"https:\/\/etecnic.bisiestodeveloper.es\/ca\/#\/schema\/logo\/image\/\"}}]}<\/script>\n<!-- \/ Yoast SEO plugin. -->","yoast_head_json":{"title":"Sogorb instal\u00b7la dos nous punts de rec\u00e0rrega","description":"L'ajuntament de Sogorb instal\u00b7la nous punts de rec\u00e0rrega per a vehicles el\u00e8ctrics aconseguint fer m\u00e9s sostenible el municipi.","robots":{"index":"noindex","follow":"follow","max-snippet":"max-snippet:-1","max-image-preview":"max-image-preview:large","max-video-preview":"max-video-preview:-1"},"og_locale":"ca_ES","og_type":"article","og_title":"Sogorb instal\u00b7la dos nous punts de rec\u00e0rrega","og_description":"L'ajuntament de Sogorb instal\u00b7la nous punts de rec\u00e0rrega per a vehicles el\u00e8ctrics aconseguint fer m\u00e9s sostenible el municipi.","og_url":"https:\/\/etecnic.bisiestodeveloper.es\/ca\/avada_portfolio\/sogorb-installa-dos-punts-de-recarrega-publics\/","og_site_name":"Etecnic","og_image":[{"width":875,"height":392,"url":"https:\/\/etecnic.bisiestodeveloper.es\/wp-content\/uploads\/2019\/07\/segorbe-etecnic.jpg","type":"image\/jpeg"}],"twitter_card":"summary_large_image","twitter_misc":{"Temps estimat de lectura":"2 minuts"},"schema":{"@context":"https:\/\/schema.org","@graph":[{"@type":"WebPage","@id":"https:\/\/etecnic.bisiestodeveloper.es\/ca\/avada_portfolio\/sogorb-installa-dos-punts-de-recarrega-publics\/","url":"https:\/\/etecnic.bisiestodeveloper.es\/ca\/avada_portfolio\/sogorb-installa-dos-punts-de-recarrega-publics\/","name":"Sogorb instal\u00b7la dos nous punts de rec\u00e0rrega","isPartOf":{"@id":"https:\/\/etecnic.bisiestodeveloper.es\/ca\/#website"},"primaryImageOfPage":{"@id":"https:\/\/etecnic.bisiestodeveloper.es\/ca\/avada_portfolio\/sogorb-installa-dos-punts-de-recarrega-publics\/#primaryimage"},"image":{"@id":"https:\/\/etecnic.bisiestodeveloper.es\/ca\/avada_portfolio\/sogorb-installa-dos-punts-de-recarrega-publics\/#primaryimage"},"thumbnailUrl":"https:\/\/etecnic.bisiestodeveloper.es\/wp-content\/uploads\/2019\/07\/segorbe-etecnic.jpg","datePublished":"2019-07-16T11:31:43+00:00","description":"L'ajuntament de Sogorb instal\u00b7la nous punts de rec\u00e0rrega per a vehicles el\u00e8ctrics aconseguint fer m\u00e9s sostenible el municipi.","breadcrumb":{"@id":"https:\/\/etecnic.bisiestodeveloper.es\/ca\/avada_portfolio\/sogorb-installa-dos-punts-de-recarrega-publics\/#breadcrumb"},"inLanguage":"ca","potentialAction":[{"@type":"ReadAction","target":["https:\/\/etecnic.bisiestodeveloper.es\/ca\/avada_portfolio\/sogorb-installa-dos-punts-de-recarrega-publics\/"]}]},{"@type":"ImageObject","inLanguage":"ca","@id":"https:\/\/etecnic.bisiestodeveloper.es\/ca\/avada_portfolio\/sogorb-installa-dos-punts-de-recarrega-publics\/#primaryimage","url":"https:\/\/etecnic.bisiestodeveloper.es\/wp-content\/uploads\/2019\/07\/segorbe-etecnic.jpg","contentUrl":"https:\/\/etecnic.bisiestodeveloper.es\/wp-content\/uploads\/2019\/07\/segorbe-etecnic.jpg","width":875,"height":392},{"@type":"BreadcrumbList","@id":"https:\/\/etecnic.bisiestodeveloper.es\/ca\/avada_portfolio\/sogorb-installa-dos-punts-de-recarrega-publics\/#breadcrumb","itemListElement":[{"@type":"ListItem","position":1,"name":"Portada","item":"https:\/\/etecnic.bisiestodeveloper.es\/ca\/"},{"@type":"ListItem","position":2,"name":"Portfolio","item":"https:\/\/etecnic.bisiestodeveloper.es\/ca\/avada_portfolio\/"},{"@type":"ListItem","position":3,"name":"Sogorb instal\u00b7la dos punts de rec\u00e0rrega p\u00fablics"}]},{"@type":"WebSite","@id":"https:\/\/etecnic.bisiestodeveloper.es\/ca\/#website","url":"https:\/\/etecnic.bisiestodeveloper.es\/ca\/","name":"Etecnic","description":"","publisher":{"@id":"https:\/\/etecnic.bisiestodeveloper.es\/ca\/#organization"},"potentialAction":[{"@type":"SearchAction","target":{"@type":"EntryPoint","urlTemplate":"https:\/\/etecnic.bisiestodeveloper.es\/ca\/?s={search_term_string}"},"query-input":{"@type":"PropertyValueSpecification","valueRequired":true,"valueName":"search_term_string"}}],"inLanguage":"ca"},{"@type":"Organization","@id":"https:\/\/etecnic.bisiestodeveloper.es\/ca\/#organization","name":"Etecnic","url":"https:\/\/etecnic.bisiestodeveloper.es\/ca\/","logo":{"@type":"ImageObject","inLanguage":"ca","@id":"https:\/\/etecnic.bisiestodeveloper.es\/ca\/#\/schema\/logo\/image\/","url":"https:\/\/etecnic.bisiestodeveloper.es\/wp-content\/uploads\/2025\/06\/logo-etecnic-blanco.png","contentUrl":"https:\/\/etecnic.bisiestodeveloper.es\/wp-content\/uploads\/2025\/06\/logo-etecnic-blanco.png","width":1000,"height":500,"caption":"Etecnic"},"image":{"@id":"https:\/\/etecnic.bisiestodeveloper.es\/ca\/#\/schema\/logo\/image\/"}}]}},"_links":{"self":[{"href":"https:\/\/etecnic.bisiestodeveloper.es\/ca\/wp-json\/wp\/v2\/avada_portfolio\/35635","targetHints":{"allow":["GET"]}}],"collection":[{"href":"https:\/\/etecnic.bisiestodeveloper.es\/ca\/wp-json\/wp\/v2\/avada_portfolio"}],"about":[{"href":"https:\/\/etecnic.bisiestodeveloper.es\/ca\/wp-json\/wp\/v2\/types\/avada_portfolio"}],"author":[{"embeddable":true,"href":"https:\/\/etecnic.bisiestodeveloper.es\/ca\/wp-json\/wp\/v2\/users\/3"}],"version-history":[{"count":0,"href":"https:\/\/etecnic.bisiestodeveloper.es\/ca\/wp-json\/wp\/v2\/avada_portfolio\/35635\/revisions"}],"wp:attachment":[{"href":"https:\/\/etecnic.bisiestodeveloper.es\/ca\/wp-json\/wp\/v2\/media?parent=35635"}],"wp:term":[{"taxonomy":"portfolio_tags","embeddable":true,"href":"https:\/\/etecnic.bisiestodeveloper.es\/ca\/wp-json\/wp\/v2\/portfolio_tags?post=35635"},{"taxonomy":"portfolio_skills","embeddable":true,"href":"https:\/\/etecnic.bisiestodeveloper.es\/ca\/wp-json\/wp\/v2\/portfolio_skills?post=35635"},{"taxonomy":"portfolio_category","embeddable":true,"href":"https:\/\/etecnic.bisiestodeveloper.es\/ca\/wp-json\/wp\/v2\/portfolio_category?post=35635"}],"curies":[{"name":"wp","href":"https:\/\/api.w.org\/{rel}","templated":true}]}}