{"id":35611,"date":"2019-09-10T07:32:53","date_gmt":"2019-09-10T07:32:53","guid":{"rendered":"https:\/\/etecnic.bisiestodeveloper.es\/avada_portfolio\/lajuntament-de-berga-installa-3-punts-publics-de-recarrega\/"},"modified":"2019-09-10T07:32:53","modified_gmt":"2019-09-10T07:32:53","slug":"lajuntament-de-berga-installa-3-punts-publics-de-recarrega","status":"publish","type":"avada_portfolio","link":"https:\/\/etecnic.bisiestodeveloper.es\/ca\/avada_portfolio\/lajuntament-de-berga-installa-3-punts-publics-de-recarrega\/","title":{"rendered":"L&#8217;Ajuntament de Berga instal\u00b7la 3 punts p\u00fablics de rec\u00e0rrega"},"content":{"rendered":"<p><strong>L&#8217;Ajuntament de Berga <\/strong><strong>instal\u00b7la 3 punts de rec\u00e0rrega semir\u00e0pida per a vehicles el\u00e8ctrics.<br \/>\n<\/strong><\/p>\n<p>En aquesta ocasi\u00f3, s&#8217;han instal\u00b7lat 3 punts de rec\u00e0rrega semir\u00e0pida del model SELBA SL 1014 amb una pot\u00e8ncia de 22 kW.<\/p>\n<p>Els nous punts de c\u00e0rrega, integrats dins de la xarxa de c\u00e0rrega gestionada per <strong>EVcharge<\/strong>, compten amb tecnologia avan\u00e7ada de monitoratge i control, garantint una c\u00e0rrega segura i sense preocupacions.<\/p>\n<p>Una plataforma SaaS implementada en m\u00e9s de 3.000 punts de rec\u00e0rrega. <strong>Etecnic<\/strong> realitza les funcions d&#8217;operaci\u00f3, manteniment i assist\u00e8ncia t\u00e8cnica.<\/p>\n<p><strong>Etecnic<\/strong> ofereix <a href=\"\/?page_id=18411\"><strong>solucions de rec\u00e0rrega de vehicles per a empreses<\/strong><\/a>, essent el l\u00edder en instal\u00b7lacions 360.<\/p>\n<p>Programa MOVES III<\/p>\n<div class=\"traductor-textarea form-group\">\n<div class=\"traductor-textarea form-group\">\n<div class=\"textarea-desti col-xs-12 col-sm-6\">L&#8217;Ajuntament de Berga ha accedit a la subvenci\u00f3 de <strong><a href=\"https:\/\/etecnic.bisiestodeveloper.es\/ca\/sector-ca-2\/moves-3-catalunya-ajudes-punts-de-recarrega\/\">Moves III<\/a><\/strong> per a la instal\u00b7laci\u00f3 d&#8217;aquests punts de c\u00e0rrega. En els \u00faltims anys, <strong><a href=\"https:\/\/etecnic.bisiestodeveloper.es\/ca\/proyectos\/el-90-de-les-sol%c2%b7licituds-presentades-per-etecnic-a-el-pla-moves-aprovades\/\">Etecnic ha gestionat amb \u00e8xit m\u00e9s del 90% de les sol\u00b7licituds del Pla MOVES.<\/a><\/strong><\/div>\n<\/div>\n<div class=\"traductor-checkbox form-group\">\n<div class=\"row\">\n<div class=\"col-sm-offset-2 col-sm-5\"><\/div>\n<\/div>\n<\/div>\n<\/div>\n<div class=\"traductor-checkbox form-group\">\n<div class=\"row\">\n<div class=\"col-sm-offset-2 col-sm-5\"><\/div>\n<\/div>\n<\/div>\n<p>Mapa de rec\u00e0rrega<\/p>\n<p>Consulta el nostre mapa en temps real de punts de rec\u00e0rrega connectats<\/p>\n<p>Mapa de rec\u00e0rrega<\/p>\n","protected":false},"author":3,"featured_media":35610,"template":"","portfolio_tags":[],"portfolio_skills":[794,799,796],"portfolio_category":[795,797,798],"class_list":["post-35611","avada_portfolio","type-avada_portfolio","status-publish","has-post-thumbnail","hentry","portfolio_skills-2-tomas","portfolio_skills-22kw","portfolio_skills-cargador","portfolio_category-795","portfolio_category-publica","portfolio_category-semirrapida"],"yoast_head":"<!-- This site is optimized with the Yoast SEO plugin v26.5 - https:\/\/yoast.com\/wordpress\/plugins\/seo\/ -->\n<title>L&#039;Ajuntament de Berga instal\u00b7la 3 punts p\u00fablics de rec\u00e0rrega<\/title>\n<meta name=\"description\" content=\"L&#039;Ajuntament de Berga instal\u00b7la 3 punts p\u00fablics de rec\u00e0rrega\" \/>\n<meta name=\"robots\" content=\"noindex, follow, max-snippet:-1, max-image-preview:large, max-video-preview:-1\" \/>\n<meta property=\"og:locale\" content=\"ca_ES\" \/>\n<meta property=\"og:type\" content=\"article\" \/>\n<meta property=\"og:title\" content=\"L&#039;Ajuntament de Berga instal\u00b7la 3 punts p\u00fablics de rec\u00e0rrega\" \/>\n<meta property=\"og:description\" content=\"L&#039;Ajuntament de Berga instal\u00b7la 3 punts p\u00fablics de rec\u00e0rrega\" \/>\n<meta property=\"og:url\" content=\"https:\/\/etecnic.bisiestodeveloper.es\/ca\/avada_portfolio\/lajuntament-de-berga-installa-3-punts-publics-de-recarrega\/\" \/>\n<meta property=\"og:site_name\" content=\"Etecnic\" \/>\n<meta property=\"og:image\" content=\"https:\/\/etecnic.bisiestodeveloper.es\/wp-content\/uploads\/2019\/09\/Berga.png\" \/>\n\t<meta property=\"og:image:width\" content=\"1080\" \/>\n\t<meta property=\"og:image:height\" content=\"1080\" \/>\n\t<meta property=\"og:image:type\" content=\"image\/png\" \/>\n<meta name=\"twitter:card\" content=\"summary_large_image\" \/>\n<meta name=\"twitter:label1\" content=\"Temps estimat de lectura\" \/>\n\t<meta name=\"twitter:data1\" content=\"1 minut\" \/>\n<script type=\"application\/ld+json\" class=\"yoast-schema-graph\">{\"@context\":\"https:\/\/schema.org\",\"@graph\":[{\"@type\":\"WebPage\",\"@id\":\"https:\/\/etecnic.bisiestodeveloper.es\/ca\/avada_portfolio\/lajuntament-de-berga-installa-3-punts-publics-de-recarrega\/\",\"url\":\"https:\/\/etecnic.bisiestodeveloper.es\/ca\/avada_portfolio\/lajuntament-de-berga-installa-3-punts-publics-de-recarrega\/\",\"name\":\"L'Ajuntament de Berga instal\u00b7la 3 punts p\u00fablics de rec\u00e0rrega\",\"isPartOf\":{\"@id\":\"https:\/\/etecnic.bisiestodeveloper.es\/ca\/#website\"},\"primaryImageOfPage\":{\"@id\":\"https:\/\/etecnic.bisiestodeveloper.es\/ca\/avada_portfolio\/lajuntament-de-berga-installa-3-punts-publics-de-recarrega\/#primaryimage\"},\"image\":{\"@id\":\"https:\/\/etecnic.bisiestodeveloper.es\/ca\/avada_portfolio\/lajuntament-de-berga-installa-3-punts-publics-de-recarrega\/#primaryimage\"},\"thumbnailUrl\":\"https:\/\/etecnic.bisiestodeveloper.es\/wp-content\/uploads\/2019\/09\/Berga.png\",\"datePublished\":\"2019-09-10T07:32:53+00:00\",\"description\":\"L'Ajuntament de Berga instal\u00b7la 3 punts p\u00fablics de rec\u00e0rrega\",\"breadcrumb\":{\"@id\":\"https:\/\/etecnic.bisiestodeveloper.es\/ca\/avada_portfolio\/lajuntament-de-berga-installa-3-punts-publics-de-recarrega\/#breadcrumb\"},\"inLanguage\":\"ca\",\"potentialAction\":[{\"@type\":\"ReadAction\",\"target\":[\"https:\/\/etecnic.bisiestodeveloper.es\/ca\/avada_portfolio\/lajuntament-de-berga-installa-3-punts-publics-de-recarrega\/\"]}]},{\"@type\":\"ImageObject\",\"inLanguage\":\"ca\",\"@id\":\"https:\/\/etecnic.bisiestodeveloper.es\/ca\/avada_portfolio\/lajuntament-de-berga-installa-3-punts-publics-de-recarrega\/#primaryimage\",\"url\":\"https:\/\/etecnic.bisiestodeveloper.es\/wp-content\/uploads\/2019\/09\/Berga.png\",\"contentUrl\":\"https:\/\/etecnic.bisiestodeveloper.es\/wp-content\/uploads\/2019\/09\/Berga.png\",\"width\":1080,\"height\":1080},{\"@type\":\"BreadcrumbList\",\"@id\":\"https:\/\/etecnic.bisiestodeveloper.es\/ca\/avada_portfolio\/lajuntament-de-berga-installa-3-punts-publics-de-recarrega\/#breadcrumb\",\"itemListElement\":[{\"@type\":\"ListItem\",\"position\":1,\"name\":\"Portada\",\"item\":\"https:\/\/etecnic.bisiestodeveloper.es\/ca\/\"},{\"@type\":\"ListItem\",\"position\":2,\"name\":\"Portfolio\",\"item\":\"https:\/\/etecnic.bisiestodeveloper.es\/ca\/avada_portfolio\/\"},{\"@type\":\"ListItem\",\"position\":3,\"name\":\"L&#8217;Ajuntament de Berga instal\u00b7la 3 punts p\u00fablics de rec\u00e0rrega\"}]},{\"@type\":\"WebSite\",\"@id\":\"https:\/\/etecnic.bisiestodeveloper.es\/ca\/#website\",\"url\":\"https:\/\/etecnic.bisiestodeveloper.es\/ca\/\",\"name\":\"Etecnic\",\"description\":\"\",\"publisher\":{\"@id\":\"https:\/\/etecnic.bisiestodeveloper.es\/ca\/#organization\"},\"potentialAction\":[{\"@type\":\"SearchAction\",\"target\":{\"@type\":\"EntryPoint\",\"urlTemplate\":\"https:\/\/etecnic.bisiestodeveloper.es\/ca\/?s={search_term_string}\"},\"query-input\":{\"@type\":\"PropertyValueSpecification\",\"valueRequired\":true,\"valueName\":\"search_term_string\"}}],\"inLanguage\":\"ca\"},{\"@type\":\"Organization\",\"@id\":\"https:\/\/etecnic.bisiestodeveloper.es\/ca\/#organization\",\"name\":\"Etecnic\",\"url\":\"https:\/\/etecnic.bisiestodeveloper.es\/ca\/\",\"logo\":{\"@type\":\"ImageObject\",\"inLanguage\":\"ca\",\"@id\":\"https:\/\/etecnic.bisiestodeveloper.es\/ca\/#\/schema\/logo\/image\/\",\"url\":\"https:\/\/etecnic.bisiestodeveloper.es\/wp-content\/uploads\/2025\/06\/logo-etecnic-blanco.png\",\"contentUrl\":\"https:\/\/etecnic.bisiestodeveloper.es\/wp-content\/uploads\/2025\/06\/logo-etecnic-blanco.png\",\"width\":1000,\"height\":500,\"caption\":\"Etecnic\"},\"image\":{\"@id\":\"https:\/\/etecnic.bisiestodeveloper.es\/ca\/#\/schema\/logo\/image\/\"}}]}<\/script>\n<!-- \/ Yoast SEO plugin. -->","yoast_head_json":{"title":"L'Ajuntament de Berga instal\u00b7la 3 punts p\u00fablics de rec\u00e0rrega","description":"L'Ajuntament de Berga instal\u00b7la 3 punts p\u00fablics de rec\u00e0rrega","robots":{"index":"noindex","follow":"follow","max-snippet":"max-snippet:-1","max-image-preview":"max-image-preview:large","max-video-preview":"max-video-preview:-1"},"og_locale":"ca_ES","og_type":"article","og_title":"L'Ajuntament de Berga instal\u00b7la 3 punts p\u00fablics de rec\u00e0rrega","og_description":"L'Ajuntament de Berga instal\u00b7la 3 punts p\u00fablics de rec\u00e0rrega","og_url":"https:\/\/etecnic.bisiestodeveloper.es\/ca\/avada_portfolio\/lajuntament-de-berga-installa-3-punts-publics-de-recarrega\/","og_site_name":"Etecnic","og_image":[{"width":1080,"height":1080,"url":"https:\/\/etecnic.bisiestodeveloper.es\/wp-content\/uploads\/2019\/09\/Berga.png","type":"image\/png"}],"twitter_card":"summary_large_image","twitter_misc":{"Temps estimat de lectura":"1 minut"},"schema":{"@context":"https:\/\/schema.org","@graph":[{"@type":"WebPage","@id":"https:\/\/etecnic.bisiestodeveloper.es\/ca\/avada_portfolio\/lajuntament-de-berga-installa-3-punts-publics-de-recarrega\/","url":"https:\/\/etecnic.bisiestodeveloper.es\/ca\/avada_portfolio\/lajuntament-de-berga-installa-3-punts-publics-de-recarrega\/","name":"L'Ajuntament de Berga instal\u00b7la 3 punts p\u00fablics de rec\u00e0rrega","isPartOf":{"@id":"https:\/\/etecnic.bisiestodeveloper.es\/ca\/#website"},"primaryImageOfPage":{"@id":"https:\/\/etecnic.bisiestodeveloper.es\/ca\/avada_portfolio\/lajuntament-de-berga-installa-3-punts-publics-de-recarrega\/#primaryimage"},"image":{"@id":"https:\/\/etecnic.bisiestodeveloper.es\/ca\/avada_portfolio\/lajuntament-de-berga-installa-3-punts-publics-de-recarrega\/#primaryimage"},"thumbnailUrl":"https:\/\/etecnic.bisiestodeveloper.es\/wp-content\/uploads\/2019\/09\/Berga.png","datePublished":"2019-09-10T07:32:53+00:00","description":"L'Ajuntament de Berga instal\u00b7la 3 punts p\u00fablics de rec\u00e0rrega","breadcrumb":{"@id":"https:\/\/etecnic.bisiestodeveloper.es\/ca\/avada_portfolio\/lajuntament-de-berga-installa-3-punts-publics-de-recarrega\/#breadcrumb"},"inLanguage":"ca","potentialAction":[{"@type":"ReadAction","target":["https:\/\/etecnic.bisiestodeveloper.es\/ca\/avada_portfolio\/lajuntament-de-berga-installa-3-punts-publics-de-recarrega\/"]}]},{"@type":"ImageObject","inLanguage":"ca","@id":"https:\/\/etecnic.bisiestodeveloper.es\/ca\/avada_portfolio\/lajuntament-de-berga-installa-3-punts-publics-de-recarrega\/#primaryimage","url":"https:\/\/etecnic.bisiestodeveloper.es\/wp-content\/uploads\/2019\/09\/Berga.png","contentUrl":"https:\/\/etecnic.bisiestodeveloper.es\/wp-content\/uploads\/2019\/09\/Berga.png","width":1080,"height":1080},{"@type":"BreadcrumbList","@id":"https:\/\/etecnic.bisiestodeveloper.es\/ca\/avada_portfolio\/lajuntament-de-berga-installa-3-punts-publics-de-recarrega\/#breadcrumb","itemListElement":[{"@type":"ListItem","position":1,"name":"Portada","item":"https:\/\/etecnic.bisiestodeveloper.es\/ca\/"},{"@type":"ListItem","position":2,"name":"Portfolio","item":"https:\/\/etecnic.bisiestodeveloper.es\/ca\/avada_portfolio\/"},{"@type":"ListItem","position":3,"name":"L&#8217;Ajuntament de Berga instal\u00b7la 3 punts p\u00fablics de rec\u00e0rrega"}]},{"@type":"WebSite","@id":"https:\/\/etecnic.bisiestodeveloper.es\/ca\/#website","url":"https:\/\/etecnic.bisiestodeveloper.es\/ca\/","name":"Etecnic","description":"","publisher":{"@id":"https:\/\/etecnic.bisiestodeveloper.es\/ca\/#organization"},"potentialAction":[{"@type":"SearchAction","target":{"@type":"EntryPoint","urlTemplate":"https:\/\/etecnic.bisiestodeveloper.es\/ca\/?s={search_term_string}"},"query-input":{"@type":"PropertyValueSpecification","valueRequired":true,"valueName":"search_term_string"}}],"inLanguage":"ca"},{"@type":"Organization","@id":"https:\/\/etecnic.bisiestodeveloper.es\/ca\/#organization","name":"Etecnic","url":"https:\/\/etecnic.bisiestodeveloper.es\/ca\/","logo":{"@type":"ImageObject","inLanguage":"ca","@id":"https:\/\/etecnic.bisiestodeveloper.es\/ca\/#\/schema\/logo\/image\/","url":"https:\/\/etecnic.bisiestodeveloper.es\/wp-content\/uploads\/2025\/06\/logo-etecnic-blanco.png","contentUrl":"https:\/\/etecnic.bisiestodeveloper.es\/wp-content\/uploads\/2025\/06\/logo-etecnic-blanco.png","width":1000,"height":500,"caption":"Etecnic"},"image":{"@id":"https:\/\/etecnic.bisiestodeveloper.es\/ca\/#\/schema\/logo\/image\/"}}]}},"_links":{"self":[{"href":"https:\/\/etecnic.bisiestodeveloper.es\/ca\/wp-json\/wp\/v2\/avada_portfolio\/35611","targetHints":{"allow":["GET"]}}],"collection":[{"href":"https:\/\/etecnic.bisiestodeveloper.es\/ca\/wp-json\/wp\/v2\/avada_portfolio"}],"about":[{"href":"https:\/\/etecnic.bisiestodeveloper.es\/ca\/wp-json\/wp\/v2\/types\/avada_portfolio"}],"author":[{"embeddable":true,"href":"https:\/\/etecnic.bisiestodeveloper.es\/ca\/wp-json\/wp\/v2\/users\/3"}],"version-history":[{"count":0,"href":"https:\/\/etecnic.bisiestodeveloper.es\/ca\/wp-json\/wp\/v2\/avada_portfolio\/35611\/revisions"}],"wp:attachment":[{"href":"https:\/\/etecnic.bisiestodeveloper.es\/ca\/wp-json\/wp\/v2\/media?parent=35611"}],"wp:term":[{"taxonomy":"portfolio_tags","embeddable":true,"href":"https:\/\/etecnic.bisiestodeveloper.es\/ca\/wp-json\/wp\/v2\/portfolio_tags?post=35611"},{"taxonomy":"portfolio_skills","embeddable":true,"href":"https:\/\/etecnic.bisiestodeveloper.es\/ca\/wp-json\/wp\/v2\/portfolio_skills?post=35611"},{"taxonomy":"portfolio_category","embeddable":true,"href":"https:\/\/etecnic.bisiestodeveloper.es\/ca\/wp-json\/wp\/v2\/portfolio_category?post=35611"}],"curies":[{"name":"wp","href":"https:\/\/api.w.org\/{rel}","templated":true}]}}