{"id":38100,"date":"2025-12-01T14:08:23","date_gmt":"2025-12-01T14:08:23","guid":{"rendered":"https:\/\/etecnic.bisiestodeveloper.es\/events\/enercluster-connecta-jornada-mobilitat-electrica-tudela\/"},"modified":"2026-07-30T13:05:09","modified_gmt":"2026-07-30T13:05:09","slug":"enercluster-connecta-jornada-mobilitat-electrica-tudela","status":"publish","type":"ajde_events","link":"https:\/\/etecnic.bisiestodeveloper.es\/ca\/events\/enercluster-connecta-jornada-mobilitat-electrica-tudela\/","title":{"rendered":"ENERCLUSTER CONNECTA: Jornada mobilitat el\u00e8ctrica, Tudela"},"content":{"rendered":"\n<p class=\"wp-block-paragraph\"><\/p>\n\n<p class=\"wp-block-paragraph\"><strong>Etecnic, participar\u00e0 a la Jornada de mobilitat el\u00e8ctrica de Tudela.<\/strong><\/p>\n\n<p class=\"wp-block-paragraph\">10h &#8211; 13h, Consorci EDER a Tudela. Jornada sobre el cotxe el\u00e8ctric i la infraestructura de rec\u00e0rrega als ajuntaments i empresa de la Ribera.<\/p>\n\n<p class=\"wp-block-paragraph\"> Pr\u00f2ximament, informarem de tots els detalls.<\/p>\n\n<p class=\"wp-block-paragraph\"><\/p>\n","protected":false},"author":4,"featured_media":0,"menu_order":0,"comment_status":"closed","ping_status":"closed","template":"","meta":[],"tags":[],"event_type":[938,7],"event_type_2":[],"class_list":["post-38100","ajde_events","type-ajde_events","status-publish","hentry","event_location-tudela","event_organizer-enercluster-conecta","event_type-938","event_type-eventos"],"yoast_head":"<!-- This site is optimized with the Yoast SEO plugin v26.5 - https:\/\/yoast.com\/wordpress\/plugins\/seo\/ -->\n<title>Enercluster Connecta: Jornada mobilitat el\u00e8ctrica Tudela | Etecnic<\/title>\n<meta name=\"description\" content=\"Etecnic participa en Enercluster Connecta, una jornada sobre mobilitat el\u00e8ctrica i infraestructura de rec\u00e0rrega a Tudela.\" \/>\n<meta name=\"robots\" content=\"noindex, follow, max-snippet:-1, max-image-preview:large, max-video-preview:-1\" \/>\n<meta property=\"og:locale\" content=\"ca_ES\" \/>\n<meta property=\"og:type\" content=\"article\" \/>\n<meta property=\"og:title\" content=\"Enercluster Connecta: Jornada mobilitat el\u00e8ctrica Tudela | Etecnic\" \/>\n<meta property=\"og:description\" content=\"Etecnic participa en Enercluster Connecta, una jornada sobre mobilitat el\u00e8ctrica i infraestructura de rec\u00e0rrega a Tudela.\" \/>\n<meta property=\"og:url\" content=\"https:\/\/etecnic.bisiestodeveloper.es\/ca\/events\/enercluster-connecta-jornada-mobilitat-electrica-tudela\/\" \/>\n<meta property=\"og:site_name\" content=\"Etecnic\" \/>\n<meta property=\"article:modified_time\" content=\"2026-07-30T13:05:09+00:00\" \/>\n<meta name=\"twitter:card\" content=\"summary_large_image\" \/>\n<meta name=\"twitter:label1\" content=\"Temps estimat de lectura\" \/>\n\t<meta name=\"twitter:data1\" content=\"1 minut\" \/>\n<script type=\"application\/ld+json\" class=\"yoast-schema-graph\">{\"@context\":\"https:\/\/schema.org\",\"@graph\":[{\"@type\":\"WebPage\",\"@id\":\"https:\/\/etecnic.bisiestodeveloper.es\/ca\/events\/enercluster-connecta-jornada-mobilitat-electrica-tudela\/\",\"url\":\"https:\/\/etecnic.bisiestodeveloper.es\/ca\/events\/enercluster-connecta-jornada-mobilitat-electrica-tudela\/\",\"name\":\"Enercluster Connecta: Jornada mobilitat el\u00e8ctrica Tudela | Etecnic\",\"isPartOf\":{\"@id\":\"https:\/\/etecnic.bisiestodeveloper.es\/ca\/#website\"},\"datePublished\":\"2025-12-01T14:08:23+00:00\",\"dateModified\":\"2026-07-30T13:05:09+00:00\",\"description\":\"Etecnic participa en Enercluster Connecta, una jornada sobre mobilitat el\u00e8ctrica i infraestructura de rec\u00e0rrega a Tudela.\",\"breadcrumb\":{\"@id\":\"https:\/\/etecnic.bisiestodeveloper.es\/ca\/events\/enercluster-connecta-jornada-mobilitat-electrica-tudela\/#breadcrumb\"},\"inLanguage\":\"ca\",\"potentialAction\":[{\"@type\":\"ReadAction\",\"target\":[\"https:\/\/etecnic.bisiestodeveloper.es\/ca\/events\/enercluster-connecta-jornada-mobilitat-electrica-tudela\/\"]}]},{\"@type\":\"BreadcrumbList\",\"@id\":\"https:\/\/etecnic.bisiestodeveloper.es\/ca\/events\/enercluster-connecta-jornada-mobilitat-electrica-tudela\/#breadcrumb\",\"itemListElement\":[{\"@type\":\"ListItem\",\"position\":1,\"name\":\"Portada\",\"item\":\"https:\/\/etecnic.bisiestodeveloper.es\/ca\/\"},{\"@type\":\"ListItem\",\"position\":2,\"name\":\"Events\",\"item\":\"https:\/\/etecnic.bisiestodeveloper.es\/ca\/events\/\"},{\"@type\":\"ListItem\",\"position\":3,\"name\":\"ENERCLUSTER CONNECTA: Jornada mobilitat el\u00e8ctrica, Tudela\"}]},{\"@type\":\"WebSite\",\"@id\":\"https:\/\/etecnic.bisiestodeveloper.es\/ca\/#website\",\"url\":\"https:\/\/etecnic.bisiestodeveloper.es\/ca\/\",\"name\":\"Etecnic\",\"description\":\"\",\"publisher\":{\"@id\":\"https:\/\/etecnic.bisiestodeveloper.es\/ca\/#organization\"},\"potentialAction\":[{\"@type\":\"SearchAction\",\"target\":{\"@type\":\"EntryPoint\",\"urlTemplate\":\"https:\/\/etecnic.bisiestodeveloper.es\/ca\/?s={search_term_string}\"},\"query-input\":{\"@type\":\"PropertyValueSpecification\",\"valueRequired\":true,\"valueName\":\"search_term_string\"}}],\"inLanguage\":\"ca\"},{\"@type\":\"Organization\",\"@id\":\"https:\/\/etecnic.bisiestodeveloper.es\/ca\/#organization\",\"name\":\"Etecnic\",\"url\":\"https:\/\/etecnic.bisiestodeveloper.es\/ca\/\",\"logo\":{\"@type\":\"ImageObject\",\"inLanguage\":\"ca\",\"@id\":\"https:\/\/etecnic.bisiestodeveloper.es\/ca\/#\/schema\/logo\/image\/\",\"url\":\"https:\/\/etecnic.bisiestodeveloper.es\/wp-content\/uploads\/2025\/06\/logo-etecnic-blanco.png\",\"contentUrl\":\"https:\/\/etecnic.bisiestodeveloper.es\/wp-content\/uploads\/2025\/06\/logo-etecnic-blanco.png\",\"width\":1000,\"height\":500,\"caption\":\"Etecnic\"},\"image\":{\"@id\":\"https:\/\/etecnic.bisiestodeveloper.es\/ca\/#\/schema\/logo\/image\/\"}}]}<\/script>\n<!-- \/ Yoast SEO plugin. -->","yoast_head_json":{"title":"Enercluster Connecta: Jornada mobilitat el\u00e8ctrica Tudela | Etecnic","description":"Etecnic participa en Enercluster Connecta, una jornada sobre mobilitat el\u00e8ctrica i infraestructura de rec\u00e0rrega a Tudela.","robots":{"index":"noindex","follow":"follow","max-snippet":"max-snippet:-1","max-image-preview":"max-image-preview:large","max-video-preview":"max-video-preview:-1"},"og_locale":"ca_ES","og_type":"article","og_title":"Enercluster Connecta: Jornada mobilitat el\u00e8ctrica Tudela | Etecnic","og_description":"Etecnic participa en Enercluster Connecta, una jornada sobre mobilitat el\u00e8ctrica i infraestructura de rec\u00e0rrega a Tudela.","og_url":"https:\/\/etecnic.bisiestodeveloper.es\/ca\/events\/enercluster-connecta-jornada-mobilitat-electrica-tudela\/","og_site_name":"Etecnic","article_modified_time":"2026-07-30T13:05:09+00:00","twitter_card":"summary_large_image","twitter_misc":{"Temps estimat de lectura":"1 minut"},"schema":{"@context":"https:\/\/schema.org","@graph":[{"@type":"WebPage","@id":"https:\/\/etecnic.bisiestodeveloper.es\/ca\/events\/enercluster-connecta-jornada-mobilitat-electrica-tudela\/","url":"https:\/\/etecnic.bisiestodeveloper.es\/ca\/events\/enercluster-connecta-jornada-mobilitat-electrica-tudela\/","name":"Enercluster Connecta: Jornada mobilitat el\u00e8ctrica Tudela | Etecnic","isPartOf":{"@id":"https:\/\/etecnic.bisiestodeveloper.es\/ca\/#website"},"datePublished":"2025-12-01T14:08:23+00:00","dateModified":"2026-07-30T13:05:09+00:00","description":"Etecnic participa en Enercluster Connecta, una jornada sobre mobilitat el\u00e8ctrica i infraestructura de rec\u00e0rrega a Tudela.","breadcrumb":{"@id":"https:\/\/etecnic.bisiestodeveloper.es\/ca\/events\/enercluster-connecta-jornada-mobilitat-electrica-tudela\/#breadcrumb"},"inLanguage":"ca","potentialAction":[{"@type":"ReadAction","target":["https:\/\/etecnic.bisiestodeveloper.es\/ca\/events\/enercluster-connecta-jornada-mobilitat-electrica-tudela\/"]}]},{"@type":"BreadcrumbList","@id":"https:\/\/etecnic.bisiestodeveloper.es\/ca\/events\/enercluster-connecta-jornada-mobilitat-electrica-tudela\/#breadcrumb","itemListElement":[{"@type":"ListItem","position":1,"name":"Portada","item":"https:\/\/etecnic.bisiestodeveloper.es\/ca\/"},{"@type":"ListItem","position":2,"name":"Events","item":"https:\/\/etecnic.bisiestodeveloper.es\/ca\/events\/"},{"@type":"ListItem","position":3,"name":"ENERCLUSTER CONNECTA: Jornada mobilitat el\u00e8ctrica, Tudela"}]},{"@type":"WebSite","@id":"https:\/\/etecnic.bisiestodeveloper.es\/ca\/#website","url":"https:\/\/etecnic.bisiestodeveloper.es\/ca\/","name":"Etecnic","description":"","publisher":{"@id":"https:\/\/etecnic.bisiestodeveloper.es\/ca\/#organization"},"potentialAction":[{"@type":"SearchAction","target":{"@type":"EntryPoint","urlTemplate":"https:\/\/etecnic.bisiestodeveloper.es\/ca\/?s={search_term_string}"},"query-input":{"@type":"PropertyValueSpecification","valueRequired":true,"valueName":"search_term_string"}}],"inLanguage":"ca"},{"@type":"Organization","@id":"https:\/\/etecnic.bisiestodeveloper.es\/ca\/#organization","name":"Etecnic","url":"https:\/\/etecnic.bisiestodeveloper.es\/ca\/","logo":{"@type":"ImageObject","inLanguage":"ca","@id":"https:\/\/etecnic.bisiestodeveloper.es\/ca\/#\/schema\/logo\/image\/","url":"https:\/\/etecnic.bisiestodeveloper.es\/wp-content\/uploads\/2025\/06\/logo-etecnic-blanco.png","contentUrl":"https:\/\/etecnic.bisiestodeveloper.es\/wp-content\/uploads\/2025\/06\/logo-etecnic-blanco.png","width":1000,"height":500,"caption":"Etecnic"},"image":{"@id":"https:\/\/etecnic.bisiestodeveloper.es\/ca\/#\/schema\/logo\/image\/"}}]}},"_links":{"self":[{"href":"https:\/\/etecnic.bisiestodeveloper.es\/ca\/wp-json\/wp\/v2\/ajde_events\/38100","targetHints":{"allow":["GET"]}}],"collection":[{"href":"https:\/\/etecnic.bisiestodeveloper.es\/ca\/wp-json\/wp\/v2\/ajde_events"}],"about":[{"href":"https:\/\/etecnic.bisiestodeveloper.es\/ca\/wp-json\/wp\/v2\/types\/ajde_events"}],"author":[{"embeddable":true,"href":"https:\/\/etecnic.bisiestodeveloper.es\/ca\/wp-json\/wp\/v2\/users\/4"}],"replies":[{"embeddable":true,"href":"https:\/\/etecnic.bisiestodeveloper.es\/ca\/wp-json\/wp\/v2\/comments?post=38100"}],"wp:attachment":[{"href":"https:\/\/etecnic.bisiestodeveloper.es\/ca\/wp-json\/wp\/v2\/media?parent=38100"}],"wp:term":[{"taxonomy":"post_tag","embeddable":true,"href":"https:\/\/etecnic.bisiestodeveloper.es\/ca\/wp-json\/wp\/v2\/tags?post=38100"},{"taxonomy":"event_type","embeddable":true,"href":"https:\/\/etecnic.bisiestodeveloper.es\/ca\/wp-json\/wp\/v2\/event_type?post=38100"},{"taxonomy":"event_type_2","embeddable":true,"href":"https:\/\/etecnic.bisiestodeveloper.es\/ca\/wp-json\/wp\/v2\/event_type_2?post=38100"}],"curies":[{"name":"wp","href":"https:\/\/api.w.org\/{rel}","templated":true}]}}